{"id":12,"date":"2022-07-08T23:38:34","date_gmt":"2022-07-09T02:38:34","guid":{"rendered":"https:\/\/radio3.webunity.com.br\/site\/?page_id=12"},"modified":"2025-08-14T18:48:13","modified_gmt":"2025-08-14T21:48:13","slug":"noticias","status":"publish","type":"page","link":"https:\/\/radiosantaclara.sitetopfm.com.br\/site\/noticias\/","title":{"rendered":"Not\u00edcias"},"content":{"rendered":"\t\t<div data-elementor-type=\"wp-page\" data-elementor-id=\"12\" class=\"elementor elementor-12\">\n\t\t\t\t\t\t<section class=\"elementor-section elementor-top-section elementor-element elementor-element-f9710e4 elementor-section-full_width elementor-section-height-default elementor-section-height-default\" data-id=\"f9710e4\" data-element_type=\"section\">\n\t\t\t\t\t\t<div class=\"elementor-container elementor-column-gap-no\">\n\t\t\t\t\t<div class=\"elementor-column elementor-col-100 elementor-top-column elementor-element elementor-element-fb63260\" data-id=\"fb63260\" data-element_type=\"column\">\n\t\t\t<div class=\"elementor-widget-wrap elementor-element-populated\">\n\t\t\t\t\t\t<div class=\"elementor-element elementor-element-f142f05 elementor-widget elementor-widget-spacer\" data-id=\"f142f05\" data-element_type=\"widget\" data-widget_type=\"spacer.default\">\n\t\t\t\t<div class=\"elementor-widget-container\">\n\t\t\t<style>\/*! elementor - v3.21.0 - 15-04-2024 *\/\n.elementor-column .elementor-spacer-inner{height:var(--spacer-size)}.e-con{--container-widget-width:100%}.e-con-inner>.elementor-widget-spacer,.e-con>.elementor-widget-spacer{width:var(--container-widget-width,var(--spacer-size));--align-self:var(--container-widget-align-self,initial);--flex-shrink:0}.e-con-inner>.elementor-widget-spacer>.elementor-widget-container,.e-con>.elementor-widget-spacer>.elementor-widget-container{height:100%;width:100%}.e-con-inner>.elementor-widget-spacer>.elementor-widget-container>.elementor-spacer,.e-con>.elementor-widget-spacer>.elementor-widget-container>.elementor-spacer{height:100%}.e-con-inner>.elementor-widget-spacer>.elementor-widget-container>.elementor-spacer>.elementor-spacer-inner,.e-con>.elementor-widget-spacer>.elementor-widget-container>.elementor-spacer>.elementor-spacer-inner{height:var(--container-widget-height,var(--spacer-size))}.e-con-inner>.elementor-widget-spacer.elementor-widget-empty,.e-con>.elementor-widget-spacer.elementor-widget-empty{position:relative;min-height:22px;min-width:22px}.e-con-inner>.elementor-widget-spacer.elementor-widget-empty .elementor-widget-empty-icon,.e-con>.elementor-widget-spacer.elementor-widget-empty .elementor-widget-empty-icon{position:absolute;top:0;bottom:0;left:0;right:0;margin:auto;padding:0;width:22px;height:22px}<\/style>\t\t<div class=\"elementor-spacer\">\n\t\t\t<div class=\"elementor-spacer-inner\"><\/div>\n\t\t<\/div>\n\t\t\t\t<\/div>\n\t\t\t\t<\/div>\n\t\t\t\t<div class=\"elementor-element elementor-element-bbe304e elementor-invisible elementor-widget elementor-widget-heading\" data-id=\"bbe304e\" data-element_type=\"widget\" data-settings=\"{&quot;_animation&quot;:&quot;fadeInUp&quot;}\" data-widget_type=\"heading.default\">\n\t\t\t\t<div class=\"elementor-widget-container\">\n\t\t\t<style>\/*! elementor - v3.21.0 - 15-04-2024 *\/\n.elementor-heading-title{padding:0;margin:0;line-height:1}.elementor-widget-heading .elementor-heading-title[class*=elementor-size-]>a{color:inherit;font-size:inherit;line-height:inherit}.elementor-widget-heading .elementor-heading-title.elementor-size-small{font-size:15px}.elementor-widget-heading .elementor-heading-title.elementor-size-medium{font-size:19px}.elementor-widget-heading .elementor-heading-title.elementor-size-large{font-size:29px}.elementor-widget-heading .elementor-heading-title.elementor-size-xl{font-size:39px}.elementor-widget-heading .elementor-heading-title.elementor-size-xxl{font-size:59px}<\/style><h2 class=\"elementor-heading-title elementor-size-default\">\u00daltimas not\u00edcias<\/h2>\t\t<\/div>\n\t\t\t\t<\/div>\n\t\t\t\t<div class=\"elementor-element elementor-element-bdb6115 elementor-invisible elementor-widget elementor-widget-heading\" data-id=\"bdb6115\" data-element_type=\"widget\" data-settings=\"{&quot;_animation&quot;:&quot;fadeInDown&quot;}\" data-widget_type=\"heading.default\">\n\t\t\t\t<div class=\"elementor-widget-container\">\n\t\t\t<h2 class=\"elementor-heading-title elementor-size-default\">Da Nossa Politicas<\/h2>\t\t<\/div>\n\t\t\t\t<\/div>\n\t\t\t\t<div class=\"elementor-element elementor-element-3ba93cb elementor-grid-4 elementor-grid-tablet-2 elementor-grid-mobile-1 elementor-posts--thumbnail-top elementor-invisible elementor-widget elementor-widget-posts\" data-id=\"3ba93cb\" data-element_type=\"widget\" data-settings=\"{&quot;_animation&quot;:&quot;bounceIn&quot;,&quot;classic_columns&quot;:&quot;4&quot;,&quot;classic_columns_tablet&quot;:&quot;2&quot;,&quot;classic_columns_mobile&quot;:&quot;1&quot;,&quot;classic_row_gap&quot;:{&quot;unit&quot;:&quot;px&quot;,&quot;size&quot;:35,&quot;sizes&quot;:[]},&quot;classic_row_gap_tablet&quot;:{&quot;unit&quot;:&quot;px&quot;,&quot;size&quot;:&quot;&quot;,&quot;sizes&quot;:[]},&quot;classic_row_gap_mobile&quot;:{&quot;unit&quot;:&quot;px&quot;,&quot;size&quot;:&quot;&quot;,&quot;sizes&quot;:[]}}\" data-widget_type=\"posts.classic\">\n\t\t\t\t<div class=\"elementor-widget-container\">\n\t\t\t<link rel=\"stylesheet\" href=\"https:\/\/radiosantaclara.sitetopfm.com.br\/site\/wp-content\/plugins\/elementor-pro\/assets\/css\/widget-posts.min.css\">\t\t<div class=\"elementor-posts-container elementor-posts elementor-posts--skin-classic elementor-grid\">\n\t\t\t\t<article class=\"elementor-post elementor-grid-item post-11080 post type-post status-publish format-standard has-post-thumbnail hentry category-ultimas-noticias\">\n\t\t\t\t<a class=\"elementor-post__thumbnail__link\" href=\"https:\/\/radiosantaclara.sitetopfm.com.br\/site\/comissao-adia-votacao-de-mudancas-no-codigo-de-transito-para-depois-das-eleicoes\/\" >\n\t\t\t<div class=\"elementor-post__thumbnail\"><img fetchpriority=\"high\" decoding=\"async\" width=\"300\" height=\"199\" src=\"https:\/\/radiosantaclara.sitetopfm.com.br\/site\/wp-content\/uploads\/2026\/03\/imagem-padrao-300x199.jpg\" class=\"attachment-medium size-medium wp-image-6909\" alt=\"\" srcset=\"https:\/\/radiosantaclara.sitetopfm.com.br\/site\/wp-content\/uploads\/2026\/03\/imagem-padrao-300x199.jpg 300w, https:\/\/radiosantaclara.sitetopfm.com.br\/site\/wp-content\/uploads\/2026\/03\/imagem-padrao.jpg 602w\" sizes=\"(max-width: 300px) 100vw, 300px\" \/><\/div>\n\t\t<\/a>\n\t\t\t\t<div class=\"elementor-post__text\">\n\t\t\t\t<h3 class=\"elementor-post__title\">\n\t\t\t<a href=\"https:\/\/radiosantaclara.sitetopfm.com.br\/site\/comissao-adia-votacao-de-mudancas-no-codigo-de-transito-para-depois-das-eleicoes\/\" >\n\t\t\t\tComiss\u00e3o adia vota\u00e7\u00e3o de mudan\u00e7as no C\u00f3digo de Tr\u00e2nsito para depois das elei\u00e7\u00f5es\t\t\t<\/a>\n\t\t<\/h3>\n\t\t\t\t<div class=\"elementor-post__meta-data\">\n\t\t\t\t\t<span class=\"elementor-post-date\">\n\t\t\t2 de setembro de 2026\t\t<\/span>\n\t\t\t\t<\/div>\n\t\t\t\t\t<a class=\"elementor-post__read-more\" href=\"https:\/\/radiosantaclara.sitetopfm.com.br\/site\/comissao-adia-votacao-de-mudancas-no-codigo-de-transito-para-depois-das-eleicoes\/\" >\n\t\t\t\tLer mais\u00bb\t\t\t<\/a>\n\t\t\t\t<\/div>\n\t\t\t\t<\/article>\n\t\t\t\t<article class=\"elementor-post elementor-grid-item post-11079 post type-post status-publish format-standard has-post-thumbnail hentry category-economia\">\n\t\t\t\t<a class=\"elementor-post__thumbnail__link\" href=\"https:\/\/radiosantaclara.sitetopfm.com.br\/site\/comissao-mista-aprova-fim-da-taxa-das-blusinhas-proposta-segue-para-o-plenario-da-camara\/\" >\n\t\t\t<div class=\"elementor-post__thumbnail\"><img fetchpriority=\"high\" decoding=\"async\" width=\"300\" height=\"199\" src=\"https:\/\/radiosantaclara.sitetopfm.com.br\/site\/wp-content\/uploads\/2026\/03\/imagem-padrao-300x199.jpg\" class=\"attachment-medium size-medium wp-image-6909\" alt=\"\" srcset=\"https:\/\/radiosantaclara.sitetopfm.com.br\/site\/wp-content\/uploads\/2026\/03\/imagem-padrao-300x199.jpg 300w, https:\/\/radiosantaclara.sitetopfm.com.br\/site\/wp-content\/uploads\/2026\/03\/imagem-padrao.jpg 602w\" sizes=\"(max-width: 300px) 100vw, 300px\" \/><\/div>\n\t\t<\/a>\n\t\t\t\t<div class=\"elementor-post__text\">\n\t\t\t\t<h3 class=\"elementor-post__title\">\n\t\t\t<a href=\"https:\/\/radiosantaclara.sitetopfm.com.br\/site\/comissao-mista-aprova-fim-da-taxa-das-blusinhas-proposta-segue-para-o-plenario-da-camara\/\" >\n\t\t\t\tComiss\u00e3o mista aprova fim da &#8220;taxa das blusinhas&#8221;; proposta segue para o Plen\u00e1rio da C\u00e2mara\t\t\t<\/a>\n\t\t<\/h3>\n\t\t\t\t<div class=\"elementor-post__meta-data\">\n\t\t\t\t\t<span class=\"elementor-post-date\">\n\t\t\t2 de setembro de 2026\t\t<\/span>\n\t\t\t\t<\/div>\n\t\t\t\t\t<a class=\"elementor-post__read-more\" href=\"https:\/\/radiosantaclara.sitetopfm.com.br\/site\/comissao-mista-aprova-fim-da-taxa-das-blusinhas-proposta-segue-para-o-plenario-da-camara\/\" >\n\t\t\t\tLer mais\u00bb\t\t\t<\/a>\n\t\t\t\t<\/div>\n\t\t\t\t<\/article>\n\t\t\t\t<article class=\"elementor-post elementor-grid-item post-11078 post type-post status-publish format-standard has-post-thumbnail hentry category-meio-ambiente\">\n\t\t\t\t<a class=\"elementor-post__thumbnail__link\" href=\"https:\/\/radiosantaclara.sitetopfm.com.br\/site\/multas-ambientais-aplicadas-a-produtores-em-minas-gerais-poderao-ser-reavaliadas-diz-icmbio\/\" >\n\t\t\t<div class=\"elementor-post__thumbnail\"><img fetchpriority=\"high\" decoding=\"async\" width=\"300\" height=\"199\" src=\"https:\/\/radiosantaclara.sitetopfm.com.br\/site\/wp-content\/uploads\/2026\/03\/imagem-padrao-300x199.jpg\" class=\"attachment-medium size-medium wp-image-6909\" alt=\"\" srcset=\"https:\/\/radiosantaclara.sitetopfm.com.br\/site\/wp-content\/uploads\/2026\/03\/imagem-padrao-300x199.jpg 300w, https:\/\/radiosantaclara.sitetopfm.com.br\/site\/wp-content\/uploads\/2026\/03\/imagem-padrao.jpg 602w\" sizes=\"(max-width: 300px) 100vw, 300px\" \/><\/div>\n\t\t<\/a>\n\t\t\t\t<div class=\"elementor-post__text\">\n\t\t\t\t<h3 class=\"elementor-post__title\">\n\t\t\t<a href=\"https:\/\/radiosantaclara.sitetopfm.com.br\/site\/multas-ambientais-aplicadas-a-produtores-em-minas-gerais-poderao-ser-reavaliadas-diz-icmbio\/\" >\n\t\t\t\tMultas ambientais aplicadas a produtores em Minas Gerais poder\u00e3o ser reavaliadas, diz ICMBio\t\t\t<\/a>\n\t\t<\/h3>\n\t\t\t\t<div class=\"elementor-post__meta-data\">\n\t\t\t\t\t<span class=\"elementor-post-date\">\n\t\t\t2 de setembro de 2026\t\t<\/span>\n\t\t\t\t<\/div>\n\t\t\t\t\t<a class=\"elementor-post__read-more\" href=\"https:\/\/radiosantaclara.sitetopfm.com.br\/site\/multas-ambientais-aplicadas-a-produtores-em-minas-gerais-poderao-ser-reavaliadas-diz-icmbio\/\" >\n\t\t\t\tLer mais\u00bb\t\t\t<\/a>\n\t\t\t\t<\/div>\n\t\t\t\t<\/article>\n\t\t\t\t<article class=\"elementor-post elementor-grid-item post-11077 post type-post status-publish format-standard has-post-thumbnail hentry category-direitos-humanos\">\n\t\t\t\t<a class=\"elementor-post__thumbnail__link\" href=\"https:\/\/radiosantaclara.sitetopfm.com.br\/site\/comissao-especial-aprova-33-requerimentos-para-audiencias-sobre-reducao-da-maioridade-penal-assista\/\" >\n\t\t\t<div class=\"elementor-post__thumbnail\"><img fetchpriority=\"high\" decoding=\"async\" width=\"300\" height=\"199\" src=\"https:\/\/radiosantaclara.sitetopfm.com.br\/site\/wp-content\/uploads\/2026\/03\/imagem-padrao-300x199.jpg\" class=\"attachment-medium size-medium wp-image-6909\" alt=\"\" srcset=\"https:\/\/radiosantaclara.sitetopfm.com.br\/site\/wp-content\/uploads\/2026\/03\/imagem-padrao-300x199.jpg 300w, https:\/\/radiosantaclara.sitetopfm.com.br\/site\/wp-content\/uploads\/2026\/03\/imagem-padrao.jpg 602w\" sizes=\"(max-width: 300px) 100vw, 300px\" \/><\/div>\n\t\t<\/a>\n\t\t\t\t<div class=\"elementor-post__text\">\n\t\t\t\t<h3 class=\"elementor-post__title\">\n\t\t\t<a href=\"https:\/\/radiosantaclara.sitetopfm.com.br\/site\/comissao-especial-aprova-33-requerimentos-para-audiencias-sobre-reducao-da-maioridade-penal-assista\/\" >\n\t\t\t\tComiss\u00e3o especial aprova 33 requerimentos para audi\u00eancias sobre redu\u00e7\u00e3o da maioridade penal; assista\t\t\t<\/a>\n\t\t<\/h3>\n\t\t\t\t<div class=\"elementor-post__meta-data\">\n\t\t\t\t\t<span class=\"elementor-post-date\">\n\t\t\t2 de setembro de 2026\t\t<\/span>\n\t\t\t\t<\/div>\n\t\t\t\t\t<a class=\"elementor-post__read-more\" href=\"https:\/\/radiosantaclara.sitetopfm.com.br\/site\/comissao-especial-aprova-33-requerimentos-para-audiencias-sobre-reducao-da-maioridade-penal-assista\/\" >\n\t\t\t\tLer mais\u00bb\t\t\t<\/a>\n\t\t\t\t<\/div>\n\t\t\t\t<\/article>\n\t\t\t\t<article class=\"elementor-post elementor-grid-item post-11076 post type-post status-publish format-standard has-post-thumbnail hentry category-ultimas-noticias\">\n\t\t\t\t<a class=\"elementor-post__thumbnail__link\" href=\"https:\/\/radiosantaclara.sitetopfm.com.br\/site\/projeto-proibe-bloqueio-de-gastos-de-agencias-reguladoras-federais\/\" >\n\t\t\t<div class=\"elementor-post__thumbnail\"><img fetchpriority=\"high\" decoding=\"async\" width=\"300\" height=\"199\" src=\"https:\/\/radiosantaclara.sitetopfm.com.br\/site\/wp-content\/uploads\/2026\/03\/imagem-padrao-300x199.jpg\" class=\"attachment-medium size-medium wp-image-6909\" alt=\"\" srcset=\"https:\/\/radiosantaclara.sitetopfm.com.br\/site\/wp-content\/uploads\/2026\/03\/imagem-padrao-300x199.jpg 300w, https:\/\/radiosantaclara.sitetopfm.com.br\/site\/wp-content\/uploads\/2026\/03\/imagem-padrao.jpg 602w\" sizes=\"(max-width: 300px) 100vw, 300px\" \/><\/div>\n\t\t<\/a>\n\t\t\t\t<div class=\"elementor-post__text\">\n\t\t\t\t<h3 class=\"elementor-post__title\">\n\t\t\t<a href=\"https:\/\/radiosantaclara.sitetopfm.com.br\/site\/projeto-proibe-bloqueio-de-gastos-de-agencias-reguladoras-federais\/\" >\n\t\t\t\tProjeto pro\u00edbe bloqueio de gastos de ag\u00eancias reguladoras federais\t\t\t<\/a>\n\t\t<\/h3>\n\t\t\t\t<div class=\"elementor-post__meta-data\">\n\t\t\t\t\t<span class=\"elementor-post-date\">\n\t\t\t2 de setembro de 2026\t\t<\/span>\n\t\t\t\t<\/div>\n\t\t\t\t\t<a class=\"elementor-post__read-more\" href=\"https:\/\/radiosantaclara.sitetopfm.com.br\/site\/projeto-proibe-bloqueio-de-gastos-de-agencias-reguladoras-federais\/\" >\n\t\t\t\tLer mais\u00bb\t\t\t<\/a>\n\t\t\t\t<\/div>\n\t\t\t\t<\/article>\n\t\t\t\t<article class=\"elementor-post elementor-grid-item post-11075 post type-post status-publish format-standard has-post-thumbnail hentry category-economia\">\n\t\t\t\t<a class=\"elementor-post__thumbnail__link\" href=\"https:\/\/radiosantaclara.sitetopfm.com.br\/site\/comissao-pode-votar-nesta-quarta-o-fim-da-taxa-das-blusinhas\/\" >\n\t\t\t<div class=\"elementor-post__thumbnail\"><img fetchpriority=\"high\" decoding=\"async\" width=\"300\" height=\"199\" src=\"https:\/\/radiosantaclara.sitetopfm.com.br\/site\/wp-content\/uploads\/2026\/03\/imagem-padrao-300x199.jpg\" class=\"attachment-medium size-medium wp-image-6909\" alt=\"\" srcset=\"https:\/\/radiosantaclara.sitetopfm.com.br\/site\/wp-content\/uploads\/2026\/03\/imagem-padrao-300x199.jpg 300w, https:\/\/radiosantaclara.sitetopfm.com.br\/site\/wp-content\/uploads\/2026\/03\/imagem-padrao.jpg 602w\" sizes=\"(max-width: 300px) 100vw, 300px\" \/><\/div>\n\t\t<\/a>\n\t\t\t\t<div class=\"elementor-post__text\">\n\t\t\t\t<h3 class=\"elementor-post__title\">\n\t\t\t<a href=\"https:\/\/radiosantaclara.sitetopfm.com.br\/site\/comissao-pode-votar-nesta-quarta-o-fim-da-taxa-das-blusinhas\/\" >\n\t\t\t\tComiss\u00e3o pode votar nesta quarta o fim da &#8220;taxa das blusinhas&#8221;\t\t\t<\/a>\n\t\t<\/h3>\n\t\t\t\t<div class=\"elementor-post__meta-data\">\n\t\t\t\t\t<span class=\"elementor-post-date\">\n\t\t\t2 de setembro de 2026\t\t<\/span>\n\t\t\t\t<\/div>\n\t\t\t\t\t<a class=\"elementor-post__read-more\" href=\"https:\/\/radiosantaclara.sitetopfm.com.br\/site\/comissao-pode-votar-nesta-quarta-o-fim-da-taxa-das-blusinhas\/\" >\n\t\t\t\tLer mais\u00bb\t\t\t<\/a>\n\t\t\t\t<\/div>\n\t\t\t\t<\/article>\n\t\t\t\t<article class=\"elementor-post elementor-grid-item post-11074 post type-post status-publish format-standard has-post-thumbnail hentry category-ultimas-noticias\">\n\t\t\t\t<a class=\"elementor-post__thumbnail__link\" href=\"https:\/\/radiosantaclara.sitetopfm.com.br\/site\/camara-aprova-criacao-de-rota-turistica-da-fe-em-cidade-ocidental-go\/\" >\n\t\t\t<div class=\"elementor-post__thumbnail\"><img fetchpriority=\"high\" decoding=\"async\" width=\"300\" height=\"199\" src=\"https:\/\/radiosantaclara.sitetopfm.com.br\/site\/wp-content\/uploads\/2026\/03\/imagem-padrao-300x199.jpg\" class=\"attachment-medium size-medium wp-image-6909\" alt=\"\" srcset=\"https:\/\/radiosantaclara.sitetopfm.com.br\/site\/wp-content\/uploads\/2026\/03\/imagem-padrao-300x199.jpg 300w, https:\/\/radiosantaclara.sitetopfm.com.br\/site\/wp-content\/uploads\/2026\/03\/imagem-padrao.jpg 602w\" sizes=\"(max-width: 300px) 100vw, 300px\" \/><\/div>\n\t\t<\/a>\n\t\t\t\t<div class=\"elementor-post__text\">\n\t\t\t\t<h3 class=\"elementor-post__title\">\n\t\t\t<a href=\"https:\/\/radiosantaclara.sitetopfm.com.br\/site\/camara-aprova-criacao-de-rota-turistica-da-fe-em-cidade-ocidental-go\/\" >\n\t\t\t\tC\u00e2mara aprova cria\u00e7\u00e3o de rota tur\u00edstica da f\u00e9 em Cidade Ocidental (GO)\t\t\t<\/a>\n\t\t<\/h3>\n\t\t\t\t<div class=\"elementor-post__meta-data\">\n\t\t\t\t\t<span class=\"elementor-post-date\">\n\t\t\t2 de setembro de 2026\t\t<\/span>\n\t\t\t\t<\/div>\n\t\t\t\t\t<a class=\"elementor-post__read-more\" href=\"https:\/\/radiosantaclara.sitetopfm.com.br\/site\/camara-aprova-criacao-de-rota-turistica-da-fe-em-cidade-ocidental-go\/\" >\n\t\t\t\tLer mais\u00bb\t\t\t<\/a>\n\t\t\t\t<\/div>\n\t\t\t\t<\/article>\n\t\t\t\t<article class=\"elementor-post elementor-grid-item post-11073 post type-post status-publish format-standard has-post-thumbnail hentry category-ultimas-noticias\">\n\t\t\t\t<a class=\"elementor-post__thumbnail__link\" href=\"https:\/\/radiosantaclara.sitetopfm.com.br\/site\/camara-aprova-mudanca-em-cargos-na-justica-do-trabalho-de-goias\/\" >\n\t\t\t<div class=\"elementor-post__thumbnail\"><img fetchpriority=\"high\" decoding=\"async\" width=\"300\" height=\"199\" src=\"https:\/\/radiosantaclara.sitetopfm.com.br\/site\/wp-content\/uploads\/2026\/03\/imagem-padrao-300x199.jpg\" class=\"attachment-medium size-medium wp-image-6909\" alt=\"\" srcset=\"https:\/\/radiosantaclara.sitetopfm.com.br\/site\/wp-content\/uploads\/2026\/03\/imagem-padrao-300x199.jpg 300w, https:\/\/radiosantaclara.sitetopfm.com.br\/site\/wp-content\/uploads\/2026\/03\/imagem-padrao.jpg 602w\" sizes=\"(max-width: 300px) 100vw, 300px\" \/><\/div>\n\t\t<\/a>\n\t\t\t\t<div class=\"elementor-post__text\">\n\t\t\t\t<h3 class=\"elementor-post__title\">\n\t\t\t<a href=\"https:\/\/radiosantaclara.sitetopfm.com.br\/site\/camara-aprova-mudanca-em-cargos-na-justica-do-trabalho-de-goias\/\" >\n\t\t\t\tC\u00e2mara aprova mudan\u00e7a em cargos na Justi\u00e7a do Trabalho de Goi\u00e1s\t\t\t<\/a>\n\t\t<\/h3>\n\t\t\t\t<div class=\"elementor-post__meta-data\">\n\t\t\t\t\t<span class=\"elementor-post-date\">\n\t\t\t2 de setembro de 2026\t\t<\/span>\n\t\t\t\t<\/div>\n\t\t\t\t\t<a class=\"elementor-post__read-more\" href=\"https:\/\/radiosantaclara.sitetopfm.com.br\/site\/camara-aprova-mudanca-em-cargos-na-justica-do-trabalho-de-goias\/\" >\n\t\t\t\tLer mais\u00bb\t\t\t<\/a>\n\t\t\t\t<\/div>\n\t\t\t\t<\/article>\n\t\t\t\t<article class=\"elementor-post elementor-grid-item post-11072 post type-post status-publish format-standard has-post-thumbnail hentry category-ultimas-noticias\">\n\t\t\t\t<a class=\"elementor-post__thumbnail__link\" href=\"https:\/\/radiosantaclara.sitetopfm.com.br\/site\/camara-aprova-projeto-que-preve-orientacao-vocacional-para-estudantes-do-ensino-medio\/\" >\n\t\t\t<div class=\"elementor-post__thumbnail\"><img fetchpriority=\"high\" decoding=\"async\" width=\"300\" height=\"199\" src=\"https:\/\/radiosantaclara.sitetopfm.com.br\/site\/wp-content\/uploads\/2026\/03\/imagem-padrao-300x199.jpg\" class=\"attachment-medium size-medium wp-image-6909\" alt=\"\" srcset=\"https:\/\/radiosantaclara.sitetopfm.com.br\/site\/wp-content\/uploads\/2026\/03\/imagem-padrao-300x199.jpg 300w, https:\/\/radiosantaclara.sitetopfm.com.br\/site\/wp-content\/uploads\/2026\/03\/imagem-padrao.jpg 602w\" sizes=\"(max-width: 300px) 100vw, 300px\" \/><\/div>\n\t\t<\/a>\n\t\t\t\t<div class=\"elementor-post__text\">\n\t\t\t\t<h3 class=\"elementor-post__title\">\n\t\t\t<a href=\"https:\/\/radiosantaclara.sitetopfm.com.br\/site\/camara-aprova-projeto-que-preve-orientacao-vocacional-para-estudantes-do-ensino-medio\/\" >\n\t\t\t\tC\u00e2mara aprova projeto que prev\u00ea orienta\u00e7\u00e3o vocacional para estudantes do ensino m\u00e9dio\t\t\t<\/a>\n\t\t<\/h3>\n\t\t\t\t<div class=\"elementor-post__meta-data\">\n\t\t\t\t\t<span class=\"elementor-post-date\">\n\t\t\t1 de setembro de 2026\t\t<\/span>\n\t\t\t\t<\/div>\n\t\t\t\t\t<a class=\"elementor-post__read-more\" href=\"https:\/\/radiosantaclara.sitetopfm.com.br\/site\/camara-aprova-projeto-que-preve-orientacao-vocacional-para-estudantes-do-ensino-medio\/\" >\n\t\t\t\tLer mais\u00bb\t\t\t<\/a>\n\t\t\t\t<\/div>\n\t\t\t\t<\/article>\n\t\t\t\t<article class=\"elementor-post elementor-grid-item post-11071 post type-post status-publish format-standard has-post-thumbnail hentry category-economia\">\n\t\t\t\t<a class=\"elementor-post__thumbnail__link\" href=\"https:\/\/radiosantaclara.sitetopfm.com.br\/site\/comissao-aprova-relatorio-que-propoe-criacao-de-agencia-antimafia-e-combate-a-prejuizo-com-pirataria\/\" >\n\t\t\t<div class=\"elementor-post__thumbnail\"><img fetchpriority=\"high\" decoding=\"async\" width=\"300\" height=\"199\" src=\"https:\/\/radiosantaclara.sitetopfm.com.br\/site\/wp-content\/uploads\/2026\/03\/imagem-padrao-300x199.jpg\" class=\"attachment-medium size-medium wp-image-6909\" alt=\"\" srcset=\"https:\/\/radiosantaclara.sitetopfm.com.br\/site\/wp-content\/uploads\/2026\/03\/imagem-padrao-300x199.jpg 300w, https:\/\/radiosantaclara.sitetopfm.com.br\/site\/wp-content\/uploads\/2026\/03\/imagem-padrao.jpg 602w\" sizes=\"(max-width: 300px) 100vw, 300px\" \/><\/div>\n\t\t<\/a>\n\t\t\t\t<div class=\"elementor-post__text\">\n\t\t\t\t<h3 class=\"elementor-post__title\">\n\t\t\t<a href=\"https:\/\/radiosantaclara.sitetopfm.com.br\/site\/comissao-aprova-relatorio-que-propoe-criacao-de-agencia-antimafia-e-combate-a-prejuizo-com-pirataria\/\" >\n\t\t\t\tComiss\u00e3o aprova relat\u00f3rio que prop\u00f5e cria\u00e7\u00e3o de Ag\u00eancia Antim\u00e1fia e combate a preju\u00edzo com pirataria\t\t\t<\/a>\n\t\t<\/h3>\n\t\t\t\t<div class=\"elementor-post__meta-data\">\n\t\t\t\t\t<span class=\"elementor-post-date\">\n\t\t\t1 de setembro de 2026\t\t<\/span>\n\t\t\t\t<\/div>\n\t\t\t\t\t<a class=\"elementor-post__read-more\" href=\"https:\/\/radiosantaclara.sitetopfm.com.br\/site\/comissao-aprova-relatorio-que-propoe-criacao-de-agencia-antimafia-e-combate-a-prejuizo-com-pirataria\/\" >\n\t\t\t\tLer mais\u00bb\t\t\t<\/a>\n\t\t\t\t<\/div>\n\t\t\t\t<\/article>\n\t\t\t\t<article class=\"elementor-post elementor-grid-item post-11070 post type-post status-publish format-standard has-post-thumbnail hentry category-seguranca\">\n\t\t\t\t<a class=\"elementor-post__thumbnail__link\" href=\"https:\/\/radiosantaclara.sitetopfm.com.br\/site\/comissao-aprova-aumento-de-limite-anual-para-admissao-de-bombeiros-no-df\/\" >\n\t\t\t<div class=\"elementor-post__thumbnail\"><img fetchpriority=\"high\" decoding=\"async\" width=\"300\" height=\"199\" src=\"https:\/\/radiosantaclara.sitetopfm.com.br\/site\/wp-content\/uploads\/2026\/03\/imagem-padrao-300x199.jpg\" class=\"attachment-medium size-medium wp-image-6909\" alt=\"\" srcset=\"https:\/\/radiosantaclara.sitetopfm.com.br\/site\/wp-content\/uploads\/2026\/03\/imagem-padrao-300x199.jpg 300w, https:\/\/radiosantaclara.sitetopfm.com.br\/site\/wp-content\/uploads\/2026\/03\/imagem-padrao.jpg 602w\" sizes=\"(max-width: 300px) 100vw, 300px\" \/><\/div>\n\t\t<\/a>\n\t\t\t\t<div class=\"elementor-post__text\">\n\t\t\t\t<h3 class=\"elementor-post__title\">\n\t\t\t<a href=\"https:\/\/radiosantaclara.sitetopfm.com.br\/site\/comissao-aprova-aumento-de-limite-anual-para-admissao-de-bombeiros-no-df\/\" >\n\t\t\t\tComiss\u00e3o aprova aumento de limite anual para admiss\u00e3o de bombeiros no DF\t\t\t<\/a>\n\t\t<\/h3>\n\t\t\t\t<div class=\"elementor-post__meta-data\">\n\t\t\t\t\t<span class=\"elementor-post-date\">\n\t\t\t1 de setembro de 2026\t\t<\/span>\n\t\t\t\t<\/div>\n\t\t\t\t\t<a class=\"elementor-post__read-more\" href=\"https:\/\/radiosantaclara.sitetopfm.com.br\/site\/comissao-aprova-aumento-de-limite-anual-para-admissao-de-bombeiros-no-df\/\" >\n\t\t\t\tLer mais\u00bb\t\t\t<\/a>\n\t\t\t\t<\/div>\n\t\t\t\t<\/article>\n\t\t\t\t<article class=\"elementor-post elementor-grid-item post-11069 post type-post status-publish format-standard has-post-thumbnail hentry category-direitos-humanos\">\n\t\t\t\t<a class=\"elementor-post__thumbnail__link\" href=\"https:\/\/radiosantaclara.sitetopfm.com.br\/site\/camara-aprova-acordo-pela-igualdade-de-trabalhadores-homens-e-mulheres-com-responsabilidade-familiar\/\" >\n\t\t\t<div class=\"elementor-post__thumbnail\"><img fetchpriority=\"high\" decoding=\"async\" width=\"300\" height=\"199\" src=\"https:\/\/radiosantaclara.sitetopfm.com.br\/site\/wp-content\/uploads\/2026\/03\/imagem-padrao-300x199.jpg\" class=\"attachment-medium size-medium wp-image-6909\" alt=\"\" srcset=\"https:\/\/radiosantaclara.sitetopfm.com.br\/site\/wp-content\/uploads\/2026\/03\/imagem-padrao-300x199.jpg 300w, https:\/\/radiosantaclara.sitetopfm.com.br\/site\/wp-content\/uploads\/2026\/03\/imagem-padrao.jpg 602w\" sizes=\"(max-width: 300px) 100vw, 300px\" \/><\/div>\n\t\t<\/a>\n\t\t\t\t<div class=\"elementor-post__text\">\n\t\t\t\t<h3 class=\"elementor-post__title\">\n\t\t\t<a href=\"https:\/\/radiosantaclara.sitetopfm.com.br\/site\/camara-aprova-acordo-pela-igualdade-de-trabalhadores-homens-e-mulheres-com-responsabilidade-familiar\/\" >\n\t\t\t\tC\u00e2mara aprova acordo pela igualdade de trabalhadores homens e mulheres com responsabilidade familiar\t\t\t<\/a>\n\t\t<\/h3>\n\t\t\t\t<div class=\"elementor-post__meta-data\">\n\t\t\t\t\t<span class=\"elementor-post-date\">\n\t\t\t1 de setembro de 2026\t\t<\/span>\n\t\t\t\t<\/div>\n\t\t\t\t\t<a class=\"elementor-post__read-more\" href=\"https:\/\/radiosantaclara.sitetopfm.com.br\/site\/camara-aprova-acordo-pela-igualdade-de-trabalhadores-homens-e-mulheres-com-responsabilidade-familiar\/\" >\n\t\t\t\tLer mais\u00bb\t\t\t<\/a>\n\t\t\t\t<\/div>\n\t\t\t\t<\/article>\n\t\t\t\t<article class=\"elementor-post elementor-grid-item post-11068 post type-post status-publish format-standard has-post-thumbnail hentry category-ultimas-noticias\">\n\t\t\t\t<a class=\"elementor-post__thumbnail__link\" href=\"https:\/\/radiosantaclara.sitetopfm.com.br\/site\/camara-aprova-novas-regras-para-contagem-do-tempo-de-servico-por-pms-e-bombeiros\/\" >\n\t\t\t<div class=\"elementor-post__thumbnail\"><img fetchpriority=\"high\" decoding=\"async\" width=\"300\" height=\"199\" src=\"https:\/\/radiosantaclara.sitetopfm.com.br\/site\/wp-content\/uploads\/2026\/03\/imagem-padrao-300x199.jpg\" class=\"attachment-medium size-medium wp-image-6909\" alt=\"\" srcset=\"https:\/\/radiosantaclara.sitetopfm.com.br\/site\/wp-content\/uploads\/2026\/03\/imagem-padrao-300x199.jpg 300w, https:\/\/radiosantaclara.sitetopfm.com.br\/site\/wp-content\/uploads\/2026\/03\/imagem-padrao.jpg 602w\" sizes=\"(max-width: 300px) 100vw, 300px\" \/><\/div>\n\t\t<\/a>\n\t\t\t\t<div class=\"elementor-post__text\">\n\t\t\t\t<h3 class=\"elementor-post__title\">\n\t\t\t<a href=\"https:\/\/radiosantaclara.sitetopfm.com.br\/site\/camara-aprova-novas-regras-para-contagem-do-tempo-de-servico-por-pms-e-bombeiros\/\" >\n\t\t\t\tC\u00e2mara aprova novas regras para contagem do tempo de servi\u00e7o por PMs e bombeiros\t\t\t<\/a>\n\t\t<\/h3>\n\t\t\t\t<div class=\"elementor-post__meta-data\">\n\t\t\t\t\t<span class=\"elementor-post-date\">\n\t\t\t1 de setembro de 2026\t\t<\/span>\n\t\t\t\t<\/div>\n\t\t\t\t\t<a class=\"elementor-post__read-more\" href=\"https:\/\/radiosantaclara.sitetopfm.com.br\/site\/camara-aprova-novas-regras-para-contagem-do-tempo-de-servico-por-pms-e-bombeiros\/\" >\n\t\t\t\tLer mais\u00bb\t\t\t<\/a>\n\t\t\t\t<\/div>\n\t\t\t\t<\/article>\n\t\t\t\t<article class=\"elementor-post elementor-grid-item post-11067 post type-post status-publish format-standard has-post-thumbnail hentry category-saude\">\n\t\t\t\t<a class=\"elementor-post__thumbnail__link\" href=\"https:\/\/radiosantaclara.sitetopfm.com.br\/site\/camara-aprova-regras-para-vigilancia-sanitaria-periodica-em-hospitais-publicos-e-privados\/\" >\n\t\t\t<div class=\"elementor-post__thumbnail\"><img fetchpriority=\"high\" decoding=\"async\" width=\"300\" height=\"199\" src=\"https:\/\/radiosantaclara.sitetopfm.com.br\/site\/wp-content\/uploads\/2026\/03\/imagem-padrao-300x199.jpg\" class=\"attachment-medium size-medium wp-image-6909\" alt=\"\" srcset=\"https:\/\/radiosantaclara.sitetopfm.com.br\/site\/wp-content\/uploads\/2026\/03\/imagem-padrao-300x199.jpg 300w, https:\/\/radiosantaclara.sitetopfm.com.br\/site\/wp-content\/uploads\/2026\/03\/imagem-padrao.jpg 602w\" sizes=\"(max-width: 300px) 100vw, 300px\" \/><\/div>\n\t\t<\/a>\n\t\t\t\t<div class=\"elementor-post__text\">\n\t\t\t\t<h3 class=\"elementor-post__title\">\n\t\t\t<a href=\"https:\/\/radiosantaclara.sitetopfm.com.br\/site\/camara-aprova-regras-para-vigilancia-sanitaria-periodica-em-hospitais-publicos-e-privados\/\" >\n\t\t\t\tC\u00e2mara aprova regras para vigil\u00e2ncia sanit\u00e1ria peri\u00f3dica em hospitais p\u00fablicos e privados\t\t\t<\/a>\n\t\t<\/h3>\n\t\t\t\t<div class=\"elementor-post__meta-data\">\n\t\t\t\t\t<span class=\"elementor-post-date\">\n\t\t\t1 de setembro de 2026\t\t<\/span>\n\t\t\t\t<\/div>\n\t\t\t\t\t<a class=\"elementor-post__read-more\" href=\"https:\/\/radiosantaclara.sitetopfm.com.br\/site\/camara-aprova-regras-para-vigilancia-sanitaria-periodica-em-hospitais-publicos-e-privados\/\" >\n\t\t\t\tLer mais\u00bb\t\t\t<\/a>\n\t\t\t\t<\/div>\n\t\t\t\t<\/article>\n\t\t\t\t<article class=\"elementor-post elementor-grid-item post-11066 post type-post status-publish format-standard has-post-thumbnail hentry category-direitos-humanos\">\n\t\t\t\t<a class=\"elementor-post__thumbnail__link\" href=\"https:\/\/radiosantaclara.sitetopfm.com.br\/site\/camara-aprova-adesao-do-brasil-a-acordo-para-eliminar-violencia-e-assedio-no-trabalho\/\" >\n\t\t\t<div class=\"elementor-post__thumbnail\"><img fetchpriority=\"high\" decoding=\"async\" width=\"300\" height=\"199\" src=\"https:\/\/radiosantaclara.sitetopfm.com.br\/site\/wp-content\/uploads\/2026\/03\/imagem-padrao-300x199.jpg\" class=\"attachment-medium size-medium wp-image-6909\" alt=\"\" srcset=\"https:\/\/radiosantaclara.sitetopfm.com.br\/site\/wp-content\/uploads\/2026\/03\/imagem-padrao-300x199.jpg 300w, https:\/\/radiosantaclara.sitetopfm.com.br\/site\/wp-content\/uploads\/2026\/03\/imagem-padrao.jpg 602w\" sizes=\"(max-width: 300px) 100vw, 300px\" \/><\/div>\n\t\t<\/a>\n\t\t\t\t<div class=\"elementor-post__text\">\n\t\t\t\t<h3 class=\"elementor-post__title\">\n\t\t\t<a href=\"https:\/\/radiosantaclara.sitetopfm.com.br\/site\/camara-aprova-adesao-do-brasil-a-acordo-para-eliminar-violencia-e-assedio-no-trabalho\/\" >\n\t\t\t\tC\u00e2mara aprova ades\u00e3o do Brasil a acordo para eliminar viol\u00eancia e ass\u00e9dio no trabalho\t\t\t<\/a>\n\t\t<\/h3>\n\t\t\t\t<div class=\"elementor-post__meta-data\">\n\t\t\t\t\t<span class=\"elementor-post-date\">\n\t\t\t1 de setembro de 2026\t\t<\/span>\n\t\t\t\t<\/div>\n\t\t\t\t\t<a class=\"elementor-post__read-more\" href=\"https:\/\/radiosantaclara.sitetopfm.com.br\/site\/camara-aprova-adesao-do-brasil-a-acordo-para-eliminar-violencia-e-assedio-no-trabalho\/\" >\n\t\t\t\tLer mais\u00bb\t\t\t<\/a>\n\t\t\t\t<\/div>\n\t\t\t\t<\/article>\n\t\t\t\t<article class=\"elementor-post elementor-grid-item post-11065 post type-post status-publish format-standard has-post-thumbnail hentry category-ultimas-noticias\">\n\t\t\t\t<a class=\"elementor-post__thumbnail__link\" href=\"https:\/\/radiosantaclara.sitetopfm.com.br\/site\/deputados-iniciam-votacoes-do-plenario-e-aprovam-urgencia-para-dois-projetos-acompanhe\/\" >\n\t\t\t<div class=\"elementor-post__thumbnail\"><img fetchpriority=\"high\" decoding=\"async\" width=\"300\" height=\"199\" src=\"https:\/\/radiosantaclara.sitetopfm.com.br\/site\/wp-content\/uploads\/2026\/03\/imagem-padrao-300x199.jpg\" class=\"attachment-medium size-medium wp-image-6909\" alt=\"\" srcset=\"https:\/\/radiosantaclara.sitetopfm.com.br\/site\/wp-content\/uploads\/2026\/03\/imagem-padrao-300x199.jpg 300w, https:\/\/radiosantaclara.sitetopfm.com.br\/site\/wp-content\/uploads\/2026\/03\/imagem-padrao.jpg 602w\" sizes=\"(max-width: 300px) 100vw, 300px\" \/><\/div>\n\t\t<\/a>\n\t\t\t\t<div class=\"elementor-post__text\">\n\t\t\t\t<h3 class=\"elementor-post__title\">\n\t\t\t<a href=\"https:\/\/radiosantaclara.sitetopfm.com.br\/site\/deputados-iniciam-votacoes-do-plenario-e-aprovam-urgencia-para-dois-projetos-acompanhe\/\" >\n\t\t\t\tDeputados iniciam vota\u00e7\u00f5es do Plen\u00e1rio e aprovam urg\u00eancia para dois projetos; acompanhe\t\t\t<\/a>\n\t\t<\/h3>\n\t\t\t\t<div class=\"elementor-post__meta-data\">\n\t\t\t\t\t<span class=\"elementor-post-date\">\n\t\t\t1 de setembro de 2026\t\t<\/span>\n\t\t\t\t<\/div>\n\t\t\t\t\t<a class=\"elementor-post__read-more\" href=\"https:\/\/radiosantaclara.sitetopfm.com.br\/site\/deputados-iniciam-votacoes-do-plenario-e-aprovam-urgencia-para-dois-projetos-acompanhe\/\" >\n\t\t\t\tLer mais\u00bb\t\t\t<\/a>\n\t\t\t\t<\/div>\n\t\t\t\t<\/article>\n\t\t\t\t<article class=\"elementor-post elementor-grid-item post-11064 post type-post status-publish format-standard has-post-thumbnail hentry category-economia\">\n\t\t\t\t<a class=\"elementor-post__thumbnail__link\" href=\"https:\/\/radiosantaclara.sitetopfm.com.br\/site\/comissao-adia-novamente-votacao-do-fim-da-taxa-das-blusinhas\/\" >\n\t\t\t<div class=\"elementor-post__thumbnail\"><img fetchpriority=\"high\" decoding=\"async\" width=\"300\" height=\"199\" src=\"https:\/\/radiosantaclara.sitetopfm.com.br\/site\/wp-content\/uploads\/2026\/03\/imagem-padrao-300x199.jpg\" class=\"attachment-medium size-medium wp-image-6909\" alt=\"\" srcset=\"https:\/\/radiosantaclara.sitetopfm.com.br\/site\/wp-content\/uploads\/2026\/03\/imagem-padrao-300x199.jpg 300w, https:\/\/radiosantaclara.sitetopfm.com.br\/site\/wp-content\/uploads\/2026\/03\/imagem-padrao.jpg 602w\" sizes=\"(max-width: 300px) 100vw, 300px\" \/><\/div>\n\t\t<\/a>\n\t\t\t\t<div class=\"elementor-post__text\">\n\t\t\t\t<h3 class=\"elementor-post__title\">\n\t\t\t<a href=\"https:\/\/radiosantaclara.sitetopfm.com.br\/site\/comissao-adia-novamente-votacao-do-fim-da-taxa-das-blusinhas\/\" >\n\t\t\t\tComiss\u00e3o adia novamente vota\u00e7\u00e3o do fim da &#8220;taxa das blusinhas&#8221;\t\t\t<\/a>\n\t\t<\/h3>\n\t\t\t\t<div class=\"elementor-post__meta-data\">\n\t\t\t\t\t<span class=\"elementor-post-date\">\n\t\t\t1 de setembro de 2026\t\t<\/span>\n\t\t\t\t<\/div>\n\t\t\t\t\t<a class=\"elementor-post__read-more\" href=\"https:\/\/radiosantaclara.sitetopfm.com.br\/site\/comissao-adia-novamente-votacao-do-fim-da-taxa-das-blusinhas\/\" >\n\t\t\t\tLer mais\u00bb\t\t\t<\/a>\n\t\t\t\t<\/div>\n\t\t\t\t<\/article>\n\t\t\t\t<article class=\"elementor-post elementor-grid-item post-11063 post type-post status-publish format-standard has-post-thumbnail hentry category-saude\">\n\t\t\t\t<a class=\"elementor-post__thumbnail__link\" href=\"https:\/\/radiosantaclara.sitetopfm.com.br\/site\/debatedores-pedem-agilidade-no-diagnostico-de-esclerose-multipla-no-sus\/\" >\n\t\t\t<div class=\"elementor-post__thumbnail\"><img fetchpriority=\"high\" decoding=\"async\" width=\"300\" height=\"199\" src=\"https:\/\/radiosantaclara.sitetopfm.com.br\/site\/wp-content\/uploads\/2026\/03\/imagem-padrao-300x199.jpg\" class=\"attachment-medium size-medium wp-image-6909\" alt=\"\" srcset=\"https:\/\/radiosantaclara.sitetopfm.com.br\/site\/wp-content\/uploads\/2026\/03\/imagem-padrao-300x199.jpg 300w, https:\/\/radiosantaclara.sitetopfm.com.br\/site\/wp-content\/uploads\/2026\/03\/imagem-padrao.jpg 602w\" sizes=\"(max-width: 300px) 100vw, 300px\" \/><\/div>\n\t\t<\/a>\n\t\t\t\t<div class=\"elementor-post__text\">\n\t\t\t\t<h3 class=\"elementor-post__title\">\n\t\t\t<a href=\"https:\/\/radiosantaclara.sitetopfm.com.br\/site\/debatedores-pedem-agilidade-no-diagnostico-de-esclerose-multipla-no-sus\/\" >\n\t\t\t\tDebatedores pedem agilidade no diagn\u00f3stico de esclerose m\u00faltipla no SUS\t\t\t<\/a>\n\t\t<\/h3>\n\t\t\t\t<div class=\"elementor-post__meta-data\">\n\t\t\t\t\t<span class=\"elementor-post-date\">\n\t\t\t1 de setembro de 2026\t\t<\/span>\n\t\t\t\t<\/div>\n\t\t\t\t\t<a class=\"elementor-post__read-more\" href=\"https:\/\/radiosantaclara.sitetopfm.com.br\/site\/debatedores-pedem-agilidade-no-diagnostico-de-esclerose-multipla-no-sus\/\" >\n\t\t\t\tLer mais\u00bb\t\t\t<\/a>\n\t\t\t\t<\/div>\n\t\t\t\t<\/article>\n\t\t\t\t<article class=\"elementor-post elementor-grid-item post-11062 post type-post status-publish format-standard has-post-thumbnail hentry category-ultimas-noticias\">\n\t\t\t\t<a class=\"elementor-post__thumbnail__link\" href=\"https:\/\/radiosantaclara.sitetopfm.com.br\/site\/proposta-do-orcamento-de-2027-preve-preenchimento-de-53-530-vagas-no-setor-publico\/\" >\n\t\t\t<div class=\"elementor-post__thumbnail\"><img fetchpriority=\"high\" decoding=\"async\" width=\"300\" height=\"199\" src=\"https:\/\/radiosantaclara.sitetopfm.com.br\/site\/wp-content\/uploads\/2026\/03\/imagem-padrao-300x199.jpg\" class=\"attachment-medium size-medium wp-image-6909\" alt=\"\" srcset=\"https:\/\/radiosantaclara.sitetopfm.com.br\/site\/wp-content\/uploads\/2026\/03\/imagem-padrao-300x199.jpg 300w, https:\/\/radiosantaclara.sitetopfm.com.br\/site\/wp-content\/uploads\/2026\/03\/imagem-padrao.jpg 602w\" sizes=\"(max-width: 300px) 100vw, 300px\" \/><\/div>\n\t\t<\/a>\n\t\t\t\t<div class=\"elementor-post__text\">\n\t\t\t\t<h3 class=\"elementor-post__title\">\n\t\t\t<a href=\"https:\/\/radiosantaclara.sitetopfm.com.br\/site\/proposta-do-orcamento-de-2027-preve-preenchimento-de-53-530-vagas-no-setor-publico\/\" >\n\t\t\t\tProposta do Or\u00e7amento de 2027 prev\u00ea preenchimento de 53.530 vagas no setor p\u00fablico\t\t\t<\/a>\n\t\t<\/h3>\n\t\t\t\t<div class=\"elementor-post__meta-data\">\n\t\t\t\t\t<span class=\"elementor-post-date\">\n\t\t\t1 de setembro de 2026\t\t<\/span>\n\t\t\t\t<\/div>\n\t\t\t\t\t<a class=\"elementor-post__read-more\" href=\"https:\/\/radiosantaclara.sitetopfm.com.br\/site\/proposta-do-orcamento-de-2027-preve-preenchimento-de-53-530-vagas-no-setor-publico\/\" >\n\t\t\t\tLer mais\u00bb\t\t\t<\/a>\n\t\t\t\t<\/div>\n\t\t\t\t<\/article>\n\t\t\t\t<article class=\"elementor-post elementor-grid-item post-11061 post type-post status-publish format-standard has-post-thumbnail hentry category-saude\">\n\t\t\t\t<a class=\"elementor-post__thumbnail__link\" href=\"https:\/\/radiosantaclara.sitetopfm.com.br\/site\/projeto-fixa-jornada-de-pedagogos-em-30-horas-semanais\/\" >\n\t\t\t<div class=\"elementor-post__thumbnail\"><img fetchpriority=\"high\" decoding=\"async\" width=\"300\" height=\"199\" src=\"https:\/\/radiosantaclara.sitetopfm.com.br\/site\/wp-content\/uploads\/2026\/03\/imagem-padrao-300x199.jpg\" class=\"attachment-medium size-medium wp-image-6909\" alt=\"\" srcset=\"https:\/\/radiosantaclara.sitetopfm.com.br\/site\/wp-content\/uploads\/2026\/03\/imagem-padrao-300x199.jpg 300w, https:\/\/radiosantaclara.sitetopfm.com.br\/site\/wp-content\/uploads\/2026\/03\/imagem-padrao.jpg 602w\" sizes=\"(max-width: 300px) 100vw, 300px\" \/><\/div>\n\t\t<\/a>\n\t\t\t\t<div class=\"elementor-post__text\">\n\t\t\t\t<h3 class=\"elementor-post__title\">\n\t\t\t<a href=\"https:\/\/radiosantaclara.sitetopfm.com.br\/site\/projeto-fixa-jornada-de-pedagogos-em-30-horas-semanais\/\" >\n\t\t\t\tProjeto fixa jornada de pedagogos em 30 horas semanais\t\t\t<\/a>\n\t\t<\/h3>\n\t\t\t\t<div class=\"elementor-post__meta-data\">\n\t\t\t\t\t<span class=\"elementor-post-date\">\n\t\t\t1 de setembro de 2026\t\t<\/span>\n\t\t\t\t<\/div>\n\t\t\t\t\t<a class=\"elementor-post__read-more\" href=\"https:\/\/radiosantaclara.sitetopfm.com.br\/site\/projeto-fixa-jornada-de-pedagogos-em-30-horas-semanais\/\" >\n\t\t\t\tLer mais\u00bb\t\t\t<\/a>\n\t\t\t\t<\/div>\n\t\t\t\t<\/article>\n\t\t\t\t<article class=\"elementor-post elementor-grid-item post-11060 post type-post status-publish format-standard has-post-thumbnail hentry category-ultimas-noticias\">\n\t\t\t\t<a class=\"elementor-post__thumbnail__link\" href=\"https:\/\/radiosantaclara.sitetopfm.com.br\/site\/projeto-em-analise-na-camara-permite-que-fisioterapeutas-prescrevam-medicamentos\/\" >\n\t\t\t<div class=\"elementor-post__thumbnail\"><img fetchpriority=\"high\" decoding=\"async\" width=\"300\" height=\"199\" src=\"https:\/\/radiosantaclara.sitetopfm.com.br\/site\/wp-content\/uploads\/2026\/03\/imagem-padrao-300x199.jpg\" class=\"attachment-medium size-medium wp-image-6909\" alt=\"\" srcset=\"https:\/\/radiosantaclara.sitetopfm.com.br\/site\/wp-content\/uploads\/2026\/03\/imagem-padrao-300x199.jpg 300w, https:\/\/radiosantaclara.sitetopfm.com.br\/site\/wp-content\/uploads\/2026\/03\/imagem-padrao.jpg 602w\" sizes=\"(max-width: 300px) 100vw, 300px\" \/><\/div>\n\t\t<\/a>\n\t\t\t\t<div class=\"elementor-post__text\">\n\t\t\t\t<h3 class=\"elementor-post__title\">\n\t\t\t<a href=\"https:\/\/radiosantaclara.sitetopfm.com.br\/site\/projeto-em-analise-na-camara-permite-que-fisioterapeutas-prescrevam-medicamentos\/\" >\n\t\t\t\tProjeto em an\u00e1lise na C\u00e2mara permite que fisioterapeutas prescrevam medicamentos\t\t\t<\/a>\n\t\t<\/h3>\n\t\t\t\t<div class=\"elementor-post__meta-data\">\n\t\t\t\t\t<span class=\"elementor-post-date\">\n\t\t\t1 de setembro de 2026\t\t<\/span>\n\t\t\t\t<\/div>\n\t\t\t\t\t<a class=\"elementor-post__read-more\" href=\"https:\/\/radiosantaclara.sitetopfm.com.br\/site\/projeto-em-analise-na-camara-permite-que-fisioterapeutas-prescrevam-medicamentos\/\" >\n\t\t\t\tLer mais\u00bb\t\t\t<\/a>\n\t\t\t\t<\/div>\n\t\t\t\t<\/article>\n\t\t\t\t<article class=\"elementor-post elementor-grid-item post-11059 post type-post status-publish format-standard has-post-thumbnail hentry category-economia\">\n\t\t\t\t<a class=\"elementor-post__thumbnail__link\" href=\"https:\/\/radiosantaclara.sitetopfm.com.br\/site\/projeto-preve-calculo-separado-de-aposentadoria-e-salario-para-o-imposto-de-renda\/\" >\n\t\t\t<div class=\"elementor-post__thumbnail\"><img fetchpriority=\"high\" decoding=\"async\" width=\"300\" height=\"199\" src=\"https:\/\/radiosantaclara.sitetopfm.com.br\/site\/wp-content\/uploads\/2026\/03\/imagem-padrao-300x199.jpg\" class=\"attachment-medium size-medium wp-image-6909\" alt=\"\" srcset=\"https:\/\/radiosantaclara.sitetopfm.com.br\/site\/wp-content\/uploads\/2026\/03\/imagem-padrao-300x199.jpg 300w, https:\/\/radiosantaclara.sitetopfm.com.br\/site\/wp-content\/uploads\/2026\/03\/imagem-padrao.jpg 602w\" sizes=\"(max-width: 300px) 100vw, 300px\" \/><\/div>\n\t\t<\/a>\n\t\t\t\t<div class=\"elementor-post__text\">\n\t\t\t\t<h3 class=\"elementor-post__title\">\n\t\t\t<a href=\"https:\/\/radiosantaclara.sitetopfm.com.br\/site\/projeto-preve-calculo-separado-de-aposentadoria-e-salario-para-o-imposto-de-renda\/\" >\n\t\t\t\tProjeto prev\u00ea c\u00e1lculo separado de aposentadoria e sal\u00e1rio para o Imposto de Renda\t\t\t<\/a>\n\t\t<\/h3>\n\t\t\t\t<div class=\"elementor-post__meta-data\">\n\t\t\t\t\t<span class=\"elementor-post-date\">\n\t\t\t1 de setembro de 2026\t\t<\/span>\n\t\t\t\t<\/div>\n\t\t\t\t\t<a class=\"elementor-post__read-more\" href=\"https:\/\/radiosantaclara.sitetopfm.com.br\/site\/projeto-preve-calculo-separado-de-aposentadoria-e-salario-para-o-imposto-de-renda\/\" >\n\t\t\t\tLer mais\u00bb\t\t\t<\/a>\n\t\t\t\t<\/div>\n\t\t\t\t<\/article>\n\t\t\t\t<article class=\"elementor-post elementor-grid-item post-11058 post type-post status-publish format-standard has-post-thumbnail hentry category-esportes\">\n\t\t\t\t<a class=\"elementor-post__thumbnail__link\" href=\"https:\/\/radiosantaclara.sitetopfm.com.br\/site\/projeto-proibe-participacao-de-criancas-e-adolescentes-em-atividades-esportivas-de-alto-risco\/\" >\n\t\t\t<div class=\"elementor-post__thumbnail\"><img fetchpriority=\"high\" decoding=\"async\" width=\"300\" height=\"199\" src=\"https:\/\/radiosantaclara.sitetopfm.com.br\/site\/wp-content\/uploads\/2026\/03\/imagem-padrao-300x199.jpg\" class=\"attachment-medium size-medium wp-image-6909\" alt=\"\" srcset=\"https:\/\/radiosantaclara.sitetopfm.com.br\/site\/wp-content\/uploads\/2026\/03\/imagem-padrao-300x199.jpg 300w, https:\/\/radiosantaclara.sitetopfm.com.br\/site\/wp-content\/uploads\/2026\/03\/imagem-padrao.jpg 602w\" sizes=\"(max-width: 300px) 100vw, 300px\" \/><\/div>\n\t\t<\/a>\n\t\t\t\t<div class=\"elementor-post__text\">\n\t\t\t\t<h3 class=\"elementor-post__title\">\n\t\t\t<a href=\"https:\/\/radiosantaclara.sitetopfm.com.br\/site\/projeto-proibe-participacao-de-criancas-e-adolescentes-em-atividades-esportivas-de-alto-risco\/\" >\n\t\t\t\tProjeto pro\u00edbe participa\u00e7\u00e3o de crian\u00e7as e adolescentes em atividades esportivas de alto risco\t\t\t<\/a>\n\t\t<\/h3>\n\t\t\t\t<div class=\"elementor-post__meta-data\">\n\t\t\t\t\t<span class=\"elementor-post-date\">\n\t\t\t1 de setembro de 2026\t\t<\/span>\n\t\t\t\t<\/div>\n\t\t\t\t\t<a class=\"elementor-post__read-more\" href=\"https:\/\/radiosantaclara.sitetopfm.com.br\/site\/projeto-proibe-participacao-de-criancas-e-adolescentes-em-atividades-esportivas-de-alto-risco\/\" >\n\t\t\t\tLer mais\u00bb\t\t\t<\/a>\n\t\t\t\t<\/div>\n\t\t\t\t<\/article>\n\t\t\t\t<article class=\"elementor-post elementor-grid-item post-11057 post type-post status-publish format-standard has-post-thumbnail hentry category-ultimas-noticias\">\n\t\t\t\t<a class=\"elementor-post__thumbnail__link\" href=\"https:\/\/radiosantaclara.sitetopfm.com.br\/site\/projeto-exige-nova-intimacao-de-devedor-quando-cumprimento-provisorio-de-sentenca-se-tornar-definitivo\/\" >\n\t\t\t<div class=\"elementor-post__thumbnail\"><img fetchpriority=\"high\" decoding=\"async\" width=\"300\" height=\"199\" src=\"https:\/\/radiosantaclara.sitetopfm.com.br\/site\/wp-content\/uploads\/2026\/03\/imagem-padrao-300x199.jpg\" class=\"attachment-medium size-medium wp-image-6909\" alt=\"\" srcset=\"https:\/\/radiosantaclara.sitetopfm.com.br\/site\/wp-content\/uploads\/2026\/03\/imagem-padrao-300x199.jpg 300w, https:\/\/radiosantaclara.sitetopfm.com.br\/site\/wp-content\/uploads\/2026\/03\/imagem-padrao.jpg 602w\" sizes=\"(max-width: 300px) 100vw, 300px\" \/><\/div>\n\t\t<\/a>\n\t\t\t\t<div class=\"elementor-post__text\">\n\t\t\t\t<h3 class=\"elementor-post__title\">\n\t\t\t<a href=\"https:\/\/radiosantaclara.sitetopfm.com.br\/site\/projeto-exige-nova-intimacao-de-devedor-quando-cumprimento-provisorio-de-sentenca-se-tornar-definitivo\/\" >\n\t\t\t\tProjeto exige nova intima\u00e7\u00e3o de devedor quando cumprimento provis\u00f3rio de senten\u00e7a se tornar definitivo\t\t\t<\/a>\n\t\t<\/h3>\n\t\t\t\t<div class=\"elementor-post__meta-data\">\n\t\t\t\t\t<span class=\"elementor-post-date\">\n\t\t\t1 de setembro de 2026\t\t<\/span>\n\t\t\t\t<\/div>\n\t\t\t\t\t<a class=\"elementor-post__read-more\" href=\"https:\/\/radiosantaclara.sitetopfm.com.br\/site\/projeto-exige-nova-intimacao-de-devedor-quando-cumprimento-provisorio-de-sentenca-se-tornar-definitivo\/\" >\n\t\t\t\tLer mais\u00bb\t\t\t<\/a>\n\t\t\t\t<\/div>\n\t\t\t\t<\/article>\n\t\t\t\t<article class=\"elementor-post elementor-grid-item post-11056 post type-post status-publish format-standard has-post-thumbnail hentry category-economia\">\n\t\t\t\t<a class=\"elementor-post__thumbnail__link\" href=\"https:\/\/radiosantaclara.sitetopfm.com.br\/site\/comissao-externa-sobre-pirataria-pode-votar-relatorio-parcial-nesta-terca\/\" >\n\t\t\t<div class=\"elementor-post__thumbnail\"><img fetchpriority=\"high\" decoding=\"async\" width=\"300\" height=\"199\" src=\"https:\/\/radiosantaclara.sitetopfm.com.br\/site\/wp-content\/uploads\/2026\/03\/imagem-padrao-300x199.jpg\" class=\"attachment-medium size-medium wp-image-6909\" alt=\"\" srcset=\"https:\/\/radiosantaclara.sitetopfm.com.br\/site\/wp-content\/uploads\/2026\/03\/imagem-padrao-300x199.jpg 300w, https:\/\/radiosantaclara.sitetopfm.com.br\/site\/wp-content\/uploads\/2026\/03\/imagem-padrao.jpg 602w\" sizes=\"(max-width: 300px) 100vw, 300px\" \/><\/div>\n\t\t<\/a>\n\t\t\t\t<div class=\"elementor-post__text\">\n\t\t\t\t<h3 class=\"elementor-post__title\">\n\t\t\t<a href=\"https:\/\/radiosantaclara.sitetopfm.com.br\/site\/comissao-externa-sobre-pirataria-pode-votar-relatorio-parcial-nesta-terca\/\" >\n\t\t\t\tComiss\u00e3o externa sobre pirataria pode votar relat\u00f3rio parcial nesta ter\u00e7a\t\t\t<\/a>\n\t\t<\/h3>\n\t\t\t\t<div class=\"elementor-post__meta-data\">\n\t\t\t\t\t<span class=\"elementor-post-date\">\n\t\t\t1 de setembro de 2026\t\t<\/span>\n\t\t\t\t<\/div>\n\t\t\t\t\t<a class=\"elementor-post__read-more\" href=\"https:\/\/radiosantaclara.sitetopfm.com.br\/site\/comissao-externa-sobre-pirataria-pode-votar-relatorio-parcial-nesta-terca\/\" >\n\t\t\t\tLer mais\u00bb\t\t\t<\/a>\n\t\t\t\t<\/div>\n\t\t\t\t<\/article>\n\t\t\t\t<article class=\"elementor-post elementor-grid-item post-11055 post type-post status-publish format-standard has-post-thumbnail hentry category-ultimas-noticias\">\n\t\t\t\t<a class=\"elementor-post__thumbnail__link\" href=\"https:\/\/radiosantaclara.sitetopfm.com.br\/site\/camara-aprova-criacao-de-51-cargos-no-tribunal-regional-do-trabalho-em-fortaleza\/\" >\n\t\t\t<div class=\"elementor-post__thumbnail\"><img fetchpriority=\"high\" decoding=\"async\" width=\"300\" height=\"199\" src=\"https:\/\/radiosantaclara.sitetopfm.com.br\/site\/wp-content\/uploads\/2026\/03\/imagem-padrao-300x199.jpg\" class=\"attachment-medium size-medium wp-image-6909\" alt=\"\" srcset=\"https:\/\/radiosantaclara.sitetopfm.com.br\/site\/wp-content\/uploads\/2026\/03\/imagem-padrao-300x199.jpg 300w, https:\/\/radiosantaclara.sitetopfm.com.br\/site\/wp-content\/uploads\/2026\/03\/imagem-padrao.jpg 602w\" sizes=\"(max-width: 300px) 100vw, 300px\" \/><\/div>\n\t\t<\/a>\n\t\t\t\t<div class=\"elementor-post__text\">\n\t\t\t\t<h3 class=\"elementor-post__title\">\n\t\t\t<a href=\"https:\/\/radiosantaclara.sitetopfm.com.br\/site\/camara-aprova-criacao-de-51-cargos-no-tribunal-regional-do-trabalho-em-fortaleza\/\" >\n\t\t\t\tC\u00e2mara aprova cria\u00e7\u00e3o de 51 cargos no Tribunal Regional do Trabalho em Fortaleza\t\t\t<\/a>\n\t\t<\/h3>\n\t\t\t\t<div class=\"elementor-post__meta-data\">\n\t\t\t\t\t<span class=\"elementor-post-date\">\n\t\t\t1 de setembro de 2026\t\t<\/span>\n\t\t\t\t<\/div>\n\t\t\t\t\t<a class=\"elementor-post__read-more\" href=\"https:\/\/radiosantaclara.sitetopfm.com.br\/site\/camara-aprova-criacao-de-51-cargos-no-tribunal-regional-do-trabalho-em-fortaleza\/\" >\n\t\t\t\tLer mais\u00bb\t\t\t<\/a>\n\t\t\t\t<\/div>\n\t\t\t\t<\/article>\n\t\t\t\t<article class=\"elementor-post elementor-grid-item post-11054 post type-post status-publish format-standard has-post-thumbnail hentry category-economia\">\n\t\t\t\t<a class=\"elementor-post__thumbnail__link\" href=\"https:\/\/radiosantaclara.sitetopfm.com.br\/site\/comissao-vota-nesta-segunda-feira-mp-que-acaba-com-taxa-das-blusinhas-para-compras-de-ate-50-dolares\/\" >\n\t\t\t<div class=\"elementor-post__thumbnail\"><img fetchpriority=\"high\" decoding=\"async\" width=\"300\" height=\"199\" src=\"https:\/\/radiosantaclara.sitetopfm.com.br\/site\/wp-content\/uploads\/2026\/03\/imagem-padrao-300x199.jpg\" class=\"attachment-medium size-medium wp-image-6909\" alt=\"\" srcset=\"https:\/\/radiosantaclara.sitetopfm.com.br\/site\/wp-content\/uploads\/2026\/03\/imagem-padrao-300x199.jpg 300w, https:\/\/radiosantaclara.sitetopfm.com.br\/site\/wp-content\/uploads\/2026\/03\/imagem-padrao.jpg 602w\" sizes=\"(max-width: 300px) 100vw, 300px\" \/><\/div>\n\t\t<\/a>\n\t\t\t\t<div class=\"elementor-post__text\">\n\t\t\t\t<h3 class=\"elementor-post__title\">\n\t\t\t<a href=\"https:\/\/radiosantaclara.sitetopfm.com.br\/site\/comissao-vota-nesta-segunda-feira-mp-que-acaba-com-taxa-das-blusinhas-para-compras-de-ate-50-dolares\/\" >\n\t\t\t\tComiss\u00e3o vota nesta segunda-feira MP que acaba com &#8220;taxa das blusinhas\u201d para compras de at\u00e9 50 d\u00f3lares\t\t\t<\/a>\n\t\t<\/h3>\n\t\t\t\t<div class=\"elementor-post__meta-data\">\n\t\t\t\t\t<span class=\"elementor-post-date\">\n\t\t\t1 de setembro de 2026\t\t<\/span>\n\t\t\t\t<\/div>\n\t\t\t\t\t<a class=\"elementor-post__read-more\" href=\"https:\/\/radiosantaclara.sitetopfm.com.br\/site\/comissao-vota-nesta-segunda-feira-mp-que-acaba-com-taxa-das-blusinhas-para-compras-de-ate-50-dolares\/\" >\n\t\t\t\tLer mais\u00bb\t\t\t<\/a>\n\t\t\t\t<\/div>\n\t\t\t\t<\/article>\n\t\t\t\t<article class=\"elementor-post elementor-grid-item post-11053 post type-post status-publish format-standard has-post-thumbnail hentry category-ultimas-noticias\">\n\t\t\t\t<a class=\"elementor-post__thumbnail__link\" href=\"https:\/\/radiosantaclara.sitetopfm.com.br\/site\/camara-aprova-exigencia-de-diploma-para-o-exercicio-profissional-da-psicopedagogia\/\" >\n\t\t\t<div class=\"elementor-post__thumbnail\"><img fetchpriority=\"high\" decoding=\"async\" width=\"300\" height=\"199\" src=\"https:\/\/radiosantaclara.sitetopfm.com.br\/site\/wp-content\/uploads\/2026\/03\/imagem-padrao-300x199.jpg\" class=\"attachment-medium size-medium wp-image-6909\" alt=\"\" srcset=\"https:\/\/radiosantaclara.sitetopfm.com.br\/site\/wp-content\/uploads\/2026\/03\/imagem-padrao-300x199.jpg 300w, https:\/\/radiosantaclara.sitetopfm.com.br\/site\/wp-content\/uploads\/2026\/03\/imagem-padrao.jpg 602w\" sizes=\"(max-width: 300px) 100vw, 300px\" \/><\/div>\n\t\t<\/a>\n\t\t\t\t<div class=\"elementor-post__text\">\n\t\t\t\t<h3 class=\"elementor-post__title\">\n\t\t\t<a href=\"https:\/\/radiosantaclara.sitetopfm.com.br\/site\/camara-aprova-exigencia-de-diploma-para-o-exercicio-profissional-da-psicopedagogia\/\" >\n\t\t\t\tC\u00e2mara aprova exig\u00eancia de diploma para o exerc\u00edcio profissional da psicopedagogia\t\t\t<\/a>\n\t\t<\/h3>\n\t\t\t\t<div class=\"elementor-post__meta-data\">\n\t\t\t\t\t<span class=\"elementor-post-date\">\n\t\t\t1 de setembro de 2026\t\t<\/span>\n\t\t\t\t<\/div>\n\t\t\t\t\t<a class=\"elementor-post__read-more\" href=\"https:\/\/radiosantaclara.sitetopfm.com.br\/site\/camara-aprova-exigencia-de-diploma-para-o-exercicio-profissional-da-psicopedagogia\/\" >\n\t\t\t\tLer mais\u00bb\t\t\t<\/a>\n\t\t\t\t<\/div>\n\t\t\t\t<\/article>\n\t\t\t\t<article class=\"elementor-post elementor-grid-item post-11052 post type-post status-publish format-standard has-post-thumbnail hentry category-economia\">\n\t\t\t\t<a class=\"elementor-post__thumbnail__link\" href=\"https:\/\/radiosantaclara.sitetopfm.com.br\/site\/camara-aprova-mp-que-preve-financiamento-de-veiculos-para-motoristas-de-aplicativo-e-taxistas\/\" >\n\t\t\t<div class=\"elementor-post__thumbnail\"><img fetchpriority=\"high\" decoding=\"async\" width=\"300\" height=\"199\" src=\"https:\/\/radiosantaclara.sitetopfm.com.br\/site\/wp-content\/uploads\/2026\/03\/imagem-padrao-300x199.jpg\" class=\"attachment-medium size-medium wp-image-6909\" alt=\"\" srcset=\"https:\/\/radiosantaclara.sitetopfm.com.br\/site\/wp-content\/uploads\/2026\/03\/imagem-padrao-300x199.jpg 300w, https:\/\/radiosantaclara.sitetopfm.com.br\/site\/wp-content\/uploads\/2026\/03\/imagem-padrao.jpg 602w\" sizes=\"(max-width: 300px) 100vw, 300px\" \/><\/div>\n\t\t<\/a>\n\t\t\t\t<div class=\"elementor-post__text\">\n\t\t\t\t<h3 class=\"elementor-post__title\">\n\t\t\t<a href=\"https:\/\/radiosantaclara.sitetopfm.com.br\/site\/camara-aprova-mp-que-preve-financiamento-de-veiculos-para-motoristas-de-aplicativo-e-taxistas\/\" >\n\t\t\t\tC\u00e2mara aprova MP que prev\u00ea financiamento de ve\u00edculos para motoristas de aplicativo e taxistas\t\t\t<\/a>\n\t\t<\/h3>\n\t\t\t\t<div class=\"elementor-post__meta-data\">\n\t\t\t\t\t<span class=\"elementor-post-date\">\n\t\t\t1 de setembro de 2026\t\t<\/span>\n\t\t\t\t<\/div>\n\t\t\t\t\t<a class=\"elementor-post__read-more\" href=\"https:\/\/radiosantaclara.sitetopfm.com.br\/site\/camara-aprova-mp-que-preve-financiamento-de-veiculos-para-motoristas-de-aplicativo-e-taxistas\/\" >\n\t\t\t\tLer mais\u00bb\t\t\t<\/a>\n\t\t\t\t<\/div>\n\t\t\t\t<\/article>\n\t\t\t\t<article class=\"elementor-post elementor-grid-item post-11051 post type-post status-publish format-standard has-post-thumbnail hentry category-esportes\">\n\t\t\t\t<a class=\"elementor-post__thumbnail__link\" href=\"https:\/\/radiosantaclara.sitetopfm.com.br\/site\/camara-aprova-autonomia-de-escolas-para-ajustar-calendario-na-copa-do-mundo-feminina\/\" >\n\t\t\t<div class=\"elementor-post__thumbnail\"><img fetchpriority=\"high\" decoding=\"async\" width=\"300\" height=\"199\" src=\"https:\/\/radiosantaclara.sitetopfm.com.br\/site\/wp-content\/uploads\/2026\/03\/imagem-padrao-300x199.jpg\" class=\"attachment-medium size-medium wp-image-6909\" alt=\"\" srcset=\"https:\/\/radiosantaclara.sitetopfm.com.br\/site\/wp-content\/uploads\/2026\/03\/imagem-padrao-300x199.jpg 300w, https:\/\/radiosantaclara.sitetopfm.com.br\/site\/wp-content\/uploads\/2026\/03\/imagem-padrao.jpg 602w\" sizes=\"(max-width: 300px) 100vw, 300px\" \/><\/div>\n\t\t<\/a>\n\t\t\t\t<div class=\"elementor-post__text\">\n\t\t\t\t<h3 class=\"elementor-post__title\">\n\t\t\t<a href=\"https:\/\/radiosantaclara.sitetopfm.com.br\/site\/camara-aprova-autonomia-de-escolas-para-ajustar-calendario-na-copa-do-mundo-feminina\/\" >\n\t\t\t\tC\u00e2mara aprova autonomia de escolas para ajustar calend\u00e1rio na Copa do Mundo Feminina\t\t\t<\/a>\n\t\t<\/h3>\n\t\t\t\t<div class=\"elementor-post__meta-data\">\n\t\t\t\t\t<span class=\"elementor-post-date\">\n\t\t\t1 de setembro de 2026\t\t<\/span>\n\t\t\t\t<\/div>\n\t\t\t\t\t<a class=\"elementor-post__read-more\" href=\"https:\/\/radiosantaclara.sitetopfm.com.br\/site\/camara-aprova-autonomia-de-escolas-para-ajustar-calendario-na-copa-do-mundo-feminina\/\" >\n\t\t\t\tLer mais\u00bb\t\t\t<\/a>\n\t\t\t\t<\/div>\n\t\t\t\t<\/article>\n\t\t\t\t<article class=\"elementor-post elementor-grid-item post-11050 post type-post status-publish format-standard has-post-thumbnail hentry category-meio-ambiente\">\n\t\t\t\t<a class=\"elementor-post__thumbnail__link\" href=\"https:\/\/radiosantaclara.sitetopfm.com.br\/site\/camara-aprova-adesao-do-brasil-a-acordo-internacional-para-combater-pesca-ilegal\/\" >\n\t\t\t<div class=\"elementor-post__thumbnail\"><img fetchpriority=\"high\" decoding=\"async\" width=\"300\" height=\"199\" src=\"https:\/\/radiosantaclara.sitetopfm.com.br\/site\/wp-content\/uploads\/2026\/03\/imagem-padrao-300x199.jpg\" class=\"attachment-medium size-medium wp-image-6909\" alt=\"\" srcset=\"https:\/\/radiosantaclara.sitetopfm.com.br\/site\/wp-content\/uploads\/2026\/03\/imagem-padrao-300x199.jpg 300w, https:\/\/radiosantaclara.sitetopfm.com.br\/site\/wp-content\/uploads\/2026\/03\/imagem-padrao.jpg 602w\" sizes=\"(max-width: 300px) 100vw, 300px\" \/><\/div>\n\t\t<\/a>\n\t\t\t\t<div class=\"elementor-post__text\">\n\t\t\t\t<h3 class=\"elementor-post__title\">\n\t\t\t<a href=\"https:\/\/radiosantaclara.sitetopfm.com.br\/site\/camara-aprova-adesao-do-brasil-a-acordo-internacional-para-combater-pesca-ilegal\/\" >\n\t\t\t\tC\u00e2mara aprova ades\u00e3o do Brasil a acordo internacional para combater pesca ilegal\t\t\t<\/a>\n\t\t<\/h3>\n\t\t\t\t<div class=\"elementor-post__meta-data\">\n\t\t\t\t\t<span class=\"elementor-post-date\">\n\t\t\t1 de setembro de 2026\t\t<\/span>\n\t\t\t\t<\/div>\n\t\t\t\t\t<a class=\"elementor-post__read-more\" href=\"https:\/\/radiosantaclara.sitetopfm.com.br\/site\/camara-aprova-adesao-do-brasil-a-acordo-internacional-para-combater-pesca-ilegal\/\" >\n\t\t\t\tLer mais\u00bb\t\t\t<\/a>\n\t\t\t\t<\/div>\n\t\t\t\t<\/article>\n\t\t\t\t<article class=\"elementor-post elementor-grid-item post-11049 post type-post status-publish format-standard has-post-thumbnail hentry category-saude\">\n\t\t\t\t<a class=\"elementor-post__thumbnail__link\" href=\"https:\/\/radiosantaclara.sitetopfm.com.br\/site\/camara-aprova-prazo-maior-para-empresa-deduzir-doacoes-a-entidades-de-combate-ao-cancer\/\" >\n\t\t\t<div class=\"elementor-post__thumbnail\"><img fetchpriority=\"high\" decoding=\"async\" width=\"300\" height=\"199\" src=\"https:\/\/radiosantaclara.sitetopfm.com.br\/site\/wp-content\/uploads\/2026\/03\/imagem-padrao-300x199.jpg\" class=\"attachment-medium size-medium wp-image-6909\" alt=\"\" srcset=\"https:\/\/radiosantaclara.sitetopfm.com.br\/site\/wp-content\/uploads\/2026\/03\/imagem-padrao-300x199.jpg 300w, https:\/\/radiosantaclara.sitetopfm.com.br\/site\/wp-content\/uploads\/2026\/03\/imagem-padrao.jpg 602w\" sizes=\"(max-width: 300px) 100vw, 300px\" \/><\/div>\n\t\t<\/a>\n\t\t\t\t<div class=\"elementor-post__text\">\n\t\t\t\t<h3 class=\"elementor-post__title\">\n\t\t\t<a href=\"https:\/\/radiosantaclara.sitetopfm.com.br\/site\/camara-aprova-prazo-maior-para-empresa-deduzir-doacoes-a-entidades-de-combate-ao-cancer\/\" >\n\t\t\t\tC\u00e2mara aprova prazo maior para empresa deduzir doa\u00e7\u00f5es a entidades de combate ao c\u00e2ncer\t\t\t<\/a>\n\t\t<\/h3>\n\t\t\t\t<div class=\"elementor-post__meta-data\">\n\t\t\t\t\t<span class=\"elementor-post-date\">\n\t\t\t31 de agosto de 2026\t\t<\/span>\n\t\t\t\t<\/div>\n\t\t\t\t\t<a class=\"elementor-post__read-more\" href=\"https:\/\/radiosantaclara.sitetopfm.com.br\/site\/camara-aprova-prazo-maior-para-empresa-deduzir-doacoes-a-entidades-de-combate-ao-cancer\/\" >\n\t\t\t\tLer mais\u00bb\t\t\t<\/a>\n\t\t\t\t<\/div>\n\t\t\t\t<\/article>\n\t\t\t\t<article class=\"elementor-post elementor-grid-item post-11048 post type-post status-publish format-standard has-post-thumbnail hentry category-direitos-humanos\">\n\t\t\t\t<a class=\"elementor-post__thumbnail__link\" href=\"https:\/\/radiosantaclara.sitetopfm.com.br\/site\/projeto-preve-oferta-de-coletores-menstruais-em-programa-de-dignidade-menstrual\/\" >\n\t\t\t<div class=\"elementor-post__thumbnail\"><img fetchpriority=\"high\" decoding=\"async\" width=\"300\" height=\"199\" src=\"https:\/\/radiosantaclara.sitetopfm.com.br\/site\/wp-content\/uploads\/2026\/03\/imagem-padrao-300x199.jpg\" class=\"attachment-medium size-medium wp-image-6909\" alt=\"\" srcset=\"https:\/\/radiosantaclara.sitetopfm.com.br\/site\/wp-content\/uploads\/2026\/03\/imagem-padrao-300x199.jpg 300w, https:\/\/radiosantaclara.sitetopfm.com.br\/site\/wp-content\/uploads\/2026\/03\/imagem-padrao.jpg 602w\" sizes=\"(max-width: 300px) 100vw, 300px\" \/><\/div>\n\t\t<\/a>\n\t\t\t\t<div class=\"elementor-post__text\">\n\t\t\t\t<h3 class=\"elementor-post__title\">\n\t\t\t<a href=\"https:\/\/radiosantaclara.sitetopfm.com.br\/site\/projeto-preve-oferta-de-coletores-menstruais-em-programa-de-dignidade-menstrual\/\" >\n\t\t\t\tProjeto prev\u00ea oferta de coletores menstruais em programa de dignidade menstrual\t\t\t<\/a>\n\t\t<\/h3>\n\t\t\t\t<div class=\"elementor-post__meta-data\">\n\t\t\t\t\t<span class=\"elementor-post-date\">\n\t\t\t31 de agosto de 2026\t\t<\/span>\n\t\t\t\t<\/div>\n\t\t\t\t\t<a class=\"elementor-post__read-more\" href=\"https:\/\/radiosantaclara.sitetopfm.com.br\/site\/projeto-preve-oferta-de-coletores-menstruais-em-programa-de-dignidade-menstrual\/\" >\n\t\t\t\tLer mais\u00bb\t\t\t<\/a>\n\t\t\t\t<\/div>\n\t\t\t\t<\/article>\n\t\t\t\t<article class=\"elementor-post elementor-grid-item post-11047 post type-post status-publish format-standard has-post-thumbnail hentry category-ultimas-noticias\">\n\t\t\t\t<a class=\"elementor-post__thumbnail__link\" href=\"https:\/\/radiosantaclara.sitetopfm.com.br\/site\/orcamento-de-2027-tem-salario-minimo-de-r-1-741-e-reducao-de-despesas-com-pessoal\/\" >\n\t\t\t<div class=\"elementor-post__thumbnail\"><img fetchpriority=\"high\" decoding=\"async\" width=\"300\" height=\"199\" src=\"https:\/\/radiosantaclara.sitetopfm.com.br\/site\/wp-content\/uploads\/2026\/03\/imagem-padrao-300x199.jpg\" class=\"attachment-medium size-medium wp-image-6909\" alt=\"\" srcset=\"https:\/\/radiosantaclara.sitetopfm.com.br\/site\/wp-content\/uploads\/2026\/03\/imagem-padrao-300x199.jpg 300w, https:\/\/radiosantaclara.sitetopfm.com.br\/site\/wp-content\/uploads\/2026\/03\/imagem-padrao.jpg 602w\" sizes=\"(max-width: 300px) 100vw, 300px\" \/><\/div>\n\t\t<\/a>\n\t\t\t\t<div class=\"elementor-post__text\">\n\t\t\t\t<h3 class=\"elementor-post__title\">\n\t\t\t<a href=\"https:\/\/radiosantaclara.sitetopfm.com.br\/site\/orcamento-de-2027-tem-salario-minimo-de-r-1-741-e-reducao-de-despesas-com-pessoal\/\" >\n\t\t\t\tOr\u00e7amento de 2027 tem sal\u00e1rio m\u00ednimo de R$ 1.741 e redu\u00e7\u00e3o de despesas com pessoal\t\t\t<\/a>\n\t\t<\/h3>\n\t\t\t\t<div class=\"elementor-post__meta-data\">\n\t\t\t\t\t<span class=\"elementor-post-date\">\n\t\t\t31 de agosto de 2026\t\t<\/span>\n\t\t\t\t<\/div>\n\t\t\t\t\t<a class=\"elementor-post__read-more\" href=\"https:\/\/radiosantaclara.sitetopfm.com.br\/site\/orcamento-de-2027-tem-salario-minimo-de-r-1-741-e-reducao-de-despesas-com-pessoal\/\" >\n\t\t\t\tLer mais\u00bb\t\t\t<\/a>\n\t\t\t\t<\/div>\n\t\t\t\t<\/article>\n\t\t\t\t<article class=\"elementor-post elementor-grid-item post-11046 post type-post status-publish format-standard has-post-thumbnail hentry category-consumidor\">\n\t\t\t\t<a class=\"elementor-post__thumbnail__link\" href=\"https:\/\/radiosantaclara.sitetopfm.com.br\/site\/projeto-proibe-bloqueio-remoto-de-veiculos-por-falta-de-pagamento-de-parcelas\/\" >\n\t\t\t<div class=\"elementor-post__thumbnail\"><img fetchpriority=\"high\" decoding=\"async\" width=\"300\" height=\"199\" src=\"https:\/\/radiosantaclara.sitetopfm.com.br\/site\/wp-content\/uploads\/2026\/03\/imagem-padrao-300x199.jpg\" class=\"attachment-medium size-medium wp-image-6909\" alt=\"\" srcset=\"https:\/\/radiosantaclara.sitetopfm.com.br\/site\/wp-content\/uploads\/2026\/03\/imagem-padrao-300x199.jpg 300w, https:\/\/radiosantaclara.sitetopfm.com.br\/site\/wp-content\/uploads\/2026\/03\/imagem-padrao.jpg 602w\" sizes=\"(max-width: 300px) 100vw, 300px\" \/><\/div>\n\t\t<\/a>\n\t\t\t\t<div class=\"elementor-post__text\">\n\t\t\t\t<h3 class=\"elementor-post__title\">\n\t\t\t<a href=\"https:\/\/radiosantaclara.sitetopfm.com.br\/site\/projeto-proibe-bloqueio-remoto-de-veiculos-por-falta-de-pagamento-de-parcelas\/\" >\n\t\t\t\tProjeto pro\u00edbe bloqueio remoto de ve\u00edculos por falta de pagamento de parcelas\t\t\t<\/a>\n\t\t<\/h3>\n\t\t\t\t<div class=\"elementor-post__meta-data\">\n\t\t\t\t\t<span class=\"elementor-post-date\">\n\t\t\t31 de agosto de 2026\t\t<\/span>\n\t\t\t\t<\/div>\n\t\t\t\t\t<a class=\"elementor-post__read-more\" href=\"https:\/\/radiosantaclara.sitetopfm.com.br\/site\/projeto-proibe-bloqueio-remoto-de-veiculos-por-falta-de-pagamento-de-parcelas\/\" >\n\t\t\t\tLer mais\u00bb\t\t\t<\/a>\n\t\t\t\t<\/div>\n\t\t\t\t<\/article>\n\t\t\t\t<article class=\"elementor-post elementor-grid-item post-11045 post type-post status-publish format-standard has-post-thumbnail hentry category-economia\">\n\t\t\t\t<a class=\"elementor-post__thumbnail__link\" href=\"https:\/\/radiosantaclara.sitetopfm.com.br\/site\/comissao-mista-adia-para-esta-terca-feira-votacao-do-fim-da-taxa-das-blusinhas\/\" >\n\t\t\t<div class=\"elementor-post__thumbnail\"><img fetchpriority=\"high\" decoding=\"async\" width=\"300\" height=\"199\" src=\"https:\/\/radiosantaclara.sitetopfm.com.br\/site\/wp-content\/uploads\/2026\/03\/imagem-padrao-300x199.jpg\" class=\"attachment-medium size-medium wp-image-6909\" alt=\"\" srcset=\"https:\/\/radiosantaclara.sitetopfm.com.br\/site\/wp-content\/uploads\/2026\/03\/imagem-padrao-300x199.jpg 300w, https:\/\/radiosantaclara.sitetopfm.com.br\/site\/wp-content\/uploads\/2026\/03\/imagem-padrao.jpg 602w\" sizes=\"(max-width: 300px) 100vw, 300px\" \/><\/div>\n\t\t<\/a>\n\t\t\t\t<div class=\"elementor-post__text\">\n\t\t\t\t<h3 class=\"elementor-post__title\">\n\t\t\t<a href=\"https:\/\/radiosantaclara.sitetopfm.com.br\/site\/comissao-mista-adia-para-esta-terca-feira-votacao-do-fim-da-taxa-das-blusinhas\/\" >\n\t\t\t\tComiss\u00e3o Mista adia para esta ter\u00e7a-feira vota\u00e7\u00e3o do fim da &#8220;taxa das blusinhas&#8221;\t\t\t<\/a>\n\t\t<\/h3>\n\t\t\t\t<div class=\"elementor-post__meta-data\">\n\t\t\t\t\t<span class=\"elementor-post-date\">\n\t\t\t31 de agosto de 2026\t\t<\/span>\n\t\t\t\t<\/div>\n\t\t\t\t\t<a class=\"elementor-post__read-more\" href=\"https:\/\/radiosantaclara.sitetopfm.com.br\/site\/comissao-mista-adia-para-esta-terca-feira-votacao-do-fim-da-taxa-das-blusinhas\/\" >\n\t\t\t\tLer mais\u00bb\t\t\t<\/a>\n\t\t\t\t<\/div>\n\t\t\t\t<\/article>\n\t\t\t\t<article class=\"elementor-post elementor-grid-item post-11044 post type-post status-publish format-standard has-post-thumbnail hentry category-saude\">\n\t\t\t\t<a class=\"elementor-post__thumbnail__link\" href=\"https:\/\/radiosantaclara.sitetopfm.com.br\/site\/projeto-exige-alerta-em-produtos-infantis-sobre-substancias-que-afetam-hormonios\/\" >\n\t\t\t<div class=\"elementor-post__thumbnail\"><img fetchpriority=\"high\" decoding=\"async\" width=\"300\" height=\"199\" src=\"https:\/\/radiosantaclara.sitetopfm.com.br\/site\/wp-content\/uploads\/2026\/03\/imagem-padrao-300x199.jpg\" class=\"attachment-medium size-medium wp-image-6909\" alt=\"\" srcset=\"https:\/\/radiosantaclara.sitetopfm.com.br\/site\/wp-content\/uploads\/2026\/03\/imagem-padrao-300x199.jpg 300w, https:\/\/radiosantaclara.sitetopfm.com.br\/site\/wp-content\/uploads\/2026\/03\/imagem-padrao.jpg 602w\" sizes=\"(max-width: 300px) 100vw, 300px\" \/><\/div>\n\t\t<\/a>\n\t\t\t\t<div class=\"elementor-post__text\">\n\t\t\t\t<h3 class=\"elementor-post__title\">\n\t\t\t<a href=\"https:\/\/radiosantaclara.sitetopfm.com.br\/site\/projeto-exige-alerta-em-produtos-infantis-sobre-substancias-que-afetam-hormonios\/\" >\n\t\t\t\tProjeto exige alerta em produtos infantis sobre subst\u00e2ncias que afetam horm\u00f4nios\t\t\t<\/a>\n\t\t<\/h3>\n\t\t\t\t<div class=\"elementor-post__meta-data\">\n\t\t\t\t\t<span class=\"elementor-post-date\">\n\t\t\t31 de agosto de 2026\t\t<\/span>\n\t\t\t\t<\/div>\n\t\t\t\t\t<a class=\"elementor-post__read-more\" href=\"https:\/\/radiosantaclara.sitetopfm.com.br\/site\/projeto-exige-alerta-em-produtos-infantis-sobre-substancias-que-afetam-hormonios\/\" >\n\t\t\t\tLer mais\u00bb\t\t\t<\/a>\n\t\t\t\t<\/div>\n\t\t\t\t<\/article>\n\t\t\t\t<article class=\"elementor-post elementor-grid-item post-11043 post type-post status-publish format-standard has-post-thumbnail hentry category-direitos-humanos\">\n\t\t\t\t<a class=\"elementor-post__thumbnail__link\" href=\"https:\/\/radiosantaclara.sitetopfm.com.br\/site\/comissao-debate-uso-de-tecnologias-no-combate-a-violencia-contra-mulheres-participe\/\" >\n\t\t\t<div class=\"elementor-post__thumbnail\"><img fetchpriority=\"high\" decoding=\"async\" width=\"300\" height=\"199\" src=\"https:\/\/radiosantaclara.sitetopfm.com.br\/site\/wp-content\/uploads\/2026\/03\/imagem-padrao-300x199.jpg\" class=\"attachment-medium size-medium wp-image-6909\" alt=\"\" srcset=\"https:\/\/radiosantaclara.sitetopfm.com.br\/site\/wp-content\/uploads\/2026\/03\/imagem-padrao-300x199.jpg 300w, https:\/\/radiosantaclara.sitetopfm.com.br\/site\/wp-content\/uploads\/2026\/03\/imagem-padrao.jpg 602w\" sizes=\"(max-width: 300px) 100vw, 300px\" \/><\/div>\n\t\t<\/a>\n\t\t\t\t<div class=\"elementor-post__text\">\n\t\t\t\t<h3 class=\"elementor-post__title\">\n\t\t\t<a href=\"https:\/\/radiosantaclara.sitetopfm.com.br\/site\/comissao-debate-uso-de-tecnologias-no-combate-a-violencia-contra-mulheres-participe\/\" >\n\t\t\t\tComiss\u00e3o debate uso de tecnologias no combate \u00e0 viol\u00eancia contra mulheres; participe\t\t\t<\/a>\n\t\t<\/h3>\n\t\t\t\t<div class=\"elementor-post__meta-data\">\n\t\t\t\t\t<span class=\"elementor-post-date\">\n\t\t\t31 de agosto de 2026\t\t<\/span>\n\t\t\t\t<\/div>\n\t\t\t\t\t<a class=\"elementor-post__read-more\" href=\"https:\/\/radiosantaclara.sitetopfm.com.br\/site\/comissao-debate-uso-de-tecnologias-no-combate-a-violencia-contra-mulheres-participe\/\" >\n\t\t\t\tLer mais\u00bb\t\t\t<\/a>\n\t\t\t\t<\/div>\n\t\t\t\t<\/article>\n\t\t\t\t<article class=\"elementor-post elementor-grid-item post-11042 post type-post status-publish format-standard has-post-thumbnail hentry category-ultimas-noticias\">\n\t\t\t\t<a class=\"elementor-post__thumbnail__link\" href=\"https:\/\/radiosantaclara.sitetopfm.com.br\/site\/presidente-de-comissao-mista-defende-fim-da-taxa-das-blusinhas-assista-a-entrevista\/\" >\n\t\t\t<div class=\"elementor-post__thumbnail\"><img fetchpriority=\"high\" decoding=\"async\" width=\"300\" height=\"199\" src=\"https:\/\/radiosantaclara.sitetopfm.com.br\/site\/wp-content\/uploads\/2026\/03\/imagem-padrao-300x199.jpg\" class=\"attachment-medium size-medium wp-image-6909\" alt=\"\" srcset=\"https:\/\/radiosantaclara.sitetopfm.com.br\/site\/wp-content\/uploads\/2026\/03\/imagem-padrao-300x199.jpg 300w, https:\/\/radiosantaclara.sitetopfm.com.br\/site\/wp-content\/uploads\/2026\/03\/imagem-padrao.jpg 602w\" sizes=\"(max-width: 300px) 100vw, 300px\" \/><\/div>\n\t\t<\/a>\n\t\t\t\t<div class=\"elementor-post__text\">\n\t\t\t\t<h3 class=\"elementor-post__title\">\n\t\t\t<a href=\"https:\/\/radiosantaclara.sitetopfm.com.br\/site\/presidente-de-comissao-mista-defende-fim-da-taxa-das-blusinhas-assista-a-entrevista\/\" >\n\t\t\t\tPresidente de comiss\u00e3o mista defende fim da \u201ctaxa das blusinhas\u201d; assista a entrevista\t\t\t<\/a>\n\t\t<\/h3>\n\t\t\t\t<div class=\"elementor-post__meta-data\">\n\t\t\t\t\t<span class=\"elementor-post-date\">\n\t\t\t31 de agosto de 2026\t\t<\/span>\n\t\t\t\t<\/div>\n\t\t\t\t\t<a class=\"elementor-post__read-more\" href=\"https:\/\/radiosantaclara.sitetopfm.com.br\/site\/presidente-de-comissao-mista-defende-fim-da-taxa-das-blusinhas-assista-a-entrevista\/\" >\n\t\t\t\tLer mais\u00bb\t\t\t<\/a>\n\t\t\t\t<\/div>\n\t\t\t\t<\/article>\n\t\t\t\t<article class=\"elementor-post elementor-grid-item post-11041 post type-post status-publish format-standard has-post-thumbnail hentry category-ultimas-noticias\">\n\t\t\t\t<a class=\"elementor-post__thumbnail__link\" href=\"https:\/\/radiosantaclara.sitetopfm.com.br\/site\/comissao-debate-implementacao-e-desafios-da-lei-combustivel-do-futuro\/\" >\n\t\t\t<div class=\"elementor-post__thumbnail\"><img fetchpriority=\"high\" decoding=\"async\" width=\"300\" height=\"199\" src=\"https:\/\/radiosantaclara.sitetopfm.com.br\/site\/wp-content\/uploads\/2026\/03\/imagem-padrao-300x199.jpg\" class=\"attachment-medium size-medium wp-image-6909\" alt=\"\" srcset=\"https:\/\/radiosantaclara.sitetopfm.com.br\/site\/wp-content\/uploads\/2026\/03\/imagem-padrao-300x199.jpg 300w, https:\/\/radiosantaclara.sitetopfm.com.br\/site\/wp-content\/uploads\/2026\/03\/imagem-padrao.jpg 602w\" sizes=\"(max-width: 300px) 100vw, 300px\" \/><\/div>\n\t\t<\/a>\n\t\t\t\t<div class=\"elementor-post__text\">\n\t\t\t\t<h3 class=\"elementor-post__title\">\n\t\t\t<a href=\"https:\/\/radiosantaclara.sitetopfm.com.br\/site\/comissao-debate-implementacao-e-desafios-da-lei-combustivel-do-futuro\/\" >\n\t\t\t\tComiss\u00e3o debate implementa\u00e7\u00e3o e desafios da Lei Combust\u00edvel do Futuro\t\t\t<\/a>\n\t\t<\/h3>\n\t\t\t\t<div class=\"elementor-post__meta-data\">\n\t\t\t\t\t<span class=\"elementor-post-date\">\n\t\t\t29 de agosto de 2026\t\t<\/span>\n\t\t\t\t<\/div>\n\t\t\t\t\t<a class=\"elementor-post__read-more\" href=\"https:\/\/radiosantaclara.sitetopfm.com.br\/site\/comissao-debate-implementacao-e-desafios-da-lei-combustivel-do-futuro\/\" >\n\t\t\t\tLer mais\u00bb\t\t\t<\/a>\n\t\t\t\t<\/div>\n\t\t\t\t<\/article>\n\t\t\t\t<article class=\"elementor-post elementor-grid-item post-11040 post type-post status-publish format-standard has-post-thumbnail hentry category-ultimas-noticias\">\n\t\t\t\t<a class=\"elementor-post__thumbnail__link\" href=\"https:\/\/radiosantaclara.sitetopfm.com.br\/site\/projeto-permite-deduzir-gastos-com-educacao-no-imposto-de-renda-sem-limites\/\" >\n\t\t\t<div class=\"elementor-post__thumbnail\"><img fetchpriority=\"high\" decoding=\"async\" width=\"300\" height=\"199\" src=\"https:\/\/radiosantaclara.sitetopfm.com.br\/site\/wp-content\/uploads\/2026\/03\/imagem-padrao-300x199.jpg\" class=\"attachment-medium size-medium wp-image-6909\" alt=\"\" srcset=\"https:\/\/radiosantaclara.sitetopfm.com.br\/site\/wp-content\/uploads\/2026\/03\/imagem-padrao-300x199.jpg 300w, https:\/\/radiosantaclara.sitetopfm.com.br\/site\/wp-content\/uploads\/2026\/03\/imagem-padrao.jpg 602w\" sizes=\"(max-width: 300px) 100vw, 300px\" \/><\/div>\n\t\t<\/a>\n\t\t\t\t<div class=\"elementor-post__text\">\n\t\t\t\t<h3 class=\"elementor-post__title\">\n\t\t\t<a href=\"https:\/\/radiosantaclara.sitetopfm.com.br\/site\/projeto-permite-deduzir-gastos-com-educacao-no-imposto-de-renda-sem-limites\/\" >\n\t\t\t\tProjeto permite deduzir gastos com educa\u00e7\u00e3o no Imposto de Renda sem limites\t\t\t<\/a>\n\t\t<\/h3>\n\t\t\t\t<div class=\"elementor-post__meta-data\">\n\t\t\t\t\t<span class=\"elementor-post-date\">\n\t\t\t29 de agosto de 2026\t\t<\/span>\n\t\t\t\t<\/div>\n\t\t\t\t\t<a class=\"elementor-post__read-more\" href=\"https:\/\/radiosantaclara.sitetopfm.com.br\/site\/projeto-permite-deduzir-gastos-com-educacao-no-imposto-de-renda-sem-limites\/\" >\n\t\t\t\tLer mais\u00bb\t\t\t<\/a>\n\t\t\t\t<\/div>\n\t\t\t\t<\/article>\n\t\t\t\t<article class=\"elementor-post elementor-grid-item post-11039 post type-post status-publish format-standard has-post-thumbnail hentry category-ultimas-noticias\">\n\t\t\t\t<a class=\"elementor-post__thumbnail__link\" href=\"https:\/\/radiosantaclara.sitetopfm.com.br\/site\/projeto-amplia-numero-de-dias-que-empregado-pode-faltar-para-acompanhar-filho-em-consultas\/\" >\n\t\t\t<div class=\"elementor-post__thumbnail\"><img fetchpriority=\"high\" decoding=\"async\" width=\"300\" height=\"199\" src=\"https:\/\/radiosantaclara.sitetopfm.com.br\/site\/wp-content\/uploads\/2026\/03\/imagem-padrao-300x199.jpg\" class=\"attachment-medium size-medium wp-image-6909\" alt=\"\" srcset=\"https:\/\/radiosantaclara.sitetopfm.com.br\/site\/wp-content\/uploads\/2026\/03\/imagem-padrao-300x199.jpg 300w, https:\/\/radiosantaclara.sitetopfm.com.br\/site\/wp-content\/uploads\/2026\/03\/imagem-padrao.jpg 602w\" sizes=\"(max-width: 300px) 100vw, 300px\" \/><\/div>\n\t\t<\/a>\n\t\t\t\t<div class=\"elementor-post__text\">\n\t\t\t\t<h3 class=\"elementor-post__title\">\n\t\t\t<a href=\"https:\/\/radiosantaclara.sitetopfm.com.br\/site\/projeto-amplia-numero-de-dias-que-empregado-pode-faltar-para-acompanhar-filho-em-consultas\/\" >\n\t\t\t\tProjeto amplia n\u00famero de dias que empregado pode faltar para acompanhar filho em consultas\t\t\t<\/a>\n\t\t<\/h3>\n\t\t\t\t<div class=\"elementor-post__meta-data\">\n\t\t\t\t\t<span class=\"elementor-post-date\">\n\t\t\t29 de agosto de 2026\t\t<\/span>\n\t\t\t\t<\/div>\n\t\t\t\t\t<a class=\"elementor-post__read-more\" href=\"https:\/\/radiosantaclara.sitetopfm.com.br\/site\/projeto-amplia-numero-de-dias-que-empregado-pode-faltar-para-acompanhar-filho-em-consultas\/\" >\n\t\t\t\tLer mais\u00bb\t\t\t<\/a>\n\t\t\t\t<\/div>\n\t\t\t\t<\/article>\n\t\t\t\t<article class=\"elementor-post elementor-grid-item post-11038 post type-post status-publish format-standard has-post-thumbnail hentry category-ultimas-noticias\">\n\t\t\t\t<a class=\"elementor-post__thumbnail__link\" href=\"https:\/\/radiosantaclara.sitetopfm.com.br\/site\/projeto-define-em-lei-requisitos-do-notavel-saber-juridico-para-cargo-em-tribunais\/\" >\n\t\t\t<div class=\"elementor-post__thumbnail\"><img fetchpriority=\"high\" decoding=\"async\" width=\"300\" height=\"199\" src=\"https:\/\/radiosantaclara.sitetopfm.com.br\/site\/wp-content\/uploads\/2026\/03\/imagem-padrao-300x199.jpg\" class=\"attachment-medium size-medium wp-image-6909\" alt=\"\" srcset=\"https:\/\/radiosantaclara.sitetopfm.com.br\/site\/wp-content\/uploads\/2026\/03\/imagem-padrao-300x199.jpg 300w, https:\/\/radiosantaclara.sitetopfm.com.br\/site\/wp-content\/uploads\/2026\/03\/imagem-padrao.jpg 602w\" sizes=\"(max-width: 300px) 100vw, 300px\" \/><\/div>\n\t\t<\/a>\n\t\t\t\t<div class=\"elementor-post__text\">\n\t\t\t\t<h3 class=\"elementor-post__title\">\n\t\t\t<a href=\"https:\/\/radiosantaclara.sitetopfm.com.br\/site\/projeto-define-em-lei-requisitos-do-notavel-saber-juridico-para-cargo-em-tribunais\/\" >\n\t\t\t\tProjeto define em lei requisitos do not\u00e1vel saber jur\u00eddico para cargo em tribunais\t\t\t<\/a>\n\t\t<\/h3>\n\t\t\t\t<div class=\"elementor-post__meta-data\">\n\t\t\t\t\t<span class=\"elementor-post-date\">\n\t\t\t29 de agosto de 2026\t\t<\/span>\n\t\t\t\t<\/div>\n\t\t\t\t\t<a class=\"elementor-post__read-more\" href=\"https:\/\/radiosantaclara.sitetopfm.com.br\/site\/projeto-define-em-lei-requisitos-do-notavel-saber-juridico-para-cargo-em-tribunais\/\" >\n\t\t\t\tLer mais\u00bb\t\t\t<\/a>\n\t\t\t\t<\/div>\n\t\t\t\t<\/article>\n\t\t\t\t<article class=\"elementor-post elementor-grid-item post-11037 post type-post status-publish format-standard has-post-thumbnail hentry category-ultimas-noticias\">\n\t\t\t\t<a class=\"elementor-post__thumbnail__link\" href=\"https:\/\/radiosantaclara.sitetopfm.com.br\/site\/comissao-aprova-mp-que-destina-credito-a-profissionais-do-transporte-e-inclui-transporte-escolar\/\" >\n\t\t\t<div class=\"elementor-post__thumbnail\"><img fetchpriority=\"high\" decoding=\"async\" width=\"300\" height=\"199\" src=\"https:\/\/radiosantaclara.sitetopfm.com.br\/site\/wp-content\/uploads\/2026\/03\/imagem-padrao-300x199.jpg\" class=\"attachment-medium size-medium wp-image-6909\" alt=\"\" srcset=\"https:\/\/radiosantaclara.sitetopfm.com.br\/site\/wp-content\/uploads\/2026\/03\/imagem-padrao-300x199.jpg 300w, https:\/\/radiosantaclara.sitetopfm.com.br\/site\/wp-content\/uploads\/2026\/03\/imagem-padrao.jpg 602w\" sizes=\"(max-width: 300px) 100vw, 300px\" \/><\/div>\n\t\t<\/a>\n\t\t\t\t<div class=\"elementor-post__text\">\n\t\t\t\t<h3 class=\"elementor-post__title\">\n\t\t\t<a href=\"https:\/\/radiosantaclara.sitetopfm.com.br\/site\/comissao-aprova-mp-que-destina-credito-a-profissionais-do-transporte-e-inclui-transporte-escolar\/\" >\n\t\t\t\tComiss\u00e3o aprova MP que destina cr\u00e9dito a profissionais do transporte e inclui transporte escolar\t\t\t<\/a>\n\t\t<\/h3>\n\t\t\t\t<div class=\"elementor-post__meta-data\">\n\t\t\t\t\t<span class=\"elementor-post-date\">\n\t\t\t29 de agosto de 2026\t\t<\/span>\n\t\t\t\t<\/div>\n\t\t\t\t\t<a class=\"elementor-post__read-more\" href=\"https:\/\/radiosantaclara.sitetopfm.com.br\/site\/comissao-aprova-mp-que-destina-credito-a-profissionais-do-transporte-e-inclui-transporte-escolar\/\" >\n\t\t\t\tLer mais\u00bb\t\t\t<\/a>\n\t\t\t\t<\/div>\n\t\t\t\t<\/article>\n\t\t\t\t<article class=\"elementor-post elementor-grid-item post-11036 post type-post status-publish format-standard has-post-thumbnail hentry category-ultimas-noticias\">\n\t\t\t\t<a class=\"elementor-post__thumbnail__link\" href=\"https:\/\/radiosantaclara.sitetopfm.com.br\/site\/camara-tera-semana-de-esforco-concentrado-com-votacoes-a-partir-desta-segunda-feira\/\" >\n\t\t\t<div class=\"elementor-post__thumbnail\"><img fetchpriority=\"high\" decoding=\"async\" width=\"300\" height=\"199\" src=\"https:\/\/radiosantaclara.sitetopfm.com.br\/site\/wp-content\/uploads\/2026\/03\/imagem-padrao-300x199.jpg\" class=\"attachment-medium size-medium wp-image-6909\" alt=\"\" srcset=\"https:\/\/radiosantaclara.sitetopfm.com.br\/site\/wp-content\/uploads\/2026\/03\/imagem-padrao-300x199.jpg 300w, https:\/\/radiosantaclara.sitetopfm.com.br\/site\/wp-content\/uploads\/2026\/03\/imagem-padrao.jpg 602w\" sizes=\"(max-width: 300px) 100vw, 300px\" \/><\/div>\n\t\t<\/a>\n\t\t\t\t<div class=\"elementor-post__text\">\n\t\t\t\t<h3 class=\"elementor-post__title\">\n\t\t\t<a href=\"https:\/\/radiosantaclara.sitetopfm.com.br\/site\/camara-tera-semana-de-esforco-concentrado-com-votacoes-a-partir-desta-segunda-feira\/\" >\n\t\t\t\tC\u00e2mara ter\u00e1 semana de esfor\u00e7o concentrado com vota\u00e7\u00f5es a partir desta segunda-feira\t\t\t<\/a>\n\t\t<\/h3>\n\t\t\t\t<div class=\"elementor-post__meta-data\">\n\t\t\t\t\t<span class=\"elementor-post-date\">\n\t\t\t28 de agosto de 2026\t\t<\/span>\n\t\t\t\t<\/div>\n\t\t\t\t\t<a class=\"elementor-post__read-more\" href=\"https:\/\/radiosantaclara.sitetopfm.com.br\/site\/camara-tera-semana-de-esforco-concentrado-com-votacoes-a-partir-desta-segunda-feira\/\" >\n\t\t\t\tLer mais\u00bb\t\t\t<\/a>\n\t\t\t\t<\/div>\n\t\t\t\t<\/article>\n\t\t\t\t<article class=\"elementor-post elementor-grid-item post-11035 post type-post status-publish format-standard has-post-thumbnail hentry category-agropecuaria\">\n\t\t\t\t<a class=\"elementor-post__thumbnail__link\" href=\"https:\/\/radiosantaclara.sitetopfm.com.br\/site\/projeto-libera-venda-intermunicipal-e-interestadual-de-alimentos-artesanais-da-agricultura-familiar\/\" >\n\t\t\t<div class=\"elementor-post__thumbnail\"><img fetchpriority=\"high\" decoding=\"async\" width=\"300\" height=\"199\" src=\"https:\/\/radiosantaclara.sitetopfm.com.br\/site\/wp-content\/uploads\/2026\/03\/imagem-padrao-300x199.jpg\" class=\"attachment-medium size-medium wp-image-6909\" alt=\"\" srcset=\"https:\/\/radiosantaclara.sitetopfm.com.br\/site\/wp-content\/uploads\/2026\/03\/imagem-padrao-300x199.jpg 300w, https:\/\/radiosantaclara.sitetopfm.com.br\/site\/wp-content\/uploads\/2026\/03\/imagem-padrao.jpg 602w\" sizes=\"(max-width: 300px) 100vw, 300px\" \/><\/div>\n\t\t<\/a>\n\t\t\t\t<div class=\"elementor-post__text\">\n\t\t\t\t<h3 class=\"elementor-post__title\">\n\t\t\t<a href=\"https:\/\/radiosantaclara.sitetopfm.com.br\/site\/projeto-libera-venda-intermunicipal-e-interestadual-de-alimentos-artesanais-da-agricultura-familiar\/\" >\n\t\t\t\tProjeto libera venda intermunicipal e interestadual de alimentos artesanais da agricultura familiar\t\t\t<\/a>\n\t\t<\/h3>\n\t\t\t\t<div class=\"elementor-post__meta-data\">\n\t\t\t\t\t<span class=\"elementor-post-date\">\n\t\t\t28 de agosto de 2026\t\t<\/span>\n\t\t\t\t<\/div>\n\t\t\t\t\t<a class=\"elementor-post__read-more\" href=\"https:\/\/radiosantaclara.sitetopfm.com.br\/site\/projeto-libera-venda-intermunicipal-e-interestadual-de-alimentos-artesanais-da-agricultura-familiar\/\" >\n\t\t\t\tLer mais\u00bb\t\t\t<\/a>\n\t\t\t\t<\/div>\n\t\t\t\t<\/article>\n\t\t\t\t<article class=\"elementor-post elementor-grid-item post-11034 post type-post status-publish format-standard has-post-thumbnail hentry category-ultimas-noticias\">\n\t\t\t\t<a class=\"elementor-post__thumbnail__link\" href=\"https:\/\/radiosantaclara.sitetopfm.com.br\/site\/projeto-exige-aval-da-anac-para-troca-de-avioes-por-modelos-menores-em-rotas-regionais\/\" >\n\t\t\t<div class=\"elementor-post__thumbnail\"><img fetchpriority=\"high\" decoding=\"async\" width=\"300\" height=\"199\" src=\"https:\/\/radiosantaclara.sitetopfm.com.br\/site\/wp-content\/uploads\/2026\/03\/imagem-padrao-300x199.jpg\" class=\"attachment-medium size-medium wp-image-6909\" alt=\"\" srcset=\"https:\/\/radiosantaclara.sitetopfm.com.br\/site\/wp-content\/uploads\/2026\/03\/imagem-padrao-300x199.jpg 300w, https:\/\/radiosantaclara.sitetopfm.com.br\/site\/wp-content\/uploads\/2026\/03\/imagem-padrao.jpg 602w\" sizes=\"(max-width: 300px) 100vw, 300px\" \/><\/div>\n\t\t<\/a>\n\t\t\t\t<div class=\"elementor-post__text\">\n\t\t\t\t<h3 class=\"elementor-post__title\">\n\t\t\t<a href=\"https:\/\/radiosantaclara.sitetopfm.com.br\/site\/projeto-exige-aval-da-anac-para-troca-de-avioes-por-modelos-menores-em-rotas-regionais\/\" >\n\t\t\t\tProjeto exige aval da Anac para troca de avi\u00f5es por modelos menores em rotas regionais\t\t\t<\/a>\n\t\t<\/h3>\n\t\t\t\t<div class=\"elementor-post__meta-data\">\n\t\t\t\t\t<span class=\"elementor-post-date\">\n\t\t\t28 de agosto de 2026\t\t<\/span>\n\t\t\t\t<\/div>\n\t\t\t\t\t<a class=\"elementor-post__read-more\" href=\"https:\/\/radiosantaclara.sitetopfm.com.br\/site\/projeto-exige-aval-da-anac-para-troca-de-avioes-por-modelos-menores-em-rotas-regionais\/\" >\n\t\t\t\tLer mais\u00bb\t\t\t<\/a>\n\t\t\t\t<\/div>\n\t\t\t\t<\/article>\n\t\t\t\t<article class=\"elementor-post elementor-grid-item post-11033 post type-post status-publish format-standard has-post-thumbnail hentry category-economia\">\n\t\t\t\t<a class=\"elementor-post__thumbnail__link\" href=\"https:\/\/radiosantaclara.sitetopfm.com.br\/site\/comissao-vota-na-segunda-feira-mp-que-acaba-com-taxa-das-blusinhas-para-compras-de-ate-50-dolares\/\" >\n\t\t\t<div class=\"elementor-post__thumbnail\"><img fetchpriority=\"high\" decoding=\"async\" width=\"300\" height=\"199\" src=\"https:\/\/radiosantaclara.sitetopfm.com.br\/site\/wp-content\/uploads\/2026\/03\/imagem-padrao-300x199.jpg\" class=\"attachment-medium size-medium wp-image-6909\" alt=\"\" srcset=\"https:\/\/radiosantaclara.sitetopfm.com.br\/site\/wp-content\/uploads\/2026\/03\/imagem-padrao-300x199.jpg 300w, https:\/\/radiosantaclara.sitetopfm.com.br\/site\/wp-content\/uploads\/2026\/03\/imagem-padrao.jpg 602w\" sizes=\"(max-width: 300px) 100vw, 300px\" \/><\/div>\n\t\t<\/a>\n\t\t\t\t<div class=\"elementor-post__text\">\n\t\t\t\t<h3 class=\"elementor-post__title\">\n\t\t\t<a href=\"https:\/\/radiosantaclara.sitetopfm.com.br\/site\/comissao-vota-na-segunda-feira-mp-que-acaba-com-taxa-das-blusinhas-para-compras-de-ate-50-dolares\/\" >\n\t\t\t\tComiss\u00e3o vota na segunda-feira MP que acaba com &#8220;taxa das blusinhas\u201d para compras de at\u00e9 50 d\u00f3lares\t\t\t<\/a>\n\t\t<\/h3>\n\t\t\t\t<div class=\"elementor-post__meta-data\">\n\t\t\t\t\t<span class=\"elementor-post-date\">\n\t\t\t28 de agosto de 2026\t\t<\/span>\n\t\t\t\t<\/div>\n\t\t\t\t\t<a class=\"elementor-post__read-more\" href=\"https:\/\/radiosantaclara.sitetopfm.com.br\/site\/comissao-vota-na-segunda-feira-mp-que-acaba-com-taxa-das-blusinhas-para-compras-de-ate-50-dolares\/\" >\n\t\t\t\tLer mais\u00bb\t\t\t<\/a>\n\t\t\t\t<\/div>\n\t\t\t\t<\/article>\n\t\t\t\t<article class=\"elementor-post elementor-grid-item post-11032 post type-post status-publish format-standard has-post-thumbnail hentry category-saude\">\n\t\t\t\t<a class=\"elementor-post__thumbnail__link\" href=\"https:\/\/radiosantaclara.sitetopfm.com.br\/site\/projeto-cria-regras-para-publicidade-de-anabolizantes-e-exige-alertas-sobre-riscos-a-saude\/\" >\n\t\t\t<div class=\"elementor-post__thumbnail\"><img fetchpriority=\"high\" decoding=\"async\" width=\"300\" height=\"199\" src=\"https:\/\/radiosantaclara.sitetopfm.com.br\/site\/wp-content\/uploads\/2026\/03\/imagem-padrao-300x199.jpg\" class=\"attachment-medium size-medium wp-image-6909\" alt=\"\" srcset=\"https:\/\/radiosantaclara.sitetopfm.com.br\/site\/wp-content\/uploads\/2026\/03\/imagem-padrao-300x199.jpg 300w, https:\/\/radiosantaclara.sitetopfm.com.br\/site\/wp-content\/uploads\/2026\/03\/imagem-padrao.jpg 602w\" sizes=\"(max-width: 300px) 100vw, 300px\" \/><\/div>\n\t\t<\/a>\n\t\t\t\t<div class=\"elementor-post__text\">\n\t\t\t\t<h3 class=\"elementor-post__title\">\n\t\t\t<a href=\"https:\/\/radiosantaclara.sitetopfm.com.br\/site\/projeto-cria-regras-para-publicidade-de-anabolizantes-e-exige-alertas-sobre-riscos-a-saude\/\" >\n\t\t\t\tProjeto cria regras para publicidade de anabolizantes e exige alertas sobre riscos \u00e0 sa\u00fade\t\t\t<\/a>\n\t\t<\/h3>\n\t\t\t\t<div class=\"elementor-post__meta-data\">\n\t\t\t\t\t<span class=\"elementor-post-date\">\n\t\t\t28 de agosto de 2026\t\t<\/span>\n\t\t\t\t<\/div>\n\t\t\t\t\t<a class=\"elementor-post__read-more\" href=\"https:\/\/radiosantaclara.sitetopfm.com.br\/site\/projeto-cria-regras-para-publicidade-de-anabolizantes-e-exige-alertas-sobre-riscos-a-saude\/\" >\n\t\t\t\tLer mais\u00bb\t\t\t<\/a>\n\t\t\t\t<\/div>\n\t\t\t\t<\/article>\n\t\t\t\t<article class=\"elementor-post elementor-grid-item post-11031 post type-post status-publish format-standard has-post-thumbnail hentry category-ultimas-noticias\">\n\t\t\t\t<a class=\"elementor-post__thumbnail__link\" href=\"https:\/\/radiosantaclara.sitetopfm.com.br\/site\/eleicao-para-deputado-federal-mobiliza-r-982-milhoes-em-recursos\/\" >\n\t\t\t<div class=\"elementor-post__thumbnail\"><img fetchpriority=\"high\" decoding=\"async\" width=\"300\" height=\"199\" src=\"https:\/\/radiosantaclara.sitetopfm.com.br\/site\/wp-content\/uploads\/2026\/03\/imagem-padrao-300x199.jpg\" class=\"attachment-medium size-medium wp-image-6909\" alt=\"\" srcset=\"https:\/\/radiosantaclara.sitetopfm.com.br\/site\/wp-content\/uploads\/2026\/03\/imagem-padrao-300x199.jpg 300w, https:\/\/radiosantaclara.sitetopfm.com.br\/site\/wp-content\/uploads\/2026\/03\/imagem-padrao.jpg 602w\" sizes=\"(max-width: 300px) 100vw, 300px\" \/><\/div>\n\t\t<\/a>\n\t\t\t\t<div class=\"elementor-post__text\">\n\t\t\t\t<h3 class=\"elementor-post__title\">\n\t\t\t<a href=\"https:\/\/radiosantaclara.sitetopfm.com.br\/site\/eleicao-para-deputado-federal-mobiliza-r-982-milhoes-em-recursos\/\" >\n\t\t\t\tElei\u00e7\u00e3o para deputado federal mobiliza R$ 982 milh\u00f5es em recursos\t\t\t<\/a>\n\t\t<\/h3>\n\t\t\t\t<div class=\"elementor-post__meta-data\">\n\t\t\t\t\t<span class=\"elementor-post-date\">\n\t\t\t28 de agosto de 2026\t\t<\/span>\n\t\t\t\t<\/div>\n\t\t\t\t\t<a class=\"elementor-post__read-more\" href=\"https:\/\/radiosantaclara.sitetopfm.com.br\/site\/eleicao-para-deputado-federal-mobiliza-r-982-milhoes-em-recursos\/\" >\n\t\t\t\tLer mais\u00bb\t\t\t<\/a>\n\t\t\t\t<\/div>\n\t\t\t\t<\/article>\n\t\t\t\t<article class=\"elementor-post elementor-grid-item post-11030 post type-post status-publish format-standard has-post-thumbnail hentry category-economia\">\n\t\t\t\t<a class=\"elementor-post__thumbnail__link\" href=\"https:\/\/radiosantaclara.sitetopfm.com.br\/site\/nova-lei-reduz-tributos-sobre-combustiveis-e-preve-incentivos-para-fertilizantes\/\" >\n\t\t\t<div class=\"elementor-post__thumbnail\"><img fetchpriority=\"high\" decoding=\"async\" width=\"300\" height=\"199\" src=\"https:\/\/radiosantaclara.sitetopfm.com.br\/site\/wp-content\/uploads\/2026\/03\/imagem-padrao-300x199.jpg\" class=\"attachment-medium size-medium wp-image-6909\" alt=\"\" srcset=\"https:\/\/radiosantaclara.sitetopfm.com.br\/site\/wp-content\/uploads\/2026\/03\/imagem-padrao-300x199.jpg 300w, https:\/\/radiosantaclara.sitetopfm.com.br\/site\/wp-content\/uploads\/2026\/03\/imagem-padrao.jpg 602w\" sizes=\"(max-width: 300px) 100vw, 300px\" \/><\/div>\n\t\t<\/a>\n\t\t\t\t<div class=\"elementor-post__text\">\n\t\t\t\t<h3 class=\"elementor-post__title\">\n\t\t\t<a href=\"https:\/\/radiosantaclara.sitetopfm.com.br\/site\/nova-lei-reduz-tributos-sobre-combustiveis-e-preve-incentivos-para-fertilizantes\/\" >\n\t\t\t\tNova lei reduz tributos sobre combust\u00edveis e prev\u00ea incentivos para fertilizantes\t\t\t<\/a>\n\t\t<\/h3>\n\t\t\t\t<div class=\"elementor-post__meta-data\">\n\t\t\t\t\t<span class=\"elementor-post-date\">\n\t\t\t28 de agosto de 2026\t\t<\/span>\n\t\t\t\t<\/div>\n\t\t\t\t\t<a class=\"elementor-post__read-more\" href=\"https:\/\/radiosantaclara.sitetopfm.com.br\/site\/nova-lei-reduz-tributos-sobre-combustiveis-e-preve-incentivos-para-fertilizantes\/\" >\n\t\t\t\tLer mais\u00bb\t\t\t<\/a>\n\t\t\t\t<\/div>\n\t\t\t\t<\/article>\n\t\t\t\t<article class=\"elementor-post elementor-grid-item post-11029 post type-post status-publish format-standard has-post-thumbnail hentry category-economia\">\n\t\t\t\t<a class=\"elementor-post__thumbnail__link\" href=\"https:\/\/radiosantaclara.sitetopfm.com.br\/site\/relatorio-sobre-mp-da-taxa-das-blusinhas-deve-ser-votado-na-segunda-feira\/\" >\n\t\t\t<div class=\"elementor-post__thumbnail\"><img fetchpriority=\"high\" decoding=\"async\" width=\"300\" height=\"199\" src=\"https:\/\/radiosantaclara.sitetopfm.com.br\/site\/wp-content\/uploads\/2026\/03\/imagem-padrao-300x199.jpg\" class=\"attachment-medium size-medium wp-image-6909\" alt=\"\" srcset=\"https:\/\/radiosantaclara.sitetopfm.com.br\/site\/wp-content\/uploads\/2026\/03\/imagem-padrao-300x199.jpg 300w, https:\/\/radiosantaclara.sitetopfm.com.br\/site\/wp-content\/uploads\/2026\/03\/imagem-padrao.jpg 602w\" sizes=\"(max-width: 300px) 100vw, 300px\" \/><\/div>\n\t\t<\/a>\n\t\t\t\t<div class=\"elementor-post__text\">\n\t\t\t\t<h3 class=\"elementor-post__title\">\n\t\t\t<a href=\"https:\/\/radiosantaclara.sitetopfm.com.br\/site\/relatorio-sobre-mp-da-taxa-das-blusinhas-deve-ser-votado-na-segunda-feira\/\" >\n\t\t\t\tRelat\u00f3rio sobre MP da \u201ctaxa das blusinhas\u201d deve ser votado na segunda-feira\t\t\t<\/a>\n\t\t<\/h3>\n\t\t\t\t<div class=\"elementor-post__meta-data\">\n\t\t\t\t\t<span class=\"elementor-post-date\">\n\t\t\t28 de agosto de 2026\t\t<\/span>\n\t\t\t\t<\/div>\n\t\t\t\t\t<a class=\"elementor-post__read-more\" href=\"https:\/\/radiosantaclara.sitetopfm.com.br\/site\/relatorio-sobre-mp-da-taxa-das-blusinhas-deve-ser-votado-na-segunda-feira\/\" >\n\t\t\t\tLer mais\u00bb\t\t\t<\/a>\n\t\t\t\t<\/div>\n\t\t\t\t<\/article>\n\t\t\t\t<article class=\"elementor-post elementor-grid-item post-11028 post type-post status-publish format-standard has-post-thumbnail hentry category-ultimas-noticias\">\n\t\t\t\t<a class=\"elementor-post__thumbnail__link\" href=\"https:\/\/radiosantaclara.sitetopfm.com.br\/site\/projeto-agrava-pena-de-criminoso-que-fingir-ser-pastor-religioso\/\" >\n\t\t\t<div class=\"elementor-post__thumbnail\"><img fetchpriority=\"high\" decoding=\"async\" width=\"300\" height=\"199\" src=\"https:\/\/radiosantaclara.sitetopfm.com.br\/site\/wp-content\/uploads\/2026\/03\/imagem-padrao-300x199.jpg\" class=\"attachment-medium size-medium wp-image-6909\" alt=\"\" srcset=\"https:\/\/radiosantaclara.sitetopfm.com.br\/site\/wp-content\/uploads\/2026\/03\/imagem-padrao-300x199.jpg 300w, https:\/\/radiosantaclara.sitetopfm.com.br\/site\/wp-content\/uploads\/2026\/03\/imagem-padrao.jpg 602w\" sizes=\"(max-width: 300px) 100vw, 300px\" \/><\/div>\n\t\t<\/a>\n\t\t\t\t<div class=\"elementor-post__text\">\n\t\t\t\t<h3 class=\"elementor-post__title\">\n\t\t\t<a href=\"https:\/\/radiosantaclara.sitetopfm.com.br\/site\/projeto-agrava-pena-de-criminoso-que-fingir-ser-pastor-religioso\/\" >\n\t\t\t\tProjeto agrava pena de criminoso que fingir ser pastor religioso\t\t\t<\/a>\n\t\t<\/h3>\n\t\t\t\t<div class=\"elementor-post__meta-data\">\n\t\t\t\t\t<span class=\"elementor-post-date\">\n\t\t\t28 de agosto de 2026\t\t<\/span>\n\t\t\t\t<\/div>\n\t\t\t\t\t<a class=\"elementor-post__read-more\" href=\"https:\/\/radiosantaclara.sitetopfm.com.br\/site\/projeto-agrava-pena-de-criminoso-que-fingir-ser-pastor-religioso\/\" >\n\t\t\t\tLer mais\u00bb\t\t\t<\/a>\n\t\t\t\t<\/div>\n\t\t\t\t<\/article>\n\t\t\t\t<article class=\"elementor-post elementor-grid-item post-11027 post type-post status-publish format-standard has-post-thumbnail hentry category-esportes\">\n\t\t\t\t<a class=\"elementor-post__thumbnail__link\" href=\"https:\/\/radiosantaclara.sitetopfm.com.br\/site\/projeto-cria-politica-nacional-para-garantir-atencao-integral-a-atletas-de-base\/\" >\n\t\t\t<div class=\"elementor-post__thumbnail\"><img fetchpriority=\"high\" decoding=\"async\" width=\"300\" height=\"199\" src=\"https:\/\/radiosantaclara.sitetopfm.com.br\/site\/wp-content\/uploads\/2026\/03\/imagem-padrao-300x199.jpg\" class=\"attachment-medium size-medium wp-image-6909\" alt=\"\" srcset=\"https:\/\/radiosantaclara.sitetopfm.com.br\/site\/wp-content\/uploads\/2026\/03\/imagem-padrao-300x199.jpg 300w, https:\/\/radiosantaclara.sitetopfm.com.br\/site\/wp-content\/uploads\/2026\/03\/imagem-padrao.jpg 602w\" sizes=\"(max-width: 300px) 100vw, 300px\" \/><\/div>\n\t\t<\/a>\n\t\t\t\t<div class=\"elementor-post__text\">\n\t\t\t\t<h3 class=\"elementor-post__title\">\n\t\t\t<a href=\"https:\/\/radiosantaclara.sitetopfm.com.br\/site\/projeto-cria-politica-nacional-para-garantir-atencao-integral-a-atletas-de-base\/\" >\n\t\t\t\tProjeto cria pol\u00edtica nacional para garantir aten\u00e7\u00e3o integral a atletas de base\t\t\t<\/a>\n\t\t<\/h3>\n\t\t\t\t<div class=\"elementor-post__meta-data\">\n\t\t\t\t\t<span class=\"elementor-post-date\">\n\t\t\t28 de agosto de 2026\t\t<\/span>\n\t\t\t\t<\/div>\n\t\t\t\t\t<a class=\"elementor-post__read-more\" href=\"https:\/\/radiosantaclara.sitetopfm.com.br\/site\/projeto-cria-politica-nacional-para-garantir-atencao-integral-a-atletas-de-base\/\" >\n\t\t\t\tLer mais\u00bb\t\t\t<\/a>\n\t\t\t\t<\/div>\n\t\t\t\t<\/article>\n\t\t\t\t<article class=\"elementor-post elementor-grid-item post-11026 post type-post status-publish format-standard has-post-thumbnail hentry category-ultimas-noticias\">\n\t\t\t\t<a class=\"elementor-post__thumbnail__link\" href=\"https:\/\/radiosantaclara.sitetopfm.com.br\/site\/projeto-obriga-escolas-a-adotar-protocolo-contra-racismo\/\" >\n\t\t\t<div class=\"elementor-post__thumbnail\"><img fetchpriority=\"high\" decoding=\"async\" width=\"300\" height=\"199\" src=\"https:\/\/radiosantaclara.sitetopfm.com.br\/site\/wp-content\/uploads\/2026\/03\/imagem-padrao-300x199.jpg\" class=\"attachment-medium size-medium wp-image-6909\" alt=\"\" srcset=\"https:\/\/radiosantaclara.sitetopfm.com.br\/site\/wp-content\/uploads\/2026\/03\/imagem-padrao-300x199.jpg 300w, https:\/\/radiosantaclara.sitetopfm.com.br\/site\/wp-content\/uploads\/2026\/03\/imagem-padrao.jpg 602w\" sizes=\"(max-width: 300px) 100vw, 300px\" \/><\/div>\n\t\t<\/a>\n\t\t\t\t<div class=\"elementor-post__text\">\n\t\t\t\t<h3 class=\"elementor-post__title\">\n\t\t\t<a href=\"https:\/\/radiosantaclara.sitetopfm.com.br\/site\/projeto-obriga-escolas-a-adotar-protocolo-contra-racismo\/\" >\n\t\t\t\tProjeto obriga escolas a adotar protocolo contra racismo\t\t\t<\/a>\n\t\t<\/h3>\n\t\t\t\t<div class=\"elementor-post__meta-data\">\n\t\t\t\t\t<span class=\"elementor-post-date\">\n\t\t\t28 de agosto de 2026\t\t<\/span>\n\t\t\t\t<\/div>\n\t\t\t\t\t<a class=\"elementor-post__read-more\" href=\"https:\/\/radiosantaclara.sitetopfm.com.br\/site\/projeto-obriga-escolas-a-adotar-protocolo-contra-racismo\/\" >\n\t\t\t\tLer mais\u00bb\t\t\t<\/a>\n\t\t\t\t<\/div>\n\t\t\t\t<\/article>\n\t\t\t\t<article class=\"elementor-post elementor-grid-item post-11025 post type-post status-publish format-standard has-post-thumbnail hentry category-economia\">\n\t\t\t\t<a class=\"elementor-post__thumbnail__link\" href=\"https:\/\/radiosantaclara.sitetopfm.com.br\/site\/projeto-cria-recompensa-para-quem-denuncia-sonegacao-fiscal\/\" >\n\t\t\t<div class=\"elementor-post__thumbnail\"><img fetchpriority=\"high\" decoding=\"async\" width=\"300\" height=\"199\" src=\"https:\/\/radiosantaclara.sitetopfm.com.br\/site\/wp-content\/uploads\/2026\/03\/imagem-padrao-300x199.jpg\" class=\"attachment-medium size-medium wp-image-6909\" alt=\"\" srcset=\"https:\/\/radiosantaclara.sitetopfm.com.br\/site\/wp-content\/uploads\/2026\/03\/imagem-padrao-300x199.jpg 300w, https:\/\/radiosantaclara.sitetopfm.com.br\/site\/wp-content\/uploads\/2026\/03\/imagem-padrao.jpg 602w\" sizes=\"(max-width: 300px) 100vw, 300px\" \/><\/div>\n\t\t<\/a>\n\t\t\t\t<div class=\"elementor-post__text\">\n\t\t\t\t<h3 class=\"elementor-post__title\">\n\t\t\t<a href=\"https:\/\/radiosantaclara.sitetopfm.com.br\/site\/projeto-cria-recompensa-para-quem-denuncia-sonegacao-fiscal\/\" >\n\t\t\t\tProjeto cria recompensa para quem denuncia sonega\u00e7\u00e3o fiscal\t\t\t<\/a>\n\t\t<\/h3>\n\t\t\t\t<div class=\"elementor-post__meta-data\">\n\t\t\t\t\t<span class=\"elementor-post-date\">\n\t\t\t28 de agosto de 2026\t\t<\/span>\n\t\t\t\t<\/div>\n\t\t\t\t\t<a class=\"elementor-post__read-more\" href=\"https:\/\/radiosantaclara.sitetopfm.com.br\/site\/projeto-cria-recompensa-para-quem-denuncia-sonegacao-fiscal\/\" >\n\t\t\t\tLer mais\u00bb\t\t\t<\/a>\n\t\t\t\t<\/div>\n\t\t\t\t<\/article>\n\t\t\t\t<article class=\"elementor-post elementor-grid-item post-11024 post type-post status-publish format-standard has-post-thumbnail hentry category-ultimas-noticias\">\n\t\t\t\t<a class=\"elementor-post__thumbnail__link\" href=\"https:\/\/radiosantaclara.sitetopfm.com.br\/site\/comisao-mista-pode-votar-hoje-mp-de-financiamento-para-entregadores-comprarem-motos-e-bicicletas-eletricas\/\" >\n\t\t\t<div class=\"elementor-post__thumbnail\"><img fetchpriority=\"high\" decoding=\"async\" width=\"300\" height=\"199\" src=\"https:\/\/radiosantaclara.sitetopfm.com.br\/site\/wp-content\/uploads\/2026\/03\/imagem-padrao-300x199.jpg\" class=\"attachment-medium size-medium wp-image-6909\" alt=\"\" srcset=\"https:\/\/radiosantaclara.sitetopfm.com.br\/site\/wp-content\/uploads\/2026\/03\/imagem-padrao-300x199.jpg 300w, https:\/\/radiosantaclara.sitetopfm.com.br\/site\/wp-content\/uploads\/2026\/03\/imagem-padrao.jpg 602w\" sizes=\"(max-width: 300px) 100vw, 300px\" \/><\/div>\n\t\t<\/a>\n\t\t\t\t<div class=\"elementor-post__text\">\n\t\t\t\t<h3 class=\"elementor-post__title\">\n\t\t\t<a href=\"https:\/\/radiosantaclara.sitetopfm.com.br\/site\/comisao-mista-pode-votar-hoje-mp-de-financiamento-para-entregadores-comprarem-motos-e-bicicletas-eletricas\/\" >\n\t\t\t\tComis\u00e3o mista pode votar hoje MP de financiamento para entregadores comprarem motos e bicicletas el\u00e9tricas\t\t\t<\/a>\n\t\t<\/h3>\n\t\t\t\t<div class=\"elementor-post__meta-data\">\n\t\t\t\t\t<span class=\"elementor-post-date\">\n\t\t\t28 de agosto de 2026\t\t<\/span>\n\t\t\t\t<\/div>\n\t\t\t\t\t<a class=\"elementor-post__read-more\" href=\"https:\/\/radiosantaclara.sitetopfm.com.br\/site\/comisao-mista-pode-votar-hoje-mp-de-financiamento-para-entregadores-comprarem-motos-e-bicicletas-eletricas\/\" >\n\t\t\t\tLer mais\u00bb\t\t\t<\/a>\n\t\t\t\t<\/div>\n\t\t\t\t<\/article>\n\t\t\t\t<article class=\"elementor-post elementor-grid-item post-11023 post type-post status-publish format-standard has-post-thumbnail hentry category-saude\">\n\t\t\t\t<a class=\"elementor-post__thumbnail__link\" href=\"https:\/\/radiosantaclara.sitetopfm.com.br\/site\/projeto-exige-definicao-de-prazo-para-exames-no-sus-e-permite-uso-de-laudos-da-rede-privada\/\" >\n\t\t\t<div class=\"elementor-post__thumbnail\"><img fetchpriority=\"high\" decoding=\"async\" width=\"300\" height=\"199\" src=\"https:\/\/radiosantaclara.sitetopfm.com.br\/site\/wp-content\/uploads\/2026\/03\/imagem-padrao-300x199.jpg\" class=\"attachment-medium size-medium wp-image-6909\" alt=\"\" srcset=\"https:\/\/radiosantaclara.sitetopfm.com.br\/site\/wp-content\/uploads\/2026\/03\/imagem-padrao-300x199.jpg 300w, https:\/\/radiosantaclara.sitetopfm.com.br\/site\/wp-content\/uploads\/2026\/03\/imagem-padrao.jpg 602w\" sizes=\"(max-width: 300px) 100vw, 300px\" \/><\/div>\n\t\t<\/a>\n\t\t\t\t<div class=\"elementor-post__text\">\n\t\t\t\t<h3 class=\"elementor-post__title\">\n\t\t\t<a href=\"https:\/\/radiosantaclara.sitetopfm.com.br\/site\/projeto-exige-definicao-de-prazo-para-exames-no-sus-e-permite-uso-de-laudos-da-rede-privada\/\" >\n\t\t\t\tProjeto exige defini\u00e7\u00e3o de prazo para exames no SUS e permite uso de laudos da rede privada\t\t\t<\/a>\n\t\t<\/h3>\n\t\t\t\t<div class=\"elementor-post__meta-data\">\n\t\t\t\t\t<span class=\"elementor-post-date\">\n\t\t\t28 de agosto de 2026\t\t<\/span>\n\t\t\t\t<\/div>\n\t\t\t\t\t<a class=\"elementor-post__read-more\" href=\"https:\/\/radiosantaclara.sitetopfm.com.br\/site\/projeto-exige-definicao-de-prazo-para-exames-no-sus-e-permite-uso-de-laudos-da-rede-privada\/\" >\n\t\t\t\tLer mais\u00bb\t\t\t<\/a>\n\t\t\t\t<\/div>\n\t\t\t\t<\/article>\n\t\t\t\t<article class=\"elementor-post elementor-grid-item post-11022 post type-post status-publish format-standard has-post-thumbnail hentry category-ultimas-noticias\">\n\t\t\t\t<a class=\"elementor-post__thumbnail__link\" href=\"https:\/\/radiosantaclara.sitetopfm.com.br\/site\/comissao-sobre-reducao-da-maioridade-civil-e-penal-vota-nesta-terca-pedidos-para-realizar-debates\/\" >\n\t\t\t<div class=\"elementor-post__thumbnail\"><img fetchpriority=\"high\" decoding=\"async\" width=\"300\" height=\"199\" src=\"https:\/\/radiosantaclara.sitetopfm.com.br\/site\/wp-content\/uploads\/2026\/03\/imagem-padrao-300x199.jpg\" class=\"attachment-medium size-medium wp-image-6909\" alt=\"\" srcset=\"https:\/\/radiosantaclara.sitetopfm.com.br\/site\/wp-content\/uploads\/2026\/03\/imagem-padrao-300x199.jpg 300w, https:\/\/radiosantaclara.sitetopfm.com.br\/site\/wp-content\/uploads\/2026\/03\/imagem-padrao.jpg 602w\" sizes=\"(max-width: 300px) 100vw, 300px\" \/><\/div>\n\t\t<\/a>\n\t\t\t\t<div class=\"elementor-post__text\">\n\t\t\t\t<h3 class=\"elementor-post__title\">\n\t\t\t<a href=\"https:\/\/radiosantaclara.sitetopfm.com.br\/site\/comissao-sobre-reducao-da-maioridade-civil-e-penal-vota-nesta-terca-pedidos-para-realizar-debates\/\" >\n\t\t\t\tComiss\u00e3o sobre redu\u00e7\u00e3o da maioridade civil e penal vota nesta ter\u00e7a pedidos para realizar debates\t\t\t<\/a>\n\t\t<\/h3>\n\t\t\t\t<div class=\"elementor-post__meta-data\">\n\t\t\t\t\t<span class=\"elementor-post-date\">\n\t\t\t28 de agosto de 2026\t\t<\/span>\n\t\t\t\t<\/div>\n\t\t\t\t\t<a class=\"elementor-post__read-more\" href=\"https:\/\/radiosantaclara.sitetopfm.com.br\/site\/comissao-sobre-reducao-da-maioridade-civil-e-penal-vota-nesta-terca-pedidos-para-realizar-debates\/\" >\n\t\t\t\tLer mais\u00bb\t\t\t<\/a>\n\t\t\t\t<\/div>\n\t\t\t\t<\/article>\n\t\t\t\t<article class=\"elementor-post elementor-grid-item post-11021 post type-post status-publish format-standard has-post-thumbnail hentry category-saude\">\n\t\t\t\t<a class=\"elementor-post__thumbnail__link\" href=\"https:\/\/radiosantaclara.sitetopfm.com.br\/site\/comissao-discute-assistencia-as-pessoas-com-doencas-raras-e-condicoes-cronicas-participe\/\" >\n\t\t\t<div class=\"elementor-post__thumbnail\"><img fetchpriority=\"high\" decoding=\"async\" width=\"300\" height=\"199\" src=\"https:\/\/radiosantaclara.sitetopfm.com.br\/site\/wp-content\/uploads\/2026\/03\/imagem-padrao-300x199.jpg\" class=\"attachment-medium size-medium wp-image-6909\" alt=\"\" srcset=\"https:\/\/radiosantaclara.sitetopfm.com.br\/site\/wp-content\/uploads\/2026\/03\/imagem-padrao-300x199.jpg 300w, https:\/\/radiosantaclara.sitetopfm.com.br\/site\/wp-content\/uploads\/2026\/03\/imagem-padrao.jpg 602w\" sizes=\"(max-width: 300px) 100vw, 300px\" \/><\/div>\n\t\t<\/a>\n\t\t\t\t<div class=\"elementor-post__text\">\n\t\t\t\t<h3 class=\"elementor-post__title\">\n\t\t\t<a href=\"https:\/\/radiosantaclara.sitetopfm.com.br\/site\/comissao-discute-assistencia-as-pessoas-com-doencas-raras-e-condicoes-cronicas-participe\/\" >\n\t\t\t\tComiss\u00e3o discute assist\u00eancia \u00e0s pessoas com doen\u00e7as raras e condi\u00e7\u00f5es cr\u00f4nicas; participe\t\t\t<\/a>\n\t\t<\/h3>\n\t\t\t\t<div class=\"elementor-post__meta-data\">\n\t\t\t\t\t<span class=\"elementor-post-date\">\n\t\t\t28 de agosto de 2026\t\t<\/span>\n\t\t\t\t<\/div>\n\t\t\t\t\t<a class=\"elementor-post__read-more\" href=\"https:\/\/radiosantaclara.sitetopfm.com.br\/site\/comissao-discute-assistencia-as-pessoas-com-doencas-raras-e-condicoes-cronicas-participe\/\" >\n\t\t\t\tLer mais\u00bb\t\t\t<\/a>\n\t\t\t\t<\/div>\n\t\t\t\t<\/article>\n\t\t\t\t<article class=\"elementor-post elementor-grid-item post-11020 post type-post status-publish format-standard has-post-thumbnail hentry category-ultimas-noticias\">\n\t\t\t\t<a class=\"elementor-post__thumbnail__link\" href=\"https:\/\/radiosantaclara.sitetopfm.com.br\/site\/projeto-garante-empregos-em-caso-de-privatizacao-de-estatais\/\" >\n\t\t\t<div class=\"elementor-post__thumbnail\"><img fetchpriority=\"high\" decoding=\"async\" width=\"300\" height=\"199\" src=\"https:\/\/radiosantaclara.sitetopfm.com.br\/site\/wp-content\/uploads\/2026\/03\/imagem-padrao-300x199.jpg\" class=\"attachment-medium size-medium wp-image-6909\" alt=\"\" srcset=\"https:\/\/radiosantaclara.sitetopfm.com.br\/site\/wp-content\/uploads\/2026\/03\/imagem-padrao-300x199.jpg 300w, https:\/\/radiosantaclara.sitetopfm.com.br\/site\/wp-content\/uploads\/2026\/03\/imagem-padrao.jpg 602w\" sizes=\"(max-width: 300px) 100vw, 300px\" \/><\/div>\n\t\t<\/a>\n\t\t\t\t<div class=\"elementor-post__text\">\n\t\t\t\t<h3 class=\"elementor-post__title\">\n\t\t\t<a href=\"https:\/\/radiosantaclara.sitetopfm.com.br\/site\/projeto-garante-empregos-em-caso-de-privatizacao-de-estatais\/\" >\n\t\t\t\tProjeto garante empregos em caso de privatiza\u00e7\u00e3o de estatais\t\t\t<\/a>\n\t\t<\/h3>\n\t\t\t\t<div class=\"elementor-post__meta-data\">\n\t\t\t\t\t<span class=\"elementor-post-date\">\n\t\t\t28 de agosto de 2026\t\t<\/span>\n\t\t\t\t<\/div>\n\t\t\t\t\t<a class=\"elementor-post__read-more\" href=\"https:\/\/radiosantaclara.sitetopfm.com.br\/site\/projeto-garante-empregos-em-caso-de-privatizacao-de-estatais\/\" >\n\t\t\t\tLer mais\u00bb\t\t\t<\/a>\n\t\t\t\t<\/div>\n\t\t\t\t<\/article>\n\t\t\t\t<article class=\"elementor-post elementor-grid-item post-11019 post type-post status-publish format-standard has-post-thumbnail hentry category-economia\">\n\t\t\t\t<a class=\"elementor-post__thumbnail__link\" href=\"https:\/\/radiosantaclara.sitetopfm.com.br\/site\/comissao-debate-impacto-da-importacao-de-aco-na-siderurgia-nacional\/\" >\n\t\t\t<div class=\"elementor-post__thumbnail\"><img fetchpriority=\"high\" decoding=\"async\" width=\"300\" height=\"199\" src=\"https:\/\/radiosantaclara.sitetopfm.com.br\/site\/wp-content\/uploads\/2026\/03\/imagem-padrao-300x199.jpg\" class=\"attachment-medium size-medium wp-image-6909\" alt=\"\" srcset=\"https:\/\/radiosantaclara.sitetopfm.com.br\/site\/wp-content\/uploads\/2026\/03\/imagem-padrao-300x199.jpg 300w, https:\/\/radiosantaclara.sitetopfm.com.br\/site\/wp-content\/uploads\/2026\/03\/imagem-padrao.jpg 602w\" sizes=\"(max-width: 300px) 100vw, 300px\" \/><\/div>\n\t\t<\/a>\n\t\t\t\t<div class=\"elementor-post__text\">\n\t\t\t\t<h3 class=\"elementor-post__title\">\n\t\t\t<a href=\"https:\/\/radiosantaclara.sitetopfm.com.br\/site\/comissao-debate-impacto-da-importacao-de-aco-na-siderurgia-nacional\/\" >\n\t\t\t\tComiss\u00e3o debate impacto da importa\u00e7\u00e3o de a\u00e7o na siderurgia nacional\t\t\t<\/a>\n\t\t<\/h3>\n\t\t\t\t<div class=\"elementor-post__meta-data\">\n\t\t\t\t\t<span class=\"elementor-post-date\">\n\t\t\t28 de agosto de 2026\t\t<\/span>\n\t\t\t\t<\/div>\n\t\t\t\t\t<a class=\"elementor-post__read-more\" href=\"https:\/\/radiosantaclara.sitetopfm.com.br\/site\/comissao-debate-impacto-da-importacao-de-aco-na-siderurgia-nacional\/\" >\n\t\t\t\tLer mais\u00bb\t\t\t<\/a>\n\t\t\t\t<\/div>\n\t\t\t\t<\/article>\n\t\t\t\t<article class=\"elementor-post elementor-grid-item post-11018 post type-post status-publish format-standard has-post-thumbnail hentry category-saude\">\n\t\t\t\t<a class=\"elementor-post__thumbnail__link\" href=\"https:\/\/radiosantaclara.sitetopfm.com.br\/site\/projeto-reforca-proibicao-de-implantes-hormonais-para-fins-esteticos\/\" >\n\t\t\t<div class=\"elementor-post__thumbnail\"><img fetchpriority=\"high\" decoding=\"async\" width=\"300\" height=\"199\" src=\"https:\/\/radiosantaclara.sitetopfm.com.br\/site\/wp-content\/uploads\/2026\/03\/imagem-padrao-300x199.jpg\" class=\"attachment-medium size-medium wp-image-6909\" alt=\"\" srcset=\"https:\/\/radiosantaclara.sitetopfm.com.br\/site\/wp-content\/uploads\/2026\/03\/imagem-padrao-300x199.jpg 300w, https:\/\/radiosantaclara.sitetopfm.com.br\/site\/wp-content\/uploads\/2026\/03\/imagem-padrao.jpg 602w\" sizes=\"(max-width: 300px) 100vw, 300px\" \/><\/div>\n\t\t<\/a>\n\t\t\t\t<div class=\"elementor-post__text\">\n\t\t\t\t<h3 class=\"elementor-post__title\">\n\t\t\t<a href=\"https:\/\/radiosantaclara.sitetopfm.com.br\/site\/projeto-reforca-proibicao-de-implantes-hormonais-para-fins-esteticos\/\" >\n\t\t\t\tProjeto refor\u00e7a proibi\u00e7\u00e3o de implantes hormonais para fins est\u00e9ticos\t\t\t<\/a>\n\t\t<\/h3>\n\t\t\t\t<div class=\"elementor-post__meta-data\">\n\t\t\t\t\t<span class=\"elementor-post-date\">\n\t\t\t27 de agosto de 2026\t\t<\/span>\n\t\t\t\t<\/div>\n\t\t\t\t\t<a class=\"elementor-post__read-more\" href=\"https:\/\/radiosantaclara.sitetopfm.com.br\/site\/projeto-reforca-proibicao-de-implantes-hormonais-para-fins-esteticos\/\" >\n\t\t\t\tLer mais\u00bb\t\t\t<\/a>\n\t\t\t\t<\/div>\n\t\t\t\t<\/article>\n\t\t\t\t<article class=\"elementor-post elementor-grid-item post-11017 post type-post status-publish format-standard has-post-thumbnail hentry category-ultimas-noticias\">\n\t\t\t\t<a class=\"elementor-post__thumbnail__link\" href=\"https:\/\/radiosantaclara.sitetopfm.com.br\/site\/comissao-pode-votar-na-proxima-quarta-parecer-sobre-mudancas-no-codigo-de-transito\/\" >\n\t\t\t<div class=\"elementor-post__thumbnail\"><img fetchpriority=\"high\" decoding=\"async\" width=\"300\" height=\"199\" src=\"https:\/\/radiosantaclara.sitetopfm.com.br\/site\/wp-content\/uploads\/2026\/03\/imagem-padrao-300x199.jpg\" class=\"attachment-medium size-medium wp-image-6909\" alt=\"\" srcset=\"https:\/\/radiosantaclara.sitetopfm.com.br\/site\/wp-content\/uploads\/2026\/03\/imagem-padrao-300x199.jpg 300w, https:\/\/radiosantaclara.sitetopfm.com.br\/site\/wp-content\/uploads\/2026\/03\/imagem-padrao.jpg 602w\" sizes=\"(max-width: 300px) 100vw, 300px\" \/><\/div>\n\t\t<\/a>\n\t\t\t\t<div class=\"elementor-post__text\">\n\t\t\t\t<h3 class=\"elementor-post__title\">\n\t\t\t<a href=\"https:\/\/radiosantaclara.sitetopfm.com.br\/site\/comissao-pode-votar-na-proxima-quarta-parecer-sobre-mudancas-no-codigo-de-transito\/\" >\n\t\t\t\tComiss\u00e3o pode votar na pr\u00f3xima quarta parecer sobre mudan\u00e7as no C\u00f3digo de Tr\u00e2nsito\t\t\t<\/a>\n\t\t<\/h3>\n\t\t\t\t<div class=\"elementor-post__meta-data\">\n\t\t\t\t\t<span class=\"elementor-post-date\">\n\t\t\t27 de agosto de 2026\t\t<\/span>\n\t\t\t\t<\/div>\n\t\t\t\t\t<a class=\"elementor-post__read-more\" href=\"https:\/\/radiosantaclara.sitetopfm.com.br\/site\/comissao-pode-votar-na-proxima-quarta-parecer-sobre-mudancas-no-codigo-de-transito\/\" >\n\t\t\t\tLer mais\u00bb\t\t\t<\/a>\n\t\t\t\t<\/div>\n\t\t\t\t<\/article>\n\t\t\t\t<article class=\"elementor-post elementor-grid-item post-11016 post type-post status-publish format-standard has-post-thumbnail hentry category-economia\">\n\t\t\t\t<a class=\"elementor-post__thumbnail__link\" href=\"https:\/\/radiosantaclara.sitetopfm.com.br\/site\/comissao-externa-sobre-pirataria-pode-votar-relatorio-parcial-na-terca\/\" >\n\t\t\t<div class=\"elementor-post__thumbnail\"><img fetchpriority=\"high\" decoding=\"async\" width=\"300\" height=\"199\" src=\"https:\/\/radiosantaclara.sitetopfm.com.br\/site\/wp-content\/uploads\/2026\/03\/imagem-padrao-300x199.jpg\" class=\"attachment-medium size-medium wp-image-6909\" alt=\"\" srcset=\"https:\/\/radiosantaclara.sitetopfm.com.br\/site\/wp-content\/uploads\/2026\/03\/imagem-padrao-300x199.jpg 300w, https:\/\/radiosantaclara.sitetopfm.com.br\/site\/wp-content\/uploads\/2026\/03\/imagem-padrao.jpg 602w\" sizes=\"(max-width: 300px) 100vw, 300px\" \/><\/div>\n\t\t<\/a>\n\t\t\t\t<div class=\"elementor-post__text\">\n\t\t\t\t<h3 class=\"elementor-post__title\">\n\t\t\t<a href=\"https:\/\/radiosantaclara.sitetopfm.com.br\/site\/comissao-externa-sobre-pirataria-pode-votar-relatorio-parcial-na-terca\/\" >\n\t\t\t\tComiss\u00e3o externa sobre pirataria pode votar relat\u00f3rio parcial na ter\u00e7a\t\t\t<\/a>\n\t\t<\/h3>\n\t\t\t\t<div class=\"elementor-post__meta-data\">\n\t\t\t\t\t<span class=\"elementor-post-date\">\n\t\t\t27 de agosto de 2026\t\t<\/span>\n\t\t\t\t<\/div>\n\t\t\t\t\t<a class=\"elementor-post__read-more\" href=\"https:\/\/radiosantaclara.sitetopfm.com.br\/site\/comissao-externa-sobre-pirataria-pode-votar-relatorio-parcial-na-terca\/\" >\n\t\t\t\tLer mais\u00bb\t\t\t<\/a>\n\t\t\t\t<\/div>\n\t\t\t\t<\/article>\n\t\t\t\t<article class=\"elementor-post elementor-grid-item post-11015 post type-post status-publish format-standard has-post-thumbnail hentry category-meio-ambiente\">\n\t\t\t\t<a class=\"elementor-post__thumbnail__link\" href=\"https:\/\/radiosantaclara.sitetopfm.com.br\/site\/projeto-torna-obrigatoria-advertencia-sobre-maus-tratos-em-embalagens-de-racao\/\" >\n\t\t\t<div class=\"elementor-post__thumbnail\"><img fetchpriority=\"high\" decoding=\"async\" width=\"300\" height=\"199\" src=\"https:\/\/radiosantaclara.sitetopfm.com.br\/site\/wp-content\/uploads\/2026\/03\/imagem-padrao-300x199.jpg\" class=\"attachment-medium size-medium wp-image-6909\" alt=\"\" srcset=\"https:\/\/radiosantaclara.sitetopfm.com.br\/site\/wp-content\/uploads\/2026\/03\/imagem-padrao-300x199.jpg 300w, https:\/\/radiosantaclara.sitetopfm.com.br\/site\/wp-content\/uploads\/2026\/03\/imagem-padrao.jpg 602w\" sizes=\"(max-width: 300px) 100vw, 300px\" \/><\/div>\n\t\t<\/a>\n\t\t\t\t<div class=\"elementor-post__text\">\n\t\t\t\t<h3 class=\"elementor-post__title\">\n\t\t\t<a href=\"https:\/\/radiosantaclara.sitetopfm.com.br\/site\/projeto-torna-obrigatoria-advertencia-sobre-maus-tratos-em-embalagens-de-racao\/\" >\n\t\t\t\tProjeto torna obrigat\u00f3ria advert\u00eancia sobre maus-tratos em embalagens de ra\u00e7\u00e3o\t\t\t<\/a>\n\t\t<\/h3>\n\t\t\t\t<div class=\"elementor-post__meta-data\">\n\t\t\t\t\t<span class=\"elementor-post-date\">\n\t\t\t27 de agosto de 2026\t\t<\/span>\n\t\t\t\t<\/div>\n\t\t\t\t\t<a class=\"elementor-post__read-more\" href=\"https:\/\/radiosantaclara.sitetopfm.com.br\/site\/projeto-torna-obrigatoria-advertencia-sobre-maus-tratos-em-embalagens-de-racao\/\" >\n\t\t\t\tLer mais\u00bb\t\t\t<\/a>\n\t\t\t\t<\/div>\n\t\t\t\t<\/article>\n\t\t\t\t<article class=\"elementor-post elementor-grid-item post-11014 post type-post status-publish format-standard has-post-thumbnail hentry category-politica\">\n\t\t\t\t<a class=\"elementor-post__thumbnail__link\" href=\"https:\/\/radiosantaclara.sitetopfm.com.br\/site\/campanhas-eleitorais-movimentam-recursos-de-fundos-publicos-e-de-pessoas-fisicas\/\" >\n\t\t\t<div class=\"elementor-post__thumbnail\"><img fetchpriority=\"high\" decoding=\"async\" width=\"300\" height=\"199\" src=\"https:\/\/radiosantaclara.sitetopfm.com.br\/site\/wp-content\/uploads\/2026\/03\/imagem-padrao-300x199.jpg\" class=\"attachment-medium size-medium wp-image-6909\" alt=\"\" srcset=\"https:\/\/radiosantaclara.sitetopfm.com.br\/site\/wp-content\/uploads\/2026\/03\/imagem-padrao-300x199.jpg 300w, https:\/\/radiosantaclara.sitetopfm.com.br\/site\/wp-content\/uploads\/2026\/03\/imagem-padrao.jpg 602w\" sizes=\"(max-width: 300px) 100vw, 300px\" \/><\/div>\n\t\t<\/a>\n\t\t\t\t<div class=\"elementor-post__text\">\n\t\t\t\t<h3 class=\"elementor-post__title\">\n\t\t\t<a href=\"https:\/\/radiosantaclara.sitetopfm.com.br\/site\/campanhas-eleitorais-movimentam-recursos-de-fundos-publicos-e-de-pessoas-fisicas\/\" >\n\t\t\t\tCampanhas eleitorais movimentam recursos de fundos p\u00fablicos e de pessoas f\u00edsicas\t\t\t<\/a>\n\t\t<\/h3>\n\t\t\t\t<div class=\"elementor-post__meta-data\">\n\t\t\t\t\t<span class=\"elementor-post-date\">\n\t\t\t27 de agosto de 2026\t\t<\/span>\n\t\t\t\t<\/div>\n\t\t\t\t\t<a class=\"elementor-post__read-more\" href=\"https:\/\/radiosantaclara.sitetopfm.com.br\/site\/campanhas-eleitorais-movimentam-recursos-de-fundos-publicos-e-de-pessoas-fisicas\/\" >\n\t\t\t\tLer mais\u00bb\t\t\t<\/a>\n\t\t\t\t<\/div>\n\t\t\t\t<\/article>\n\t\t\t\t<article class=\"elementor-post elementor-grid-item post-11013 post type-post status-publish format-standard has-post-thumbnail hentry category-saude\">\n\t\t\t\t<a class=\"elementor-post__thumbnail__link\" href=\"https:\/\/radiosantaclara.sitetopfm.com.br\/site\/projeto-permite-deduzir-compra-de-aparelho-auditivo-do-imposto-de-renda\/\" >\n\t\t\t<div class=\"elementor-post__thumbnail\"><img fetchpriority=\"high\" decoding=\"async\" width=\"300\" height=\"199\" src=\"https:\/\/radiosantaclara.sitetopfm.com.br\/site\/wp-content\/uploads\/2026\/03\/imagem-padrao-300x199.jpg\" class=\"attachment-medium size-medium wp-image-6909\" alt=\"\" srcset=\"https:\/\/radiosantaclara.sitetopfm.com.br\/site\/wp-content\/uploads\/2026\/03\/imagem-padrao-300x199.jpg 300w, https:\/\/radiosantaclara.sitetopfm.com.br\/site\/wp-content\/uploads\/2026\/03\/imagem-padrao.jpg 602w\" sizes=\"(max-width: 300px) 100vw, 300px\" \/><\/div>\n\t\t<\/a>\n\t\t\t\t<div class=\"elementor-post__text\">\n\t\t\t\t<h3 class=\"elementor-post__title\">\n\t\t\t<a href=\"https:\/\/radiosantaclara.sitetopfm.com.br\/site\/projeto-permite-deduzir-compra-de-aparelho-auditivo-do-imposto-de-renda\/\" >\n\t\t\t\tProjeto permite deduzir compra de aparelho auditivo do Imposto de Renda\t\t\t<\/a>\n\t\t<\/h3>\n\t\t\t\t<div class=\"elementor-post__meta-data\">\n\t\t\t\t\t<span class=\"elementor-post-date\">\n\t\t\t27 de agosto de 2026\t\t<\/span>\n\t\t\t\t<\/div>\n\t\t\t\t\t<a class=\"elementor-post__read-more\" href=\"https:\/\/radiosantaclara.sitetopfm.com.br\/site\/projeto-permite-deduzir-compra-de-aparelho-auditivo-do-imposto-de-renda\/\" >\n\t\t\t\tLer mais\u00bb\t\t\t<\/a>\n\t\t\t\t<\/div>\n\t\t\t\t<\/article>\n\t\t\t\t<article class=\"elementor-post elementor-grid-item post-11012 post type-post status-publish format-standard has-post-thumbnail hentry category-direitos-humanos\">\n\t\t\t\t<a class=\"elementor-post__thumbnail__link\" href=\"https:\/\/radiosantaclara.sitetopfm.com.br\/site\/projeto-obriga-planos-de-saude-a-liberar-imediatamente-ultrassom-em-gravidez-de-alto-risco\/\" >\n\t\t\t<div class=\"elementor-post__thumbnail\"><img fetchpriority=\"high\" decoding=\"async\" width=\"300\" height=\"199\" src=\"https:\/\/radiosantaclara.sitetopfm.com.br\/site\/wp-content\/uploads\/2026\/03\/imagem-padrao-300x199.jpg\" class=\"attachment-medium size-medium wp-image-6909\" alt=\"\" srcset=\"https:\/\/radiosantaclara.sitetopfm.com.br\/site\/wp-content\/uploads\/2026\/03\/imagem-padrao-300x199.jpg 300w, https:\/\/radiosantaclara.sitetopfm.com.br\/site\/wp-content\/uploads\/2026\/03\/imagem-padrao.jpg 602w\" sizes=\"(max-width: 300px) 100vw, 300px\" \/><\/div>\n\t\t<\/a>\n\t\t\t\t<div class=\"elementor-post__text\">\n\t\t\t\t<h3 class=\"elementor-post__title\">\n\t\t\t<a href=\"https:\/\/radiosantaclara.sitetopfm.com.br\/site\/projeto-obriga-planos-de-saude-a-liberar-imediatamente-ultrassom-em-gravidez-de-alto-risco\/\" >\n\t\t\t\tProjeto obriga planos de sa\u00fade a liberar imediatamente ultrassom em gravidez de alto risco\t\t\t<\/a>\n\t\t<\/h3>\n\t\t\t\t<div class=\"elementor-post__meta-data\">\n\t\t\t\t\t<span class=\"elementor-post-date\">\n\t\t\t27 de agosto de 2026\t\t<\/span>\n\t\t\t\t<\/div>\n\t\t\t\t\t<a class=\"elementor-post__read-more\" href=\"https:\/\/radiosantaclara.sitetopfm.com.br\/site\/projeto-obriga-planos-de-saude-a-liberar-imediatamente-ultrassom-em-gravidez-de-alto-risco\/\" >\n\t\t\t\tLer mais\u00bb\t\t\t<\/a>\n\t\t\t\t<\/div>\n\t\t\t\t<\/article>\n\t\t\t\t<article class=\"elementor-post elementor-grid-item post-11011 post type-post status-publish format-standard has-post-thumbnail hentry category-ultimas-noticias\">\n\t\t\t\t<a class=\"elementor-post__thumbnail__link\" href=\"https:\/\/radiosantaclara.sitetopfm.com.br\/site\/comissao-discute-acoes-para-fortalecer-o-inss-participe\/\" >\n\t\t\t<div class=\"elementor-post__thumbnail\"><img fetchpriority=\"high\" decoding=\"async\" width=\"300\" height=\"199\" src=\"https:\/\/radiosantaclara.sitetopfm.com.br\/site\/wp-content\/uploads\/2026\/03\/imagem-padrao-300x199.jpg\" class=\"attachment-medium size-medium wp-image-6909\" alt=\"\" srcset=\"https:\/\/radiosantaclara.sitetopfm.com.br\/site\/wp-content\/uploads\/2026\/03\/imagem-padrao-300x199.jpg 300w, https:\/\/radiosantaclara.sitetopfm.com.br\/site\/wp-content\/uploads\/2026\/03\/imagem-padrao.jpg 602w\" sizes=\"(max-width: 300px) 100vw, 300px\" \/><\/div>\n\t\t<\/a>\n\t\t\t\t<div class=\"elementor-post__text\">\n\t\t\t\t<h3 class=\"elementor-post__title\">\n\t\t\t<a href=\"https:\/\/radiosantaclara.sitetopfm.com.br\/site\/comissao-discute-acoes-para-fortalecer-o-inss-participe\/\" >\n\t\t\t\tComiss\u00e3o discute a\u00e7\u00f5es para fortalecer o INSS; participe\t\t\t<\/a>\n\t\t<\/h3>\n\t\t\t\t<div class=\"elementor-post__meta-data\">\n\t\t\t\t\t<span class=\"elementor-post-date\">\n\t\t\t27 de agosto de 2026\t\t<\/span>\n\t\t\t\t<\/div>\n\t\t\t\t\t<a class=\"elementor-post__read-more\" href=\"https:\/\/radiosantaclara.sitetopfm.com.br\/site\/comissao-discute-acoes-para-fortalecer-o-inss-participe\/\" >\n\t\t\t\tLer mais\u00bb\t\t\t<\/a>\n\t\t\t\t<\/div>\n\t\t\t\t<\/article>\n\t\t\t\t<article class=\"elementor-post elementor-grid-item post-11010 post type-post status-publish format-standard has-post-thumbnail hentry category-economia\">\n\t\t\t\t<a class=\"elementor-post__thumbnail__link\" href=\"https:\/\/radiosantaclara.sitetopfm.com.br\/site\/comissao-sobre-a-mp-que-zera-a-taxa-das-blusinhas-reune-se-nesta-sexta-feira-para-definir-presidente\/\" >\n\t\t\t<div class=\"elementor-post__thumbnail\"><img fetchpriority=\"high\" decoding=\"async\" width=\"300\" height=\"199\" src=\"https:\/\/radiosantaclara.sitetopfm.com.br\/site\/wp-content\/uploads\/2026\/03\/imagem-padrao-300x199.jpg\" class=\"attachment-medium size-medium wp-image-6909\" alt=\"\" srcset=\"https:\/\/radiosantaclara.sitetopfm.com.br\/site\/wp-content\/uploads\/2026\/03\/imagem-padrao-300x199.jpg 300w, https:\/\/radiosantaclara.sitetopfm.com.br\/site\/wp-content\/uploads\/2026\/03\/imagem-padrao.jpg 602w\" sizes=\"(max-width: 300px) 100vw, 300px\" \/><\/div>\n\t\t<\/a>\n\t\t\t\t<div class=\"elementor-post__text\">\n\t\t\t\t<h3 class=\"elementor-post__title\">\n\t\t\t<a href=\"https:\/\/radiosantaclara.sitetopfm.com.br\/site\/comissao-sobre-a-mp-que-zera-a-taxa-das-blusinhas-reune-se-nesta-sexta-feira-para-definir-presidente\/\" >\n\t\t\t\tComiss\u00e3o sobre a MP que zera a &#8220;taxa das blusinhas&#8221; re\u00fane-se nesta sexta-feira para definir presidente\t\t\t<\/a>\n\t\t<\/h3>\n\t\t\t\t<div class=\"elementor-post__meta-data\">\n\t\t\t\t\t<span class=\"elementor-post-date\">\n\t\t\t27 de agosto de 2026\t\t<\/span>\n\t\t\t\t<\/div>\n\t\t\t\t\t<a class=\"elementor-post__read-more\" href=\"https:\/\/radiosantaclara.sitetopfm.com.br\/site\/comissao-sobre-a-mp-que-zera-a-taxa-das-blusinhas-reune-se-nesta-sexta-feira-para-definir-presidente\/\" >\n\t\t\t\tLer mais\u00bb\t\t\t<\/a>\n\t\t\t\t<\/div>\n\t\t\t\t<\/article>\n\t\t\t\t<article class=\"elementor-post elementor-grid-item post-11009 post type-post status-publish format-standard has-post-thumbnail hentry category-meio-ambiente\">\n\t\t\t\t<a class=\"elementor-post__thumbnail__link\" href=\"https:\/\/radiosantaclara.sitetopfm.com.br\/site\/comissoes-discutem-multas-ambientais-aplicadas-a-produtores-de-minas-gerais\/\" >\n\t\t\t<div class=\"elementor-post__thumbnail\"><img fetchpriority=\"high\" decoding=\"async\" width=\"300\" height=\"199\" src=\"https:\/\/radiosantaclara.sitetopfm.com.br\/site\/wp-content\/uploads\/2026\/03\/imagem-padrao-300x199.jpg\" class=\"attachment-medium size-medium wp-image-6909\" alt=\"\" srcset=\"https:\/\/radiosantaclara.sitetopfm.com.br\/site\/wp-content\/uploads\/2026\/03\/imagem-padrao-300x199.jpg 300w, https:\/\/radiosantaclara.sitetopfm.com.br\/site\/wp-content\/uploads\/2026\/03\/imagem-padrao.jpg 602w\" sizes=\"(max-width: 300px) 100vw, 300px\" \/><\/div>\n\t\t<\/a>\n\t\t\t\t<div class=\"elementor-post__text\">\n\t\t\t\t<h3 class=\"elementor-post__title\">\n\t\t\t<a href=\"https:\/\/radiosantaclara.sitetopfm.com.br\/site\/comissoes-discutem-multas-ambientais-aplicadas-a-produtores-de-minas-gerais\/\" >\n\t\t\t\tComiss\u00f5es discutem multas ambientais aplicadas a produtores de Minas Gerais\t\t\t<\/a>\n\t\t<\/h3>\n\t\t\t\t<div class=\"elementor-post__meta-data\">\n\t\t\t\t\t<span class=\"elementor-post-date\">\n\t\t\t27 de agosto de 2026\t\t<\/span>\n\t\t\t\t<\/div>\n\t\t\t\t\t<a class=\"elementor-post__read-more\" href=\"https:\/\/radiosantaclara.sitetopfm.com.br\/site\/comissoes-discutem-multas-ambientais-aplicadas-a-produtores-de-minas-gerais\/\" >\n\t\t\t\tLer mais\u00bb\t\t\t<\/a>\n\t\t\t\t<\/div>\n\t\t\t\t<\/article>\n\t\t\t\t<article class=\"elementor-post elementor-grid-item post-11008 post type-post status-publish format-standard has-post-thumbnail hentry category-agropecuaria\">\n\t\t\t\t<a class=\"elementor-post__thumbnail__link\" href=\"https:\/\/radiosantaclara.sitetopfm.com.br\/site\/projeto-cria-programa-nacional-para-incentivar-a-producao-de-amendoim\/\" >\n\t\t\t<div class=\"elementor-post__thumbnail\"><img fetchpriority=\"high\" decoding=\"async\" width=\"300\" height=\"199\" src=\"https:\/\/radiosantaclara.sitetopfm.com.br\/site\/wp-content\/uploads\/2026\/03\/imagem-padrao-300x199.jpg\" class=\"attachment-medium size-medium wp-image-6909\" alt=\"\" srcset=\"https:\/\/radiosantaclara.sitetopfm.com.br\/site\/wp-content\/uploads\/2026\/03\/imagem-padrao-300x199.jpg 300w, https:\/\/radiosantaclara.sitetopfm.com.br\/site\/wp-content\/uploads\/2026\/03\/imagem-padrao.jpg 602w\" sizes=\"(max-width: 300px) 100vw, 300px\" \/><\/div>\n\t\t<\/a>\n\t\t\t\t<div class=\"elementor-post__text\">\n\t\t\t\t<h3 class=\"elementor-post__title\">\n\t\t\t<a href=\"https:\/\/radiosantaclara.sitetopfm.com.br\/site\/projeto-cria-programa-nacional-para-incentivar-a-producao-de-amendoim\/\" >\n\t\t\t\tProjeto cria programa nacional para incentivar a produ\u00e7\u00e3o de amendoim\t\t\t<\/a>\n\t\t<\/h3>\n\t\t\t\t<div class=\"elementor-post__meta-data\">\n\t\t\t\t\t<span class=\"elementor-post-date\">\n\t\t\t27 de agosto de 2026\t\t<\/span>\n\t\t\t\t<\/div>\n\t\t\t\t\t<a class=\"elementor-post__read-more\" href=\"https:\/\/radiosantaclara.sitetopfm.com.br\/site\/projeto-cria-programa-nacional-para-incentivar-a-producao-de-amendoim\/\" >\n\t\t\t\tLer mais\u00bb\t\t\t<\/a>\n\t\t\t\t<\/div>\n\t\t\t\t<\/article>\n\t\t\t\t<article class=\"elementor-post elementor-grid-item post-11007 post type-post status-publish format-standard has-post-thumbnail hentry category-ultimas-noticias\">\n\t\t\t\t<a class=\"elementor-post__thumbnail__link\" href=\"https:\/\/radiosantaclara.sitetopfm.com.br\/site\/projeto-anistia-pais-processados-ou-punidos-por-adotar-o-ensino-domiciliar\/\" >\n\t\t\t<div class=\"elementor-post__thumbnail\"><img fetchpriority=\"high\" decoding=\"async\" width=\"300\" height=\"199\" src=\"https:\/\/radiosantaclara.sitetopfm.com.br\/site\/wp-content\/uploads\/2026\/03\/imagem-padrao-300x199.jpg\" class=\"attachment-medium size-medium wp-image-6909\" alt=\"\" srcset=\"https:\/\/radiosantaclara.sitetopfm.com.br\/site\/wp-content\/uploads\/2026\/03\/imagem-padrao-300x199.jpg 300w, https:\/\/radiosantaclara.sitetopfm.com.br\/site\/wp-content\/uploads\/2026\/03\/imagem-padrao.jpg 602w\" sizes=\"(max-width: 300px) 100vw, 300px\" \/><\/div>\n\t\t<\/a>\n\t\t\t\t<div class=\"elementor-post__text\">\n\t\t\t\t<h3 class=\"elementor-post__title\">\n\t\t\t<a href=\"https:\/\/radiosantaclara.sitetopfm.com.br\/site\/projeto-anistia-pais-processados-ou-punidos-por-adotar-o-ensino-domiciliar\/\" >\n\t\t\t\tProjeto anistia pais processados ou punidos por adotar o ensino domiciliar\t\t\t<\/a>\n\t\t<\/h3>\n\t\t\t\t<div class=\"elementor-post__meta-data\">\n\t\t\t\t\t<span class=\"elementor-post-date\">\n\t\t\t27 de agosto de 2026\t\t<\/span>\n\t\t\t\t<\/div>\n\t\t\t\t\t<a class=\"elementor-post__read-more\" href=\"https:\/\/radiosantaclara.sitetopfm.com.br\/site\/projeto-anistia-pais-processados-ou-punidos-por-adotar-o-ensino-domiciliar\/\" >\n\t\t\t\tLer mais\u00bb\t\t\t<\/a>\n\t\t\t\t<\/div>\n\t\t\t\t<\/article>\n\t\t\t\t<article class=\"elementor-post elementor-grid-item post-11006 post type-post status-publish format-standard has-post-thumbnail hentry category-politica\">\n\t\t\t\t<a class=\"elementor-post__thumbnail__link\" href=\"https:\/\/radiosantaclara.sitetopfm.com.br\/site\/deputados-sao-eleitos-pelo-voto-proporcional-entenda-a-logica-desse-sistema\/\" >\n\t\t\t<div class=\"elementor-post__thumbnail\"><img fetchpriority=\"high\" decoding=\"async\" width=\"300\" height=\"199\" src=\"https:\/\/radiosantaclara.sitetopfm.com.br\/site\/wp-content\/uploads\/2026\/03\/imagem-padrao-300x199.jpg\" class=\"attachment-medium size-medium wp-image-6909\" alt=\"\" srcset=\"https:\/\/radiosantaclara.sitetopfm.com.br\/site\/wp-content\/uploads\/2026\/03\/imagem-padrao-300x199.jpg 300w, https:\/\/radiosantaclara.sitetopfm.com.br\/site\/wp-content\/uploads\/2026\/03\/imagem-padrao.jpg 602w\" sizes=\"(max-width: 300px) 100vw, 300px\" \/><\/div>\n\t\t<\/a>\n\t\t\t\t<div class=\"elementor-post__text\">\n\t\t\t\t<h3 class=\"elementor-post__title\">\n\t\t\t<a href=\"https:\/\/radiosantaclara.sitetopfm.com.br\/site\/deputados-sao-eleitos-pelo-voto-proporcional-entenda-a-logica-desse-sistema\/\" >\n\t\t\t\tDeputados s\u00e3o eleitos pelo voto proporcional; entenda a l\u00f3gica desse sistema\t\t\t<\/a>\n\t\t<\/h3>\n\t\t\t\t<div class=\"elementor-post__meta-data\">\n\t\t\t\t\t<span class=\"elementor-post-date\">\n\t\t\t27 de agosto de 2026\t\t<\/span>\n\t\t\t\t<\/div>\n\t\t\t\t\t<a class=\"elementor-post__read-more\" href=\"https:\/\/radiosantaclara.sitetopfm.com.br\/site\/deputados-sao-eleitos-pelo-voto-proporcional-entenda-a-logica-desse-sistema\/\" >\n\t\t\t\tLer mais\u00bb\t\t\t<\/a>\n\t\t\t\t<\/div>\n\t\t\t\t<\/article>\n\t\t\t\t<article class=\"elementor-post elementor-grid-item post-11005 post type-post status-publish format-standard has-post-thumbnail hentry category-ultimas-noticias\">\n\t\t\t\t<a class=\"elementor-post__thumbnail__link\" href=\"https:\/\/radiosantaclara.sitetopfm.com.br\/site\/projeto-incentiva-reserva-de-vagas-para-jovens-em-contratos-com-o-setor-publico\/\" >\n\t\t\t<div class=\"elementor-post__thumbnail\"><img fetchpriority=\"high\" decoding=\"async\" width=\"300\" height=\"199\" src=\"https:\/\/radiosantaclara.sitetopfm.com.br\/site\/wp-content\/uploads\/2026\/03\/imagem-padrao-300x199.jpg\" class=\"attachment-medium size-medium wp-image-6909\" alt=\"\" srcset=\"https:\/\/radiosantaclara.sitetopfm.com.br\/site\/wp-content\/uploads\/2026\/03\/imagem-padrao-300x199.jpg 300w, https:\/\/radiosantaclara.sitetopfm.com.br\/site\/wp-content\/uploads\/2026\/03\/imagem-padrao.jpg 602w\" sizes=\"(max-width: 300px) 100vw, 300px\" \/><\/div>\n\t\t<\/a>\n\t\t\t\t<div class=\"elementor-post__text\">\n\t\t\t\t<h3 class=\"elementor-post__title\">\n\t\t\t<a href=\"https:\/\/radiosantaclara.sitetopfm.com.br\/site\/projeto-incentiva-reserva-de-vagas-para-jovens-em-contratos-com-o-setor-publico\/\" >\n\t\t\t\tProjeto incentiva reserva de vagas para jovens em contratos com o setor p\u00fablico\t\t\t<\/a>\n\t\t<\/h3>\n\t\t\t\t<div class=\"elementor-post__meta-data\">\n\t\t\t\t\t<span class=\"elementor-post-date\">\n\t\t\t27 de agosto de 2026\t\t<\/span>\n\t\t\t\t<\/div>\n\t\t\t\t\t<a class=\"elementor-post__read-more\" href=\"https:\/\/radiosantaclara.sitetopfm.com.br\/site\/projeto-incentiva-reserva-de-vagas-para-jovens-em-contratos-com-o-setor-publico\/\" >\n\t\t\t\tLer mais\u00bb\t\t\t<\/a>\n\t\t\t\t<\/div>\n\t\t\t\t<\/article>\n\t\t\t\t<article class=\"elementor-post elementor-grid-item post-11004 post type-post status-publish format-standard has-post-thumbnail hentry category-ultimas-noticias\">\n\t\t\t\t<a class=\"elementor-post__thumbnail__link\" href=\"https:\/\/radiosantaclara.sitetopfm.com.br\/site\/projeto-exige-ponto-de-apoio-para-manutencao-de-ar-condicionado-em-predios\/\" >\n\t\t\t<div class=\"elementor-post__thumbnail\"><img fetchpriority=\"high\" decoding=\"async\" width=\"300\" height=\"199\" src=\"https:\/\/radiosantaclara.sitetopfm.com.br\/site\/wp-content\/uploads\/2026\/03\/imagem-padrao-300x199.jpg\" class=\"attachment-medium size-medium wp-image-6909\" alt=\"\" srcset=\"https:\/\/radiosantaclara.sitetopfm.com.br\/site\/wp-content\/uploads\/2026\/03\/imagem-padrao-300x199.jpg 300w, https:\/\/radiosantaclara.sitetopfm.com.br\/site\/wp-content\/uploads\/2026\/03\/imagem-padrao.jpg 602w\" sizes=\"(max-width: 300px) 100vw, 300px\" \/><\/div>\n\t\t<\/a>\n\t\t\t\t<div class=\"elementor-post__text\">\n\t\t\t\t<h3 class=\"elementor-post__title\">\n\t\t\t<a href=\"https:\/\/radiosantaclara.sitetopfm.com.br\/site\/projeto-exige-ponto-de-apoio-para-manutencao-de-ar-condicionado-em-predios\/\" >\n\t\t\t\tProjeto exige ponto de apoio para manuten\u00e7\u00e3o de ar-condicionado em pr\u00e9dios\t\t\t<\/a>\n\t\t<\/h3>\n\t\t\t\t<div class=\"elementor-post__meta-data\">\n\t\t\t\t\t<span class=\"elementor-post-date\">\n\t\t\t26 de agosto de 2026\t\t<\/span>\n\t\t\t\t<\/div>\n\t\t\t\t\t<a class=\"elementor-post__read-more\" href=\"https:\/\/radiosantaclara.sitetopfm.com.br\/site\/projeto-exige-ponto-de-apoio-para-manutencao-de-ar-condicionado-em-predios\/\" >\n\t\t\t\tLer mais\u00bb\t\t\t<\/a>\n\t\t\t\t<\/div>\n\t\t\t\t<\/article>\n\t\t\t\t<article class=\"elementor-post elementor-grid-item post-11003 post type-post status-publish format-standard has-post-thumbnail hentry category-ultimas-noticias\">\n\t\t\t\t<a class=\"elementor-post__thumbnail__link\" href=\"https:\/\/radiosantaclara.sitetopfm.com.br\/site\/candidaturas-para-mandatos-coletivos-crescem-nas-eleicoes-mas-modelo-ainda-carece-de-regulamentacao\/\" >\n\t\t\t<div class=\"elementor-post__thumbnail\"><img fetchpriority=\"high\" decoding=\"async\" width=\"300\" height=\"199\" src=\"https:\/\/radiosantaclara.sitetopfm.com.br\/site\/wp-content\/uploads\/2026\/03\/imagem-padrao-300x199.jpg\" class=\"attachment-medium size-medium wp-image-6909\" alt=\"\" srcset=\"https:\/\/radiosantaclara.sitetopfm.com.br\/site\/wp-content\/uploads\/2026\/03\/imagem-padrao-300x199.jpg 300w, https:\/\/radiosantaclara.sitetopfm.com.br\/site\/wp-content\/uploads\/2026\/03\/imagem-padrao.jpg 602w\" sizes=\"(max-width: 300px) 100vw, 300px\" \/><\/div>\n\t\t<\/a>\n\t\t\t\t<div class=\"elementor-post__text\">\n\t\t\t\t<h3 class=\"elementor-post__title\">\n\t\t\t<a href=\"https:\/\/radiosantaclara.sitetopfm.com.br\/site\/candidaturas-para-mandatos-coletivos-crescem-nas-eleicoes-mas-modelo-ainda-carece-de-regulamentacao\/\" >\n\t\t\t\tCandidaturas para mandatos coletivos crescem nas elei\u00e7\u00f5es, mas modelo ainda carece de regulamenta\u00e7\u00e3o\t\t\t<\/a>\n\t\t<\/h3>\n\t\t\t\t<div class=\"elementor-post__meta-data\">\n\t\t\t\t\t<span class=\"elementor-post-date\">\n\t\t\t26 de agosto de 2026\t\t<\/span>\n\t\t\t\t<\/div>\n\t\t\t\t\t<a class=\"elementor-post__read-more\" href=\"https:\/\/radiosantaclara.sitetopfm.com.br\/site\/candidaturas-para-mandatos-coletivos-crescem-nas-eleicoes-mas-modelo-ainda-carece-de-regulamentacao\/\" >\n\t\t\t\tLer mais\u00bb\t\t\t<\/a>\n\t\t\t\t<\/div>\n\t\t\t\t<\/article>\n\t\t\t\t<article class=\"elementor-post elementor-grid-item post-11002 post type-post status-publish format-standard has-post-thumbnail hentry category-economia\">\n\t\t\t\t<a class=\"elementor-post__thumbnail__link\" href=\"https:\/\/radiosantaclara.sitetopfm.com.br\/site\/projeto-garante-ressarcimento-a-vitimas-de-fraudes-com-pix\/\" >\n\t\t\t<div class=\"elementor-post__thumbnail\"><img fetchpriority=\"high\" decoding=\"async\" width=\"300\" height=\"199\" src=\"https:\/\/radiosantaclara.sitetopfm.com.br\/site\/wp-content\/uploads\/2026\/03\/imagem-padrao-300x199.jpg\" class=\"attachment-medium size-medium wp-image-6909\" alt=\"\" srcset=\"https:\/\/radiosantaclara.sitetopfm.com.br\/site\/wp-content\/uploads\/2026\/03\/imagem-padrao-300x199.jpg 300w, https:\/\/radiosantaclara.sitetopfm.com.br\/site\/wp-content\/uploads\/2026\/03\/imagem-padrao.jpg 602w\" sizes=\"(max-width: 300px) 100vw, 300px\" \/><\/div>\n\t\t<\/a>\n\t\t\t\t<div class=\"elementor-post__text\">\n\t\t\t\t<h3 class=\"elementor-post__title\">\n\t\t\t<a href=\"https:\/\/radiosantaclara.sitetopfm.com.br\/site\/projeto-garante-ressarcimento-a-vitimas-de-fraudes-com-pix\/\" >\n\t\t\t\tProjeto garante ressarcimento a v\u00edtimas de fraudes com Pix\t\t\t<\/a>\n\t\t<\/h3>\n\t\t\t\t<div class=\"elementor-post__meta-data\">\n\t\t\t\t\t<span class=\"elementor-post-date\">\n\t\t\t26 de agosto de 2026\t\t<\/span>\n\t\t\t\t<\/div>\n\t\t\t\t\t<a class=\"elementor-post__read-more\" href=\"https:\/\/radiosantaclara.sitetopfm.com.br\/site\/projeto-garante-ressarcimento-a-vitimas-de-fraudes-com-pix\/\" >\n\t\t\t\tLer mais\u00bb\t\t\t<\/a>\n\t\t\t\t<\/div>\n\t\t\t\t<\/article>\n\t\t\t\t<article class=\"elementor-post elementor-grid-item post-11001 post type-post status-publish format-standard has-post-thumbnail hentry category-ultimas-noticias\">\n\t\t\t\t<a class=\"elementor-post__thumbnail__link\" href=\"https:\/\/radiosantaclara.sitetopfm.com.br\/site\/eleicoes-2026-mulheres-representam-528-do-eleitorado-e-numero-de-votantes-idosos-cresce\/\" >\n\t\t\t<div class=\"elementor-post__thumbnail\"><img fetchpriority=\"high\" decoding=\"async\" width=\"300\" height=\"199\" src=\"https:\/\/radiosantaclara.sitetopfm.com.br\/site\/wp-content\/uploads\/2026\/03\/imagem-padrao-300x199.jpg\" class=\"attachment-medium size-medium wp-image-6909\" alt=\"\" srcset=\"https:\/\/radiosantaclara.sitetopfm.com.br\/site\/wp-content\/uploads\/2026\/03\/imagem-padrao-300x199.jpg 300w, https:\/\/radiosantaclara.sitetopfm.com.br\/site\/wp-content\/uploads\/2026\/03\/imagem-padrao.jpg 602w\" sizes=\"(max-width: 300px) 100vw, 300px\" \/><\/div>\n\t\t<\/a>\n\t\t\t\t<div class=\"elementor-post__text\">\n\t\t\t\t<h3 class=\"elementor-post__title\">\n\t\t\t<a href=\"https:\/\/radiosantaclara.sitetopfm.com.br\/site\/eleicoes-2026-mulheres-representam-528-do-eleitorado-e-numero-de-votantes-idosos-cresce\/\" >\n\t\t\t\tElei\u00e7\u00f5es 2026: mulheres representam 52,8% do eleitorado e n\u00famero de votantes idosos cresce\t\t\t<\/a>\n\t\t<\/h3>\n\t\t\t\t<div class=\"elementor-post__meta-data\">\n\t\t\t\t\t<span class=\"elementor-post-date\">\n\t\t\t26 de agosto de 2026\t\t<\/span>\n\t\t\t\t<\/div>\n\t\t\t\t\t<a class=\"elementor-post__read-more\" href=\"https:\/\/radiosantaclara.sitetopfm.com.br\/site\/eleicoes-2026-mulheres-representam-528-do-eleitorado-e-numero-de-votantes-idosos-cresce\/\" >\n\t\t\t\tLer mais\u00bb\t\t\t<\/a>\n\t\t\t\t<\/div>\n\t\t\t\t<\/article>\n\t\t\t\t<article class=\"elementor-post elementor-grid-item post-11000 post type-post status-publish format-standard has-post-thumbnail hentry category-consumidor\">\n\t\t\t\t<a class=\"elementor-post__thumbnail__link\" href=\"https:\/\/radiosantaclara.sitetopfm.com.br\/site\/projeto-obriga-plataformas-a-informar-de-forma-simplificada-como-usam-dados-pessoais\/\" >\n\t\t\t<div class=\"elementor-post__thumbnail\"><img fetchpriority=\"high\" decoding=\"async\" width=\"300\" height=\"199\" src=\"https:\/\/radiosantaclara.sitetopfm.com.br\/site\/wp-content\/uploads\/2026\/03\/imagem-padrao-300x199.jpg\" class=\"attachment-medium size-medium wp-image-6909\" alt=\"\" srcset=\"https:\/\/radiosantaclara.sitetopfm.com.br\/site\/wp-content\/uploads\/2026\/03\/imagem-padrao-300x199.jpg 300w, https:\/\/radiosantaclara.sitetopfm.com.br\/site\/wp-content\/uploads\/2026\/03\/imagem-padrao.jpg 602w\" sizes=\"(max-width: 300px) 100vw, 300px\" \/><\/div>\n\t\t<\/a>\n\t\t\t\t<div class=\"elementor-post__text\">\n\t\t\t\t<h3 class=\"elementor-post__title\">\n\t\t\t<a href=\"https:\/\/radiosantaclara.sitetopfm.com.br\/site\/projeto-obriga-plataformas-a-informar-de-forma-simplificada-como-usam-dados-pessoais\/\" >\n\t\t\t\tProjeto obriga plataformas a informar de forma simplificada como usam dados pessoais\t\t\t<\/a>\n\t\t<\/h3>\n\t\t\t\t<div class=\"elementor-post__meta-data\">\n\t\t\t\t\t<span class=\"elementor-post-date\">\n\t\t\t26 de agosto de 2026\t\t<\/span>\n\t\t\t\t<\/div>\n\t\t\t\t\t<a class=\"elementor-post__read-more\" href=\"https:\/\/radiosantaclara.sitetopfm.com.br\/site\/projeto-obriga-plataformas-a-informar-de-forma-simplificada-como-usam-dados-pessoais\/\" >\n\t\t\t\tLer mais\u00bb\t\t\t<\/a>\n\t\t\t\t<\/div>\n\t\t\t\t<\/article>\n\t\t\t\t<article class=\"elementor-post elementor-grid-item post-10999 post type-post status-publish format-standard has-post-thumbnail hentry category-seguranca\">\n\t\t\t\t<a class=\"elementor-post__thumbnail__link\" href=\"https:\/\/radiosantaclara.sitetopfm.com.br\/site\/projeto-estabelece-regras-de-seguranca-para-esportes-de-aventura\/\" >\n\t\t\t<div class=\"elementor-post__thumbnail\"><img fetchpriority=\"high\" decoding=\"async\" width=\"300\" height=\"199\" src=\"https:\/\/radiosantaclara.sitetopfm.com.br\/site\/wp-content\/uploads\/2026\/03\/imagem-padrao-300x199.jpg\" class=\"attachment-medium size-medium wp-image-6909\" alt=\"\" srcset=\"https:\/\/radiosantaclara.sitetopfm.com.br\/site\/wp-content\/uploads\/2026\/03\/imagem-padrao-300x199.jpg 300w, https:\/\/radiosantaclara.sitetopfm.com.br\/site\/wp-content\/uploads\/2026\/03\/imagem-padrao.jpg 602w\" sizes=\"(max-width: 300px) 100vw, 300px\" \/><\/div>\n\t\t<\/a>\n\t\t\t\t<div class=\"elementor-post__text\">\n\t\t\t\t<h3 class=\"elementor-post__title\">\n\t\t\t<a href=\"https:\/\/radiosantaclara.sitetopfm.com.br\/site\/projeto-estabelece-regras-de-seguranca-para-esportes-de-aventura\/\" >\n\t\t\t\tProjeto estabelece regras de seguran\u00e7a para esportes de aventura\t\t\t<\/a>\n\t\t<\/h3>\n\t\t\t\t<div class=\"elementor-post__meta-data\">\n\t\t\t\t\t<span class=\"elementor-post-date\">\n\t\t\t26 de agosto de 2026\t\t<\/span>\n\t\t\t\t<\/div>\n\t\t\t\t\t<a class=\"elementor-post__read-more\" href=\"https:\/\/radiosantaclara.sitetopfm.com.br\/site\/projeto-estabelece-regras-de-seguranca-para-esportes-de-aventura\/\" >\n\t\t\t\tLer mais\u00bb\t\t\t<\/a>\n\t\t\t\t<\/div>\n\t\t\t\t<\/article>\n\t\t\t\t<article class=\"elementor-post elementor-grid-item post-10998 post type-post status-publish format-standard has-post-thumbnail hentry category-ultimas-noticias\">\n\t\t\t\t<a class=\"elementor-post__thumbnail__link\" href=\"https:\/\/radiosantaclara.sitetopfm.com.br\/site\/projeto-aumenta-para-ate-10-anos-a-pena-para-o-crime-de-homicidio-culposo\/\" >\n\t\t\t<div class=\"elementor-post__thumbnail\"><img fetchpriority=\"high\" decoding=\"async\" width=\"300\" height=\"199\" src=\"https:\/\/radiosantaclara.sitetopfm.com.br\/site\/wp-content\/uploads\/2026\/03\/imagem-padrao-300x199.jpg\" class=\"attachment-medium size-medium wp-image-6909\" alt=\"\" srcset=\"https:\/\/radiosantaclara.sitetopfm.com.br\/site\/wp-content\/uploads\/2026\/03\/imagem-padrao-300x199.jpg 300w, https:\/\/radiosantaclara.sitetopfm.com.br\/site\/wp-content\/uploads\/2026\/03\/imagem-padrao.jpg 602w\" sizes=\"(max-width: 300px) 100vw, 300px\" \/><\/div>\n\t\t<\/a>\n\t\t\t\t<div class=\"elementor-post__text\">\n\t\t\t\t<h3 class=\"elementor-post__title\">\n\t\t\t<a href=\"https:\/\/radiosantaclara.sitetopfm.com.br\/site\/projeto-aumenta-para-ate-10-anos-a-pena-para-o-crime-de-homicidio-culposo\/\" >\n\t\t\t\tProjeto aumenta para at\u00e9 10 anos a pena para o crime de homic\u00eddio culposo\t\t\t<\/a>\n\t\t<\/h3>\n\t\t\t\t<div class=\"elementor-post__meta-data\">\n\t\t\t\t\t<span class=\"elementor-post-date\">\n\t\t\t26 de agosto de 2026\t\t<\/span>\n\t\t\t\t<\/div>\n\t\t\t\t\t<a class=\"elementor-post__read-more\" href=\"https:\/\/radiosantaclara.sitetopfm.com.br\/site\/projeto-aumenta-para-ate-10-anos-a-pena-para-o-crime-de-homicidio-culposo\/\" >\n\t\t\t\tLer mais\u00bb\t\t\t<\/a>\n\t\t\t\t<\/div>\n\t\t\t\t<\/article>\n\t\t\t\t<article class=\"elementor-post elementor-grid-item post-10997 post type-post status-publish format-standard has-post-thumbnail hentry category-economia\">\n\t\t\t\t<a class=\"elementor-post__thumbnail__link\" href=\"https:\/\/radiosantaclara.sitetopfm.com.br\/site\/motta-diz-que-congresso-deve-votar-na-semana-que-vem-fim-da-taxa-das-blusinhas\/\" >\n\t\t\t<div class=\"elementor-post__thumbnail\"><img fetchpriority=\"high\" decoding=\"async\" width=\"300\" height=\"199\" src=\"https:\/\/radiosantaclara.sitetopfm.com.br\/site\/wp-content\/uploads\/2026\/03\/imagem-padrao-300x199.jpg\" class=\"attachment-medium size-medium wp-image-6909\" alt=\"\" srcset=\"https:\/\/radiosantaclara.sitetopfm.com.br\/site\/wp-content\/uploads\/2026\/03\/imagem-padrao-300x199.jpg 300w, https:\/\/radiosantaclara.sitetopfm.com.br\/site\/wp-content\/uploads\/2026\/03\/imagem-padrao.jpg 602w\" sizes=\"(max-width: 300px) 100vw, 300px\" \/><\/div>\n\t\t<\/a>\n\t\t\t\t<div class=\"elementor-post__text\">\n\t\t\t\t<h3 class=\"elementor-post__title\">\n\t\t\t<a href=\"https:\/\/radiosantaclara.sitetopfm.com.br\/site\/motta-diz-que-congresso-deve-votar-na-semana-que-vem-fim-da-taxa-das-blusinhas\/\" >\n\t\t\t\tMotta diz que Congresso deve votar na semana que vem fim da taxa das blusinhas\t\t\t<\/a>\n\t\t<\/h3>\n\t\t\t\t<div class=\"elementor-post__meta-data\">\n\t\t\t\t\t<span class=\"elementor-post-date\">\n\t\t\t26 de agosto de 2026\t\t<\/span>\n\t\t\t\t<\/div>\n\t\t\t\t\t<a class=\"elementor-post__read-more\" href=\"https:\/\/radiosantaclara.sitetopfm.com.br\/site\/motta-diz-que-congresso-deve-votar-na-semana-que-vem-fim-da-taxa-das-blusinhas\/\" >\n\t\t\t\tLer mais\u00bb\t\t\t<\/a>\n\t\t\t\t<\/div>\n\t\t\t\t<\/article>\n\t\t\t\t<article class=\"elementor-post elementor-grid-item post-10996 post type-post status-publish format-standard has-post-thumbnail hentry category-ultimas-noticias\">\n\t\t\t\t<a class=\"elementor-post__thumbnail__link\" href=\"https:\/\/radiosantaclara.sitetopfm.com.br\/site\/projeto-define-criterios-para-isentar-de-imposto-de-renda-gratificacoes-de-professores\/\" >\n\t\t\t<div class=\"elementor-post__thumbnail\"><img fetchpriority=\"high\" decoding=\"async\" width=\"300\" height=\"199\" src=\"https:\/\/radiosantaclara.sitetopfm.com.br\/site\/wp-content\/uploads\/2026\/03\/imagem-padrao-300x199.jpg\" class=\"attachment-medium size-medium wp-image-6909\" alt=\"\" srcset=\"https:\/\/radiosantaclara.sitetopfm.com.br\/site\/wp-content\/uploads\/2026\/03\/imagem-padrao-300x199.jpg 300w, https:\/\/radiosantaclara.sitetopfm.com.br\/site\/wp-content\/uploads\/2026\/03\/imagem-padrao.jpg 602w\" sizes=\"(max-width: 300px) 100vw, 300px\" \/><\/div>\n\t\t<\/a>\n\t\t\t\t<div class=\"elementor-post__text\">\n\t\t\t\t<h3 class=\"elementor-post__title\">\n\t\t\t<a href=\"https:\/\/radiosantaclara.sitetopfm.com.br\/site\/projeto-define-criterios-para-isentar-de-imposto-de-renda-gratificacoes-de-professores\/\" >\n\t\t\t\tProjeto define crit\u00e9rios para isentar de Imposto de Renda gratifica\u00e7\u00f5es de professores\t\t\t<\/a>\n\t\t<\/h3>\n\t\t\t\t<div class=\"elementor-post__meta-data\">\n\t\t\t\t\t<span class=\"elementor-post-date\">\n\t\t\t26 de agosto de 2026\t\t<\/span>\n\t\t\t\t<\/div>\n\t\t\t\t\t<a class=\"elementor-post__read-more\" href=\"https:\/\/radiosantaclara.sitetopfm.com.br\/site\/projeto-define-criterios-para-isentar-de-imposto-de-renda-gratificacoes-de-professores\/\" >\n\t\t\t\tLer mais\u00bb\t\t\t<\/a>\n\t\t\t\t<\/div>\n\t\t\t\t<\/article>\n\t\t\t\t<article class=\"elementor-post elementor-grid-item post-10995 post type-post status-publish format-standard has-post-thumbnail hentry category-meio-ambiente\">\n\t\t\t\t<a class=\"elementor-post__thumbnail__link\" href=\"https:\/\/radiosantaclara.sitetopfm.com.br\/site\/projeto-cria-regras-para-doacao-e-transfusao-de-sangue-em-caes-e-gatos\/\" >\n\t\t\t<div class=\"elementor-post__thumbnail\"><img fetchpriority=\"high\" decoding=\"async\" width=\"300\" height=\"199\" src=\"https:\/\/radiosantaclara.sitetopfm.com.br\/site\/wp-content\/uploads\/2026\/03\/imagem-padrao-300x199.jpg\" class=\"attachment-medium size-medium wp-image-6909\" alt=\"\" srcset=\"https:\/\/radiosantaclara.sitetopfm.com.br\/site\/wp-content\/uploads\/2026\/03\/imagem-padrao-300x199.jpg 300w, https:\/\/radiosantaclara.sitetopfm.com.br\/site\/wp-content\/uploads\/2026\/03\/imagem-padrao.jpg 602w\" sizes=\"(max-width: 300px) 100vw, 300px\" \/><\/div>\n\t\t<\/a>\n\t\t\t\t<div class=\"elementor-post__text\">\n\t\t\t\t<h3 class=\"elementor-post__title\">\n\t\t\t<a href=\"https:\/\/radiosantaclara.sitetopfm.com.br\/site\/projeto-cria-regras-para-doacao-e-transfusao-de-sangue-em-caes-e-gatos\/\" >\n\t\t\t\tProjeto cria regras para doa\u00e7\u00e3o e transfus\u00e3o de sangue em c\u00e3es e gatos\t\t\t<\/a>\n\t\t<\/h3>\n\t\t\t\t<div class=\"elementor-post__meta-data\">\n\t\t\t\t\t<span class=\"elementor-post-date\">\n\t\t\t26 de agosto de 2026\t\t<\/span>\n\t\t\t\t<\/div>\n\t\t\t\t\t<a class=\"elementor-post__read-more\" href=\"https:\/\/radiosantaclara.sitetopfm.com.br\/site\/projeto-cria-regras-para-doacao-e-transfusao-de-sangue-em-caes-e-gatos\/\" >\n\t\t\t\tLer mais\u00bb\t\t\t<\/a>\n\t\t\t\t<\/div>\n\t\t\t\t<\/article>\n\t\t\t\t<article class=\"elementor-post elementor-grid-item post-10994 post type-post status-publish format-standard has-post-thumbnail hentry category-politica\">\n\t\t\t\t<a class=\"elementor-post__thumbnail__link\" href=\"https:\/\/radiosantaclara.sitetopfm.com.br\/site\/presidente-da-camara-destaca-transparencia-e-pluralidade-como-pilares-da-democracia\/\" >\n\t\t\t<div class=\"elementor-post__thumbnail\"><img fetchpriority=\"high\" decoding=\"async\" width=\"300\" height=\"199\" src=\"https:\/\/radiosantaclara.sitetopfm.com.br\/site\/wp-content\/uploads\/2026\/03\/imagem-padrao-300x199.jpg\" class=\"attachment-medium size-medium wp-image-6909\" alt=\"\" srcset=\"https:\/\/radiosantaclara.sitetopfm.com.br\/site\/wp-content\/uploads\/2026\/03\/imagem-padrao-300x199.jpg 300w, https:\/\/radiosantaclara.sitetopfm.com.br\/site\/wp-content\/uploads\/2026\/03\/imagem-padrao.jpg 602w\" sizes=\"(max-width: 300px) 100vw, 300px\" \/><\/div>\n\t\t<\/a>\n\t\t\t\t<div class=\"elementor-post__text\">\n\t\t\t\t<h3 class=\"elementor-post__title\">\n\t\t\t<a href=\"https:\/\/radiosantaclara.sitetopfm.com.br\/site\/presidente-da-camara-destaca-transparencia-e-pluralidade-como-pilares-da-democracia\/\" >\n\t\t\t\tPresidente da C\u00e2mara destaca transpar\u00eancia e pluralidade como pilares da democracia\t\t\t<\/a>\n\t\t<\/h3>\n\t\t\t\t<div class=\"elementor-post__meta-data\">\n\t\t\t\t\t<span class=\"elementor-post-date\">\n\t\t\t26 de agosto de 2026\t\t<\/span>\n\t\t\t\t<\/div>\n\t\t\t\t\t<a class=\"elementor-post__read-more\" href=\"https:\/\/radiosantaclara.sitetopfm.com.br\/site\/presidente-da-camara-destaca-transparencia-e-pluralidade-como-pilares-da-democracia\/\" >\n\t\t\t\tLer mais\u00bb\t\t\t<\/a>\n\t\t\t\t<\/div>\n\t\t\t\t<\/article>\n\t\t\t\t<article class=\"elementor-post elementor-grid-item post-10993 post type-post status-publish format-standard has-post-thumbnail hentry category-ultimas-noticias\">\n\t\t\t\t<a class=\"elementor-post__thumbnail__link\" href=\"https:\/\/radiosantaclara.sitetopfm.com.br\/site\/projeto-cria-programa-para-promover-autonomia-financeira-de-mulheres-vitimas-de-violencia\/\" >\n\t\t\t<div class=\"elementor-post__thumbnail\"><img fetchpriority=\"high\" decoding=\"async\" width=\"300\" height=\"199\" src=\"https:\/\/radiosantaclara.sitetopfm.com.br\/site\/wp-content\/uploads\/2026\/03\/imagem-padrao-300x199.jpg\" class=\"attachment-medium size-medium wp-image-6909\" alt=\"\" srcset=\"https:\/\/radiosantaclara.sitetopfm.com.br\/site\/wp-content\/uploads\/2026\/03\/imagem-padrao-300x199.jpg 300w, https:\/\/radiosantaclara.sitetopfm.com.br\/site\/wp-content\/uploads\/2026\/03\/imagem-padrao.jpg 602w\" sizes=\"(max-width: 300px) 100vw, 300px\" \/><\/div>\n\t\t<\/a>\n\t\t\t\t<div class=\"elementor-post__text\">\n\t\t\t\t<h3 class=\"elementor-post__title\">\n\t\t\t<a href=\"https:\/\/radiosantaclara.sitetopfm.com.br\/site\/projeto-cria-programa-para-promover-autonomia-financeira-de-mulheres-vitimas-de-violencia\/\" >\n\t\t\t\tProjeto cria programa para promover autonomia financeira de mulheres v\u00edtimas de viol\u00eancia\t\t\t<\/a>\n\t\t<\/h3>\n\t\t\t\t<div class=\"elementor-post__meta-data\">\n\t\t\t\t\t<span class=\"elementor-post-date\">\n\t\t\t26 de agosto de 2026\t\t<\/span>\n\t\t\t\t<\/div>\n\t\t\t\t\t<a class=\"elementor-post__read-more\" href=\"https:\/\/radiosantaclara.sitetopfm.com.br\/site\/projeto-cria-programa-para-promover-autonomia-financeira-de-mulheres-vitimas-de-violencia\/\" >\n\t\t\t\tLer mais\u00bb\t\t\t<\/a>\n\t\t\t\t<\/div>\n\t\t\t\t<\/article>\n\t\t\t\t<article class=\"elementor-post elementor-grid-item post-10992 post type-post status-publish format-standard has-post-thumbnail hentry category-ultimas-noticias\">\n\t\t\t\t<a class=\"elementor-post__thumbnail__link\" href=\"https:\/\/radiosantaclara.sitetopfm.com.br\/site\/projeto-obriga-autoridades-a-dar-transparencia-ao-uso-de-jatinhos-privados\/\" >\n\t\t\t<div class=\"elementor-post__thumbnail\"><img fetchpriority=\"high\" decoding=\"async\" width=\"300\" height=\"199\" src=\"https:\/\/radiosantaclara.sitetopfm.com.br\/site\/wp-content\/uploads\/2026\/03\/imagem-padrao-300x199.jpg\" class=\"attachment-medium size-medium wp-image-6909\" alt=\"\" srcset=\"https:\/\/radiosantaclara.sitetopfm.com.br\/site\/wp-content\/uploads\/2026\/03\/imagem-padrao-300x199.jpg 300w, https:\/\/radiosantaclara.sitetopfm.com.br\/site\/wp-content\/uploads\/2026\/03\/imagem-padrao.jpg 602w\" sizes=\"(max-width: 300px) 100vw, 300px\" \/><\/div>\n\t\t<\/a>\n\t\t\t\t<div class=\"elementor-post__text\">\n\t\t\t\t<h3 class=\"elementor-post__title\">\n\t\t\t<a href=\"https:\/\/radiosantaclara.sitetopfm.com.br\/site\/projeto-obriga-autoridades-a-dar-transparencia-ao-uso-de-jatinhos-privados\/\" >\n\t\t\t\tProjeto obriga autoridades a dar transpar\u00eancia ao uso de jatinhos privados\t\t\t<\/a>\n\t\t<\/h3>\n\t\t\t\t<div class=\"elementor-post__meta-data\">\n\t\t\t\t\t<span class=\"elementor-post-date\">\n\t\t\t26 de agosto de 2026\t\t<\/span>\n\t\t\t\t<\/div>\n\t\t\t\t\t<a class=\"elementor-post__read-more\" href=\"https:\/\/radiosantaclara.sitetopfm.com.br\/site\/projeto-obriga-autoridades-a-dar-transparencia-ao-uso-de-jatinhos-privados\/\" >\n\t\t\t\tLer mais\u00bb\t\t\t<\/a>\n\t\t\t\t<\/div>\n\t\t\t\t<\/article>\n\t\t\t\t<article class=\"elementor-post elementor-grid-item post-10991 post type-post status-publish format-standard has-post-thumbnail hentry category-ultimas-noticias\">\n\t\t\t\t<a class=\"elementor-post__thumbnail__link\" href=\"https:\/\/radiosantaclara.sitetopfm.com.br\/site\/projeto-permite-que-usar-o-fgts-para-comprar-outro-imovel-se-o-atual-estiver-a-mais-de-50-km-de-distancia\/\" >\n\t\t\t<div class=\"elementor-post__thumbnail\"><img fetchpriority=\"high\" decoding=\"async\" width=\"300\" height=\"199\" src=\"https:\/\/radiosantaclara.sitetopfm.com.br\/site\/wp-content\/uploads\/2026\/03\/imagem-padrao-300x199.jpg\" class=\"attachment-medium size-medium wp-image-6909\" alt=\"\" srcset=\"https:\/\/radiosantaclara.sitetopfm.com.br\/site\/wp-content\/uploads\/2026\/03\/imagem-padrao-300x199.jpg 300w, https:\/\/radiosantaclara.sitetopfm.com.br\/site\/wp-content\/uploads\/2026\/03\/imagem-padrao.jpg 602w\" sizes=\"(max-width: 300px) 100vw, 300px\" \/><\/div>\n\t\t<\/a>\n\t\t\t\t<div class=\"elementor-post__text\">\n\t\t\t\t<h3 class=\"elementor-post__title\">\n\t\t\t<a href=\"https:\/\/radiosantaclara.sitetopfm.com.br\/site\/projeto-permite-que-usar-o-fgts-para-comprar-outro-imovel-se-o-atual-estiver-a-mais-de-50-km-de-distancia\/\" >\n\t\t\t\tProjeto permite que usar o FGTS para comprar outro im\u00f3vel se o atual estiver a mais de 50 km de dist\u00e2ncia\t\t\t<\/a>\n\t\t<\/h3>\n\t\t\t\t<div class=\"elementor-post__meta-data\">\n\t\t\t\t\t<span class=\"elementor-post-date\">\n\t\t\t26 de agosto de 2026\t\t<\/span>\n\t\t\t\t<\/div>\n\t\t\t\t\t<a class=\"elementor-post__read-more\" href=\"https:\/\/radiosantaclara.sitetopfm.com.br\/site\/projeto-permite-que-usar-o-fgts-para-comprar-outro-imovel-se-o-atual-estiver-a-mais-de-50-km-de-distancia\/\" >\n\t\t\t\tLer mais\u00bb\t\t\t<\/a>\n\t\t\t\t<\/div>\n\t\t\t\t<\/article>\n\t\t\t\t<article class=\"elementor-post elementor-grid-item post-10990 post type-post status-publish format-standard has-post-thumbnail hentry category-ultimas-noticias\">\n\t\t\t\t<a class=\"elementor-post__thumbnail__link\" href=\"https:\/\/radiosantaclara.sitetopfm.com.br\/site\/eleitor-deve-consultar-fontes-confiaveis-antes-de-escolher-candidatos\/\" >\n\t\t\t<div class=\"elementor-post__thumbnail\"><img fetchpriority=\"high\" decoding=\"async\" width=\"300\" height=\"199\" src=\"https:\/\/radiosantaclara.sitetopfm.com.br\/site\/wp-content\/uploads\/2026\/03\/imagem-padrao-300x199.jpg\" class=\"attachment-medium size-medium wp-image-6909\" alt=\"\" srcset=\"https:\/\/radiosantaclara.sitetopfm.com.br\/site\/wp-content\/uploads\/2026\/03\/imagem-padrao-300x199.jpg 300w, https:\/\/radiosantaclara.sitetopfm.com.br\/site\/wp-content\/uploads\/2026\/03\/imagem-padrao.jpg 602w\" sizes=\"(max-width: 300px) 100vw, 300px\" \/><\/div>\n\t\t<\/a>\n\t\t\t\t<div class=\"elementor-post__text\">\n\t\t\t\t<h3 class=\"elementor-post__title\">\n\t\t\t<a href=\"https:\/\/radiosantaclara.sitetopfm.com.br\/site\/eleitor-deve-consultar-fontes-confiaveis-antes-de-escolher-candidatos\/\" >\n\t\t\t\tEleitor deve consultar fontes confi\u00e1veis antes de escolher candidatos\t\t\t<\/a>\n\t\t<\/h3>\n\t\t\t\t<div class=\"elementor-post__meta-data\">\n\t\t\t\t\t<span class=\"elementor-post-date\">\n\t\t\t26 de agosto de 2026\t\t<\/span>\n\t\t\t\t<\/div>\n\t\t\t\t\t<a class=\"elementor-post__read-more\" href=\"https:\/\/radiosantaclara.sitetopfm.com.br\/site\/eleitor-deve-consultar-fontes-confiaveis-antes-de-escolher-candidatos\/\" >\n\t\t\t\tLer mais\u00bb\t\t\t<\/a>\n\t\t\t\t<\/div>\n\t\t\t\t<\/article>\n\t\t\t\t<article class=\"elementor-post elementor-grid-item post-10989 post type-post status-publish format-standard has-post-thumbnail hentry category-ultimas-noticias\">\n\t\t\t\t<a class=\"elementor-post__thumbnail__link\" href=\"https:\/\/radiosantaclara.sitetopfm.com.br\/site\/transporte-gratuito-no-dia-da-eleicao-deve-garantir-acesso-ao-voto\/\" >\n\t\t\t<div class=\"elementor-post__thumbnail\"><img fetchpriority=\"high\" decoding=\"async\" width=\"300\" height=\"199\" src=\"https:\/\/radiosantaclara.sitetopfm.com.br\/site\/wp-content\/uploads\/2026\/03\/imagem-padrao-300x199.jpg\" class=\"attachment-medium size-medium wp-image-6909\" alt=\"\" srcset=\"https:\/\/radiosantaclara.sitetopfm.com.br\/site\/wp-content\/uploads\/2026\/03\/imagem-padrao-300x199.jpg 300w, https:\/\/radiosantaclara.sitetopfm.com.br\/site\/wp-content\/uploads\/2026\/03\/imagem-padrao.jpg 602w\" sizes=\"(max-width: 300px) 100vw, 300px\" \/><\/div>\n\t\t<\/a>\n\t\t\t\t<div class=\"elementor-post__text\">\n\t\t\t\t<h3 class=\"elementor-post__title\">\n\t\t\t<a href=\"https:\/\/radiosantaclara.sitetopfm.com.br\/site\/transporte-gratuito-no-dia-da-eleicao-deve-garantir-acesso-ao-voto\/\" >\n\t\t\t\tTransporte gratuito no dia da elei\u00e7\u00e3o deve garantir acesso ao voto\t\t\t<\/a>\n\t\t<\/h3>\n\t\t\t\t<div class=\"elementor-post__meta-data\">\n\t\t\t\t\t<span class=\"elementor-post-date\">\n\t\t\t25 de agosto de 2026\t\t<\/span>\n\t\t\t\t<\/div>\n\t\t\t\t\t<a class=\"elementor-post__read-more\" href=\"https:\/\/radiosantaclara.sitetopfm.com.br\/site\/transporte-gratuito-no-dia-da-eleicao-deve-garantir-acesso-ao-voto\/\" >\n\t\t\t\tLer mais\u00bb\t\t\t<\/a>\n\t\t\t\t<\/div>\n\t\t\t\t<\/article>\n\t\t\t\t<article class=\"elementor-post elementor-grid-item post-10988 post type-post status-publish format-standard has-post-thumbnail hentry category-economia\">\n\t\t\t\t<a class=\"elementor-post__thumbnail__link\" href=\"https:\/\/radiosantaclara.sitetopfm.com.br\/site\/governo-edita-mais-uma-medida-provisoria-com-credito-extra-para-subsidiar-combustiveis\/\" >\n\t\t\t<div class=\"elementor-post__thumbnail\"><img fetchpriority=\"high\" decoding=\"async\" width=\"300\" height=\"199\" src=\"https:\/\/radiosantaclara.sitetopfm.com.br\/site\/wp-content\/uploads\/2026\/03\/imagem-padrao-300x199.jpg\" class=\"attachment-medium size-medium wp-image-6909\" alt=\"\" srcset=\"https:\/\/radiosantaclara.sitetopfm.com.br\/site\/wp-content\/uploads\/2026\/03\/imagem-padrao-300x199.jpg 300w, https:\/\/radiosantaclara.sitetopfm.com.br\/site\/wp-content\/uploads\/2026\/03\/imagem-padrao.jpg 602w\" sizes=\"(max-width: 300px) 100vw, 300px\" \/><\/div>\n\t\t<\/a>\n\t\t\t\t<div class=\"elementor-post__text\">\n\t\t\t\t<h3 class=\"elementor-post__title\">\n\t\t\t<a href=\"https:\/\/radiosantaclara.sitetopfm.com.br\/site\/governo-edita-mais-uma-medida-provisoria-com-credito-extra-para-subsidiar-combustiveis\/\" >\n\t\t\t\tGoverno edita mais uma medida provis\u00f3ria com cr\u00e9dito extra para subsidiar combust\u00edveis\t\t\t<\/a>\n\t\t<\/h3>\n\t\t\t\t<div class=\"elementor-post__meta-data\">\n\t\t\t\t\t<span class=\"elementor-post-date\">\n\t\t\t25 de agosto de 2026\t\t<\/span>\n\t\t\t\t<\/div>\n\t\t\t\t\t<a class=\"elementor-post__read-more\" href=\"https:\/\/radiosantaclara.sitetopfm.com.br\/site\/governo-edita-mais-uma-medida-provisoria-com-credito-extra-para-subsidiar-combustiveis\/\" >\n\t\t\t\tLer mais\u00bb\t\t\t<\/a>\n\t\t\t\t<\/div>\n\t\t\t\t<\/article>\n\t\t\t\t<article class=\"elementor-post elementor-grid-item post-10987 post type-post status-publish format-standard has-post-thumbnail hentry category-meio-ambiente\">\n\t\t\t\t<a class=\"elementor-post__thumbnail__link\" href=\"https:\/\/radiosantaclara.sitetopfm.com.br\/site\/projeto-cria-regras-para-proteger-comunidades-vizinhas-de-parques-eolicos\/\" >\n\t\t\t<div class=\"elementor-post__thumbnail\"><img fetchpriority=\"high\" decoding=\"async\" width=\"300\" height=\"199\" src=\"https:\/\/radiosantaclara.sitetopfm.com.br\/site\/wp-content\/uploads\/2026\/03\/imagem-padrao-300x199.jpg\" class=\"attachment-medium size-medium wp-image-6909\" alt=\"\" srcset=\"https:\/\/radiosantaclara.sitetopfm.com.br\/site\/wp-content\/uploads\/2026\/03\/imagem-padrao-300x199.jpg 300w, https:\/\/radiosantaclara.sitetopfm.com.br\/site\/wp-content\/uploads\/2026\/03\/imagem-padrao.jpg 602w\" sizes=\"(max-width: 300px) 100vw, 300px\" \/><\/div>\n\t\t<\/a>\n\t\t\t\t<div class=\"elementor-post__text\">\n\t\t\t\t<h3 class=\"elementor-post__title\">\n\t\t\t<a href=\"https:\/\/radiosantaclara.sitetopfm.com.br\/site\/projeto-cria-regras-para-proteger-comunidades-vizinhas-de-parques-eolicos\/\" >\n\t\t\t\tProjeto cria regras para proteger comunidades vizinhas de parques e\u00f3licos\t\t\t<\/a>\n\t\t<\/h3>\n\t\t\t\t<div class=\"elementor-post__meta-data\">\n\t\t\t\t\t<span class=\"elementor-post-date\">\n\t\t\t25 de agosto de 2026\t\t<\/span>\n\t\t\t\t<\/div>\n\t\t\t\t\t<a class=\"elementor-post__read-more\" href=\"https:\/\/radiosantaclara.sitetopfm.com.br\/site\/projeto-cria-regras-para-proteger-comunidades-vizinhas-de-parques-eolicos\/\" >\n\t\t\t\tLer mais\u00bb\t\t\t<\/a>\n\t\t\t\t<\/div>\n\t\t\t\t<\/article>\n\t\t\t\t<article class=\"elementor-post elementor-grid-item post-10986 post type-post status-publish format-standard has-post-thumbnail hentry category-seguranca\">\n\t\t\t\t<a class=\"elementor-post__thumbnail__link\" href=\"https:\/\/radiosantaclara.sitetopfm.com.br\/site\/projeto-pune-o-uso-ilegal-de-giroflex-e-sirenes\/\" >\n\t\t\t<div class=\"elementor-post__thumbnail\"><img fetchpriority=\"high\" decoding=\"async\" width=\"300\" height=\"199\" src=\"https:\/\/radiosantaclara.sitetopfm.com.br\/site\/wp-content\/uploads\/2026\/03\/imagem-padrao-300x199.jpg\" class=\"attachment-medium size-medium wp-image-6909\" alt=\"\" srcset=\"https:\/\/radiosantaclara.sitetopfm.com.br\/site\/wp-content\/uploads\/2026\/03\/imagem-padrao-300x199.jpg 300w, https:\/\/radiosantaclara.sitetopfm.com.br\/site\/wp-content\/uploads\/2026\/03\/imagem-padrao.jpg 602w\" sizes=\"(max-width: 300px) 100vw, 300px\" \/><\/div>\n\t\t<\/a>\n\t\t\t\t<div class=\"elementor-post__text\">\n\t\t\t\t<h3 class=\"elementor-post__title\">\n\t\t\t<a href=\"https:\/\/radiosantaclara.sitetopfm.com.br\/site\/projeto-pune-o-uso-ilegal-de-giroflex-e-sirenes\/\" >\n\t\t\t\tProjeto pune o uso ilegal de giroflex e sirenes\t\t\t<\/a>\n\t\t<\/h3>\n\t\t\t\t<div class=\"elementor-post__meta-data\">\n\t\t\t\t\t<span class=\"elementor-post-date\">\n\t\t\t25 de agosto de 2026\t\t<\/span>\n\t\t\t\t<\/div>\n\t\t\t\t\t<a class=\"elementor-post__read-more\" href=\"https:\/\/radiosantaclara.sitetopfm.com.br\/site\/projeto-pune-o-uso-ilegal-de-giroflex-e-sirenes\/\" >\n\t\t\t\tLer mais\u00bb\t\t\t<\/a>\n\t\t\t\t<\/div>\n\t\t\t\t<\/article>\n\t\t\t\t<article class=\"elementor-post elementor-grid-item post-10985 post type-post status-publish format-standard has-post-thumbnail hentry category-saude\">\n\t\t\t\t<a class=\"elementor-post__thumbnail__link\" href=\"https:\/\/radiosantaclara.sitetopfm.com.br\/site\/junho-vermelho-campanha-de-incentivo-a-doacao-de-sangue-agora-e-lei\/\" >\n\t\t\t<div class=\"elementor-post__thumbnail\"><img fetchpriority=\"high\" decoding=\"async\" width=\"300\" height=\"199\" src=\"https:\/\/radiosantaclara.sitetopfm.com.br\/site\/wp-content\/uploads\/2026\/03\/imagem-padrao-300x199.jpg\" class=\"attachment-medium size-medium wp-image-6909\" alt=\"\" srcset=\"https:\/\/radiosantaclara.sitetopfm.com.br\/site\/wp-content\/uploads\/2026\/03\/imagem-padrao-300x199.jpg 300w, https:\/\/radiosantaclara.sitetopfm.com.br\/site\/wp-content\/uploads\/2026\/03\/imagem-padrao.jpg 602w\" sizes=\"(max-width: 300px) 100vw, 300px\" \/><\/div>\n\t\t<\/a>\n\t\t\t\t<div class=\"elementor-post__text\">\n\t\t\t\t<h3 class=\"elementor-post__title\">\n\t\t\t<a href=\"https:\/\/radiosantaclara.sitetopfm.com.br\/site\/junho-vermelho-campanha-de-incentivo-a-doacao-de-sangue-agora-e-lei\/\" >\n\t\t\t\t&#8216;Junho Vermelho&#8217;: campanha de incentivo \u00e0 doa\u00e7\u00e3o de sangue agora \u00e9 lei\t\t\t<\/a>\n\t\t<\/h3>\n\t\t\t\t<div class=\"elementor-post__meta-data\">\n\t\t\t\t\t<span class=\"elementor-post-date\">\n\t\t\t25 de agosto de 2026\t\t<\/span>\n\t\t\t\t<\/div>\n\t\t\t\t\t<a class=\"elementor-post__read-more\" href=\"https:\/\/radiosantaclara.sitetopfm.com.br\/site\/junho-vermelho-campanha-de-incentivo-a-doacao-de-sangue-agora-e-lei\/\" >\n\t\t\t\tLer mais\u00bb\t\t\t<\/a>\n\t\t\t\t<\/div>\n\t\t\t\t<\/article>\n\t\t\t\t<article class=\"elementor-post elementor-grid-item post-10984 post type-post status-publish format-standard has-post-thumbnail hentry category-direitos-humanos\">\n\t\t\t\t<a class=\"elementor-post__thumbnail__link\" href=\"https:\/\/radiosantaclara.sitetopfm.com.br\/site\/frente-parlamentar-lanca-guia-para-regulamentacao-do-eca-digital\/\" >\n\t\t\t<div class=\"elementor-post__thumbnail\"><img fetchpriority=\"high\" decoding=\"async\" width=\"300\" height=\"199\" src=\"https:\/\/radiosantaclara.sitetopfm.com.br\/site\/wp-content\/uploads\/2026\/03\/imagem-padrao-300x199.jpg\" class=\"attachment-medium size-medium wp-image-6909\" alt=\"\" srcset=\"https:\/\/radiosantaclara.sitetopfm.com.br\/site\/wp-content\/uploads\/2026\/03\/imagem-padrao-300x199.jpg 300w, https:\/\/radiosantaclara.sitetopfm.com.br\/site\/wp-content\/uploads\/2026\/03\/imagem-padrao.jpg 602w\" sizes=\"(max-width: 300px) 100vw, 300px\" \/><\/div>\n\t\t<\/a>\n\t\t\t\t<div class=\"elementor-post__text\">\n\t\t\t\t<h3 class=\"elementor-post__title\">\n\t\t\t<a href=\"https:\/\/radiosantaclara.sitetopfm.com.br\/site\/frente-parlamentar-lanca-guia-para-regulamentacao-do-eca-digital\/\" >\n\t\t\t\tFrente parlamentar lan\u00e7a guia para regulamenta\u00e7\u00e3o do ECA Digital\t\t\t<\/a>\n\t\t<\/h3>\n\t\t\t\t<div class=\"elementor-post__meta-data\">\n\t\t\t\t\t<span class=\"elementor-post-date\">\n\t\t\t25 de agosto de 2026\t\t<\/span>\n\t\t\t\t<\/div>\n\t\t\t\t\t<a class=\"elementor-post__read-more\" href=\"https:\/\/radiosantaclara.sitetopfm.com.br\/site\/frente-parlamentar-lanca-guia-para-regulamentacao-do-eca-digital\/\" >\n\t\t\t\tLer mais\u00bb\t\t\t<\/a>\n\t\t\t\t<\/div>\n\t\t\t\t<\/article>\n\t\t\t\t<article class=\"elementor-post elementor-grid-item post-10983 post type-post status-publish format-standard has-post-thumbnail hentry category-ultimas-noticias\">\n\t\t\t\t<a class=\"elementor-post__thumbnail__link\" href=\"https:\/\/radiosantaclara.sitetopfm.com.br\/site\/medida-provisoria-abre-credito-de-r-7-bilhoes-para-exportadores-afetados-pelo-tarifaco-dos-eua\/\" >\n\t\t\t<div class=\"elementor-post__thumbnail\"><img fetchpriority=\"high\" decoding=\"async\" width=\"300\" height=\"199\" src=\"https:\/\/radiosantaclara.sitetopfm.com.br\/site\/wp-content\/uploads\/2026\/03\/imagem-padrao-300x199.jpg\" class=\"attachment-medium size-medium wp-image-6909\" alt=\"\" srcset=\"https:\/\/radiosantaclara.sitetopfm.com.br\/site\/wp-content\/uploads\/2026\/03\/imagem-padrao-300x199.jpg 300w, https:\/\/radiosantaclara.sitetopfm.com.br\/site\/wp-content\/uploads\/2026\/03\/imagem-padrao.jpg 602w\" sizes=\"(max-width: 300px) 100vw, 300px\" \/><\/div>\n\t\t<\/a>\n\t\t\t\t<div class=\"elementor-post__text\">\n\t\t\t\t<h3 class=\"elementor-post__title\">\n\t\t\t<a href=\"https:\/\/radiosantaclara.sitetopfm.com.br\/site\/medida-provisoria-abre-credito-de-r-7-bilhoes-para-exportadores-afetados-pelo-tarifaco-dos-eua\/\" >\n\t\t\t\tMedida provis\u00f3ria abre cr\u00e9dito de R$ 7 bilh\u00f5es para exportadores afetados pelo tarifa\u00e7o dos EUA\t\t\t<\/a>\n\t\t<\/h3>\n\t\t\t\t<div class=\"elementor-post__meta-data\">\n\t\t\t\t\t<span class=\"elementor-post-date\">\n\t\t\t25 de agosto de 2026\t\t<\/span>\n\t\t\t\t<\/div>\n\t\t\t\t\t<a class=\"elementor-post__read-more\" href=\"https:\/\/radiosantaclara.sitetopfm.com.br\/site\/medida-provisoria-abre-credito-de-r-7-bilhoes-para-exportadores-afetados-pelo-tarifaco-dos-eua\/\" >\n\t\t\t\tLer mais\u00bb\t\t\t<\/a>\n\t\t\t\t<\/div>\n\t\t\t\t<\/article>\n\t\t\t\t<article class=\"elementor-post elementor-grid-item post-10982 post type-post status-publish format-standard has-post-thumbnail hentry category-economia\">\n\t\t\t\t<a class=\"elementor-post__thumbnail__link\" href=\"https:\/\/radiosantaclara.sitetopfm.com.br\/site\/medida-provisoria-prorroga-suspensao-de-tributos-para-exportadores-afetados-por-tarifas-dos-eua\/\" >\n\t\t\t<div class=\"elementor-post__thumbnail\"><img fetchpriority=\"high\" decoding=\"async\" width=\"300\" height=\"199\" src=\"https:\/\/radiosantaclara.sitetopfm.com.br\/site\/wp-content\/uploads\/2026\/03\/imagem-padrao-300x199.jpg\" class=\"attachment-medium size-medium wp-image-6909\" alt=\"\" srcset=\"https:\/\/radiosantaclara.sitetopfm.com.br\/site\/wp-content\/uploads\/2026\/03\/imagem-padrao-300x199.jpg 300w, https:\/\/radiosantaclara.sitetopfm.com.br\/site\/wp-content\/uploads\/2026\/03\/imagem-padrao.jpg 602w\" sizes=\"(max-width: 300px) 100vw, 300px\" \/><\/div>\n\t\t<\/a>\n\t\t\t\t<div class=\"elementor-post__text\">\n\t\t\t\t<h3 class=\"elementor-post__title\">\n\t\t\t<a href=\"https:\/\/radiosantaclara.sitetopfm.com.br\/site\/medida-provisoria-prorroga-suspensao-de-tributos-para-exportadores-afetados-por-tarifas-dos-eua\/\" >\n\t\t\t\tMedida provis\u00f3ria prorroga suspens\u00e3o de tributos para exportadores afetados por tarifas dos EUA\t\t\t<\/a>\n\t\t<\/h3>\n\t\t\t\t<div class=\"elementor-post__meta-data\">\n\t\t\t\t\t<span class=\"elementor-post-date\">\n\t\t\t25 de agosto de 2026\t\t<\/span>\n\t\t\t\t<\/div>\n\t\t\t\t\t<a class=\"elementor-post__read-more\" href=\"https:\/\/radiosantaclara.sitetopfm.com.br\/site\/medida-provisoria-prorroga-suspensao-de-tributos-para-exportadores-afetados-por-tarifas-dos-eua\/\" >\n\t\t\t\tLer mais\u00bb\t\t\t<\/a>\n\t\t\t\t<\/div>\n\t\t\t\t<\/article>\n\t\t\t\t<article class=\"elementor-post elementor-grid-item post-10981 post type-post status-publish format-standard has-post-thumbnail hentry category-ultimas-noticias\">\n\t\t\t\t<a class=\"elementor-post__thumbnail__link\" href=\"https:\/\/radiosantaclara.sitetopfm.com.br\/site\/projeto-garante-remedios-para-sindrome-rara-no-sus-e-em-planos-de-saude\/\" >\n\t\t\t<div class=\"elementor-post__thumbnail\"><img fetchpriority=\"high\" decoding=\"async\" width=\"300\" height=\"199\" src=\"https:\/\/radiosantaclara.sitetopfm.com.br\/site\/wp-content\/uploads\/2026\/03\/imagem-padrao-300x199.jpg\" class=\"attachment-medium size-medium wp-image-6909\" alt=\"\" srcset=\"https:\/\/radiosantaclara.sitetopfm.com.br\/site\/wp-content\/uploads\/2026\/03\/imagem-padrao-300x199.jpg 300w, https:\/\/radiosantaclara.sitetopfm.com.br\/site\/wp-content\/uploads\/2026\/03\/imagem-padrao.jpg 602w\" sizes=\"(max-width: 300px) 100vw, 300px\" \/><\/div>\n\t\t<\/a>\n\t\t\t\t<div class=\"elementor-post__text\">\n\t\t\t\t<h3 class=\"elementor-post__title\">\n\t\t\t<a href=\"https:\/\/radiosantaclara.sitetopfm.com.br\/site\/projeto-garante-remedios-para-sindrome-rara-no-sus-e-em-planos-de-saude\/\" >\n\t\t\t\tProjeto garante rem\u00e9dios para s\u00edndrome rara no SUS e em planos de sa\u00fade\t\t\t<\/a>\n\t\t<\/h3>\n\t\t\t\t<div class=\"elementor-post__meta-data\">\n\t\t\t\t\t<span class=\"elementor-post-date\">\n\t\t\t25 de agosto de 2026\t\t<\/span>\n\t\t\t\t<\/div>\n\t\t\t\t\t<a class=\"elementor-post__read-more\" href=\"https:\/\/radiosantaclara.sitetopfm.com.br\/site\/projeto-garante-remedios-para-sindrome-rara-no-sus-e-em-planos-de-saude\/\" >\n\t\t\t\tLer mais\u00bb\t\t\t<\/a>\n\t\t\t\t<\/div>\n\t\t\t\t<\/article>\n\t\t\t\t<article class=\"elementor-post elementor-grid-item post-10980 post type-post status-publish format-standard has-post-thumbnail hentry category-ultimas-noticias\">\n\t\t\t\t<a class=\"elementor-post__thumbnail__link\" href=\"https:\/\/radiosantaclara.sitetopfm.com.br\/site\/projeto-garante-a-advogado-acesso-a-documentos-de-orgaos-publicos\/\" >\n\t\t\t<div class=\"elementor-post__thumbnail\"><img fetchpriority=\"high\" decoding=\"async\" width=\"300\" height=\"199\" src=\"https:\/\/radiosantaclara.sitetopfm.com.br\/site\/wp-content\/uploads\/2026\/03\/imagem-padrao-300x199.jpg\" class=\"attachment-medium size-medium wp-image-6909\" alt=\"\" srcset=\"https:\/\/radiosantaclara.sitetopfm.com.br\/site\/wp-content\/uploads\/2026\/03\/imagem-padrao-300x199.jpg 300w, https:\/\/radiosantaclara.sitetopfm.com.br\/site\/wp-content\/uploads\/2026\/03\/imagem-padrao.jpg 602w\" sizes=\"(max-width: 300px) 100vw, 300px\" \/><\/div>\n\t\t<\/a>\n\t\t\t\t<div class=\"elementor-post__text\">\n\t\t\t\t<h3 class=\"elementor-post__title\">\n\t\t\t<a href=\"https:\/\/radiosantaclara.sitetopfm.com.br\/site\/projeto-garante-a-advogado-acesso-a-documentos-de-orgaos-publicos\/\" >\n\t\t\t\tProjeto garante a advogado acesso a documentos de \u00f3rg\u00e3os p\u00fablicos\t\t\t<\/a>\n\t\t<\/h3>\n\t\t\t\t<div class=\"elementor-post__meta-data\">\n\t\t\t\t\t<span class=\"elementor-post-date\">\n\t\t\t25 de agosto de 2026\t\t<\/span>\n\t\t\t\t<\/div>\n\t\t\t\t\t<a class=\"elementor-post__read-more\" href=\"https:\/\/radiosantaclara.sitetopfm.com.br\/site\/projeto-garante-a-advogado-acesso-a-documentos-de-orgaos-publicos\/\" >\n\t\t\t\tLer mais\u00bb\t\t\t<\/a>\n\t\t\t\t<\/div>\n\t\t\t\t<\/article>\n\t\t\t\t<article class=\"elementor-post elementor-grid-item post-10979 post type-post status-publish format-standard has-post-thumbnail hentry category-ultimas-noticias\">\n\t\t\t\t<a class=\"elementor-post__thumbnail__link\" href=\"https:\/\/radiosantaclara.sitetopfm.com.br\/site\/projeto-reforca-validade-de-mensagens-compartilhadas-como-prova\/\" >\n\t\t\t<div class=\"elementor-post__thumbnail\"><img fetchpriority=\"high\" decoding=\"async\" width=\"300\" height=\"199\" src=\"https:\/\/radiosantaclara.sitetopfm.com.br\/site\/wp-content\/uploads\/2026\/03\/imagem-padrao-300x199.jpg\" class=\"attachment-medium size-medium wp-image-6909\" alt=\"\" srcset=\"https:\/\/radiosantaclara.sitetopfm.com.br\/site\/wp-content\/uploads\/2026\/03\/imagem-padrao-300x199.jpg 300w, https:\/\/radiosantaclara.sitetopfm.com.br\/site\/wp-content\/uploads\/2026\/03\/imagem-padrao.jpg 602w\" sizes=\"(max-width: 300px) 100vw, 300px\" \/><\/div>\n\t\t<\/a>\n\t\t\t\t<div class=\"elementor-post__text\">\n\t\t\t\t<h3 class=\"elementor-post__title\">\n\t\t\t<a href=\"https:\/\/radiosantaclara.sitetopfm.com.br\/site\/projeto-reforca-validade-de-mensagens-compartilhadas-como-prova\/\" >\n\t\t\t\tProjeto refor\u00e7a validade de mensagens compartilhadas como prova\t\t\t<\/a>\n\t\t<\/h3>\n\t\t\t\t<div class=\"elementor-post__meta-data\">\n\t\t\t\t\t<span class=\"elementor-post-date\">\n\t\t\t25 de agosto de 2026\t\t<\/span>\n\t\t\t\t<\/div>\n\t\t\t\t\t<a class=\"elementor-post__read-more\" href=\"https:\/\/radiosantaclara.sitetopfm.com.br\/site\/projeto-reforca-validade-de-mensagens-compartilhadas-como-prova\/\" >\n\t\t\t\tLer mais\u00bb\t\t\t<\/a>\n\t\t\t\t<\/div>\n\t\t\t\t<\/article>\n\t\t\t\t<article class=\"elementor-post elementor-grid-item post-10978 post type-post status-publish format-standard has-post-thumbnail hentry category-ultimas-noticias\">\n\t\t\t\t<a class=\"elementor-post__thumbnail__link\" href=\"https:\/\/radiosantaclara.sitetopfm.com.br\/site\/projeto-autoriza-pessoa-que-auxilia-uma-das-partes-a-recorrer-de-decisao-judicial\/\" >\n\t\t\t<div class=\"elementor-post__thumbnail\"><img fetchpriority=\"high\" decoding=\"async\" width=\"300\" height=\"199\" src=\"https:\/\/radiosantaclara.sitetopfm.com.br\/site\/wp-content\/uploads\/2026\/03\/imagem-padrao-300x199.jpg\" class=\"attachment-medium size-medium wp-image-6909\" alt=\"\" srcset=\"https:\/\/radiosantaclara.sitetopfm.com.br\/site\/wp-content\/uploads\/2026\/03\/imagem-padrao-300x199.jpg 300w, https:\/\/radiosantaclara.sitetopfm.com.br\/site\/wp-content\/uploads\/2026\/03\/imagem-padrao.jpg 602w\" sizes=\"(max-width: 300px) 100vw, 300px\" \/><\/div>\n\t\t<\/a>\n\t\t\t\t<div class=\"elementor-post__text\">\n\t\t\t\t<h3 class=\"elementor-post__title\">\n\t\t\t<a href=\"https:\/\/radiosantaclara.sitetopfm.com.br\/site\/projeto-autoriza-pessoa-que-auxilia-uma-das-partes-a-recorrer-de-decisao-judicial\/\" >\n\t\t\t\tProjeto autoriza pessoa que auxilia uma das partes a recorrer de decis\u00e3o judicial\t\t\t<\/a>\n\t\t<\/h3>\n\t\t\t\t<div class=\"elementor-post__meta-data\">\n\t\t\t\t\t<span class=\"elementor-post-date\">\n\t\t\t24 de agosto de 2026\t\t<\/span>\n\t\t\t\t<\/div>\n\t\t\t\t\t<a class=\"elementor-post__read-more\" href=\"https:\/\/radiosantaclara.sitetopfm.com.br\/site\/projeto-autoriza-pessoa-que-auxilia-uma-das-partes-a-recorrer-de-decisao-judicial\/\" >\n\t\t\t\tLer mais\u00bb\t\t\t<\/a>\n\t\t\t\t<\/div>\n\t\t\t\t<\/article>\n\t\t\t\t<article class=\"elementor-post elementor-grid-item post-10977 post type-post status-publish format-standard has-post-thumbnail hentry category-politica\">\n\t\t\t\t<a class=\"elementor-post__thumbnail__link\" href=\"https:\/\/radiosantaclara.sitetopfm.com.br\/site\/justica-eleitoral-realiza-campanha-de-combate-ao-assedio-de-eleitores-no-trabalho\/\" >\n\t\t\t<div class=\"elementor-post__thumbnail\"><img fetchpriority=\"high\" decoding=\"async\" width=\"300\" height=\"199\" src=\"https:\/\/radiosantaclara.sitetopfm.com.br\/site\/wp-content\/uploads\/2026\/03\/imagem-padrao-300x199.jpg\" class=\"attachment-medium size-medium wp-image-6909\" alt=\"\" srcset=\"https:\/\/radiosantaclara.sitetopfm.com.br\/site\/wp-content\/uploads\/2026\/03\/imagem-padrao-300x199.jpg 300w, https:\/\/radiosantaclara.sitetopfm.com.br\/site\/wp-content\/uploads\/2026\/03\/imagem-padrao.jpg 602w\" sizes=\"(max-width: 300px) 100vw, 300px\" \/><\/div>\n\t\t<\/a>\n\t\t\t\t<div class=\"elementor-post__text\">\n\t\t\t\t<h3 class=\"elementor-post__title\">\n\t\t\t<a href=\"https:\/\/radiosantaclara.sitetopfm.com.br\/site\/justica-eleitoral-realiza-campanha-de-combate-ao-assedio-de-eleitores-no-trabalho\/\" >\n\t\t\t\tJusti\u00e7a Eleitoral realiza campanha de combate ao ass\u00e9dio de eleitores no trabalho\t\t\t<\/a>\n\t\t<\/h3>\n\t\t\t\t<div class=\"elementor-post__meta-data\">\n\t\t\t\t\t<span class=\"elementor-post-date\">\n\t\t\t24 de agosto de 2026\t\t<\/span>\n\t\t\t\t<\/div>\n\t\t\t\t\t<a class=\"elementor-post__read-more\" href=\"https:\/\/radiosantaclara.sitetopfm.com.br\/site\/justica-eleitoral-realiza-campanha-de-combate-ao-assedio-de-eleitores-no-trabalho\/\" >\n\t\t\t\tLer mais\u00bb\t\t\t<\/a>\n\t\t\t\t<\/div>\n\t\t\t\t<\/article>\n\t\t\t\t<article class=\"elementor-post elementor-grid-item post-10976 post type-post status-publish format-standard has-post-thumbnail hentry category-seguranca\">\n\t\t\t\t<a class=\"elementor-post__thumbnail__link\" href=\"https:\/\/radiosantaclara.sitetopfm.com.br\/site\/projeto-agrava-pena-para-furto-e-roubo-com-falsa-identidade-profissional\/\" >\n\t\t\t<div class=\"elementor-post__thumbnail\"><img fetchpriority=\"high\" decoding=\"async\" width=\"300\" height=\"199\" src=\"https:\/\/radiosantaclara.sitetopfm.com.br\/site\/wp-content\/uploads\/2026\/03\/imagem-padrao-300x199.jpg\" class=\"attachment-medium size-medium wp-image-6909\" alt=\"\" srcset=\"https:\/\/radiosantaclara.sitetopfm.com.br\/site\/wp-content\/uploads\/2026\/03\/imagem-padrao-300x199.jpg 300w, https:\/\/radiosantaclara.sitetopfm.com.br\/site\/wp-content\/uploads\/2026\/03\/imagem-padrao.jpg 602w\" sizes=\"(max-width: 300px) 100vw, 300px\" \/><\/div>\n\t\t<\/a>\n\t\t\t\t<div class=\"elementor-post__text\">\n\t\t\t\t<h3 class=\"elementor-post__title\">\n\t\t\t<a href=\"https:\/\/radiosantaclara.sitetopfm.com.br\/site\/projeto-agrava-pena-para-furto-e-roubo-com-falsa-identidade-profissional\/\" >\n\t\t\t\tProjeto agrava pena para furto e roubo com falsa identidade profissional\t\t\t<\/a>\n\t\t<\/h3>\n\t\t\t\t<div class=\"elementor-post__meta-data\">\n\t\t\t\t\t<span class=\"elementor-post-date\">\n\t\t\t24 de agosto de 2026\t\t<\/span>\n\t\t\t\t<\/div>\n\t\t\t\t\t<a class=\"elementor-post__read-more\" href=\"https:\/\/radiosantaclara.sitetopfm.com.br\/site\/projeto-agrava-pena-para-furto-e-roubo-com-falsa-identidade-profissional\/\" >\n\t\t\t\tLer mais\u00bb\t\t\t<\/a>\n\t\t\t\t<\/div>\n\t\t\t\t<\/article>\n\t\t\t\t<article class=\"elementor-post elementor-grid-item post-10975 post type-post status-publish format-standard has-post-thumbnail hentry category-ultimas-noticias\">\n\t\t\t\t<a class=\"elementor-post__thumbnail__link\" href=\"https:\/\/radiosantaclara.sitetopfm.com.br\/site\/projeto-obriga-policia-a-comunicar-vitima-sobre-fim-de-inquerito\/\" >\n\t\t\t<div class=\"elementor-post__thumbnail\"><img fetchpriority=\"high\" decoding=\"async\" width=\"300\" height=\"199\" src=\"https:\/\/radiosantaclara.sitetopfm.com.br\/site\/wp-content\/uploads\/2026\/03\/imagem-padrao-300x199.jpg\" class=\"attachment-medium size-medium wp-image-6909\" alt=\"\" srcset=\"https:\/\/radiosantaclara.sitetopfm.com.br\/site\/wp-content\/uploads\/2026\/03\/imagem-padrao-300x199.jpg 300w, https:\/\/radiosantaclara.sitetopfm.com.br\/site\/wp-content\/uploads\/2026\/03\/imagem-padrao.jpg 602w\" sizes=\"(max-width: 300px) 100vw, 300px\" \/><\/div>\n\t\t<\/a>\n\t\t\t\t<div class=\"elementor-post__text\">\n\t\t\t\t<h3 class=\"elementor-post__title\">\n\t\t\t<a href=\"https:\/\/radiosantaclara.sitetopfm.com.br\/site\/projeto-obriga-policia-a-comunicar-vitima-sobre-fim-de-inquerito\/\" >\n\t\t\t\tProjeto obriga pol\u00edcia a comunicar v\u00edtima sobre fim de inqu\u00e9rito\t\t\t<\/a>\n\t\t<\/h3>\n\t\t\t\t<div class=\"elementor-post__meta-data\">\n\t\t\t\t\t<span class=\"elementor-post-date\">\n\t\t\t24 de agosto de 2026\t\t<\/span>\n\t\t\t\t<\/div>\n\t\t\t\t\t<a class=\"elementor-post__read-more\" href=\"https:\/\/radiosantaclara.sitetopfm.com.br\/site\/projeto-obriga-policia-a-comunicar-vitima-sobre-fim-de-inquerito\/\" >\n\t\t\t\tLer mais\u00bb\t\t\t<\/a>\n\t\t\t\t<\/div>\n\t\t\t\t<\/article>\n\t\t\t\t<article class=\"elementor-post elementor-grid-item post-10974 post type-post status-publish format-standard has-post-thumbnail hentry category-meio-ambiente\">\n\t\t\t\t<a class=\"elementor-post__thumbnail__link\" href=\"https:\/\/radiosantaclara.sitetopfm.com.br\/site\/projeto-permite-o-cultivo-de-lavouras-temporarias-as-margens-de-rodovias\/\" >\n\t\t\t<div class=\"elementor-post__thumbnail\"><img fetchpriority=\"high\" decoding=\"async\" width=\"300\" height=\"199\" src=\"https:\/\/radiosantaclara.sitetopfm.com.br\/site\/wp-content\/uploads\/2026\/03\/imagem-padrao-300x199.jpg\" class=\"attachment-medium size-medium wp-image-6909\" alt=\"\" srcset=\"https:\/\/radiosantaclara.sitetopfm.com.br\/site\/wp-content\/uploads\/2026\/03\/imagem-padrao-300x199.jpg 300w, https:\/\/radiosantaclara.sitetopfm.com.br\/site\/wp-content\/uploads\/2026\/03\/imagem-padrao.jpg 602w\" sizes=\"(max-width: 300px) 100vw, 300px\" \/><\/div>\n\t\t<\/a>\n\t\t\t\t<div class=\"elementor-post__text\">\n\t\t\t\t<h3 class=\"elementor-post__title\">\n\t\t\t<a href=\"https:\/\/radiosantaclara.sitetopfm.com.br\/site\/projeto-permite-o-cultivo-de-lavouras-temporarias-as-margens-de-rodovias\/\" >\n\t\t\t\tProjeto permite o cultivo de lavouras tempor\u00e1rias \u00e0s margens de rodovias\t\t\t<\/a>\n\t\t<\/h3>\n\t\t\t\t<div class=\"elementor-post__meta-data\">\n\t\t\t\t\t<span class=\"elementor-post-date\">\n\t\t\t24 de agosto de 2026\t\t<\/span>\n\t\t\t\t<\/div>\n\t\t\t\t\t<a class=\"elementor-post__read-more\" href=\"https:\/\/radiosantaclara.sitetopfm.com.br\/site\/projeto-permite-o-cultivo-de-lavouras-temporarias-as-margens-de-rodovias\/\" >\n\t\t\t\tLer mais\u00bb\t\t\t<\/a>\n\t\t\t\t<\/div>\n\t\t\t\t<\/article>\n\t\t\t\t<article class=\"elementor-post elementor-grid-item post-10973 post type-post status-publish format-standard has-post-thumbnail hentry category-politica\">\n\t\t\t\t<a class=\"elementor-post__thumbnail__link\" href=\"https:\/\/radiosantaclara.sitetopfm.com.br\/site\/representacao-feminina-total-de-candidatas-a-camara-cai-24-em-2026\/\" >\n\t\t\t<div class=\"elementor-post__thumbnail\"><img fetchpriority=\"high\" decoding=\"async\" width=\"300\" height=\"199\" src=\"https:\/\/radiosantaclara.sitetopfm.com.br\/site\/wp-content\/uploads\/2026\/03\/imagem-padrao-300x199.jpg\" class=\"attachment-medium size-medium wp-image-6909\" alt=\"\" srcset=\"https:\/\/radiosantaclara.sitetopfm.com.br\/site\/wp-content\/uploads\/2026\/03\/imagem-padrao-300x199.jpg 300w, https:\/\/radiosantaclara.sitetopfm.com.br\/site\/wp-content\/uploads\/2026\/03\/imagem-padrao.jpg 602w\" sizes=\"(max-width: 300px) 100vw, 300px\" \/><\/div>\n\t\t<\/a>\n\t\t\t\t<div class=\"elementor-post__text\">\n\t\t\t\t<h3 class=\"elementor-post__title\">\n\t\t\t<a href=\"https:\/\/radiosantaclara.sitetopfm.com.br\/site\/representacao-feminina-total-de-candidatas-a-camara-cai-24-em-2026\/\" >\n\t\t\t\tRepresenta\u00e7\u00e3o feminina: total de candidatas \u00e0 C\u00e2mara cai 24% em 2026\t\t\t<\/a>\n\t\t<\/h3>\n\t\t\t\t<div class=\"elementor-post__meta-data\">\n\t\t\t\t\t<span class=\"elementor-post-date\">\n\t\t\t24 de agosto de 2026\t\t<\/span>\n\t\t\t\t<\/div>\n\t\t\t\t\t<a class=\"elementor-post__read-more\" href=\"https:\/\/radiosantaclara.sitetopfm.com.br\/site\/representacao-feminina-total-de-candidatas-a-camara-cai-24-em-2026\/\" >\n\t\t\t\tLer mais\u00bb\t\t\t<\/a>\n\t\t\t\t<\/div>\n\t\t\t\t<\/article>\n\t\t\t\t<article class=\"elementor-post elementor-grid-item post-10972 post type-post status-publish format-standard has-post-thumbnail hentry category-ultimas-noticias\">\n\t\t\t\t<a class=\"elementor-post__thumbnail__link\" href=\"https:\/\/radiosantaclara.sitetopfm.com.br\/site\/projeto-preve-regras-de-seguranca-e-indenizacao-para-falhas-em-carros-eletricos\/\" >\n\t\t\t<div class=\"elementor-post__thumbnail\"><img fetchpriority=\"high\" decoding=\"async\" width=\"300\" height=\"199\" src=\"https:\/\/radiosantaclara.sitetopfm.com.br\/site\/wp-content\/uploads\/2026\/03\/imagem-padrao-300x199.jpg\" class=\"attachment-medium size-medium wp-image-6909\" alt=\"\" srcset=\"https:\/\/radiosantaclara.sitetopfm.com.br\/site\/wp-content\/uploads\/2026\/03\/imagem-padrao-300x199.jpg 300w, https:\/\/radiosantaclara.sitetopfm.com.br\/site\/wp-content\/uploads\/2026\/03\/imagem-padrao.jpg 602w\" sizes=\"(max-width: 300px) 100vw, 300px\" \/><\/div>\n\t\t<\/a>\n\t\t\t\t<div class=\"elementor-post__text\">\n\t\t\t\t<h3 class=\"elementor-post__title\">\n\t\t\t<a href=\"https:\/\/radiosantaclara.sitetopfm.com.br\/site\/projeto-preve-regras-de-seguranca-e-indenizacao-para-falhas-em-carros-eletricos\/\" >\n\t\t\t\tProjeto prev\u00ea regras de seguran\u00e7a e indeniza\u00e7\u00e3o para falhas em carros el\u00e9tricos\t\t\t<\/a>\n\t\t<\/h3>\n\t\t\t\t<div class=\"elementor-post__meta-data\">\n\t\t\t\t\t<span class=\"elementor-post-date\">\n\t\t\t24 de agosto de 2026\t\t<\/span>\n\t\t\t\t<\/div>\n\t\t\t\t\t<a class=\"elementor-post__read-more\" href=\"https:\/\/radiosantaclara.sitetopfm.com.br\/site\/projeto-preve-regras-de-seguranca-e-indenizacao-para-falhas-em-carros-eletricos\/\" >\n\t\t\t\tLer mais\u00bb\t\t\t<\/a>\n\t\t\t\t<\/div>\n\t\t\t\t<\/article>\n\t\t\t\t<article class=\"elementor-post elementor-grid-item post-10971 post type-post status-publish format-standard has-post-thumbnail hentry category-politica\">\n\t\t\t\t<a class=\"elementor-post__thumbnail__link\" href=\"https:\/\/radiosantaclara.sitetopfm.com.br\/site\/projeto-amplia-punicao-para-ataques-digitais-contra-mulheres-na-politica\/\" >\n\t\t\t<div class=\"elementor-post__thumbnail\"><img fetchpriority=\"high\" decoding=\"async\" width=\"300\" height=\"199\" src=\"https:\/\/radiosantaclara.sitetopfm.com.br\/site\/wp-content\/uploads\/2026\/03\/imagem-padrao-300x199.jpg\" class=\"attachment-medium size-medium wp-image-6909\" alt=\"\" srcset=\"https:\/\/radiosantaclara.sitetopfm.com.br\/site\/wp-content\/uploads\/2026\/03\/imagem-padrao-300x199.jpg 300w, https:\/\/radiosantaclara.sitetopfm.com.br\/site\/wp-content\/uploads\/2026\/03\/imagem-padrao.jpg 602w\" sizes=\"(max-width: 300px) 100vw, 300px\" \/><\/div>\n\t\t<\/a>\n\t\t\t\t<div class=\"elementor-post__text\">\n\t\t\t\t<h3 class=\"elementor-post__title\">\n\t\t\t<a href=\"https:\/\/radiosantaclara.sitetopfm.com.br\/site\/projeto-amplia-punicao-para-ataques-digitais-contra-mulheres-na-politica\/\" >\n\t\t\t\tProjeto amplia puni\u00e7\u00e3o para ataques digitais contra mulheres na pol\u00edtica\t\t\t<\/a>\n\t\t<\/h3>\n\t\t\t\t<div class=\"elementor-post__meta-data\">\n\t\t\t\t\t<span class=\"elementor-post-date\">\n\t\t\t24 de agosto de 2026\t\t<\/span>\n\t\t\t\t<\/div>\n\t\t\t\t\t<a class=\"elementor-post__read-more\" href=\"https:\/\/radiosantaclara.sitetopfm.com.br\/site\/projeto-amplia-punicao-para-ataques-digitais-contra-mulheres-na-politica\/\" >\n\t\t\t\tLer mais\u00bb\t\t\t<\/a>\n\t\t\t\t<\/div>\n\t\t\t\t<\/article>\n\t\t\t\t<article class=\"elementor-post elementor-grid-item post-10970 post type-post status-publish format-standard has-post-thumbnail hentry category-ultimas-noticias\">\n\t\t\t\t<a class=\"elementor-post__thumbnail__link\" href=\"https:\/\/radiosantaclara.sitetopfm.com.br\/site\/projeto-obriga-seguradora-a-oferecer-carro-reserva-a-terceiro-prejudicado-em-acidente-de-transito\/\" >\n\t\t\t<div class=\"elementor-post__thumbnail\"><img fetchpriority=\"high\" decoding=\"async\" width=\"300\" height=\"199\" src=\"https:\/\/radiosantaclara.sitetopfm.com.br\/site\/wp-content\/uploads\/2026\/03\/imagem-padrao-300x199.jpg\" class=\"attachment-medium size-medium wp-image-6909\" alt=\"\" srcset=\"https:\/\/radiosantaclara.sitetopfm.com.br\/site\/wp-content\/uploads\/2026\/03\/imagem-padrao-300x199.jpg 300w, https:\/\/radiosantaclara.sitetopfm.com.br\/site\/wp-content\/uploads\/2026\/03\/imagem-padrao.jpg 602w\" sizes=\"(max-width: 300px) 100vw, 300px\" \/><\/div>\n\t\t<\/a>\n\t\t\t\t<div class=\"elementor-post__text\">\n\t\t\t\t<h3 class=\"elementor-post__title\">\n\t\t\t<a href=\"https:\/\/radiosantaclara.sitetopfm.com.br\/site\/projeto-obriga-seguradora-a-oferecer-carro-reserva-a-terceiro-prejudicado-em-acidente-de-transito\/\" >\n\t\t\t\tProjeto obriga seguradora a oferecer carro reserva a terceiro prejudicado em acidente de tr\u00e2nsito\t\t\t<\/a>\n\t\t<\/h3>\n\t\t\t\t<div class=\"elementor-post__meta-data\">\n\t\t\t\t\t<span class=\"elementor-post-date\">\n\t\t\t24 de agosto de 2026\t\t<\/span>\n\t\t\t\t<\/div>\n\t\t\t\t\t<a class=\"elementor-post__read-more\" href=\"https:\/\/radiosantaclara.sitetopfm.com.br\/site\/projeto-obriga-seguradora-a-oferecer-carro-reserva-a-terceiro-prejudicado-em-acidente-de-transito\/\" >\n\t\t\t\tLer mais\u00bb\t\t\t<\/a>\n\t\t\t\t<\/div>\n\t\t\t\t<\/article>\n\t\t\t\t<article class=\"elementor-post elementor-grid-item post-10969 post type-post status-publish format-standard has-post-thumbnail hentry category-consumidor\">\n\t\t\t\t<a class=\"elementor-post__thumbnail__link\" href=\"https:\/\/radiosantaclara.sitetopfm.com.br\/site\/projeto-cria-regras-para-proteger-trabalhadores-contra-superendividamento-e-assedio-financeiro\/\" >\n\t\t\t<div class=\"elementor-post__thumbnail\"><img fetchpriority=\"high\" decoding=\"async\" width=\"300\" height=\"199\" src=\"https:\/\/radiosantaclara.sitetopfm.com.br\/site\/wp-content\/uploads\/2026\/03\/imagem-padrao-300x199.jpg\" class=\"attachment-medium size-medium wp-image-6909\" alt=\"\" srcset=\"https:\/\/radiosantaclara.sitetopfm.com.br\/site\/wp-content\/uploads\/2026\/03\/imagem-padrao-300x199.jpg 300w, https:\/\/radiosantaclara.sitetopfm.com.br\/site\/wp-content\/uploads\/2026\/03\/imagem-padrao.jpg 602w\" sizes=\"(max-width: 300px) 100vw, 300px\" \/><\/div>\n\t\t<\/a>\n\t\t\t\t<div class=\"elementor-post__text\">\n\t\t\t\t<h3 class=\"elementor-post__title\">\n\t\t\t<a href=\"https:\/\/radiosantaclara.sitetopfm.com.br\/site\/projeto-cria-regras-para-proteger-trabalhadores-contra-superendividamento-e-assedio-financeiro\/\" >\n\t\t\t\tProjeto cria regras para proteger trabalhadores contra superendividamento e ass\u00e9dio financeiro\t\t\t<\/a>\n\t\t<\/h3>\n\t\t\t\t<div class=\"elementor-post__meta-data\">\n\t\t\t\t\t<span class=\"elementor-post-date\">\n\t\t\t24 de agosto de 2026\t\t<\/span>\n\t\t\t\t<\/div>\n\t\t\t\t\t<a class=\"elementor-post__read-more\" href=\"https:\/\/radiosantaclara.sitetopfm.com.br\/site\/projeto-cria-regras-para-proteger-trabalhadores-contra-superendividamento-e-assedio-financeiro\/\" >\n\t\t\t\tLer mais\u00bb\t\t\t<\/a>\n\t\t\t\t<\/div>\n\t\t\t\t<\/article>\n\t\t\t\t<article class=\"elementor-post elementor-grid-item post-10968 post type-post status-publish format-standard has-post-thumbnail hentry category-ultimas-noticias\">\n\t\t\t\t<a class=\"elementor-post__thumbnail__link\" href=\"https:\/\/radiosantaclara.sitetopfm.com.br\/site\/comissao-aprova-projeto-que-cria-programa-de-apoio-a-docencia-inclusiva\/\" >\n\t\t\t<div class=\"elementor-post__thumbnail\"><img fetchpriority=\"high\" decoding=\"async\" width=\"300\" height=\"199\" src=\"https:\/\/radiosantaclara.sitetopfm.com.br\/site\/wp-content\/uploads\/2026\/03\/imagem-padrao-300x199.jpg\" class=\"attachment-medium size-medium wp-image-6909\" alt=\"\" srcset=\"https:\/\/radiosantaclara.sitetopfm.com.br\/site\/wp-content\/uploads\/2026\/03\/imagem-padrao-300x199.jpg 300w, https:\/\/radiosantaclara.sitetopfm.com.br\/site\/wp-content\/uploads\/2026\/03\/imagem-padrao.jpg 602w\" sizes=\"(max-width: 300px) 100vw, 300px\" \/><\/div>\n\t\t<\/a>\n\t\t\t\t<div class=\"elementor-post__text\">\n\t\t\t\t<h3 class=\"elementor-post__title\">\n\t\t\t<a href=\"https:\/\/radiosantaclara.sitetopfm.com.br\/site\/comissao-aprova-projeto-que-cria-programa-de-apoio-a-docencia-inclusiva\/\" >\n\t\t\t\tComiss\u00e3o aprova projeto que cria programa de apoio \u00e0 doc\u00eancia inclusiva\t\t\t<\/a>\n\t\t<\/h3>\n\t\t\t\t<div class=\"elementor-post__meta-data\">\n\t\t\t\t\t<span class=\"elementor-post-date\">\n\t\t\t24 de agosto de 2026\t\t<\/span>\n\t\t\t\t<\/div>\n\t\t\t\t\t<a class=\"elementor-post__read-more\" href=\"https:\/\/radiosantaclara.sitetopfm.com.br\/site\/comissao-aprova-projeto-que-cria-programa-de-apoio-a-docencia-inclusiva\/\" >\n\t\t\t\tLer mais\u00bb\t\t\t<\/a>\n\t\t\t\t<\/div>\n\t\t\t\t<\/article>\n\t\t\t\t<article class=\"elementor-post elementor-grid-item post-10967 post type-post status-publish format-standard has-post-thumbnail hentry category-ultimas-noticias\">\n\t\t\t\t<a class=\"elementor-post__thumbnail__link\" href=\"https:\/\/radiosantaclara.sitetopfm.com.br\/site\/projeto-exige-estudo-de-impacto-socioeconomico-para-mudanca-em-cartorios\/\" >\n\t\t\t<div class=\"elementor-post__thumbnail\"><img fetchpriority=\"high\" decoding=\"async\" width=\"300\" height=\"199\" src=\"https:\/\/radiosantaclara.sitetopfm.com.br\/site\/wp-content\/uploads\/2026\/03\/imagem-padrao-300x199.jpg\" class=\"attachment-medium size-medium wp-image-6909\" alt=\"\" srcset=\"https:\/\/radiosantaclara.sitetopfm.com.br\/site\/wp-content\/uploads\/2026\/03\/imagem-padrao-300x199.jpg 300w, https:\/\/radiosantaclara.sitetopfm.com.br\/site\/wp-content\/uploads\/2026\/03\/imagem-padrao.jpg 602w\" sizes=\"(max-width: 300px) 100vw, 300px\" \/><\/div>\n\t\t<\/a>\n\t\t\t\t<div class=\"elementor-post__text\">\n\t\t\t\t<h3 class=\"elementor-post__title\">\n\t\t\t<a href=\"https:\/\/radiosantaclara.sitetopfm.com.br\/site\/projeto-exige-estudo-de-impacto-socioeconomico-para-mudanca-em-cartorios\/\" >\n\t\t\t\tProjeto exige estudo de impacto socioecon\u00f4mico para mudan\u00e7a em cart\u00f3rios\t\t\t<\/a>\n\t\t<\/h3>\n\t\t\t\t<div class=\"elementor-post__meta-data\">\n\t\t\t\t\t<span class=\"elementor-post-date\">\n\t\t\t21 de agosto de 2026\t\t<\/span>\n\t\t\t\t<\/div>\n\t\t\t\t\t<a class=\"elementor-post__read-more\" href=\"https:\/\/radiosantaclara.sitetopfm.com.br\/site\/projeto-exige-estudo-de-impacto-socioeconomico-para-mudanca-em-cartorios\/\" >\n\t\t\t\tLer mais\u00bb\t\t\t<\/a>\n\t\t\t\t<\/div>\n\t\t\t\t<\/article>\n\t\t\t\t<article class=\"elementor-post elementor-grid-item post-10966 post type-post status-publish format-standard has-post-thumbnail hentry category-politica\">\n\t\t\t\t<a class=\"elementor-post__thumbnail__link\" href=\"https:\/\/radiosantaclara.sitetopfm.com.br\/site\/campanha-de-candidatos-a-deputado-federal-se-concentra-no-instagram\/\" >\n\t\t\t<div class=\"elementor-post__thumbnail\"><img fetchpriority=\"high\" decoding=\"async\" width=\"300\" height=\"199\" src=\"https:\/\/radiosantaclara.sitetopfm.com.br\/site\/wp-content\/uploads\/2026\/03\/imagem-padrao-300x199.jpg\" class=\"attachment-medium size-medium wp-image-6909\" alt=\"\" srcset=\"https:\/\/radiosantaclara.sitetopfm.com.br\/site\/wp-content\/uploads\/2026\/03\/imagem-padrao-300x199.jpg 300w, https:\/\/radiosantaclara.sitetopfm.com.br\/site\/wp-content\/uploads\/2026\/03\/imagem-padrao.jpg 602w\" sizes=\"(max-width: 300px) 100vw, 300px\" \/><\/div>\n\t\t<\/a>\n\t\t\t\t<div class=\"elementor-post__text\">\n\t\t\t\t<h3 class=\"elementor-post__title\">\n\t\t\t<a href=\"https:\/\/radiosantaclara.sitetopfm.com.br\/site\/campanha-de-candidatos-a-deputado-federal-se-concentra-no-instagram\/\" >\n\t\t\t\tCampanha de candidatos a deputado federal se concentra no Instagram\t\t\t<\/a>\n\t\t<\/h3>\n\t\t\t\t<div class=\"elementor-post__meta-data\">\n\t\t\t\t\t<span class=\"elementor-post-date\">\n\t\t\t21 de agosto de 2026\t\t<\/span>\n\t\t\t\t<\/div>\n\t\t\t\t\t<a class=\"elementor-post__read-more\" href=\"https:\/\/radiosantaclara.sitetopfm.com.br\/site\/campanha-de-candidatos-a-deputado-federal-se-concentra-no-instagram\/\" >\n\t\t\t\tLer mais\u00bb\t\t\t<\/a>\n\t\t\t\t<\/div>\n\t\t\t\t<\/article>\n\t\t\t\t<article class=\"elementor-post elementor-grid-item post-10965 post type-post status-publish format-standard has-post-thumbnail hentry category-economia\">\n\t\t\t\t<a class=\"elementor-post__thumbnail__link\" href=\"https:\/\/radiosantaclara.sitetopfm.com.br\/site\/projeto-proibe-apostas-em-bets-e-preve-multas-de-ate-r-2-bilhoes\/\" >\n\t\t\t<div class=\"elementor-post__thumbnail\"><img fetchpriority=\"high\" decoding=\"async\" width=\"300\" height=\"199\" src=\"https:\/\/radiosantaclara.sitetopfm.com.br\/site\/wp-content\/uploads\/2026\/03\/imagem-padrao-300x199.jpg\" class=\"attachment-medium size-medium wp-image-6909\" alt=\"\" srcset=\"https:\/\/radiosantaclara.sitetopfm.com.br\/site\/wp-content\/uploads\/2026\/03\/imagem-padrao-300x199.jpg 300w, https:\/\/radiosantaclara.sitetopfm.com.br\/site\/wp-content\/uploads\/2026\/03\/imagem-padrao.jpg 602w\" sizes=\"(max-width: 300px) 100vw, 300px\" \/><\/div>\n\t\t<\/a>\n\t\t\t\t<div class=\"elementor-post__text\">\n\t\t\t\t<h3 class=\"elementor-post__title\">\n\t\t\t<a href=\"https:\/\/radiosantaclara.sitetopfm.com.br\/site\/projeto-proibe-apostas-em-bets-e-preve-multas-de-ate-r-2-bilhoes\/\" >\n\t\t\t\tProjeto pro\u00edbe apostas em bets e prev\u00ea multas de at\u00e9 R$ 2 bilh\u00f5es\t\t\t<\/a>\n\t\t<\/h3>\n\t\t\t\t<div class=\"elementor-post__meta-data\">\n\t\t\t\t\t<span class=\"elementor-post-date\">\n\t\t\t21 de agosto de 2026\t\t<\/span>\n\t\t\t\t<\/div>\n\t\t\t\t\t<a class=\"elementor-post__read-more\" href=\"https:\/\/radiosantaclara.sitetopfm.com.br\/site\/projeto-proibe-apostas-em-bets-e-preve-multas-de-ate-r-2-bilhoes\/\" >\n\t\t\t\tLer mais\u00bb\t\t\t<\/a>\n\t\t\t\t<\/div>\n\t\t\t\t<\/article>\n\t\t\t\t<article class=\"elementor-post elementor-grid-item post-10964 post type-post status-publish format-standard has-post-thumbnail hentry category-consumidor\">\n\t\t\t\t<a class=\"elementor-post__thumbnail__link\" href=\"https:\/\/radiosantaclara.sitetopfm.com.br\/site\/comissao-aprova-proposta-que-obriga-restaurantes-a-oferecerem-cardapios-impressos\/\" >\n\t\t\t<div class=\"elementor-post__thumbnail\"><img fetchpriority=\"high\" decoding=\"async\" width=\"300\" height=\"199\" src=\"https:\/\/radiosantaclara.sitetopfm.com.br\/site\/wp-content\/uploads\/2026\/03\/imagem-padrao-300x199.jpg\" class=\"attachment-medium size-medium wp-image-6909\" alt=\"\" srcset=\"https:\/\/radiosantaclara.sitetopfm.com.br\/site\/wp-content\/uploads\/2026\/03\/imagem-padrao-300x199.jpg 300w, https:\/\/radiosantaclara.sitetopfm.com.br\/site\/wp-content\/uploads\/2026\/03\/imagem-padrao.jpg 602w\" sizes=\"(max-width: 300px) 100vw, 300px\" \/><\/div>\n\t\t<\/a>\n\t\t\t\t<div class=\"elementor-post__text\">\n\t\t\t\t<h3 class=\"elementor-post__title\">\n\t\t\t<a href=\"https:\/\/radiosantaclara.sitetopfm.com.br\/site\/comissao-aprova-proposta-que-obriga-restaurantes-a-oferecerem-cardapios-impressos\/\" >\n\t\t\t\tComiss\u00e3o aprova proposta que obriga restaurantes a oferecerem card\u00e1pios impressos\t\t\t<\/a>\n\t\t<\/h3>\n\t\t\t\t<div class=\"elementor-post__meta-data\">\n\t\t\t\t\t<span class=\"elementor-post-date\">\n\t\t\t21 de agosto de 2026\t\t<\/span>\n\t\t\t\t<\/div>\n\t\t\t\t\t<a class=\"elementor-post__read-more\" href=\"https:\/\/radiosantaclara.sitetopfm.com.br\/site\/comissao-aprova-proposta-que-obriga-restaurantes-a-oferecerem-cardapios-impressos\/\" >\n\t\t\t\tLer mais\u00bb\t\t\t<\/a>\n\t\t\t\t<\/div>\n\t\t\t\t<\/article>\n\t\t\t\t<article class=\"elementor-post elementor-grid-item post-10963 post type-post status-publish format-standard has-post-thumbnail hentry category-economia\">\n\t\t\t\t<a class=\"elementor-post__thumbnail__link\" href=\"https:\/\/radiosantaclara.sitetopfm.com.br\/site\/comissao-aprova-incentivos-para-empresa-em-area-de-fronteira-que-contratar-jovens-ou-indigenas\/\" >\n\t\t\t<div class=\"elementor-post__thumbnail\"><img fetchpriority=\"high\" decoding=\"async\" width=\"300\" height=\"199\" src=\"https:\/\/radiosantaclara.sitetopfm.com.br\/site\/wp-content\/uploads\/2026\/03\/imagem-padrao-300x199.jpg\" class=\"attachment-medium size-medium wp-image-6909\" alt=\"\" srcset=\"https:\/\/radiosantaclara.sitetopfm.com.br\/site\/wp-content\/uploads\/2026\/03\/imagem-padrao-300x199.jpg 300w, https:\/\/radiosantaclara.sitetopfm.com.br\/site\/wp-content\/uploads\/2026\/03\/imagem-padrao.jpg 602w\" sizes=\"(max-width: 300px) 100vw, 300px\" \/><\/div>\n\t\t<\/a>\n\t\t\t\t<div class=\"elementor-post__text\">\n\t\t\t\t<h3 class=\"elementor-post__title\">\n\t\t\t<a href=\"https:\/\/radiosantaclara.sitetopfm.com.br\/site\/comissao-aprova-incentivos-para-empresa-em-area-de-fronteira-que-contratar-jovens-ou-indigenas\/\" >\n\t\t\t\tComiss\u00e3o aprova incentivos para empresa em \u00e1rea de fronteira que contratar jovens ou ind\u00edgenas\t\t\t<\/a>\n\t\t<\/h3>\n\t\t\t\t<div class=\"elementor-post__meta-data\">\n\t\t\t\t\t<span class=\"elementor-post-date\">\n\t\t\t21 de agosto de 2026\t\t<\/span>\n\t\t\t\t<\/div>\n\t\t\t\t\t<a class=\"elementor-post__read-more\" href=\"https:\/\/radiosantaclara.sitetopfm.com.br\/site\/comissao-aprova-incentivos-para-empresa-em-area-de-fronteira-que-contratar-jovens-ou-indigenas\/\" >\n\t\t\t\tLer mais\u00bb\t\t\t<\/a>\n\t\t\t\t<\/div>\n\t\t\t\t<\/article>\n\t\t\t\t<article class=\"elementor-post elementor-grid-item post-10962 post type-post status-publish format-standard has-post-thumbnail hentry category-ultimas-noticias\">\n\t\t\t\t<a class=\"elementor-post__thumbnail__link\" href=\"https:\/\/radiosantaclara.sitetopfm.com.br\/site\/projeto-cria-programa-nacional-de-autoestima-para-mulheres-em-situacao-de-vulnerabilidade\/\" >\n\t\t\t<div class=\"elementor-post__thumbnail\"><img fetchpriority=\"high\" decoding=\"async\" width=\"300\" height=\"199\" src=\"https:\/\/radiosantaclara.sitetopfm.com.br\/site\/wp-content\/uploads\/2026\/03\/imagem-padrao-300x199.jpg\" class=\"attachment-medium size-medium wp-image-6909\" alt=\"\" srcset=\"https:\/\/radiosantaclara.sitetopfm.com.br\/site\/wp-content\/uploads\/2026\/03\/imagem-padrao-300x199.jpg 300w, https:\/\/radiosantaclara.sitetopfm.com.br\/site\/wp-content\/uploads\/2026\/03\/imagem-padrao.jpg 602w\" sizes=\"(max-width: 300px) 100vw, 300px\" \/><\/div>\n\t\t<\/a>\n\t\t\t\t<div class=\"elementor-post__text\">\n\t\t\t\t<h3 class=\"elementor-post__title\">\n\t\t\t<a href=\"https:\/\/radiosantaclara.sitetopfm.com.br\/site\/projeto-cria-programa-nacional-de-autoestima-para-mulheres-em-situacao-de-vulnerabilidade\/\" >\n\t\t\t\tProjeto cria programa nacional de autoestima para mulheres em situa\u00e7\u00e3o de vulnerabilidade\t\t\t<\/a>\n\t\t<\/h3>\n\t\t\t\t<div class=\"elementor-post__meta-data\">\n\t\t\t\t\t<span class=\"elementor-post-date\">\n\t\t\t21 de agosto de 2026\t\t<\/span>\n\t\t\t\t<\/div>\n\t\t\t\t\t<a class=\"elementor-post__read-more\" href=\"https:\/\/radiosantaclara.sitetopfm.com.br\/site\/projeto-cria-programa-nacional-de-autoestima-para-mulheres-em-situacao-de-vulnerabilidade\/\" >\n\t\t\t\tLer mais\u00bb\t\t\t<\/a>\n\t\t\t\t<\/div>\n\t\t\t\t<\/article>\n\t\t\t\t<article class=\"elementor-post elementor-grid-item post-10961 post type-post status-publish format-standard has-post-thumbnail hentry category-meio-ambiente\">\n\t\t\t\t<a class=\"elementor-post__thumbnail__link\" href=\"https:\/\/radiosantaclara.sitetopfm.com.br\/site\/comissao-aprova-projeto-que-estende-o-garantia-safra-para-indigenas-e-povos-tradicionais\/\" >\n\t\t\t<div class=\"elementor-post__thumbnail\"><img fetchpriority=\"high\" decoding=\"async\" width=\"300\" height=\"199\" src=\"https:\/\/radiosantaclara.sitetopfm.com.br\/site\/wp-content\/uploads\/2026\/03\/imagem-padrao-300x199.jpg\" class=\"attachment-medium size-medium wp-image-6909\" alt=\"\" srcset=\"https:\/\/radiosantaclara.sitetopfm.com.br\/site\/wp-content\/uploads\/2026\/03\/imagem-padrao-300x199.jpg 300w, https:\/\/radiosantaclara.sitetopfm.com.br\/site\/wp-content\/uploads\/2026\/03\/imagem-padrao.jpg 602w\" sizes=\"(max-width: 300px) 100vw, 300px\" \/><\/div>\n\t\t<\/a>\n\t\t\t\t<div class=\"elementor-post__text\">\n\t\t\t\t<h3 class=\"elementor-post__title\">\n\t\t\t<a href=\"https:\/\/radiosantaclara.sitetopfm.com.br\/site\/comissao-aprova-projeto-que-estende-o-garantia-safra-para-indigenas-e-povos-tradicionais\/\" >\n\t\t\t\tComiss\u00e3o aprova projeto que estende o Garantia-Safra para ind\u00edgenas e povos tradicionais\t\t\t<\/a>\n\t\t<\/h3>\n\t\t\t\t<div class=\"elementor-post__meta-data\">\n\t\t\t\t\t<span class=\"elementor-post-date\">\n\t\t\t21 de agosto de 2026\t\t<\/span>\n\t\t\t\t<\/div>\n\t\t\t\t\t<a class=\"elementor-post__read-more\" href=\"https:\/\/radiosantaclara.sitetopfm.com.br\/site\/comissao-aprova-projeto-que-estende-o-garantia-safra-para-indigenas-e-povos-tradicionais\/\" >\n\t\t\t\tLer mais\u00bb\t\t\t<\/a>\n\t\t\t\t<\/div>\n\t\t\t\t<\/article>\n\t\t\t\t<article class=\"elementor-post elementor-grid-item post-10960 post type-post status-publish format-standard has-post-thumbnail hentry category-economia\">\n\t\t\t\t<a class=\"elementor-post__thumbnail__link\" href=\"https:\/\/radiosantaclara.sitetopfm.com.br\/site\/comissao-aprova-projeto-que-cria-sistema-de-incentivo-a-producao-sustentavel-na-amazonia\/\" >\n\t\t\t<div class=\"elementor-post__thumbnail\"><img fetchpriority=\"high\" decoding=\"async\" width=\"300\" height=\"199\" src=\"https:\/\/radiosantaclara.sitetopfm.com.br\/site\/wp-content\/uploads\/2026\/03\/imagem-padrao-300x199.jpg\" class=\"attachment-medium size-medium wp-image-6909\" alt=\"\" srcset=\"https:\/\/radiosantaclara.sitetopfm.com.br\/site\/wp-content\/uploads\/2026\/03\/imagem-padrao-300x199.jpg 300w, https:\/\/radiosantaclara.sitetopfm.com.br\/site\/wp-content\/uploads\/2026\/03\/imagem-padrao.jpg 602w\" sizes=\"(max-width: 300px) 100vw, 300px\" \/><\/div>\n\t\t<\/a>\n\t\t\t\t<div class=\"elementor-post__text\">\n\t\t\t\t<h3 class=\"elementor-post__title\">\n\t\t\t<a href=\"https:\/\/radiosantaclara.sitetopfm.com.br\/site\/comissao-aprova-projeto-que-cria-sistema-de-incentivo-a-producao-sustentavel-na-amazonia\/\" >\n\t\t\t\tComiss\u00e3o aprova projeto que cria sistema de incentivo \u00e0 produ\u00e7\u00e3o sustent\u00e1vel na Amaz\u00f4nia\t\t\t<\/a>\n\t\t<\/h3>\n\t\t\t\t<div class=\"elementor-post__meta-data\">\n\t\t\t\t\t<span class=\"elementor-post-date\">\n\t\t\t21 de agosto de 2026\t\t<\/span>\n\t\t\t\t<\/div>\n\t\t\t\t\t<a class=\"elementor-post__read-more\" href=\"https:\/\/radiosantaclara.sitetopfm.com.br\/site\/comissao-aprova-projeto-que-cria-sistema-de-incentivo-a-producao-sustentavel-na-amazonia\/\" >\n\t\t\t\tLer mais\u00bb\t\t\t<\/a>\n\t\t\t\t<\/div>\n\t\t\t\t<\/article>\n\t\t\t\t<article class=\"elementor-post elementor-grid-item post-10959 post type-post status-publish format-standard has-post-thumbnail hentry category-consumidor\">\n\t\t\t\t<a class=\"elementor-post__thumbnail__link\" href=\"https:\/\/radiosantaclara.sitetopfm.com.br\/site\/comissao-aprova-projeto-que-proibe-cobranca-de-taxas-por-atividades-em-parques-publicos-concedidos\/\" >\n\t\t\t<div class=\"elementor-post__thumbnail\"><img fetchpriority=\"high\" decoding=\"async\" width=\"300\" height=\"199\" src=\"https:\/\/radiosantaclara.sitetopfm.com.br\/site\/wp-content\/uploads\/2026\/03\/imagem-padrao-300x199.jpg\" class=\"attachment-medium size-medium wp-image-6909\" alt=\"\" srcset=\"https:\/\/radiosantaclara.sitetopfm.com.br\/site\/wp-content\/uploads\/2026\/03\/imagem-padrao-300x199.jpg 300w, https:\/\/radiosantaclara.sitetopfm.com.br\/site\/wp-content\/uploads\/2026\/03\/imagem-padrao.jpg 602w\" sizes=\"(max-width: 300px) 100vw, 300px\" \/><\/div>\n\t\t<\/a>\n\t\t\t\t<div class=\"elementor-post__text\">\n\t\t\t\t<h3 class=\"elementor-post__title\">\n\t\t\t<a href=\"https:\/\/radiosantaclara.sitetopfm.com.br\/site\/comissao-aprova-projeto-que-proibe-cobranca-de-taxas-por-atividades-em-parques-publicos-concedidos\/\" >\n\t\t\t\tComiss\u00e3o aprova projeto que pro\u00edbe cobran\u00e7a de taxas por atividades em parques p\u00fablicos concedidos\t\t\t<\/a>\n\t\t<\/h3>\n\t\t\t\t<div class=\"elementor-post__meta-data\">\n\t\t\t\t\t<span class=\"elementor-post-date\">\n\t\t\t21 de agosto de 2026\t\t<\/span>\n\t\t\t\t<\/div>\n\t\t\t\t\t<a class=\"elementor-post__read-more\" href=\"https:\/\/radiosantaclara.sitetopfm.com.br\/site\/comissao-aprova-projeto-que-proibe-cobranca-de-taxas-por-atividades-em-parques-publicos-concedidos\/\" >\n\t\t\t\tLer mais\u00bb\t\t\t<\/a>\n\t\t\t\t<\/div>\n\t\t\t\t<\/article>\n\t\t\t\t<article class=\"elementor-post elementor-grid-item post-10958 post type-post status-publish format-standard has-post-thumbnail hentry category-economia\">\n\t\t\t\t<a class=\"elementor-post__thumbnail__link\" href=\"https:\/\/radiosantaclara.sitetopfm.com.br\/site\/deputado-defende-dialogo-antes-da-aplicacao-de-tarifas-de-reciprocidade-assista-a-entrevista\/\" >\n\t\t\t<div class=\"elementor-post__thumbnail\"><img fetchpriority=\"high\" decoding=\"async\" width=\"300\" height=\"199\" src=\"https:\/\/radiosantaclara.sitetopfm.com.br\/site\/wp-content\/uploads\/2026\/03\/imagem-padrao-300x199.jpg\" class=\"attachment-medium size-medium wp-image-6909\" alt=\"\" srcset=\"https:\/\/radiosantaclara.sitetopfm.com.br\/site\/wp-content\/uploads\/2026\/03\/imagem-padrao-300x199.jpg 300w, https:\/\/radiosantaclara.sitetopfm.com.br\/site\/wp-content\/uploads\/2026\/03\/imagem-padrao.jpg 602w\" sizes=\"(max-width: 300px) 100vw, 300px\" \/><\/div>\n\t\t<\/a>\n\t\t\t\t<div class=\"elementor-post__text\">\n\t\t\t\t<h3 class=\"elementor-post__title\">\n\t\t\t<a href=\"https:\/\/radiosantaclara.sitetopfm.com.br\/site\/deputado-defende-dialogo-antes-da-aplicacao-de-tarifas-de-reciprocidade-assista-a-entrevista\/\" >\n\t\t\t\tDeputado defende di\u00e1logo antes da aplica\u00e7\u00e3o de tarifas de reciprocidade; assista a entrevista\t\t\t<\/a>\n\t\t<\/h3>\n\t\t\t\t<div class=\"elementor-post__meta-data\">\n\t\t\t\t\t<span class=\"elementor-post-date\">\n\t\t\t21 de agosto de 2026\t\t<\/span>\n\t\t\t\t<\/div>\n\t\t\t\t\t<a class=\"elementor-post__read-more\" href=\"https:\/\/radiosantaclara.sitetopfm.com.br\/site\/deputado-defende-dialogo-antes-da-aplicacao-de-tarifas-de-reciprocidade-assista-a-entrevista\/\" >\n\t\t\t\tLer mais\u00bb\t\t\t<\/a>\n\t\t\t\t<\/div>\n\t\t\t\t<\/article>\n\t\t\t\t<article class=\"elementor-post elementor-grid-item post-10957 post type-post status-publish format-standard has-post-thumbnail hentry category-ultimas-noticias\">\n\t\t\t\t<a class=\"elementor-post__thumbnail__link\" href=\"https:\/\/radiosantaclara.sitetopfm.com.br\/site\/comissao-aprova-programa-de-incentivo-a-contratacao-de-maes-atipicas\/\" >\n\t\t\t<div class=\"elementor-post__thumbnail\"><img fetchpriority=\"high\" decoding=\"async\" width=\"300\" height=\"199\" src=\"https:\/\/radiosantaclara.sitetopfm.com.br\/site\/wp-content\/uploads\/2026\/03\/imagem-padrao-300x199.jpg\" class=\"attachment-medium size-medium wp-image-6909\" alt=\"\" srcset=\"https:\/\/radiosantaclara.sitetopfm.com.br\/site\/wp-content\/uploads\/2026\/03\/imagem-padrao-300x199.jpg 300w, https:\/\/radiosantaclara.sitetopfm.com.br\/site\/wp-content\/uploads\/2026\/03\/imagem-padrao.jpg 602w\" sizes=\"(max-width: 300px) 100vw, 300px\" \/><\/div>\n\t\t<\/a>\n\t\t\t\t<div class=\"elementor-post__text\">\n\t\t\t\t<h3 class=\"elementor-post__title\">\n\t\t\t<a href=\"https:\/\/radiosantaclara.sitetopfm.com.br\/site\/comissao-aprova-programa-de-incentivo-a-contratacao-de-maes-atipicas\/\" >\n\t\t\t\tComiss\u00e3o aprova programa de incentivo \u00e0 contrata\u00e7\u00e3o de m\u00e3es at\u00edpicas\t\t\t<\/a>\n\t\t<\/h3>\n\t\t\t\t<div class=\"elementor-post__meta-data\">\n\t\t\t\t\t<span class=\"elementor-post-date\">\n\t\t\t21 de agosto de 2026\t\t<\/span>\n\t\t\t\t<\/div>\n\t\t\t\t\t<a class=\"elementor-post__read-more\" href=\"https:\/\/radiosantaclara.sitetopfm.com.br\/site\/comissao-aprova-programa-de-incentivo-a-contratacao-de-maes-atipicas\/\" >\n\t\t\t\tLer mais\u00bb\t\t\t<\/a>\n\t\t\t\t<\/div>\n\t\t\t\t<\/article>\n\t\t\t\t<article class=\"elementor-post elementor-grid-item post-10956 post type-post status-publish format-standard has-post-thumbnail hentry category-consumidor\">\n\t\t\t\t<a class=\"elementor-post__thumbnail__link\" href=\"https:\/\/radiosantaclara.sitetopfm.com.br\/site\/comissao-da-camara-aprova-projeto-que-proibe-taxas-por-atividades-em-parques-publicos-concedidos\/\" >\n\t\t\t<div class=\"elementor-post__thumbnail\"><img fetchpriority=\"high\" decoding=\"async\" width=\"300\" height=\"199\" src=\"https:\/\/radiosantaclara.sitetopfm.com.br\/site\/wp-content\/uploads\/2026\/03\/imagem-padrao-300x199.jpg\" class=\"attachment-medium size-medium wp-image-6909\" alt=\"\" srcset=\"https:\/\/radiosantaclara.sitetopfm.com.br\/site\/wp-content\/uploads\/2026\/03\/imagem-padrao-300x199.jpg 300w, https:\/\/radiosantaclara.sitetopfm.com.br\/site\/wp-content\/uploads\/2026\/03\/imagem-padrao.jpg 602w\" sizes=\"(max-width: 300px) 100vw, 300px\" \/><\/div>\n\t\t<\/a>\n\t\t\t\t<div class=\"elementor-post__text\">\n\t\t\t\t<h3 class=\"elementor-post__title\">\n\t\t\t<a href=\"https:\/\/radiosantaclara.sitetopfm.com.br\/site\/comissao-da-camara-aprova-projeto-que-proibe-taxas-por-atividades-em-parques-publicos-concedidos\/\" >\n\t\t\t\tComiss\u00e3o da C\u00e2mara aprova projeto que pro\u00edbe taxas por atividades em parques p\u00fablicos concedidos\t\t\t<\/a>\n\t\t<\/h3>\n\t\t\t\t<div class=\"elementor-post__meta-data\">\n\t\t\t\t\t<span class=\"elementor-post-date\">\n\t\t\t21 de agosto de 2026\t\t<\/span>\n\t\t\t\t<\/div>\n\t\t\t\t\t<a class=\"elementor-post__read-more\" href=\"https:\/\/radiosantaclara.sitetopfm.com.br\/site\/comissao-da-camara-aprova-projeto-que-proibe-taxas-por-atividades-em-parques-publicos-concedidos\/\" >\n\t\t\t\tLer mais\u00bb\t\t\t<\/a>\n\t\t\t\t<\/div>\n\t\t\t\t<\/article>\n\t\t\t\t<article class=\"elementor-post elementor-grid-item post-10955 post type-post status-publish format-standard has-post-thumbnail hentry category-ultimas-noticias\">\n\t\t\t\t<a class=\"elementor-post__thumbnail__link\" href=\"https:\/\/radiosantaclara.sitetopfm.com.br\/site\/comissao-aprova-projeto-que-preve-politica-de-protecao-tarifaria-para-passagens-aereas-na-amazonia-legal\/\" >\n\t\t\t<div class=\"elementor-post__thumbnail\"><img fetchpriority=\"high\" decoding=\"async\" width=\"300\" height=\"199\" src=\"https:\/\/radiosantaclara.sitetopfm.com.br\/site\/wp-content\/uploads\/2026\/03\/imagem-padrao-300x199.jpg\" class=\"attachment-medium size-medium wp-image-6909\" alt=\"\" srcset=\"https:\/\/radiosantaclara.sitetopfm.com.br\/site\/wp-content\/uploads\/2026\/03\/imagem-padrao-300x199.jpg 300w, https:\/\/radiosantaclara.sitetopfm.com.br\/site\/wp-content\/uploads\/2026\/03\/imagem-padrao.jpg 602w\" sizes=\"(max-width: 300px) 100vw, 300px\" \/><\/div>\n\t\t<\/a>\n\t\t\t\t<div class=\"elementor-post__text\">\n\t\t\t\t<h3 class=\"elementor-post__title\">\n\t\t\t<a href=\"https:\/\/radiosantaclara.sitetopfm.com.br\/site\/comissao-aprova-projeto-que-preve-politica-de-protecao-tarifaria-para-passagens-aereas-na-amazonia-legal\/\" >\n\t\t\t\tComiss\u00e3o aprova projeto que prev\u00ea pol\u00edtica de prote\u00e7\u00e3o tarif\u00e1ria para passagens a\u00e9reas na Amaz\u00f4nia Legal\t\t\t<\/a>\n\t\t<\/h3>\n\t\t\t\t<div class=\"elementor-post__meta-data\">\n\t\t\t\t\t<span class=\"elementor-post-date\">\n\t\t\t21 de agosto de 2026\t\t<\/span>\n\t\t\t\t<\/div>\n\t\t\t\t\t<a class=\"elementor-post__read-more\" href=\"https:\/\/radiosantaclara.sitetopfm.com.br\/site\/comissao-aprova-projeto-que-preve-politica-de-protecao-tarifaria-para-passagens-aereas-na-amazonia-legal\/\" >\n\t\t\t\tLer mais\u00bb\t\t\t<\/a>\n\t\t\t\t<\/div>\n\t\t\t\t<\/article>\n\t\t\t\t<article class=\"elementor-post elementor-grid-item post-10954 post type-post status-publish format-standard has-post-thumbnail hentry category-ultimas-noticias\">\n\t\t\t\t<a class=\"elementor-post__thumbnail__link\" href=\"https:\/\/radiosantaclara.sitetopfm.com.br\/site\/comissao-aprova-projeto-que-acaba-com-taxa-de-fiscalizacao-sobre-telefones-celulares\/\" >\n\t\t\t<div class=\"elementor-post__thumbnail\"><img fetchpriority=\"high\" decoding=\"async\" width=\"300\" height=\"199\" src=\"https:\/\/radiosantaclara.sitetopfm.com.br\/site\/wp-content\/uploads\/2026\/03\/imagem-padrao-300x199.jpg\" class=\"attachment-medium size-medium wp-image-6909\" alt=\"\" srcset=\"https:\/\/radiosantaclara.sitetopfm.com.br\/site\/wp-content\/uploads\/2026\/03\/imagem-padrao-300x199.jpg 300w, https:\/\/radiosantaclara.sitetopfm.com.br\/site\/wp-content\/uploads\/2026\/03\/imagem-padrao.jpg 602w\" sizes=\"(max-width: 300px) 100vw, 300px\" \/><\/div>\n\t\t<\/a>\n\t\t\t\t<div class=\"elementor-post__text\">\n\t\t\t\t<h3 class=\"elementor-post__title\">\n\t\t\t<a href=\"https:\/\/radiosantaclara.sitetopfm.com.br\/site\/comissao-aprova-projeto-que-acaba-com-taxa-de-fiscalizacao-sobre-telefones-celulares\/\" >\n\t\t\t\tComiss\u00e3o aprova projeto que acaba com taxa de fiscaliza\u00e7\u00e3o sobre telefones celulares\t\t\t<\/a>\n\t\t<\/h3>\n\t\t\t\t<div class=\"elementor-post__meta-data\">\n\t\t\t\t\t<span class=\"elementor-post-date\">\n\t\t\t21 de agosto de 2026\t\t<\/span>\n\t\t\t\t<\/div>\n\t\t\t\t\t<a class=\"elementor-post__read-more\" href=\"https:\/\/radiosantaclara.sitetopfm.com.br\/site\/comissao-aprova-projeto-que-acaba-com-taxa-de-fiscalizacao-sobre-telefones-celulares\/\" >\n\t\t\t\tLer mais\u00bb\t\t\t<\/a>\n\t\t\t\t<\/div>\n\t\t\t\t<\/article>\n\t\t\t\t<article class=\"elementor-post elementor-grid-item post-10953 post type-post status-publish format-standard has-post-thumbnail hentry category-ultimas-noticias\">\n\t\t\t\t<a class=\"elementor-post__thumbnail__link\" href=\"https:\/\/radiosantaclara.sitetopfm.com.br\/site\/comissao-aprova-incentivos-para-desenvolver-ia-brasileira\/\" >\n\t\t\t<div class=\"elementor-post__thumbnail\"><img fetchpriority=\"high\" decoding=\"async\" width=\"300\" height=\"199\" src=\"https:\/\/radiosantaclara.sitetopfm.com.br\/site\/wp-content\/uploads\/2026\/03\/imagem-padrao-300x199.jpg\" class=\"attachment-medium size-medium wp-image-6909\" alt=\"\" srcset=\"https:\/\/radiosantaclara.sitetopfm.com.br\/site\/wp-content\/uploads\/2026\/03\/imagem-padrao-300x199.jpg 300w, https:\/\/radiosantaclara.sitetopfm.com.br\/site\/wp-content\/uploads\/2026\/03\/imagem-padrao.jpg 602w\" sizes=\"(max-width: 300px) 100vw, 300px\" \/><\/div>\n\t\t<\/a>\n\t\t\t\t<div class=\"elementor-post__text\">\n\t\t\t\t<h3 class=\"elementor-post__title\">\n\t\t\t<a href=\"https:\/\/radiosantaclara.sitetopfm.com.br\/site\/comissao-aprova-incentivos-para-desenvolver-ia-brasileira\/\" >\n\t\t\t\tComiss\u00e3o aprova incentivos para desenvolver IA brasileira\t\t\t<\/a>\n\t\t<\/h3>\n\t\t\t\t<div class=\"elementor-post__meta-data\">\n\t\t\t\t\t<span class=\"elementor-post-date\">\n\t\t\t21 de agosto de 2026\t\t<\/span>\n\t\t\t\t<\/div>\n\t\t\t\t\t<a class=\"elementor-post__read-more\" href=\"https:\/\/radiosantaclara.sitetopfm.com.br\/site\/comissao-aprova-incentivos-para-desenvolver-ia-brasileira\/\" >\n\t\t\t\tLer mais\u00bb\t\t\t<\/a>\n\t\t\t\t<\/div>\n\t\t\t\t<\/article>\n\t\t\t\t<article class=\"elementor-post elementor-grid-item post-10952 post type-post status-publish format-standard has-post-thumbnail hentry category-seguranca\">\n\t\t\t\t<a class=\"elementor-post__thumbnail__link\" href=\"https:\/\/radiosantaclara.sitetopfm.com.br\/site\/comissao-da-camara-aprova-projeto-que-preve-uso-supervisionado-de-ia-na-seguranca-publica\/\" >\n\t\t\t<div class=\"elementor-post__thumbnail\"><img fetchpriority=\"high\" decoding=\"async\" width=\"300\" height=\"199\" src=\"https:\/\/radiosantaclara.sitetopfm.com.br\/site\/wp-content\/uploads\/2026\/03\/imagem-padrao-300x199.jpg\" class=\"attachment-medium size-medium wp-image-6909\" alt=\"\" srcset=\"https:\/\/radiosantaclara.sitetopfm.com.br\/site\/wp-content\/uploads\/2026\/03\/imagem-padrao-300x199.jpg 300w, https:\/\/radiosantaclara.sitetopfm.com.br\/site\/wp-content\/uploads\/2026\/03\/imagem-padrao.jpg 602w\" sizes=\"(max-width: 300px) 100vw, 300px\" \/><\/div>\n\t\t<\/a>\n\t\t\t\t<div class=\"elementor-post__text\">\n\t\t\t\t<h3 class=\"elementor-post__title\">\n\t\t\t<a href=\"https:\/\/radiosantaclara.sitetopfm.com.br\/site\/comissao-da-camara-aprova-projeto-que-preve-uso-supervisionado-de-ia-na-seguranca-publica\/\" >\n\t\t\t\tComiss\u00e3o da C\u00e2mara aprova projeto que prev\u00ea uso supervisionado de IA na seguran\u00e7a p\u00fablica\t\t\t<\/a>\n\t\t<\/h3>\n\t\t\t\t<div class=\"elementor-post__meta-data\">\n\t\t\t\t\t<span class=\"elementor-post-date\">\n\t\t\t20 de agosto de 2026\t\t<\/span>\n\t\t\t\t<\/div>\n\t\t\t\t\t<a class=\"elementor-post__read-more\" href=\"https:\/\/radiosantaclara.sitetopfm.com.br\/site\/comissao-da-camara-aprova-projeto-que-preve-uso-supervisionado-de-ia-na-seguranca-publica\/\" >\n\t\t\t\tLer mais\u00bb\t\t\t<\/a>\n\t\t\t\t<\/div>\n\t\t\t\t<\/article>\n\t\t\t\t<article class=\"elementor-post elementor-grid-item post-10951 post type-post status-publish format-standard has-post-thumbnail hentry category-direitos-humanos\">\n\t\t\t\t<a class=\"elementor-post__thumbnail__link\" href=\"https:\/\/radiosantaclara.sitetopfm.com.br\/site\/comissao-aprova-regras-mais-rigidas-para-condenados-por-crimes-sexuais-contra-criancas\/\" >\n\t\t\t<div class=\"elementor-post__thumbnail\"><img fetchpriority=\"high\" decoding=\"async\" width=\"300\" height=\"199\" src=\"https:\/\/radiosantaclara.sitetopfm.com.br\/site\/wp-content\/uploads\/2026\/03\/imagem-padrao-300x199.jpg\" class=\"attachment-medium size-medium wp-image-6909\" alt=\"\" srcset=\"https:\/\/radiosantaclara.sitetopfm.com.br\/site\/wp-content\/uploads\/2026\/03\/imagem-padrao-300x199.jpg 300w, https:\/\/radiosantaclara.sitetopfm.com.br\/site\/wp-content\/uploads\/2026\/03\/imagem-padrao.jpg 602w\" sizes=\"(max-width: 300px) 100vw, 300px\" \/><\/div>\n\t\t<\/a>\n\t\t\t\t<div class=\"elementor-post__text\">\n\t\t\t\t<h3 class=\"elementor-post__title\">\n\t\t\t<a href=\"https:\/\/radiosantaclara.sitetopfm.com.br\/site\/comissao-aprova-regras-mais-rigidas-para-condenados-por-crimes-sexuais-contra-criancas\/\" >\n\t\t\t\tComiss\u00e3o aprova regras mais r\u00edgidas para condenados por crimes sexuais contra crian\u00e7as\t\t\t<\/a>\n\t\t<\/h3>\n\t\t\t\t<div class=\"elementor-post__meta-data\">\n\t\t\t\t\t<span class=\"elementor-post-date\">\n\t\t\t20 de agosto de 2026\t\t<\/span>\n\t\t\t\t<\/div>\n\t\t\t\t\t<a class=\"elementor-post__read-more\" href=\"https:\/\/radiosantaclara.sitetopfm.com.br\/site\/comissao-aprova-regras-mais-rigidas-para-condenados-por-crimes-sexuais-contra-criancas\/\" >\n\t\t\t\tLer mais\u00bb\t\t\t<\/a>\n\t\t\t\t<\/div>\n\t\t\t\t<\/article>\n\t\t\t\t<article class=\"elementor-post elementor-grid-item post-10950 post type-post status-publish format-standard has-post-thumbnail hentry category-seguranca\">\n\t\t\t\t<a class=\"elementor-post__thumbnail__link\" href=\"https:\/\/radiosantaclara.sitetopfm.com.br\/site\/comissao-aprova-mudancas-para-ampliar-saude-e-protecao-a-mulheres-de-comunidades-tradicionais\/\" >\n\t\t\t<div class=\"elementor-post__thumbnail\"><img fetchpriority=\"high\" decoding=\"async\" width=\"300\" height=\"199\" src=\"https:\/\/radiosantaclara.sitetopfm.com.br\/site\/wp-content\/uploads\/2026\/03\/imagem-padrao-300x199.jpg\" class=\"attachment-medium size-medium wp-image-6909\" alt=\"\" srcset=\"https:\/\/radiosantaclara.sitetopfm.com.br\/site\/wp-content\/uploads\/2026\/03\/imagem-padrao-300x199.jpg 300w, https:\/\/radiosantaclara.sitetopfm.com.br\/site\/wp-content\/uploads\/2026\/03\/imagem-padrao.jpg 602w\" sizes=\"(max-width: 300px) 100vw, 300px\" \/><\/div>\n\t\t<\/a>\n\t\t\t\t<div class=\"elementor-post__text\">\n\t\t\t\t<h3 class=\"elementor-post__title\">\n\t\t\t<a href=\"https:\/\/radiosantaclara.sitetopfm.com.br\/site\/comissao-aprova-mudancas-para-ampliar-saude-e-protecao-a-mulheres-de-comunidades-tradicionais\/\" >\n\t\t\t\tComiss\u00e3o aprova mudan\u00e7as para ampliar sa\u00fade e prote\u00e7\u00e3o a mulheres de comunidades tradicionais\t\t\t<\/a>\n\t\t<\/h3>\n\t\t\t\t<div class=\"elementor-post__meta-data\">\n\t\t\t\t\t<span class=\"elementor-post-date\">\n\t\t\t20 de agosto de 2026\t\t<\/span>\n\t\t\t\t<\/div>\n\t\t\t\t\t<a class=\"elementor-post__read-more\" href=\"https:\/\/radiosantaclara.sitetopfm.com.br\/site\/comissao-aprova-mudancas-para-ampliar-saude-e-protecao-a-mulheres-de-comunidades-tradicionais\/\" >\n\t\t\t\tLer mais\u00bb\t\t\t<\/a>\n\t\t\t\t<\/div>\n\t\t\t\t<\/article>\n\t\t\t\t<article class=\"elementor-post elementor-grid-item post-10949 post type-post status-publish format-standard has-post-thumbnail hentry category-ultimas-noticias\">\n\t\t\t\t<a class=\"elementor-post__thumbnail__link\" href=\"https:\/\/radiosantaclara.sitetopfm.com.br\/site\/comissao-aprova-prazo-de-24-horas-para-policia-comunicar-a-justica-descumprimento-de-medida-protetiva\/\" >\n\t\t\t<div class=\"elementor-post__thumbnail\"><img fetchpriority=\"high\" decoding=\"async\" width=\"300\" height=\"199\" src=\"https:\/\/radiosantaclara.sitetopfm.com.br\/site\/wp-content\/uploads\/2026\/03\/imagem-padrao-300x199.jpg\" class=\"attachment-medium size-medium wp-image-6909\" alt=\"\" srcset=\"https:\/\/radiosantaclara.sitetopfm.com.br\/site\/wp-content\/uploads\/2026\/03\/imagem-padrao-300x199.jpg 300w, https:\/\/radiosantaclara.sitetopfm.com.br\/site\/wp-content\/uploads\/2026\/03\/imagem-padrao.jpg 602w\" sizes=\"(max-width: 300px) 100vw, 300px\" \/><\/div>\n\t\t<\/a>\n\t\t\t\t<div class=\"elementor-post__text\">\n\t\t\t\t<h3 class=\"elementor-post__title\">\n\t\t\t<a href=\"https:\/\/radiosantaclara.sitetopfm.com.br\/site\/comissao-aprova-prazo-de-24-horas-para-policia-comunicar-a-justica-descumprimento-de-medida-protetiva\/\" >\n\t\t\t\tComiss\u00e3o aprova prazo de 24 horas para pol\u00edcia comunicar \u00e0 Justi\u00e7a descumprimento de medida protetiva\t\t\t<\/a>\n\t\t<\/h3>\n\t\t\t\t<div class=\"elementor-post__meta-data\">\n\t\t\t\t\t<span class=\"elementor-post-date\">\n\t\t\t20 de agosto de 2026\t\t<\/span>\n\t\t\t\t<\/div>\n\t\t\t\t\t<a class=\"elementor-post__read-more\" href=\"https:\/\/radiosantaclara.sitetopfm.com.br\/site\/comissao-aprova-prazo-de-24-horas-para-policia-comunicar-a-justica-descumprimento-de-medida-protetiva\/\" >\n\t\t\t\tLer mais\u00bb\t\t\t<\/a>\n\t\t\t\t<\/div>\n\t\t\t\t<\/article>\n\t\t\t\t<article class=\"elementor-post elementor-grid-item post-10948 post type-post status-publish format-standard has-post-thumbnail hentry category-saude\">\n\t\t\t\t<a class=\"elementor-post__thumbnail__link\" href=\"https:\/\/radiosantaclara.sitetopfm.com.br\/site\/comissao-aprova-projeto-que-obriga-maternidades-de-referencia-a-manter-banco-de-leite\/\" >\n\t\t\t<div class=\"elementor-post__thumbnail\"><img fetchpriority=\"high\" decoding=\"async\" width=\"300\" height=\"199\" src=\"https:\/\/radiosantaclara.sitetopfm.com.br\/site\/wp-content\/uploads\/2026\/03\/imagem-padrao-300x199.jpg\" class=\"attachment-medium size-medium wp-image-6909\" alt=\"\" srcset=\"https:\/\/radiosantaclara.sitetopfm.com.br\/site\/wp-content\/uploads\/2026\/03\/imagem-padrao-300x199.jpg 300w, https:\/\/radiosantaclara.sitetopfm.com.br\/site\/wp-content\/uploads\/2026\/03\/imagem-padrao.jpg 602w\" sizes=\"(max-width: 300px) 100vw, 300px\" \/><\/div>\n\t\t<\/a>\n\t\t\t\t<div class=\"elementor-post__text\">\n\t\t\t\t<h3 class=\"elementor-post__title\">\n\t\t\t<a href=\"https:\/\/radiosantaclara.sitetopfm.com.br\/site\/comissao-aprova-projeto-que-obriga-maternidades-de-referencia-a-manter-banco-de-leite\/\" >\n\t\t\t\tComiss\u00e3o aprova projeto que obriga maternidades de refer\u00eancia a manter banco de leite\t\t\t<\/a>\n\t\t<\/h3>\n\t\t\t\t<div class=\"elementor-post__meta-data\">\n\t\t\t\t\t<span class=\"elementor-post-date\">\n\t\t\t20 de agosto de 2026\t\t<\/span>\n\t\t\t\t<\/div>\n\t\t\t\t\t<a class=\"elementor-post__read-more\" href=\"https:\/\/radiosantaclara.sitetopfm.com.br\/site\/comissao-aprova-projeto-que-obriga-maternidades-de-referencia-a-manter-banco-de-leite\/\" >\n\t\t\t\tLer mais\u00bb\t\t\t<\/a>\n\t\t\t\t<\/div>\n\t\t\t\t<\/article>\n\t\t\t\t<article class=\"elementor-post elementor-grid-item post-10947 post type-post status-publish format-standard has-post-thumbnail hentry category-assistencia-social\">\n\t\t\t\t<a class=\"elementor-post__thumbnail__link\" href=\"https:\/\/radiosantaclara.sitetopfm.com.br\/site\/comissao-aprova-prioridade-para-ribeirinhos-no-minha-casa-minha-vida\/\" >\n\t\t\t<div class=\"elementor-post__thumbnail\"><img fetchpriority=\"high\" decoding=\"async\" width=\"300\" height=\"199\" src=\"https:\/\/radiosantaclara.sitetopfm.com.br\/site\/wp-content\/uploads\/2026\/03\/imagem-padrao-300x199.jpg\" class=\"attachment-medium size-medium wp-image-6909\" alt=\"\" srcset=\"https:\/\/radiosantaclara.sitetopfm.com.br\/site\/wp-content\/uploads\/2026\/03\/imagem-padrao-300x199.jpg 300w, https:\/\/radiosantaclara.sitetopfm.com.br\/site\/wp-content\/uploads\/2026\/03\/imagem-padrao.jpg 602w\" sizes=\"(max-width: 300px) 100vw, 300px\" \/><\/div>\n\t\t<\/a>\n\t\t\t\t<div class=\"elementor-post__text\">\n\t\t\t\t<h3 class=\"elementor-post__title\">\n\t\t\t<a href=\"https:\/\/radiosantaclara.sitetopfm.com.br\/site\/comissao-aprova-prioridade-para-ribeirinhos-no-minha-casa-minha-vida\/\" >\n\t\t\t\tComiss\u00e3o aprova prioridade para ribeirinhos no Minha Casa, Minha Vida\t\t\t<\/a>\n\t\t<\/h3>\n\t\t\t\t<div class=\"elementor-post__meta-data\">\n\t\t\t\t\t<span class=\"elementor-post-date\">\n\t\t\t20 de agosto de 2026\t\t<\/span>\n\t\t\t\t<\/div>\n\t\t\t\t\t<a class=\"elementor-post__read-more\" href=\"https:\/\/radiosantaclara.sitetopfm.com.br\/site\/comissao-aprova-prioridade-para-ribeirinhos-no-minha-casa-minha-vida\/\" >\n\t\t\t\tLer mais\u00bb\t\t\t<\/a>\n\t\t\t\t<\/div>\n\t\t\t\t<\/article>\n\t\t\t\t<article class=\"elementor-post elementor-grid-item post-10946 post type-post status-publish format-standard has-post-thumbnail hentry category-ultimas-noticias\">\n\t\t\t\t<a class=\"elementor-post__thumbnail__link\" href=\"https:\/\/radiosantaclara.sitetopfm.com.br\/site\/comissao-externa-da-camara-faz-balanco-sobre-medidas-para-reconstrucao-da-zona-da-mata-mineira\/\" >\n\t\t\t<div class=\"elementor-post__thumbnail\"><img fetchpriority=\"high\" decoding=\"async\" width=\"300\" height=\"199\" src=\"https:\/\/radiosantaclara.sitetopfm.com.br\/site\/wp-content\/uploads\/2026\/03\/imagem-padrao-300x199.jpg\" class=\"attachment-medium size-medium wp-image-6909\" alt=\"\" srcset=\"https:\/\/radiosantaclara.sitetopfm.com.br\/site\/wp-content\/uploads\/2026\/03\/imagem-padrao-300x199.jpg 300w, https:\/\/radiosantaclara.sitetopfm.com.br\/site\/wp-content\/uploads\/2026\/03\/imagem-padrao.jpg 602w\" sizes=\"(max-width: 300px) 100vw, 300px\" \/><\/div>\n\t\t<\/a>\n\t\t\t\t<div class=\"elementor-post__text\">\n\t\t\t\t<h3 class=\"elementor-post__title\">\n\t\t\t<a href=\"https:\/\/radiosantaclara.sitetopfm.com.br\/site\/comissao-externa-da-camara-faz-balanco-sobre-medidas-para-reconstrucao-da-zona-da-mata-mineira\/\" >\n\t\t\t\tComiss\u00e3o externa da C\u00e2mara faz balan\u00e7o sobre medidas para reconstru\u00e7\u00e3o da Zona da Mata mineira\t\t\t<\/a>\n\t\t<\/h3>\n\t\t\t\t<div class=\"elementor-post__meta-data\">\n\t\t\t\t\t<span class=\"elementor-post-date\">\n\t\t\t20 de agosto de 2026\t\t<\/span>\n\t\t\t\t<\/div>\n\t\t\t\t\t<a class=\"elementor-post__read-more\" href=\"https:\/\/radiosantaclara.sitetopfm.com.br\/site\/comissao-externa-da-camara-faz-balanco-sobre-medidas-para-reconstrucao-da-zona-da-mata-mineira\/\" >\n\t\t\t\tLer mais\u00bb\t\t\t<\/a>\n\t\t\t\t<\/div>\n\t\t\t\t<\/article>\n\t\t\t\t<article class=\"elementor-post elementor-grid-item post-10945 post type-post status-publish format-standard has-post-thumbnail hentry category-seguranca\">\n\t\t\t\t<a class=\"elementor-post__thumbnail__link\" href=\"https:\/\/radiosantaclara.sitetopfm.com.br\/site\/comissao-aprova-projeto-que-garante-a-vitima-informacao-sobre-investigacao-e-processo-penal\/\" >\n\t\t\t<div class=\"elementor-post__thumbnail\"><img fetchpriority=\"high\" decoding=\"async\" width=\"300\" height=\"199\" src=\"https:\/\/radiosantaclara.sitetopfm.com.br\/site\/wp-content\/uploads\/2026\/03\/imagem-padrao-300x199.jpg\" class=\"attachment-medium size-medium wp-image-6909\" alt=\"\" srcset=\"https:\/\/radiosantaclara.sitetopfm.com.br\/site\/wp-content\/uploads\/2026\/03\/imagem-padrao-300x199.jpg 300w, https:\/\/radiosantaclara.sitetopfm.com.br\/site\/wp-content\/uploads\/2026\/03\/imagem-padrao.jpg 602w\" sizes=\"(max-width: 300px) 100vw, 300px\" \/><\/div>\n\t\t<\/a>\n\t\t\t\t<div class=\"elementor-post__text\">\n\t\t\t\t<h3 class=\"elementor-post__title\">\n\t\t\t<a href=\"https:\/\/radiosantaclara.sitetopfm.com.br\/site\/comissao-aprova-projeto-que-garante-a-vitima-informacao-sobre-investigacao-e-processo-penal\/\" >\n\t\t\t\tComiss\u00e3o aprova projeto que garante a v\u00edtima informa\u00e7\u00e3o sobre investiga\u00e7\u00e3o e processo penal\t\t\t<\/a>\n\t\t<\/h3>\n\t\t\t\t<div class=\"elementor-post__meta-data\">\n\t\t\t\t\t<span class=\"elementor-post-date\">\n\t\t\t20 de agosto de 2026\t\t<\/span>\n\t\t\t\t<\/div>\n\t\t\t\t\t<a class=\"elementor-post__read-more\" href=\"https:\/\/radiosantaclara.sitetopfm.com.br\/site\/comissao-aprova-projeto-que-garante-a-vitima-informacao-sobre-investigacao-e-processo-penal\/\" >\n\t\t\t\tLer mais\u00bb\t\t\t<\/a>\n\t\t\t\t<\/div>\n\t\t\t\t<\/article>\n\t\t\t\t<article class=\"elementor-post elementor-grid-item post-10944 post type-post status-publish format-standard has-post-thumbnail hentry category-ultimas-noticias\">\n\t\t\t\t<a class=\"elementor-post__thumbnail__link\" href=\"https:\/\/radiosantaclara.sitetopfm.com.br\/site\/comissao-aprova-projeto-que-destina-recursos-recuperados-de-crimes-para-fundos-da-pessoa-idosa\/\" >\n\t\t\t<div class=\"elementor-post__thumbnail\"><img fetchpriority=\"high\" decoding=\"async\" width=\"300\" height=\"199\" src=\"https:\/\/radiosantaclara.sitetopfm.com.br\/site\/wp-content\/uploads\/2026\/03\/imagem-padrao-300x199.jpg\" class=\"attachment-medium size-medium wp-image-6909\" alt=\"\" srcset=\"https:\/\/radiosantaclara.sitetopfm.com.br\/site\/wp-content\/uploads\/2026\/03\/imagem-padrao-300x199.jpg 300w, https:\/\/radiosantaclara.sitetopfm.com.br\/site\/wp-content\/uploads\/2026\/03\/imagem-padrao.jpg 602w\" sizes=\"(max-width: 300px) 100vw, 300px\" \/><\/div>\n\t\t<\/a>\n\t\t\t\t<div class=\"elementor-post__text\">\n\t\t\t\t<h3 class=\"elementor-post__title\">\n\t\t\t<a href=\"https:\/\/radiosantaclara.sitetopfm.com.br\/site\/comissao-aprova-projeto-que-destina-recursos-recuperados-de-crimes-para-fundos-da-pessoa-idosa\/\" >\n\t\t\t\tComiss\u00e3o aprova projeto que destina recursos recuperados de crimes para fundos da pessoa idosa\t\t\t<\/a>\n\t\t<\/h3>\n\t\t\t\t<div class=\"elementor-post__meta-data\">\n\t\t\t\t\t<span class=\"elementor-post-date\">\n\t\t\t20 de agosto de 2026\t\t<\/span>\n\t\t\t\t<\/div>\n\t\t\t\t\t<a class=\"elementor-post__read-more\" href=\"https:\/\/radiosantaclara.sitetopfm.com.br\/site\/comissao-aprova-projeto-que-destina-recursos-recuperados-de-crimes-para-fundos-da-pessoa-idosa\/\" >\n\t\t\t\tLer mais\u00bb\t\t\t<\/a>\n\t\t\t\t<\/div>\n\t\t\t\t<\/article>\n\t\t\t\t<article class=\"elementor-post elementor-grid-item post-10943 post type-post status-publish format-standard has-post-thumbnail hentry category-direitos-humanos\">\n\t\t\t\t<a class=\"elementor-post__thumbnail__link\" href=\"https:\/\/radiosantaclara.sitetopfm.com.br\/site\/comissao-aprova-incentivos-para-construcao-e-modernizacao-de-instituicoes-de-idosos\/\" >\n\t\t\t<div class=\"elementor-post__thumbnail\"><img fetchpriority=\"high\" decoding=\"async\" width=\"300\" height=\"199\" src=\"https:\/\/radiosantaclara.sitetopfm.com.br\/site\/wp-content\/uploads\/2026\/03\/imagem-padrao-300x199.jpg\" class=\"attachment-medium size-medium wp-image-6909\" alt=\"\" srcset=\"https:\/\/radiosantaclara.sitetopfm.com.br\/site\/wp-content\/uploads\/2026\/03\/imagem-padrao-300x199.jpg 300w, https:\/\/radiosantaclara.sitetopfm.com.br\/site\/wp-content\/uploads\/2026\/03\/imagem-padrao.jpg 602w\" sizes=\"(max-width: 300px) 100vw, 300px\" \/><\/div>\n\t\t<\/a>\n\t\t\t\t<div class=\"elementor-post__text\">\n\t\t\t\t<h3 class=\"elementor-post__title\">\n\t\t\t<a href=\"https:\/\/radiosantaclara.sitetopfm.com.br\/site\/comissao-aprova-incentivos-para-construcao-e-modernizacao-de-instituicoes-de-idosos\/\" >\n\t\t\t\tComiss\u00e3o aprova incentivos para constru\u00e7\u00e3o e moderniza\u00e7\u00e3o de institui\u00e7\u00f5es de idosos\t\t\t<\/a>\n\t\t<\/h3>\n\t\t\t\t<div class=\"elementor-post__meta-data\">\n\t\t\t\t\t<span class=\"elementor-post-date\">\n\t\t\t20 de agosto de 2026\t\t<\/span>\n\t\t\t\t<\/div>\n\t\t\t\t\t<a class=\"elementor-post__read-more\" href=\"https:\/\/radiosantaclara.sitetopfm.com.br\/site\/comissao-aprova-incentivos-para-construcao-e-modernizacao-de-instituicoes-de-idosos\/\" >\n\t\t\t\tLer mais\u00bb\t\t\t<\/a>\n\t\t\t\t<\/div>\n\t\t\t\t<\/article>\n\t\t\t\t<article class=\"elementor-post elementor-grid-item post-10942 post type-post status-publish format-standard has-post-thumbnail hentry category-ultimas-noticias\">\n\t\t\t\t<a class=\"elementor-post__thumbnail__link\" href=\"https:\/\/radiosantaclara.sitetopfm.com.br\/site\/comissao-de-meio-ambiente-aprova-projeto-que-torna-crime-o-uso-de-animais-no-trafico-de-drogas\/\" >\n\t\t\t<div class=\"elementor-post__thumbnail\"><img fetchpriority=\"high\" decoding=\"async\" width=\"300\" height=\"199\" src=\"https:\/\/radiosantaclara.sitetopfm.com.br\/site\/wp-content\/uploads\/2026\/03\/imagem-padrao-300x199.jpg\" class=\"attachment-medium size-medium wp-image-6909\" alt=\"\" srcset=\"https:\/\/radiosantaclara.sitetopfm.com.br\/site\/wp-content\/uploads\/2026\/03\/imagem-padrao-300x199.jpg 300w, https:\/\/radiosantaclara.sitetopfm.com.br\/site\/wp-content\/uploads\/2026\/03\/imagem-padrao.jpg 602w\" sizes=\"(max-width: 300px) 100vw, 300px\" \/><\/div>\n\t\t<\/a>\n\t\t\t\t<div class=\"elementor-post__text\">\n\t\t\t\t<h3 class=\"elementor-post__title\">\n\t\t\t<a href=\"https:\/\/radiosantaclara.sitetopfm.com.br\/site\/comissao-de-meio-ambiente-aprova-projeto-que-torna-crime-o-uso-de-animais-no-trafico-de-drogas\/\" >\n\t\t\t\tComiss\u00e3o de Meio Ambiente aprova projeto que torna crime o uso de animais no tr\u00e1fico de drogas\t\t\t<\/a>\n\t\t<\/h3>\n\t\t\t\t<div class=\"elementor-post__meta-data\">\n\t\t\t\t\t<span class=\"elementor-post-date\">\n\t\t\t20 de agosto de 2026\t\t<\/span>\n\t\t\t\t<\/div>\n\t\t\t\t\t<a class=\"elementor-post__read-more\" href=\"https:\/\/radiosantaclara.sitetopfm.com.br\/site\/comissao-de-meio-ambiente-aprova-projeto-que-torna-crime-o-uso-de-animais-no-trafico-de-drogas\/\" >\n\t\t\t\tLer mais\u00bb\t\t\t<\/a>\n\t\t\t\t<\/div>\n\t\t\t\t<\/article>\n\t\t\t\t<article class=\"elementor-post elementor-grid-item post-10941 post type-post status-publish format-standard has-post-thumbnail hentry category-ultimas-noticias\">\n\t\t\t\t<a class=\"elementor-post__thumbnail__link\" href=\"https:\/\/radiosantaclara.sitetopfm.com.br\/site\/comissao-aprova-programa-de-acompanhante-para-idosos-com-foco-em-regioes-remotas\/\" >\n\t\t\t<div class=\"elementor-post__thumbnail\"><img fetchpriority=\"high\" decoding=\"async\" width=\"300\" height=\"199\" src=\"https:\/\/radiosantaclara.sitetopfm.com.br\/site\/wp-content\/uploads\/2026\/03\/imagem-padrao-300x199.jpg\" class=\"attachment-medium size-medium wp-image-6909\" alt=\"\" srcset=\"https:\/\/radiosantaclara.sitetopfm.com.br\/site\/wp-content\/uploads\/2026\/03\/imagem-padrao-300x199.jpg 300w, https:\/\/radiosantaclara.sitetopfm.com.br\/site\/wp-content\/uploads\/2026\/03\/imagem-padrao.jpg 602w\" sizes=\"(max-width: 300px) 100vw, 300px\" \/><\/div>\n\t\t<\/a>\n\t\t\t\t<div class=\"elementor-post__text\">\n\t\t\t\t<h3 class=\"elementor-post__title\">\n\t\t\t<a href=\"https:\/\/radiosantaclara.sitetopfm.com.br\/site\/comissao-aprova-programa-de-acompanhante-para-idosos-com-foco-em-regioes-remotas\/\" >\n\t\t\t\tComiss\u00e3o aprova programa de acompanhante para idosos com foco em regi\u00f5es remotas\t\t\t<\/a>\n\t\t<\/h3>\n\t\t\t\t<div class=\"elementor-post__meta-data\">\n\t\t\t\t\t<span class=\"elementor-post-date\">\n\t\t\t20 de agosto de 2026\t\t<\/span>\n\t\t\t\t<\/div>\n\t\t\t\t\t<a class=\"elementor-post__read-more\" href=\"https:\/\/radiosantaclara.sitetopfm.com.br\/site\/comissao-aprova-programa-de-acompanhante-para-idosos-com-foco-em-regioes-remotas\/\" >\n\t\t\t\tLer mais\u00bb\t\t\t<\/a>\n\t\t\t\t<\/div>\n\t\t\t\t<\/article>\n\t\t\t\t<article class=\"elementor-post elementor-grid-item post-10940 post type-post status-publish format-standard has-post-thumbnail hentry category-ultimas-noticias\">\n\t\t\t\t<a class=\"elementor-post__thumbnail__link\" href=\"https:\/\/radiosantaclara.sitetopfm.com.br\/site\/comissao-aprova-uso-de-multas-por-racismo-no-combate-a-discriminacao\/\" >\n\t\t\t<div class=\"elementor-post__thumbnail\"><img fetchpriority=\"high\" decoding=\"async\" width=\"300\" height=\"199\" src=\"https:\/\/radiosantaclara.sitetopfm.com.br\/site\/wp-content\/uploads\/2026\/03\/imagem-padrao-300x199.jpg\" class=\"attachment-medium size-medium wp-image-6909\" alt=\"\" srcset=\"https:\/\/radiosantaclara.sitetopfm.com.br\/site\/wp-content\/uploads\/2026\/03\/imagem-padrao-300x199.jpg 300w, https:\/\/radiosantaclara.sitetopfm.com.br\/site\/wp-content\/uploads\/2026\/03\/imagem-padrao.jpg 602w\" sizes=\"(max-width: 300px) 100vw, 300px\" \/><\/div>\n\t\t<\/a>\n\t\t\t\t<div class=\"elementor-post__text\">\n\t\t\t\t<h3 class=\"elementor-post__title\">\n\t\t\t<a href=\"https:\/\/radiosantaclara.sitetopfm.com.br\/site\/comissao-aprova-uso-de-multas-por-racismo-no-combate-a-discriminacao\/\" >\n\t\t\t\tComiss\u00e3o aprova uso de multas por racismo no combate \u00e0 discrimina\u00e7\u00e3o\t\t\t<\/a>\n\t\t<\/h3>\n\t\t\t\t<div class=\"elementor-post__meta-data\">\n\t\t\t\t\t<span class=\"elementor-post-date\">\n\t\t\t20 de agosto de 2026\t\t<\/span>\n\t\t\t\t<\/div>\n\t\t\t\t\t<a class=\"elementor-post__read-more\" href=\"https:\/\/radiosantaclara.sitetopfm.com.br\/site\/comissao-aprova-uso-de-multas-por-racismo-no-combate-a-discriminacao\/\" >\n\t\t\t\tLer mais\u00bb\t\t\t<\/a>\n\t\t\t\t<\/div>\n\t\t\t\t<\/article>\n\t\t\t\t<article class=\"elementor-post elementor-grid-item post-10939 post type-post status-publish format-standard has-post-thumbnail hentry category-ultimas-noticias\">\n\t\t\t\t<a class=\"elementor-post__thumbnail__link\" href=\"https:\/\/radiosantaclara.sitetopfm.com.br\/site\/comissao-aprova-projeto-que-cria-banco-de-materiais-que-sobram-de-obras-publicas\/\" >\n\t\t\t<div class=\"elementor-post__thumbnail\"><img fetchpriority=\"high\" decoding=\"async\" width=\"300\" height=\"199\" src=\"https:\/\/radiosantaclara.sitetopfm.com.br\/site\/wp-content\/uploads\/2026\/03\/imagem-padrao-300x199.jpg\" class=\"attachment-medium size-medium wp-image-6909\" alt=\"\" srcset=\"https:\/\/radiosantaclara.sitetopfm.com.br\/site\/wp-content\/uploads\/2026\/03\/imagem-padrao-300x199.jpg 300w, https:\/\/radiosantaclara.sitetopfm.com.br\/site\/wp-content\/uploads\/2026\/03\/imagem-padrao.jpg 602w\" sizes=\"(max-width: 300px) 100vw, 300px\" \/><\/div>\n\t\t<\/a>\n\t\t\t\t<div class=\"elementor-post__text\">\n\t\t\t\t<h3 class=\"elementor-post__title\">\n\t\t\t<a href=\"https:\/\/radiosantaclara.sitetopfm.com.br\/site\/comissao-aprova-projeto-que-cria-banco-de-materiais-que-sobram-de-obras-publicas\/\" >\n\t\t\t\tComiss\u00e3o aprova projeto que cria banco de materiais que sobram de obras p\u00fablicas\t\t\t<\/a>\n\t\t<\/h3>\n\t\t\t\t<div class=\"elementor-post__meta-data\">\n\t\t\t\t\t<span class=\"elementor-post-date\">\n\t\t\t20 de agosto de 2026\t\t<\/span>\n\t\t\t\t<\/div>\n\t\t\t\t\t<a class=\"elementor-post__read-more\" href=\"https:\/\/radiosantaclara.sitetopfm.com.br\/site\/comissao-aprova-projeto-que-cria-banco-de-materiais-que-sobram-de-obras-publicas\/\" >\n\t\t\t\tLer mais\u00bb\t\t\t<\/a>\n\t\t\t\t<\/div>\n\t\t\t\t<\/article>\n\t\t\t\t<article class=\"elementor-post elementor-grid-item post-10938 post type-post status-publish format-standard has-post-thumbnail hentry category-ultimas-noticias\">\n\t\t\t\t<a class=\"elementor-post__thumbnail__link\" href=\"https:\/\/radiosantaclara.sitetopfm.com.br\/site\/comissao-aprova-projeto-que-cria-politica-de-infraestrutura-urbana\/\" >\n\t\t\t<div class=\"elementor-post__thumbnail\"><img fetchpriority=\"high\" decoding=\"async\" width=\"300\" height=\"199\" src=\"https:\/\/radiosantaclara.sitetopfm.com.br\/site\/wp-content\/uploads\/2026\/03\/imagem-padrao-300x199.jpg\" class=\"attachment-medium size-medium wp-image-6909\" alt=\"\" srcset=\"https:\/\/radiosantaclara.sitetopfm.com.br\/site\/wp-content\/uploads\/2026\/03\/imagem-padrao-300x199.jpg 300w, https:\/\/radiosantaclara.sitetopfm.com.br\/site\/wp-content\/uploads\/2026\/03\/imagem-padrao.jpg 602w\" sizes=\"(max-width: 300px) 100vw, 300px\" \/><\/div>\n\t\t<\/a>\n\t\t\t\t<div class=\"elementor-post__text\">\n\t\t\t\t<h3 class=\"elementor-post__title\">\n\t\t\t<a href=\"https:\/\/radiosantaclara.sitetopfm.com.br\/site\/comissao-aprova-projeto-que-cria-politica-de-infraestrutura-urbana\/\" >\n\t\t\t\tComiss\u00e3o aprova projeto que cria pol\u00edtica de infraestrutura urbana\t\t\t<\/a>\n\t\t<\/h3>\n\t\t\t\t<div class=\"elementor-post__meta-data\">\n\t\t\t\t\t<span class=\"elementor-post-date\">\n\t\t\t20 de agosto de 2026\t\t<\/span>\n\t\t\t\t<\/div>\n\t\t\t\t\t<a class=\"elementor-post__read-more\" href=\"https:\/\/radiosantaclara.sitetopfm.com.br\/site\/comissao-aprova-projeto-que-cria-politica-de-infraestrutura-urbana\/\" >\n\t\t\t\tLer mais\u00bb\t\t\t<\/a>\n\t\t\t\t<\/div>\n\t\t\t\t<\/article>\n\t\t\t\t<article class=\"elementor-post elementor-grid-item post-10937 post type-post status-publish format-standard has-post-thumbnail hentry category-politica\">\n\t\t\t\t<a class=\"elementor-post__thumbnail__link\" href=\"https:\/\/radiosantaclara.sitetopfm.com.br\/site\/eleicoes-deste-ano-vao-definir-54-vagas-no-senado-e-todas-as-513-vagas-da-camara\/\" >\n\t\t\t<div class=\"elementor-post__thumbnail\"><img fetchpriority=\"high\" decoding=\"async\" width=\"300\" height=\"199\" src=\"https:\/\/radiosantaclara.sitetopfm.com.br\/site\/wp-content\/uploads\/2026\/03\/imagem-padrao-300x199.jpg\" class=\"attachment-medium size-medium wp-image-6909\" alt=\"\" srcset=\"https:\/\/radiosantaclara.sitetopfm.com.br\/site\/wp-content\/uploads\/2026\/03\/imagem-padrao-300x199.jpg 300w, https:\/\/radiosantaclara.sitetopfm.com.br\/site\/wp-content\/uploads\/2026\/03\/imagem-padrao.jpg 602w\" sizes=\"(max-width: 300px) 100vw, 300px\" \/><\/div>\n\t\t<\/a>\n\t\t\t\t<div class=\"elementor-post__text\">\n\t\t\t\t<h3 class=\"elementor-post__title\">\n\t\t\t<a href=\"https:\/\/radiosantaclara.sitetopfm.com.br\/site\/eleicoes-deste-ano-vao-definir-54-vagas-no-senado-e-todas-as-513-vagas-da-camara\/\" >\n\t\t\t\tElei\u00e7\u00f5es deste ano v\u00e3o definir 54 vagas no Senado e todas as 513 vagas da C\u00e2mara\t\t\t<\/a>\n\t\t<\/h3>\n\t\t\t\t<div class=\"elementor-post__meta-data\">\n\t\t\t\t\t<span class=\"elementor-post-date\">\n\t\t\t20 de agosto de 2026\t\t<\/span>\n\t\t\t\t<\/div>\n\t\t\t\t\t<a class=\"elementor-post__read-more\" href=\"https:\/\/radiosantaclara.sitetopfm.com.br\/site\/eleicoes-deste-ano-vao-definir-54-vagas-no-senado-e-todas-as-513-vagas-da-camara\/\" >\n\t\t\t\tLer mais\u00bb\t\t\t<\/a>\n\t\t\t\t<\/div>\n\t\t\t\t<\/article>\n\t\t\t\t<article class=\"elementor-post elementor-grid-item post-10936 post type-post status-publish format-standard has-post-thumbnail hentry category-ultimas-noticias\">\n\t\t\t\t<a class=\"elementor-post__thumbnail__link\" href=\"https:\/\/radiosantaclara.sitetopfm.com.br\/site\/comissao-de-saude-aprova-projeto-que-garante-tratamento-de-cancer-fora-do-estado\/\" >\n\t\t\t<div class=\"elementor-post__thumbnail\"><img fetchpriority=\"high\" decoding=\"async\" width=\"300\" height=\"199\" src=\"https:\/\/radiosantaclara.sitetopfm.com.br\/site\/wp-content\/uploads\/2026\/03\/imagem-padrao-300x199.jpg\" class=\"attachment-medium size-medium wp-image-6909\" alt=\"\" srcset=\"https:\/\/radiosantaclara.sitetopfm.com.br\/site\/wp-content\/uploads\/2026\/03\/imagem-padrao-300x199.jpg 300w, https:\/\/radiosantaclara.sitetopfm.com.br\/site\/wp-content\/uploads\/2026\/03\/imagem-padrao.jpg 602w\" sizes=\"(max-width: 300px) 100vw, 300px\" \/><\/div>\n\t\t<\/a>\n\t\t\t\t<div class=\"elementor-post__text\">\n\t\t\t\t<h3 class=\"elementor-post__title\">\n\t\t\t<a href=\"https:\/\/radiosantaclara.sitetopfm.com.br\/site\/comissao-de-saude-aprova-projeto-que-garante-tratamento-de-cancer-fora-do-estado\/\" >\n\t\t\t\tComiss\u00e3o de Sa\u00fade aprova projeto que garante tratamento de c\u00e2ncer fora do estado\t\t\t<\/a>\n\t\t<\/h3>\n\t\t\t\t<div class=\"elementor-post__meta-data\">\n\t\t\t\t\t<span class=\"elementor-post-date\">\n\t\t\t19 de agosto de 2026\t\t<\/span>\n\t\t\t\t<\/div>\n\t\t\t\t\t<a class=\"elementor-post__read-more\" href=\"https:\/\/radiosantaclara.sitetopfm.com.br\/site\/comissao-de-saude-aprova-projeto-que-garante-tratamento-de-cancer-fora-do-estado\/\" >\n\t\t\t\tLer mais\u00bb\t\t\t<\/a>\n\t\t\t\t<\/div>\n\t\t\t\t<\/article>\n\t\t\t\t<article class=\"elementor-post elementor-grid-item post-10935 post type-post status-publish format-standard has-post-thumbnail hentry category-politica\">\n\t\t\t\t<a class=\"elementor-post__thumbnail__link\" href=\"https:\/\/radiosantaclara.sitetopfm.com.br\/site\/observatorio-nacional-da-mulher-na-politica-completa-cinco-anos-e-mostra-acervo-de-pesquisas\/\" >\n\t\t\t<div class=\"elementor-post__thumbnail\"><img fetchpriority=\"high\" decoding=\"async\" width=\"300\" height=\"199\" src=\"https:\/\/radiosantaclara.sitetopfm.com.br\/site\/wp-content\/uploads\/2026\/03\/imagem-padrao-300x199.jpg\" class=\"attachment-medium size-medium wp-image-6909\" alt=\"\" srcset=\"https:\/\/radiosantaclara.sitetopfm.com.br\/site\/wp-content\/uploads\/2026\/03\/imagem-padrao-300x199.jpg 300w, https:\/\/radiosantaclara.sitetopfm.com.br\/site\/wp-content\/uploads\/2026\/03\/imagem-padrao.jpg 602w\" sizes=\"(max-width: 300px) 100vw, 300px\" \/><\/div>\n\t\t<\/a>\n\t\t\t\t<div class=\"elementor-post__text\">\n\t\t\t\t<h3 class=\"elementor-post__title\">\n\t\t\t<a href=\"https:\/\/radiosantaclara.sitetopfm.com.br\/site\/observatorio-nacional-da-mulher-na-politica-completa-cinco-anos-e-mostra-acervo-de-pesquisas\/\" >\n\t\t\t\tObservat\u00f3rio Nacional da Mulher na Pol\u00edtica completa cinco anos e mostra acervo de pesquisas\t\t\t<\/a>\n\t\t<\/h3>\n\t\t\t\t<div class=\"elementor-post__meta-data\">\n\t\t\t\t\t<span class=\"elementor-post-date\">\n\t\t\t19 de agosto de 2026\t\t<\/span>\n\t\t\t\t<\/div>\n\t\t\t\t\t<a class=\"elementor-post__read-more\" href=\"https:\/\/radiosantaclara.sitetopfm.com.br\/site\/observatorio-nacional-da-mulher-na-politica-completa-cinco-anos-e-mostra-acervo-de-pesquisas\/\" >\n\t\t\t\tLer mais\u00bb\t\t\t<\/a>\n\t\t\t\t<\/div>\n\t\t\t\t<\/article>\n\t\t\t\t<article class=\"elementor-post elementor-grid-item post-10934 post type-post status-publish format-standard has-post-thumbnail hentry category-saude\">\n\t\t\t\t<a class=\"elementor-post__thumbnail__link\" href=\"https:\/\/radiosantaclara.sitetopfm.com.br\/site\/comissao-aprova-projeto-que-preve-campanhas-informativas-sobre-doencas-neuromusculares\/\" >\n\t\t\t<div class=\"elementor-post__thumbnail\"><img fetchpriority=\"high\" decoding=\"async\" width=\"300\" height=\"199\" src=\"https:\/\/radiosantaclara.sitetopfm.com.br\/site\/wp-content\/uploads\/2026\/03\/imagem-padrao-300x199.jpg\" class=\"attachment-medium size-medium wp-image-6909\" alt=\"\" srcset=\"https:\/\/radiosantaclara.sitetopfm.com.br\/site\/wp-content\/uploads\/2026\/03\/imagem-padrao-300x199.jpg 300w, https:\/\/radiosantaclara.sitetopfm.com.br\/site\/wp-content\/uploads\/2026\/03\/imagem-padrao.jpg 602w\" sizes=\"(max-width: 300px) 100vw, 300px\" \/><\/div>\n\t\t<\/a>\n\t\t\t\t<div class=\"elementor-post__text\">\n\t\t\t\t<h3 class=\"elementor-post__title\">\n\t\t\t<a href=\"https:\/\/radiosantaclara.sitetopfm.com.br\/site\/comissao-aprova-projeto-que-preve-campanhas-informativas-sobre-doencas-neuromusculares\/\" >\n\t\t\t\tComiss\u00e3o aprova projeto que prev\u00ea campanhas informativas sobre doen\u00e7as neuromusculares\t\t\t<\/a>\n\t\t<\/h3>\n\t\t\t\t<div class=\"elementor-post__meta-data\">\n\t\t\t\t\t<span class=\"elementor-post-date\">\n\t\t\t19 de agosto de 2026\t\t<\/span>\n\t\t\t\t<\/div>\n\t\t\t\t\t<a class=\"elementor-post__read-more\" href=\"https:\/\/radiosantaclara.sitetopfm.com.br\/site\/comissao-aprova-projeto-que-preve-campanhas-informativas-sobre-doencas-neuromusculares\/\" >\n\t\t\t\tLer mais\u00bb\t\t\t<\/a>\n\t\t\t\t<\/div>\n\t\t\t\t<\/article>\n\t\t\t\t<article class=\"elementor-post elementor-grid-item post-10933 post type-post status-publish format-standard has-post-thumbnail hentry category-ultimas-noticias\">\n\t\t\t\t<a class=\"elementor-post__thumbnail__link\" href=\"https:\/\/radiosantaclara.sitetopfm.com.br\/site\/comissao-de-constituicao-e-justica-aprova-proposta-que-cria-estado-civil-de-convivente\/\" >\n\t\t\t<div class=\"elementor-post__thumbnail\"><img fetchpriority=\"high\" decoding=\"async\" width=\"300\" height=\"199\" src=\"https:\/\/radiosantaclara.sitetopfm.com.br\/site\/wp-content\/uploads\/2026\/03\/imagem-padrao-300x199.jpg\" class=\"attachment-medium size-medium wp-image-6909\" alt=\"\" srcset=\"https:\/\/radiosantaclara.sitetopfm.com.br\/site\/wp-content\/uploads\/2026\/03\/imagem-padrao-300x199.jpg 300w, https:\/\/radiosantaclara.sitetopfm.com.br\/site\/wp-content\/uploads\/2026\/03\/imagem-padrao.jpg 602w\" sizes=\"(max-width: 300px) 100vw, 300px\" \/><\/div>\n\t\t<\/a>\n\t\t\t\t<div class=\"elementor-post__text\">\n\t\t\t\t<h3 class=\"elementor-post__title\">\n\t\t\t<a href=\"https:\/\/radiosantaclara.sitetopfm.com.br\/site\/comissao-de-constituicao-e-justica-aprova-proposta-que-cria-estado-civil-de-convivente\/\" >\n\t\t\t\tComiss\u00e3o de Constitui\u00e7\u00e3o e Justi\u00e7a aprova proposta que cria estado civil de convivente\t\t\t<\/a>\n\t\t<\/h3>\n\t\t\t\t<div class=\"elementor-post__meta-data\">\n\t\t\t\t\t<span class=\"elementor-post-date\">\n\t\t\t19 de agosto de 2026\t\t<\/span>\n\t\t\t\t<\/div>\n\t\t\t\t\t<a class=\"elementor-post__read-more\" href=\"https:\/\/radiosantaclara.sitetopfm.com.br\/site\/comissao-de-constituicao-e-justica-aprova-proposta-que-cria-estado-civil-de-convivente\/\" >\n\t\t\t\tLer mais\u00bb\t\t\t<\/a>\n\t\t\t\t<\/div>\n\t\t\t\t<\/article>\n\t\t\t\t<article class=\"elementor-post elementor-grid-item post-10932 post type-post status-publish format-standard has-post-thumbnail hentry category-politica\">\n\t\t\t\t<a class=\"elementor-post__thumbnail__link\" href=\"https:\/\/radiosantaclara.sitetopfm.com.br\/site\/presidente-da-republica-eleito-neste-ano-vai-tomar-posse-no-dia-5-de-janeiro\/\" >\n\t\t\t<div class=\"elementor-post__thumbnail\"><img fetchpriority=\"high\" decoding=\"async\" width=\"300\" height=\"199\" src=\"https:\/\/radiosantaclara.sitetopfm.com.br\/site\/wp-content\/uploads\/2026\/03\/imagem-padrao-300x199.jpg\" class=\"attachment-medium size-medium wp-image-6909\" alt=\"\" srcset=\"https:\/\/radiosantaclara.sitetopfm.com.br\/site\/wp-content\/uploads\/2026\/03\/imagem-padrao-300x199.jpg 300w, https:\/\/radiosantaclara.sitetopfm.com.br\/site\/wp-content\/uploads\/2026\/03\/imagem-padrao.jpg 602w\" sizes=\"(max-width: 300px) 100vw, 300px\" \/><\/div>\n\t\t<\/a>\n\t\t\t\t<div class=\"elementor-post__text\">\n\t\t\t\t<h3 class=\"elementor-post__title\">\n\t\t\t<a href=\"https:\/\/radiosantaclara.sitetopfm.com.br\/site\/presidente-da-republica-eleito-neste-ano-vai-tomar-posse-no-dia-5-de-janeiro\/\" >\n\t\t\t\tPresidente da Rep\u00fablica eleito neste ano vai tomar posse no dia 5 de janeiro\t\t\t<\/a>\n\t\t<\/h3>\n\t\t\t\t<div class=\"elementor-post__meta-data\">\n\t\t\t\t\t<span class=\"elementor-post-date\">\n\t\t\t19 de agosto de 2026\t\t<\/span>\n\t\t\t\t<\/div>\n\t\t\t\t\t<a class=\"elementor-post__read-more\" href=\"https:\/\/radiosantaclara.sitetopfm.com.br\/site\/presidente-da-republica-eleito-neste-ano-vai-tomar-posse-no-dia-5-de-janeiro\/\" >\n\t\t\t\tLer mais\u00bb\t\t\t<\/a>\n\t\t\t\t<\/div>\n\t\t\t\t<\/article>\n\t\t\t\t<article class=\"elementor-post elementor-grid-item post-10931 post type-post status-publish format-standard has-post-thumbnail hentry category-ultimas-noticias\">\n\t\t\t\t<a class=\"elementor-post__thumbnail__link\" href=\"https:\/\/radiosantaclara.sitetopfm.com.br\/site\/comissao-aprova-projeto-que-cria-programa-nacional-para-coleta-e-reciclagem-de-lixo-eletronico\/\" >\n\t\t\t<div class=\"elementor-post__thumbnail\"><img fetchpriority=\"high\" decoding=\"async\" width=\"300\" height=\"199\" src=\"https:\/\/radiosantaclara.sitetopfm.com.br\/site\/wp-content\/uploads\/2026\/03\/imagem-padrao-300x199.jpg\" class=\"attachment-medium size-medium wp-image-6909\" alt=\"\" srcset=\"https:\/\/radiosantaclara.sitetopfm.com.br\/site\/wp-content\/uploads\/2026\/03\/imagem-padrao-300x199.jpg 300w, https:\/\/radiosantaclara.sitetopfm.com.br\/site\/wp-content\/uploads\/2026\/03\/imagem-padrao.jpg 602w\" sizes=\"(max-width: 300px) 100vw, 300px\" \/><\/div>\n\t\t<\/a>\n\t\t\t\t<div class=\"elementor-post__text\">\n\t\t\t\t<h3 class=\"elementor-post__title\">\n\t\t\t<a href=\"https:\/\/radiosantaclara.sitetopfm.com.br\/site\/comissao-aprova-projeto-que-cria-programa-nacional-para-coleta-e-reciclagem-de-lixo-eletronico\/\" >\n\t\t\t\tComiss\u00e3o aprova projeto que cria programa nacional para coleta e reciclagem de lixo eletr\u00f4nico\t\t\t<\/a>\n\t\t<\/h3>\n\t\t\t\t<div class=\"elementor-post__meta-data\">\n\t\t\t\t\t<span class=\"elementor-post-date\">\n\t\t\t19 de agosto de 2026\t\t<\/span>\n\t\t\t\t<\/div>\n\t\t\t\t\t<a class=\"elementor-post__read-more\" href=\"https:\/\/radiosantaclara.sitetopfm.com.br\/site\/comissao-aprova-projeto-que-cria-programa-nacional-para-coleta-e-reciclagem-de-lixo-eletronico\/\" >\n\t\t\t\tLer mais\u00bb\t\t\t<\/a>\n\t\t\t\t<\/div>\n\t\t\t\t<\/article>\n\t\t\t\t<article class=\"elementor-post elementor-grid-item post-10930 post type-post status-publish format-standard has-post-thumbnail hentry category-saude\">\n\t\t\t\t<a class=\"elementor-post__thumbnail__link\" href=\"https:\/\/radiosantaclara.sitetopfm.com.br\/site\/presidente-da-camara-defende-soberania-do-pais-na-area-da-saude\/\" >\n\t\t\t<div class=\"elementor-post__thumbnail\"><img fetchpriority=\"high\" decoding=\"async\" width=\"300\" height=\"199\" src=\"https:\/\/radiosantaclara.sitetopfm.com.br\/site\/wp-content\/uploads\/2026\/03\/imagem-padrao-300x199.jpg\" class=\"attachment-medium size-medium wp-image-6909\" alt=\"\" srcset=\"https:\/\/radiosantaclara.sitetopfm.com.br\/site\/wp-content\/uploads\/2026\/03\/imagem-padrao-300x199.jpg 300w, https:\/\/radiosantaclara.sitetopfm.com.br\/site\/wp-content\/uploads\/2026\/03\/imagem-padrao.jpg 602w\" sizes=\"(max-width: 300px) 100vw, 300px\" \/><\/div>\n\t\t<\/a>\n\t\t\t\t<div class=\"elementor-post__text\">\n\t\t\t\t<h3 class=\"elementor-post__title\">\n\t\t\t<a href=\"https:\/\/radiosantaclara.sitetopfm.com.br\/site\/presidente-da-camara-defende-soberania-do-pais-na-area-da-saude\/\" >\n\t\t\t\tPresidente da C\u00e2mara defende soberania do pa\u00eds na \u00e1rea da sa\u00fade\t\t\t<\/a>\n\t\t<\/h3>\n\t\t\t\t<div class=\"elementor-post__meta-data\">\n\t\t\t\t\t<span class=\"elementor-post-date\">\n\t\t\t19 de agosto de 2026\t\t<\/span>\n\t\t\t\t<\/div>\n\t\t\t\t\t<a class=\"elementor-post__read-more\" href=\"https:\/\/radiosantaclara.sitetopfm.com.br\/site\/presidente-da-camara-defende-soberania-do-pais-na-area-da-saude\/\" >\n\t\t\t\tLer mais\u00bb\t\t\t<\/a>\n\t\t\t\t<\/div>\n\t\t\t\t<\/article>\n\t\t\t\t<article class=\"elementor-post elementor-grid-item post-10929 post type-post status-publish format-standard has-post-thumbnail hentry category-direitos-humanos\">\n\t\t\t\t<a class=\"elementor-post__thumbnail__link\" href=\"https:\/\/radiosantaclara.sitetopfm.com.br\/site\/comissao-de-direitos-humanos-aprova-projeto-com-cota-de-20-para-mulheres-em-contratos-publicos\/\" >\n\t\t\t<div class=\"elementor-post__thumbnail\"><img fetchpriority=\"high\" decoding=\"async\" width=\"300\" height=\"199\" src=\"https:\/\/radiosantaclara.sitetopfm.com.br\/site\/wp-content\/uploads\/2026\/03\/imagem-padrao-300x199.jpg\" class=\"attachment-medium size-medium wp-image-6909\" alt=\"\" srcset=\"https:\/\/radiosantaclara.sitetopfm.com.br\/site\/wp-content\/uploads\/2026\/03\/imagem-padrao-300x199.jpg 300w, https:\/\/radiosantaclara.sitetopfm.com.br\/site\/wp-content\/uploads\/2026\/03\/imagem-padrao.jpg 602w\" sizes=\"(max-width: 300px) 100vw, 300px\" \/><\/div>\n\t\t<\/a>\n\t\t\t\t<div class=\"elementor-post__text\">\n\t\t\t\t<h3 class=\"elementor-post__title\">\n\t\t\t<a href=\"https:\/\/radiosantaclara.sitetopfm.com.br\/site\/comissao-de-direitos-humanos-aprova-projeto-com-cota-de-20-para-mulheres-em-contratos-publicos\/\" >\n\t\t\t\tComiss\u00e3o de Direitos Humanos aprova projeto com cota de 20% para mulheres em contratos p\u00fablicos\t\t\t<\/a>\n\t\t<\/h3>\n\t\t\t\t<div class=\"elementor-post__meta-data\">\n\t\t\t\t\t<span class=\"elementor-post-date\">\n\t\t\t19 de agosto de 2026\t\t<\/span>\n\t\t\t\t<\/div>\n\t\t\t\t\t<a class=\"elementor-post__read-more\" href=\"https:\/\/radiosantaclara.sitetopfm.com.br\/site\/comissao-de-direitos-humanos-aprova-projeto-com-cota-de-20-para-mulheres-em-contratos-publicos\/\" >\n\t\t\t\tLer mais\u00bb\t\t\t<\/a>\n\t\t\t\t<\/div>\n\t\t\t\t<\/article>\n\t\t\t\t<article class=\"elementor-post elementor-grid-item post-10928 post type-post status-publish format-standard has-post-thumbnail hentry category-agropecuaria\">\n\t\t\t\t<a class=\"elementor-post__thumbnail__link\" href=\"https:\/\/radiosantaclara.sitetopfm.com.br\/site\/lei-amplia-produtos-disponiveis-para-pequenos-criadores-no-programa-de-venda-em-balcao\/\" >\n\t\t\t<div class=\"elementor-post__thumbnail\"><img fetchpriority=\"high\" decoding=\"async\" width=\"300\" height=\"199\" src=\"https:\/\/radiosantaclara.sitetopfm.com.br\/site\/wp-content\/uploads\/2026\/03\/imagem-padrao-300x199.jpg\" class=\"attachment-medium size-medium wp-image-6909\" alt=\"\" srcset=\"https:\/\/radiosantaclara.sitetopfm.com.br\/site\/wp-content\/uploads\/2026\/03\/imagem-padrao-300x199.jpg 300w, https:\/\/radiosantaclara.sitetopfm.com.br\/site\/wp-content\/uploads\/2026\/03\/imagem-padrao.jpg 602w\" sizes=\"(max-width: 300px) 100vw, 300px\" \/><\/div>\n\t\t<\/a>\n\t\t\t\t<div class=\"elementor-post__text\">\n\t\t\t\t<h3 class=\"elementor-post__title\">\n\t\t\t<a href=\"https:\/\/radiosantaclara.sitetopfm.com.br\/site\/lei-amplia-produtos-disponiveis-para-pequenos-criadores-no-programa-de-venda-em-balcao\/\" >\n\t\t\t\tLei amplia produtos dispon\u00edveis para pequenos criadores no Programa de Venda em Balc\u00e3o\t\t\t<\/a>\n\t\t<\/h3>\n\t\t\t\t<div class=\"elementor-post__meta-data\">\n\t\t\t\t\t<span class=\"elementor-post-date\">\n\t\t\t19 de agosto de 2026\t\t<\/span>\n\t\t\t\t<\/div>\n\t\t\t\t\t<a class=\"elementor-post__read-more\" href=\"https:\/\/radiosantaclara.sitetopfm.com.br\/site\/lei-amplia-produtos-disponiveis-para-pequenos-criadores-no-programa-de-venda-em-balcao\/\" >\n\t\t\t\tLer mais\u00bb\t\t\t<\/a>\n\t\t\t\t<\/div>\n\t\t\t\t<\/article>\n\t\t\t\t<article class=\"elementor-post elementor-grid-item post-10927 post type-post status-publish format-standard has-post-thumbnail hentry category-ultimas-noticias\">\n\t\t\t\t<a class=\"elementor-post__thumbnail__link\" href=\"https:\/\/radiosantaclara.sitetopfm.com.br\/site\/comissao-da-camara-aprova-projeto-que-permite-optar-por-documentos-oficiais-em-formato-digital\/\" >\n\t\t\t<div class=\"elementor-post__thumbnail\"><img fetchpriority=\"high\" decoding=\"async\" width=\"300\" height=\"199\" src=\"https:\/\/radiosantaclara.sitetopfm.com.br\/site\/wp-content\/uploads\/2026\/03\/imagem-padrao-300x199.jpg\" class=\"attachment-medium size-medium wp-image-6909\" alt=\"\" srcset=\"https:\/\/radiosantaclara.sitetopfm.com.br\/site\/wp-content\/uploads\/2026\/03\/imagem-padrao-300x199.jpg 300w, https:\/\/radiosantaclara.sitetopfm.com.br\/site\/wp-content\/uploads\/2026\/03\/imagem-padrao.jpg 602w\" sizes=\"(max-width: 300px) 100vw, 300px\" \/><\/div>\n\t\t<\/a>\n\t\t\t\t<div class=\"elementor-post__text\">\n\t\t\t\t<h3 class=\"elementor-post__title\">\n\t\t\t<a href=\"https:\/\/radiosantaclara.sitetopfm.com.br\/site\/comissao-da-camara-aprova-projeto-que-permite-optar-por-documentos-oficiais-em-formato-digital\/\" >\n\t\t\t\tComiss\u00e3o da C\u00e2mara aprova projeto que permite optar por documentos oficiais em formato digital\t\t\t<\/a>\n\t\t<\/h3>\n\t\t\t\t<div class=\"elementor-post__meta-data\">\n\t\t\t\t\t<span class=\"elementor-post-date\">\n\t\t\t19 de agosto de 2026\t\t<\/span>\n\t\t\t\t<\/div>\n\t\t\t\t\t<a class=\"elementor-post__read-more\" href=\"https:\/\/radiosantaclara.sitetopfm.com.br\/site\/comissao-da-camara-aprova-projeto-que-permite-optar-por-documentos-oficiais-em-formato-digital\/\" >\n\t\t\t\tLer mais\u00bb\t\t\t<\/a>\n\t\t\t\t<\/div>\n\t\t\t\t<\/article>\n\t\t\t\t<article class=\"elementor-post elementor-grid-item post-10926 post type-post status-publish format-standard has-post-thumbnail hentry category-economia\">\n\t\t\t\t<a class=\"elementor-post__thumbnail__link\" href=\"https:\/\/radiosantaclara.sitetopfm.com.br\/site\/comissao-aprova-prazo-de-60-dias-para-responder-a-consultas-do-mercado-de-capitais\/\" >\n\t\t\t<div class=\"elementor-post__thumbnail\"><img fetchpriority=\"high\" decoding=\"async\" width=\"300\" height=\"199\" src=\"https:\/\/radiosantaclara.sitetopfm.com.br\/site\/wp-content\/uploads\/2026\/03\/imagem-padrao-300x199.jpg\" class=\"attachment-medium size-medium wp-image-6909\" alt=\"\" srcset=\"https:\/\/radiosantaclara.sitetopfm.com.br\/site\/wp-content\/uploads\/2026\/03\/imagem-padrao-300x199.jpg 300w, https:\/\/radiosantaclara.sitetopfm.com.br\/site\/wp-content\/uploads\/2026\/03\/imagem-padrao.jpg 602w\" sizes=\"(max-width: 300px) 100vw, 300px\" \/><\/div>\n\t\t<\/a>\n\t\t\t\t<div class=\"elementor-post__text\">\n\t\t\t\t<h3 class=\"elementor-post__title\">\n\t\t\t<a href=\"https:\/\/radiosantaclara.sitetopfm.com.br\/site\/comissao-aprova-prazo-de-60-dias-para-responder-a-consultas-do-mercado-de-capitais\/\" >\n\t\t\t\tComiss\u00e3o aprova prazo de 60 dias para responder a consultas do mercado de capitais\t\t\t<\/a>\n\t\t<\/h3>\n\t\t\t\t<div class=\"elementor-post__meta-data\">\n\t\t\t\t\t<span class=\"elementor-post-date\">\n\t\t\t19 de agosto de 2026\t\t<\/span>\n\t\t\t\t<\/div>\n\t\t\t\t\t<a class=\"elementor-post__read-more\" href=\"https:\/\/radiosantaclara.sitetopfm.com.br\/site\/comissao-aprova-prazo-de-60-dias-para-responder-a-consultas-do-mercado-de-capitais\/\" >\n\t\t\t\tLer mais\u00bb\t\t\t<\/a>\n\t\t\t\t<\/div>\n\t\t\t\t<\/article>\n\t\t\t\t<article class=\"elementor-post elementor-grid-item post-10925 post type-post status-publish format-standard has-post-thumbnail hentry category-ultimas-noticias\">\n\t\t\t\t<a class=\"elementor-post__thumbnail__link\" href=\"https:\/\/radiosantaclara.sitetopfm.com.br\/site\/encontro-na-camara-celebra-cinco-anos-do-observatorio-nacional-da-mulher-na-politica\/\" >\n\t\t\t<div class=\"elementor-post__thumbnail\"><img fetchpriority=\"high\" decoding=\"async\" width=\"300\" height=\"199\" src=\"https:\/\/radiosantaclara.sitetopfm.com.br\/site\/wp-content\/uploads\/2026\/03\/imagem-padrao-300x199.jpg\" class=\"attachment-medium size-medium wp-image-6909\" alt=\"\" srcset=\"https:\/\/radiosantaclara.sitetopfm.com.br\/site\/wp-content\/uploads\/2026\/03\/imagem-padrao-300x199.jpg 300w, https:\/\/radiosantaclara.sitetopfm.com.br\/site\/wp-content\/uploads\/2026\/03\/imagem-padrao.jpg 602w\" sizes=\"(max-width: 300px) 100vw, 300px\" \/><\/div>\n\t\t<\/a>\n\t\t\t\t<div class=\"elementor-post__text\">\n\t\t\t\t<h3 class=\"elementor-post__title\">\n\t\t\t<a href=\"https:\/\/radiosantaclara.sitetopfm.com.br\/site\/encontro-na-camara-celebra-cinco-anos-do-observatorio-nacional-da-mulher-na-politica\/\" >\n\t\t\t\tEncontro na C\u00e2mara celebra cinco anos do Observat\u00f3rio Nacional da Mulher na Pol\u00edtica\t\t\t<\/a>\n\t\t<\/h3>\n\t\t\t\t<div class=\"elementor-post__meta-data\">\n\t\t\t\t\t<span class=\"elementor-post-date\">\n\t\t\t19 de agosto de 2026\t\t<\/span>\n\t\t\t\t<\/div>\n\t\t\t\t\t<a class=\"elementor-post__read-more\" href=\"https:\/\/radiosantaclara.sitetopfm.com.br\/site\/encontro-na-camara-celebra-cinco-anos-do-observatorio-nacional-da-mulher-na-politica\/\" >\n\t\t\t\tLer mais\u00bb\t\t\t<\/a>\n\t\t\t\t<\/div>\n\t\t\t\t<\/article>\n\t\t\t\t<article class=\"elementor-post elementor-grid-item post-10924 post type-post status-publish format-standard has-post-thumbnail hentry category-direitos-humanos\">\n\t\t\t\t<a class=\"elementor-post__thumbnail__link\" href=\"https:\/\/radiosantaclara.sitetopfm.com.br\/site\/comissao-aprova-interprete-de-linguas-indigenas-em-atendimentos-publicos\/\" >\n\t\t\t<div class=\"elementor-post__thumbnail\"><img fetchpriority=\"high\" decoding=\"async\" width=\"300\" height=\"199\" src=\"https:\/\/radiosantaclara.sitetopfm.com.br\/site\/wp-content\/uploads\/2026\/03\/imagem-padrao-300x199.jpg\" class=\"attachment-medium size-medium wp-image-6909\" alt=\"\" srcset=\"https:\/\/radiosantaclara.sitetopfm.com.br\/site\/wp-content\/uploads\/2026\/03\/imagem-padrao-300x199.jpg 300w, https:\/\/radiosantaclara.sitetopfm.com.br\/site\/wp-content\/uploads\/2026\/03\/imagem-padrao.jpg 602w\" sizes=\"(max-width: 300px) 100vw, 300px\" \/><\/div>\n\t\t<\/a>\n\t\t\t\t<div class=\"elementor-post__text\">\n\t\t\t\t<h3 class=\"elementor-post__title\">\n\t\t\t<a href=\"https:\/\/radiosantaclara.sitetopfm.com.br\/site\/comissao-aprova-interprete-de-linguas-indigenas-em-atendimentos-publicos\/\" >\n\t\t\t\tComiss\u00e3o aprova int\u00e9rprete de l\u00ednguas ind\u00edgenas em atendimentos p\u00fablicos\t\t\t<\/a>\n\t\t<\/h3>\n\t\t\t\t<div class=\"elementor-post__meta-data\">\n\t\t\t\t\t<span class=\"elementor-post-date\">\n\t\t\t19 de agosto de 2026\t\t<\/span>\n\t\t\t\t<\/div>\n\t\t\t\t\t<a class=\"elementor-post__read-more\" href=\"https:\/\/radiosantaclara.sitetopfm.com.br\/site\/comissao-aprova-interprete-de-linguas-indigenas-em-atendimentos-publicos\/\" >\n\t\t\t\tLer mais\u00bb\t\t\t<\/a>\n\t\t\t\t<\/div>\n\t\t\t\t<\/article>\n\t\t\t\t<article class=\"elementor-post elementor-grid-item post-10923 post type-post status-publish format-standard has-post-thumbnail hentry category-ultimas-noticias\">\n\t\t\t\t<a class=\"elementor-post__thumbnail__link\" href=\"https:\/\/radiosantaclara.sitetopfm.com.br\/site\/comissao-aprova-projeto-que-define-regras-para-adaptacao-de-provas-em-concursos-publicos\/\" >\n\t\t\t<div class=\"elementor-post__thumbnail\"><img fetchpriority=\"high\" decoding=\"async\" width=\"300\" height=\"199\" src=\"https:\/\/radiosantaclara.sitetopfm.com.br\/site\/wp-content\/uploads\/2026\/03\/imagem-padrao-300x199.jpg\" class=\"attachment-medium size-medium wp-image-6909\" alt=\"\" srcset=\"https:\/\/radiosantaclara.sitetopfm.com.br\/site\/wp-content\/uploads\/2026\/03\/imagem-padrao-300x199.jpg 300w, https:\/\/radiosantaclara.sitetopfm.com.br\/site\/wp-content\/uploads\/2026\/03\/imagem-padrao.jpg 602w\" sizes=\"(max-width: 300px) 100vw, 300px\" \/><\/div>\n\t\t<\/a>\n\t\t\t\t<div class=\"elementor-post__text\">\n\t\t\t\t<h3 class=\"elementor-post__title\">\n\t\t\t<a href=\"https:\/\/radiosantaclara.sitetopfm.com.br\/site\/comissao-aprova-projeto-que-define-regras-para-adaptacao-de-provas-em-concursos-publicos\/\" >\n\t\t\t\tComiss\u00e3o aprova projeto que define regras para adapta\u00e7\u00e3o de provas em concursos p\u00fablicos\t\t\t<\/a>\n\t\t<\/h3>\n\t\t\t\t<div class=\"elementor-post__meta-data\">\n\t\t\t\t\t<span class=\"elementor-post-date\">\n\t\t\t19 de agosto de 2026\t\t<\/span>\n\t\t\t\t<\/div>\n\t\t\t\t\t<a class=\"elementor-post__read-more\" href=\"https:\/\/radiosantaclara.sitetopfm.com.br\/site\/comissao-aprova-projeto-que-define-regras-para-adaptacao-de-provas-em-concursos-publicos\/\" >\n\t\t\t\tLer mais\u00bb\t\t\t<\/a>\n\t\t\t\t<\/div>\n\t\t\t\t<\/article>\n\t\t\t\t<article class=\"elementor-post elementor-grid-item post-10922 post type-post status-publish format-standard has-post-thumbnail hentry category-direitos-humanos\">\n\t\t\t\t<a class=\"elementor-post__thumbnail__link\" href=\"https:\/\/radiosantaclara.sitetopfm.com.br\/site\/comissao-aprova-diretrizes-para-atendimento-de-pessoas-com-autismo-em-crises\/\" >\n\t\t\t<div class=\"elementor-post__thumbnail\"><img fetchpriority=\"high\" decoding=\"async\" width=\"300\" height=\"199\" src=\"https:\/\/radiosantaclara.sitetopfm.com.br\/site\/wp-content\/uploads\/2026\/03\/imagem-padrao-300x199.jpg\" class=\"attachment-medium size-medium wp-image-6909\" alt=\"\" srcset=\"https:\/\/radiosantaclara.sitetopfm.com.br\/site\/wp-content\/uploads\/2026\/03\/imagem-padrao-300x199.jpg 300w, https:\/\/radiosantaclara.sitetopfm.com.br\/site\/wp-content\/uploads\/2026\/03\/imagem-padrao.jpg 602w\" sizes=\"(max-width: 300px) 100vw, 300px\" \/><\/div>\n\t\t<\/a>\n\t\t\t\t<div class=\"elementor-post__text\">\n\t\t\t\t<h3 class=\"elementor-post__title\">\n\t\t\t<a href=\"https:\/\/radiosantaclara.sitetopfm.com.br\/site\/comissao-aprova-diretrizes-para-atendimento-de-pessoas-com-autismo-em-crises\/\" >\n\t\t\t\tComiss\u00e3o aprova diretrizes para atendimento de pessoas com autismo em crises\t\t\t<\/a>\n\t\t<\/h3>\n\t\t\t\t<div class=\"elementor-post__meta-data\">\n\t\t\t\t\t<span class=\"elementor-post-date\">\n\t\t\t19 de agosto de 2026\t\t<\/span>\n\t\t\t\t<\/div>\n\t\t\t\t\t<a class=\"elementor-post__read-more\" href=\"https:\/\/radiosantaclara.sitetopfm.com.br\/site\/comissao-aprova-diretrizes-para-atendimento-de-pessoas-com-autismo-em-crises\/\" >\n\t\t\t\tLer mais\u00bb\t\t\t<\/a>\n\t\t\t\t<\/div>\n\t\t\t\t<\/article>\n\t\t\t\t<article class=\"elementor-post elementor-grid-item post-10921 post type-post status-publish format-standard has-post-thumbnail hentry category-ultimas-noticias\">\n\t\t\t\t<a class=\"elementor-post__thumbnail__link\" href=\"https:\/\/radiosantaclara.sitetopfm.com.br\/site\/comissao-aprova-permissao-para-poder-publico-comprar-insumos-da-merenda-escolar-por-meio-de-consorcios\/\" >\n\t\t\t<div class=\"elementor-post__thumbnail\"><img fetchpriority=\"high\" decoding=\"async\" width=\"300\" height=\"199\" src=\"https:\/\/radiosantaclara.sitetopfm.com.br\/site\/wp-content\/uploads\/2026\/03\/imagem-padrao-300x199.jpg\" class=\"attachment-medium size-medium wp-image-6909\" alt=\"\" srcset=\"https:\/\/radiosantaclara.sitetopfm.com.br\/site\/wp-content\/uploads\/2026\/03\/imagem-padrao-300x199.jpg 300w, https:\/\/radiosantaclara.sitetopfm.com.br\/site\/wp-content\/uploads\/2026\/03\/imagem-padrao.jpg 602w\" sizes=\"(max-width: 300px) 100vw, 300px\" \/><\/div>\n\t\t<\/a>\n\t\t\t\t<div class=\"elementor-post__text\">\n\t\t\t\t<h3 class=\"elementor-post__title\">\n\t\t\t<a href=\"https:\/\/radiosantaclara.sitetopfm.com.br\/site\/comissao-aprova-permissao-para-poder-publico-comprar-insumos-da-merenda-escolar-por-meio-de-consorcios\/\" >\n\t\t\t\tComiss\u00e3o aprova permiss\u00e3o para poder p\u00fablico comprar insumos da merenda escolar por meio de cons\u00f3rcios\t\t\t<\/a>\n\t\t<\/h3>\n\t\t\t\t<div class=\"elementor-post__meta-data\">\n\t\t\t\t\t<span class=\"elementor-post-date\">\n\t\t\t19 de agosto de 2026\t\t<\/span>\n\t\t\t\t<\/div>\n\t\t\t\t\t<a class=\"elementor-post__read-more\" href=\"https:\/\/radiosantaclara.sitetopfm.com.br\/site\/comissao-aprova-permissao-para-poder-publico-comprar-insumos-da-merenda-escolar-por-meio-de-consorcios\/\" >\n\t\t\t\tLer mais\u00bb\t\t\t<\/a>\n\t\t\t\t<\/div>\n\t\t\t\t<\/article>\n\t\t\t\t<article class=\"elementor-post elementor-grid-item post-10920 post type-post status-publish format-standard has-post-thumbnail hentry category-direitos-humanos\">\n\t\t\t\t<a class=\"elementor-post__thumbnail__link\" href=\"https:\/\/radiosantaclara.sitetopfm.com.br\/site\/comissao-da-amazonia-aprova-projeto-que-protege-simbolos-culturais-de-povos-tradicionais\/\" >\n\t\t\t<div class=\"elementor-post__thumbnail\"><img fetchpriority=\"high\" decoding=\"async\" width=\"300\" height=\"199\" src=\"https:\/\/radiosantaclara.sitetopfm.com.br\/site\/wp-content\/uploads\/2026\/03\/imagem-padrao-300x199.jpg\" class=\"attachment-medium size-medium wp-image-6909\" alt=\"\" srcset=\"https:\/\/radiosantaclara.sitetopfm.com.br\/site\/wp-content\/uploads\/2026\/03\/imagem-padrao-300x199.jpg 300w, https:\/\/radiosantaclara.sitetopfm.com.br\/site\/wp-content\/uploads\/2026\/03\/imagem-padrao.jpg 602w\" sizes=\"(max-width: 300px) 100vw, 300px\" \/><\/div>\n\t\t<\/a>\n\t\t\t\t<div class=\"elementor-post__text\">\n\t\t\t\t<h3 class=\"elementor-post__title\">\n\t\t\t<a href=\"https:\/\/radiosantaclara.sitetopfm.com.br\/site\/comissao-da-amazonia-aprova-projeto-que-protege-simbolos-culturais-de-povos-tradicionais\/\" >\n\t\t\t\tComiss\u00e3o da Amaz\u00f4nia aprova projeto que protege s\u00edmbolos culturais de povos tradicionais\t\t\t<\/a>\n\t\t<\/h3>\n\t\t\t\t<div class=\"elementor-post__meta-data\">\n\t\t\t\t\t<span class=\"elementor-post-date\">\n\t\t\t19 de agosto de 2026\t\t<\/span>\n\t\t\t\t<\/div>\n\t\t\t\t\t<a class=\"elementor-post__read-more\" href=\"https:\/\/radiosantaclara.sitetopfm.com.br\/site\/comissao-da-amazonia-aprova-projeto-que-protege-simbolos-culturais-de-povos-tradicionais\/\" >\n\t\t\t\tLer mais\u00bb\t\t\t<\/a>\n\t\t\t\t<\/div>\n\t\t\t\t<\/article>\n\t\t\t\t<article class=\"elementor-post elementor-grid-item post-10919 post type-post status-publish format-standard has-post-thumbnail hentry category-ultimas-noticias\">\n\t\t\t\t<a class=\"elementor-post__thumbnail__link\" href=\"https:\/\/radiosantaclara.sitetopfm.com.br\/site\/comissao-mista-de-orcamento-debate-recomposicao-de-servidores-do-trt-de-sao-paulo\/\" >\n\t\t\t<div class=\"elementor-post__thumbnail\"><img fetchpriority=\"high\" decoding=\"async\" width=\"300\" height=\"199\" src=\"https:\/\/radiosantaclara.sitetopfm.com.br\/site\/wp-content\/uploads\/2026\/03\/imagem-padrao-300x199.jpg\" class=\"attachment-medium size-medium wp-image-6909\" alt=\"\" srcset=\"https:\/\/radiosantaclara.sitetopfm.com.br\/site\/wp-content\/uploads\/2026\/03\/imagem-padrao-300x199.jpg 300w, https:\/\/radiosantaclara.sitetopfm.com.br\/site\/wp-content\/uploads\/2026\/03\/imagem-padrao.jpg 602w\" sizes=\"(max-width: 300px) 100vw, 300px\" \/><\/div>\n\t\t<\/a>\n\t\t\t\t<div class=\"elementor-post__text\">\n\t\t\t\t<h3 class=\"elementor-post__title\">\n\t\t\t<a href=\"https:\/\/radiosantaclara.sitetopfm.com.br\/site\/comissao-mista-de-orcamento-debate-recomposicao-de-servidores-do-trt-de-sao-paulo\/\" >\n\t\t\t\tComiss\u00e3o Mista de Or\u00e7amento debate recomposi\u00e7\u00e3o de servidores do TRT de S\u00e3o Paulo\t\t\t<\/a>\n\t\t<\/h3>\n\t\t\t\t<div class=\"elementor-post__meta-data\">\n\t\t\t\t\t<span class=\"elementor-post-date\">\n\t\t\t18 de agosto de 2026\t\t<\/span>\n\t\t\t\t<\/div>\n\t\t\t\t\t<a class=\"elementor-post__read-more\" href=\"https:\/\/radiosantaclara.sitetopfm.com.br\/site\/comissao-mista-de-orcamento-debate-recomposicao-de-servidores-do-trt-de-sao-paulo\/\" >\n\t\t\t\tLer mais\u00bb\t\t\t<\/a>\n\t\t\t\t<\/div>\n\t\t\t\t<\/article>\n\t\t\t\t<article class=\"elementor-post elementor-grid-item post-10918 post type-post status-publish format-standard has-post-thumbnail hentry category-direitos-humanos\">\n\t\t\t\t<a class=\"elementor-post__thumbnail__link\" href=\"https:\/\/radiosantaclara.sitetopfm.com.br\/site\/comissao-aprova-fundo-para-linguas-indigenas\/\" >\n\t\t\t<div class=\"elementor-post__thumbnail\"><img fetchpriority=\"high\" decoding=\"async\" width=\"300\" height=\"199\" src=\"https:\/\/radiosantaclara.sitetopfm.com.br\/site\/wp-content\/uploads\/2026\/03\/imagem-padrao-300x199.jpg\" class=\"attachment-medium size-medium wp-image-6909\" alt=\"\" srcset=\"https:\/\/radiosantaclara.sitetopfm.com.br\/site\/wp-content\/uploads\/2026\/03\/imagem-padrao-300x199.jpg 300w, https:\/\/radiosantaclara.sitetopfm.com.br\/site\/wp-content\/uploads\/2026\/03\/imagem-padrao.jpg 602w\" sizes=\"(max-width: 300px) 100vw, 300px\" \/><\/div>\n\t\t<\/a>\n\t\t\t\t<div class=\"elementor-post__text\">\n\t\t\t\t<h3 class=\"elementor-post__title\">\n\t\t\t<a href=\"https:\/\/radiosantaclara.sitetopfm.com.br\/site\/comissao-aprova-fundo-para-linguas-indigenas\/\" >\n\t\t\t\tComiss\u00e3o aprova fundo para l\u00ednguas ind\u00edgenas\t\t\t<\/a>\n\t\t<\/h3>\n\t\t\t\t<div class=\"elementor-post__meta-data\">\n\t\t\t\t\t<span class=\"elementor-post-date\">\n\t\t\t18 de agosto de 2026\t\t<\/span>\n\t\t\t\t<\/div>\n\t\t\t\t\t<a class=\"elementor-post__read-more\" href=\"https:\/\/radiosantaclara.sitetopfm.com.br\/site\/comissao-aprova-fundo-para-linguas-indigenas\/\" >\n\t\t\t\tLer mais\u00bb\t\t\t<\/a>\n\t\t\t\t<\/div>\n\t\t\t\t<\/article>\n\t\t\t\t<article class=\"elementor-post elementor-grid-item post-10917 post type-post status-publish format-standard has-post-thumbnail hentry category-ultimas-noticias\">\n\t\t\t\t<a class=\"elementor-post__thumbnail__link\" href=\"https:\/\/radiosantaclara.sitetopfm.com.br\/site\/hugo-motta-lamenta-morte-das-atrizes-laura-cardoso-e-gloria-menezes\/\" >\n\t\t\t<div class=\"elementor-post__thumbnail\"><img fetchpriority=\"high\" decoding=\"async\" width=\"300\" height=\"199\" src=\"https:\/\/radiosantaclara.sitetopfm.com.br\/site\/wp-content\/uploads\/2026\/03\/imagem-padrao-300x199.jpg\" class=\"attachment-medium size-medium wp-image-6909\" alt=\"\" srcset=\"https:\/\/radiosantaclara.sitetopfm.com.br\/site\/wp-content\/uploads\/2026\/03\/imagem-padrao-300x199.jpg 300w, https:\/\/radiosantaclara.sitetopfm.com.br\/site\/wp-content\/uploads\/2026\/03\/imagem-padrao.jpg 602w\" sizes=\"(max-width: 300px) 100vw, 300px\" \/><\/div>\n\t\t<\/a>\n\t\t\t\t<div class=\"elementor-post__text\">\n\t\t\t\t<h3 class=\"elementor-post__title\">\n\t\t\t<a href=\"https:\/\/radiosantaclara.sitetopfm.com.br\/site\/hugo-motta-lamenta-morte-das-atrizes-laura-cardoso-e-gloria-menezes\/\" >\n\t\t\t\tHugo Motta lamenta morte das atrizes Laura Cardoso e Gl\u00f3ria Menezes\t\t\t<\/a>\n\t\t<\/h3>\n\t\t\t\t<div class=\"elementor-post__meta-data\">\n\t\t\t\t\t<span class=\"elementor-post-date\">\n\t\t\t18 de agosto de 2026\t\t<\/span>\n\t\t\t\t<\/div>\n\t\t\t\t\t<a class=\"elementor-post__read-more\" href=\"https:\/\/radiosantaclara.sitetopfm.com.br\/site\/hugo-motta-lamenta-morte-das-atrizes-laura-cardoso-e-gloria-menezes\/\" >\n\t\t\t\tLer mais\u00bb\t\t\t<\/a>\n\t\t\t\t<\/div>\n\t\t\t\t<\/article>\n\t\t\t\t<article class=\"elementor-post elementor-grid-item post-10916 post type-post status-publish format-standard has-post-thumbnail hentry category-seguranca\">\n\t\t\t\t<a class=\"elementor-post__thumbnail__link\" href=\"https:\/\/radiosantaclara.sitetopfm.com.br\/site\/comissao-aprova-prisao-especial-para-vigilantes-e-gestores-de-seguranca-privada\/\" >\n\t\t\t<div class=\"elementor-post__thumbnail\"><img fetchpriority=\"high\" decoding=\"async\" width=\"300\" height=\"199\" src=\"https:\/\/radiosantaclara.sitetopfm.com.br\/site\/wp-content\/uploads\/2026\/03\/imagem-padrao-300x199.jpg\" class=\"attachment-medium size-medium wp-image-6909\" alt=\"\" srcset=\"https:\/\/radiosantaclara.sitetopfm.com.br\/site\/wp-content\/uploads\/2026\/03\/imagem-padrao-300x199.jpg 300w, https:\/\/radiosantaclara.sitetopfm.com.br\/site\/wp-content\/uploads\/2026\/03\/imagem-padrao.jpg 602w\" sizes=\"(max-width: 300px) 100vw, 300px\" \/><\/div>\n\t\t<\/a>\n\t\t\t\t<div class=\"elementor-post__text\">\n\t\t\t\t<h3 class=\"elementor-post__title\">\n\t\t\t<a href=\"https:\/\/radiosantaclara.sitetopfm.com.br\/site\/comissao-aprova-prisao-especial-para-vigilantes-e-gestores-de-seguranca-privada\/\" >\n\t\t\t\tComiss\u00e3o aprova pris\u00e3o especial para vigilantes e gestores de seguran\u00e7a privada\t\t\t<\/a>\n\t\t<\/h3>\n\t\t\t\t<div class=\"elementor-post__meta-data\">\n\t\t\t\t\t<span class=\"elementor-post-date\">\n\t\t\t18 de agosto de 2026\t\t<\/span>\n\t\t\t\t<\/div>\n\t\t\t\t\t<a class=\"elementor-post__read-more\" href=\"https:\/\/radiosantaclara.sitetopfm.com.br\/site\/comissao-aprova-prisao-especial-para-vigilantes-e-gestores-de-seguranca-privada\/\" >\n\t\t\t\tLer mais\u00bb\t\t\t<\/a>\n\t\t\t\t<\/div>\n\t\t\t\t<\/article>\n\t\t\t\t<article class=\"elementor-post elementor-grid-item post-10915 post type-post status-publish format-standard has-post-thumbnail hentry category-saude\">\n\t\t\t\t<a class=\"elementor-post__thumbnail__link\" href=\"https:\/\/radiosantaclara.sitetopfm.com.br\/site\/comissao-aprova-novas-diretrizes-para-tratamento-de-pacientes-renais-no-sus\/\" >\n\t\t\t<div class=\"elementor-post__thumbnail\"><img fetchpriority=\"high\" decoding=\"async\" width=\"300\" height=\"199\" src=\"https:\/\/radiosantaclara.sitetopfm.com.br\/site\/wp-content\/uploads\/2026\/03\/imagem-padrao-300x199.jpg\" class=\"attachment-medium size-medium wp-image-6909\" alt=\"\" srcset=\"https:\/\/radiosantaclara.sitetopfm.com.br\/site\/wp-content\/uploads\/2026\/03\/imagem-padrao-300x199.jpg 300w, https:\/\/radiosantaclara.sitetopfm.com.br\/site\/wp-content\/uploads\/2026\/03\/imagem-padrao.jpg 602w\" sizes=\"(max-width: 300px) 100vw, 300px\" \/><\/div>\n\t\t<\/a>\n\t\t\t\t<div class=\"elementor-post__text\">\n\t\t\t\t<h3 class=\"elementor-post__title\">\n\t\t\t<a href=\"https:\/\/radiosantaclara.sitetopfm.com.br\/site\/comissao-aprova-novas-diretrizes-para-tratamento-de-pacientes-renais-no-sus\/\" >\n\t\t\t\tComiss\u00e3o aprova novas diretrizes para tratamento de pacientes renais no SUS\t\t\t<\/a>\n\t\t<\/h3>\n\t\t\t\t<div class=\"elementor-post__meta-data\">\n\t\t\t\t\t<span class=\"elementor-post-date\">\n\t\t\t18 de agosto de 2026\t\t<\/span>\n\t\t\t\t<\/div>\n\t\t\t\t\t<a class=\"elementor-post__read-more\" href=\"https:\/\/radiosantaclara.sitetopfm.com.br\/site\/comissao-aprova-novas-diretrizes-para-tratamento-de-pacientes-renais-no-sus\/\" >\n\t\t\t\tLer mais\u00bb\t\t\t<\/a>\n\t\t\t\t<\/div>\n\t\t\t\t<\/article>\n\t\t\t\t<article class=\"elementor-post elementor-grid-item post-10914 post type-post status-publish format-standard has-post-thumbnail hentry category-direitos-humanos\">\n\t\t\t\t<a class=\"elementor-post__thumbnail__link\" href=\"https:\/\/radiosantaclara.sitetopfm.com.br\/site\/comissao-aprova-nova-politica-de-prevencao-a-violencia-contra-pessoas-idosas\/\" >\n\t\t\t<div class=\"elementor-post__thumbnail\"><img fetchpriority=\"high\" decoding=\"async\" width=\"300\" height=\"199\" src=\"https:\/\/radiosantaclara.sitetopfm.com.br\/site\/wp-content\/uploads\/2026\/03\/imagem-padrao-300x199.jpg\" class=\"attachment-medium size-medium wp-image-6909\" alt=\"\" srcset=\"https:\/\/radiosantaclara.sitetopfm.com.br\/site\/wp-content\/uploads\/2026\/03\/imagem-padrao-300x199.jpg 300w, https:\/\/radiosantaclara.sitetopfm.com.br\/site\/wp-content\/uploads\/2026\/03\/imagem-padrao.jpg 602w\" sizes=\"(max-width: 300px) 100vw, 300px\" \/><\/div>\n\t\t<\/a>\n\t\t\t\t<div class=\"elementor-post__text\">\n\t\t\t\t<h3 class=\"elementor-post__title\">\n\t\t\t<a href=\"https:\/\/radiosantaclara.sitetopfm.com.br\/site\/comissao-aprova-nova-politica-de-prevencao-a-violencia-contra-pessoas-idosas\/\" >\n\t\t\t\tComiss\u00e3o aprova nova pol\u00edtica de preven\u00e7\u00e3o \u00e0 viol\u00eancia contra pessoas idosas\t\t\t<\/a>\n\t\t<\/h3>\n\t\t\t\t<div class=\"elementor-post__meta-data\">\n\t\t\t\t\t<span class=\"elementor-post-date\">\n\t\t\t18 de agosto de 2026\t\t<\/span>\n\t\t\t\t<\/div>\n\t\t\t\t\t<a class=\"elementor-post__read-more\" href=\"https:\/\/radiosantaclara.sitetopfm.com.br\/site\/comissao-aprova-nova-politica-de-prevencao-a-violencia-contra-pessoas-idosas\/\" >\n\t\t\t\tLer mais\u00bb\t\t\t<\/a>\n\t\t\t\t<\/div>\n\t\t\t\t<\/article>\n\t\t\t\t<article class=\"elementor-post elementor-grid-item post-10913 post type-post status-publish format-standard has-post-thumbnail hentry category-ultimas-noticias\">\n\t\t\t\t<a class=\"elementor-post__thumbnail__link\" href=\"https:\/\/radiosantaclara.sitetopfm.com.br\/site\/comissao-aprova-inclusao-de-inteligencia-artificial-na-politica-nacional-de-educacao-digital\/\" >\n\t\t\t<div class=\"elementor-post__thumbnail\"><img fetchpriority=\"high\" decoding=\"async\" width=\"300\" height=\"199\" src=\"https:\/\/radiosantaclara.sitetopfm.com.br\/site\/wp-content\/uploads\/2026\/03\/imagem-padrao-300x199.jpg\" class=\"attachment-medium size-medium wp-image-6909\" alt=\"\" srcset=\"https:\/\/radiosantaclara.sitetopfm.com.br\/site\/wp-content\/uploads\/2026\/03\/imagem-padrao-300x199.jpg 300w, https:\/\/radiosantaclara.sitetopfm.com.br\/site\/wp-content\/uploads\/2026\/03\/imagem-padrao.jpg 602w\" sizes=\"(max-width: 300px) 100vw, 300px\" \/><\/div>\n\t\t<\/a>\n\t\t\t\t<div class=\"elementor-post__text\">\n\t\t\t\t<h3 class=\"elementor-post__title\">\n\t\t\t<a href=\"https:\/\/radiosantaclara.sitetopfm.com.br\/site\/comissao-aprova-inclusao-de-inteligencia-artificial-na-politica-nacional-de-educacao-digital\/\" >\n\t\t\t\tComiss\u00e3o aprova inclus\u00e3o de intelig\u00eancia artificial na Pol\u00edtica Nacional de Educa\u00e7\u00e3o Digital\t\t\t<\/a>\n\t\t<\/h3>\n\t\t\t\t<div class=\"elementor-post__meta-data\">\n\t\t\t\t\t<span class=\"elementor-post-date\">\n\t\t\t18 de agosto de 2026\t\t<\/span>\n\t\t\t\t<\/div>\n\t\t\t\t\t<a class=\"elementor-post__read-more\" href=\"https:\/\/radiosantaclara.sitetopfm.com.br\/site\/comissao-aprova-inclusao-de-inteligencia-artificial-na-politica-nacional-de-educacao-digital\/\" >\n\t\t\t\tLer mais\u00bb\t\t\t<\/a>\n\t\t\t\t<\/div>\n\t\t\t\t<\/article>\n\t\t\t\t<article class=\"elementor-post elementor-grid-item post-10912 post type-post status-publish format-standard has-post-thumbnail hentry category-economia\">\n\t\t\t\t<a class=\"elementor-post__thumbnail__link\" href=\"https:\/\/radiosantaclara.sitetopfm.com.br\/site\/comissao-aprova-regras-para-combate-a-fraudes-financeiras-que-podem-comprometer-o-mercado\/\" >\n\t\t\t<div class=\"elementor-post__thumbnail\"><img fetchpriority=\"high\" decoding=\"async\" width=\"300\" height=\"199\" src=\"https:\/\/radiosantaclara.sitetopfm.com.br\/site\/wp-content\/uploads\/2026\/03\/imagem-padrao-300x199.jpg\" class=\"attachment-medium size-medium wp-image-6909\" alt=\"\" srcset=\"https:\/\/radiosantaclara.sitetopfm.com.br\/site\/wp-content\/uploads\/2026\/03\/imagem-padrao-300x199.jpg 300w, https:\/\/radiosantaclara.sitetopfm.com.br\/site\/wp-content\/uploads\/2026\/03\/imagem-padrao.jpg 602w\" sizes=\"(max-width: 300px) 100vw, 300px\" \/><\/div>\n\t\t<\/a>\n\t\t\t\t<div class=\"elementor-post__text\">\n\t\t\t\t<h3 class=\"elementor-post__title\">\n\t\t\t<a href=\"https:\/\/radiosantaclara.sitetopfm.com.br\/site\/comissao-aprova-regras-para-combate-a-fraudes-financeiras-que-podem-comprometer-o-mercado\/\" >\n\t\t\t\tComiss\u00e3o aprova regras para combate a fraudes financeiras que podem comprometer o mercado\t\t\t<\/a>\n\t\t<\/h3>\n\t\t\t\t<div class=\"elementor-post__meta-data\">\n\t\t\t\t\t<span class=\"elementor-post-date\">\n\t\t\t18 de agosto de 2026\t\t<\/span>\n\t\t\t\t<\/div>\n\t\t\t\t\t<a class=\"elementor-post__read-more\" href=\"https:\/\/radiosantaclara.sitetopfm.com.br\/site\/comissao-aprova-regras-para-combate-a-fraudes-financeiras-que-podem-comprometer-o-mercado\/\" >\n\t\t\t\tLer mais\u00bb\t\t\t<\/a>\n\t\t\t\t<\/div>\n\t\t\t\t<\/article>\n\t\t\t\t<article class=\"elementor-post elementor-grid-item post-10911 post type-post status-publish format-standard has-post-thumbnail hentry category-meio-ambiente\">\n\t\t\t\t<a class=\"elementor-post__thumbnail__link\" href=\"https:\/\/radiosantaclara.sitetopfm.com.br\/site\/comissao-aprova-criacao-de-politica-nacional-de-conservacao-do-pau-brasil\/\" >\n\t\t\t<div class=\"elementor-post__thumbnail\"><img fetchpriority=\"high\" decoding=\"async\" width=\"300\" height=\"199\" src=\"https:\/\/radiosantaclara.sitetopfm.com.br\/site\/wp-content\/uploads\/2026\/03\/imagem-padrao-300x199.jpg\" class=\"attachment-medium size-medium wp-image-6909\" alt=\"\" srcset=\"https:\/\/radiosantaclara.sitetopfm.com.br\/site\/wp-content\/uploads\/2026\/03\/imagem-padrao-300x199.jpg 300w, https:\/\/radiosantaclara.sitetopfm.com.br\/site\/wp-content\/uploads\/2026\/03\/imagem-padrao.jpg 602w\" sizes=\"(max-width: 300px) 100vw, 300px\" \/><\/div>\n\t\t<\/a>\n\t\t\t\t<div class=\"elementor-post__text\">\n\t\t\t\t<h3 class=\"elementor-post__title\">\n\t\t\t<a href=\"https:\/\/radiosantaclara.sitetopfm.com.br\/site\/comissao-aprova-criacao-de-politica-nacional-de-conservacao-do-pau-brasil\/\" >\n\t\t\t\tComiss\u00e3o aprova cria\u00e7\u00e3o de pol\u00edtica nacional de conserva\u00e7\u00e3o do pau-brasil\t\t\t<\/a>\n\t\t<\/h3>\n\t\t\t\t<div class=\"elementor-post__meta-data\">\n\t\t\t\t\t<span class=\"elementor-post-date\">\n\t\t\t18 de agosto de 2026\t\t<\/span>\n\t\t\t\t<\/div>\n\t\t\t\t\t<a class=\"elementor-post__read-more\" href=\"https:\/\/radiosantaclara.sitetopfm.com.br\/site\/comissao-aprova-criacao-de-politica-nacional-de-conservacao-do-pau-brasil\/\" >\n\t\t\t\tLer mais\u00bb\t\t\t<\/a>\n\t\t\t\t<\/div>\n\t\t\t\t<\/article>\n\t\t\t\t<article class=\"elementor-post elementor-grid-item post-10910 post type-post status-publish format-standard has-post-thumbnail hentry category-seguranca\">\n\t\t\t\t<a class=\"elementor-post__thumbnail__link\" href=\"https:\/\/radiosantaclara.sitetopfm.com.br\/site\/comissao-de-seguranca-aprova-projeto-que-regulamenta-porte-de-arma-para-empresarios\/\" >\n\t\t\t<div class=\"elementor-post__thumbnail\"><img fetchpriority=\"high\" decoding=\"async\" width=\"300\" height=\"199\" src=\"https:\/\/radiosantaclara.sitetopfm.com.br\/site\/wp-content\/uploads\/2026\/03\/imagem-padrao-300x199.jpg\" class=\"attachment-medium size-medium wp-image-6909\" alt=\"\" srcset=\"https:\/\/radiosantaclara.sitetopfm.com.br\/site\/wp-content\/uploads\/2026\/03\/imagem-padrao-300x199.jpg 300w, https:\/\/radiosantaclara.sitetopfm.com.br\/site\/wp-content\/uploads\/2026\/03\/imagem-padrao.jpg 602w\" sizes=\"(max-width: 300px) 100vw, 300px\" \/><\/div>\n\t\t<\/a>\n\t\t\t\t<div class=\"elementor-post__text\">\n\t\t\t\t<h3 class=\"elementor-post__title\">\n\t\t\t<a href=\"https:\/\/radiosantaclara.sitetopfm.com.br\/site\/comissao-de-seguranca-aprova-projeto-que-regulamenta-porte-de-arma-para-empresarios\/\" >\n\t\t\t\tComiss\u00e3o de Seguran\u00e7a aprova projeto que regulamenta porte de arma para empres\u00e1rios\t\t\t<\/a>\n\t\t<\/h3>\n\t\t\t\t<div class=\"elementor-post__meta-data\">\n\t\t\t\t\t<span class=\"elementor-post-date\">\n\t\t\t18 de agosto de 2026\t\t<\/span>\n\t\t\t\t<\/div>\n\t\t\t\t\t<a class=\"elementor-post__read-more\" href=\"https:\/\/radiosantaclara.sitetopfm.com.br\/site\/comissao-de-seguranca-aprova-projeto-que-regulamenta-porte-de-arma-para-empresarios\/\" >\n\t\t\t\tLer mais\u00bb\t\t\t<\/a>\n\t\t\t\t<\/div>\n\t\t\t\t<\/article>\n\t\t\t\t<article class=\"elementor-post elementor-grid-item post-10909 post type-post status-publish format-standard has-post-thumbnail hentry category-direitos-humanos\">\n\t\t\t\t<a class=\"elementor-post__thumbnail__link\" href=\"https:\/\/radiosantaclara.sitetopfm.com.br\/site\/comissao-aprova-projeto-que-cria-programa-para-financiar-adaptacao-de-casas-para-idosos\/\" >\n\t\t\t<div class=\"elementor-post__thumbnail\"><img fetchpriority=\"high\" decoding=\"async\" width=\"300\" height=\"199\" src=\"https:\/\/radiosantaclara.sitetopfm.com.br\/site\/wp-content\/uploads\/2026\/03\/imagem-padrao-300x199.jpg\" class=\"attachment-medium size-medium wp-image-6909\" alt=\"\" srcset=\"https:\/\/radiosantaclara.sitetopfm.com.br\/site\/wp-content\/uploads\/2026\/03\/imagem-padrao-300x199.jpg 300w, https:\/\/radiosantaclara.sitetopfm.com.br\/site\/wp-content\/uploads\/2026\/03\/imagem-padrao.jpg 602w\" sizes=\"(max-width: 300px) 100vw, 300px\" \/><\/div>\n\t\t<\/a>\n\t\t\t\t<div class=\"elementor-post__text\">\n\t\t\t\t<h3 class=\"elementor-post__title\">\n\t\t\t<a href=\"https:\/\/radiosantaclara.sitetopfm.com.br\/site\/comissao-aprova-projeto-que-cria-programa-para-financiar-adaptacao-de-casas-para-idosos\/\" >\n\t\t\t\tComiss\u00e3o aprova projeto que cria programa para financiar adapta\u00e7\u00e3o de casas para idosos\t\t\t<\/a>\n\t\t<\/h3>\n\t\t\t\t<div class=\"elementor-post__meta-data\">\n\t\t\t\t\t<span class=\"elementor-post-date\">\n\t\t\t18 de agosto de 2026\t\t<\/span>\n\t\t\t\t<\/div>\n\t\t\t\t\t<a class=\"elementor-post__read-more\" href=\"https:\/\/radiosantaclara.sitetopfm.com.br\/site\/comissao-aprova-projeto-que-cria-programa-para-financiar-adaptacao-de-casas-para-idosos\/\" >\n\t\t\t\tLer mais\u00bb\t\t\t<\/a>\n\t\t\t\t<\/div>\n\t\t\t\t<\/article>\n\t\t\t\t<article class=\"elementor-post elementor-grid-item post-10908 post type-post status-publish format-standard has-post-thumbnail hentry category-ultimas-noticias\">\n\t\t\t\t<a class=\"elementor-post__thumbnail__link\" href=\"https:\/\/radiosantaclara.sitetopfm.com.br\/site\/projeto-cria-lei-para-proteger-criancas-e-adolescentes-de-conteudos-inadequados\/\" >\n\t\t\t<div class=\"elementor-post__thumbnail\"><img fetchpriority=\"high\" decoding=\"async\" width=\"300\" height=\"199\" src=\"https:\/\/radiosantaclara.sitetopfm.com.br\/site\/wp-content\/uploads\/2026\/03\/imagem-padrao-300x199.jpg\" class=\"attachment-medium size-medium wp-image-6909\" alt=\"\" srcset=\"https:\/\/radiosantaclara.sitetopfm.com.br\/site\/wp-content\/uploads\/2026\/03\/imagem-padrao-300x199.jpg 300w, https:\/\/radiosantaclara.sitetopfm.com.br\/site\/wp-content\/uploads\/2026\/03\/imagem-padrao.jpg 602w\" sizes=\"(max-width: 300px) 100vw, 300px\" \/><\/div>\n\t\t<\/a>\n\t\t\t\t<div class=\"elementor-post__text\">\n\t\t\t\t<h3 class=\"elementor-post__title\">\n\t\t\t<a href=\"https:\/\/radiosantaclara.sitetopfm.com.br\/site\/projeto-cria-lei-para-proteger-criancas-e-adolescentes-de-conteudos-inadequados\/\" >\n\t\t\t\tProjeto cria lei para proteger crian\u00e7as e adolescentes de conte\u00fados inadequados\t\t\t<\/a>\n\t\t<\/h3>\n\t\t\t\t<div class=\"elementor-post__meta-data\">\n\t\t\t\t\t<span class=\"elementor-post-date\">\n\t\t\t18 de agosto de 2026\t\t<\/span>\n\t\t\t\t<\/div>\n\t\t\t\t\t<a class=\"elementor-post__read-more\" href=\"https:\/\/radiosantaclara.sitetopfm.com.br\/site\/projeto-cria-lei-para-proteger-criancas-e-adolescentes-de-conteudos-inadequados\/\" >\n\t\t\t\tLer mais\u00bb\t\t\t<\/a>\n\t\t\t\t<\/div>\n\t\t\t\t<\/article>\n\t\t\t\t<article class=\"elementor-post elementor-grid-item post-10907 post type-post status-publish format-standard has-post-thumbnail hentry category-direitos-humanos\">\n\t\t\t\t<a class=\"elementor-post__thumbnail__link\" href=\"https:\/\/radiosantaclara.sitetopfm.com.br\/site\/comissao-aprova-exigencia-de-antecedentes-criminais-para-cuidadores-de-pessoas-idosas\/\" >\n\t\t\t<div class=\"elementor-post__thumbnail\"><img fetchpriority=\"high\" decoding=\"async\" width=\"300\" height=\"199\" src=\"https:\/\/radiosantaclara.sitetopfm.com.br\/site\/wp-content\/uploads\/2026\/03\/imagem-padrao-300x199.jpg\" class=\"attachment-medium size-medium wp-image-6909\" alt=\"\" srcset=\"https:\/\/radiosantaclara.sitetopfm.com.br\/site\/wp-content\/uploads\/2026\/03\/imagem-padrao-300x199.jpg 300w, https:\/\/radiosantaclara.sitetopfm.com.br\/site\/wp-content\/uploads\/2026\/03\/imagem-padrao.jpg 602w\" sizes=\"(max-width: 300px) 100vw, 300px\" \/><\/div>\n\t\t<\/a>\n\t\t\t\t<div class=\"elementor-post__text\">\n\t\t\t\t<h3 class=\"elementor-post__title\">\n\t\t\t<a href=\"https:\/\/radiosantaclara.sitetopfm.com.br\/site\/comissao-aprova-exigencia-de-antecedentes-criminais-para-cuidadores-de-pessoas-idosas\/\" >\n\t\t\t\tComiss\u00e3o aprova exig\u00eancia de antecedentes criminais para cuidadores de pessoas idosas\t\t\t<\/a>\n\t\t<\/h3>\n\t\t\t\t<div class=\"elementor-post__meta-data\">\n\t\t\t\t\t<span class=\"elementor-post-date\">\n\t\t\t18 de agosto de 2026\t\t<\/span>\n\t\t\t\t<\/div>\n\t\t\t\t\t<a class=\"elementor-post__read-more\" href=\"https:\/\/radiosantaclara.sitetopfm.com.br\/site\/comissao-aprova-exigencia-de-antecedentes-criminais-para-cuidadores-de-pessoas-idosas\/\" >\n\t\t\t\tLer mais\u00bb\t\t\t<\/a>\n\t\t\t\t<\/div>\n\t\t\t\t<\/article>\n\t\t\t\t<article class=\"elementor-post elementor-grid-item post-10906 post type-post status-publish format-standard has-post-thumbnail hentry category-ultimas-noticias\">\n\t\t\t\t<a class=\"elementor-post__thumbnail__link\" href=\"https:\/\/radiosantaclara.sitetopfm.com.br\/site\/comissao-aprova-diretrizes-para-desapropriar-terrenos-de-comunidades-vulneraveis\/\" >\n\t\t\t<div class=\"elementor-post__thumbnail\"><img fetchpriority=\"high\" decoding=\"async\" width=\"300\" height=\"199\" src=\"https:\/\/radiosantaclara.sitetopfm.com.br\/site\/wp-content\/uploads\/2026\/03\/imagem-padrao-300x199.jpg\" class=\"attachment-medium size-medium wp-image-6909\" alt=\"\" srcset=\"https:\/\/radiosantaclara.sitetopfm.com.br\/site\/wp-content\/uploads\/2026\/03\/imagem-padrao-300x199.jpg 300w, https:\/\/radiosantaclara.sitetopfm.com.br\/site\/wp-content\/uploads\/2026\/03\/imagem-padrao.jpg 602w\" sizes=\"(max-width: 300px) 100vw, 300px\" \/><\/div>\n\t\t<\/a>\n\t\t\t\t<div class=\"elementor-post__text\">\n\t\t\t\t<h3 class=\"elementor-post__title\">\n\t\t\t<a href=\"https:\/\/radiosantaclara.sitetopfm.com.br\/site\/comissao-aprova-diretrizes-para-desapropriar-terrenos-de-comunidades-vulneraveis\/\" >\n\t\t\t\tComiss\u00e3o aprova diretrizes para desapropriar terrenos de comunidades vulner\u00e1veis\t\t\t<\/a>\n\t\t<\/h3>\n\t\t\t\t<div class=\"elementor-post__meta-data\">\n\t\t\t\t\t<span class=\"elementor-post-date\">\n\t\t\t18 de agosto de 2026\t\t<\/span>\n\t\t\t\t<\/div>\n\t\t\t\t\t<a class=\"elementor-post__read-more\" href=\"https:\/\/radiosantaclara.sitetopfm.com.br\/site\/comissao-aprova-diretrizes-para-desapropriar-terrenos-de-comunidades-vulneraveis\/\" >\n\t\t\t\tLer mais\u00bb\t\t\t<\/a>\n\t\t\t\t<\/div>\n\t\t\t\t<\/article>\n\t\t\t\t<article class=\"elementor-post elementor-grid-item post-10905 post type-post status-publish format-standard has-post-thumbnail hentry category-economia\">\n\t\t\t\t<a class=\"elementor-post__thumbnail__link\" href=\"https:\/\/radiosantaclara.sitetopfm.com.br\/site\/comissao-aprova-projeto-que-exige-cafe-da-manha-e-almoco-para-trabalhadores-da-construcao-civil\/\" >\n\t\t\t<div class=\"elementor-post__thumbnail\"><img fetchpriority=\"high\" decoding=\"async\" width=\"300\" height=\"199\" src=\"https:\/\/radiosantaclara.sitetopfm.com.br\/site\/wp-content\/uploads\/2026\/03\/imagem-padrao-300x199.jpg\" class=\"attachment-medium size-medium wp-image-6909\" alt=\"\" srcset=\"https:\/\/radiosantaclara.sitetopfm.com.br\/site\/wp-content\/uploads\/2026\/03\/imagem-padrao-300x199.jpg 300w, https:\/\/radiosantaclara.sitetopfm.com.br\/site\/wp-content\/uploads\/2026\/03\/imagem-padrao.jpg 602w\" sizes=\"(max-width: 300px) 100vw, 300px\" \/><\/div>\n\t\t<\/a>\n\t\t\t\t<div class=\"elementor-post__text\">\n\t\t\t\t<h3 class=\"elementor-post__title\">\n\t\t\t<a href=\"https:\/\/radiosantaclara.sitetopfm.com.br\/site\/comissao-aprova-projeto-que-exige-cafe-da-manha-e-almoco-para-trabalhadores-da-construcao-civil\/\" >\n\t\t\t\tComiss\u00e3o aprova projeto que exige caf\u00e9 da manh\u00e3 e almo\u00e7o para trabalhadores da constru\u00e7\u00e3o civil\t\t\t<\/a>\n\t\t<\/h3>\n\t\t\t\t<div class=\"elementor-post__meta-data\">\n\t\t\t\t\t<span class=\"elementor-post-date\">\n\t\t\t17 de agosto de 2026\t\t<\/span>\n\t\t\t\t<\/div>\n\t\t\t\t\t<a class=\"elementor-post__read-more\" href=\"https:\/\/radiosantaclara.sitetopfm.com.br\/site\/comissao-aprova-projeto-que-exige-cafe-da-manha-e-almoco-para-trabalhadores-da-construcao-civil\/\" >\n\t\t\t\tLer mais\u00bb\t\t\t<\/a>\n\t\t\t\t<\/div>\n\t\t\t\t<\/article>\n\t\t\t\t<article class=\"elementor-post elementor-grid-item post-10904 post type-post status-publish format-standard has-post-thumbnail hentry category-seguranca\">\n\t\t\t\t<a class=\"elementor-post__thumbnail__link\" href=\"https:\/\/radiosantaclara.sitetopfm.com.br\/site\/estudo-avalia-destinacao-de-emendas-parlamentares-para-a-area-de-seguranca-publica\/\" >\n\t\t\t<div class=\"elementor-post__thumbnail\"><img fetchpriority=\"high\" decoding=\"async\" width=\"300\" height=\"199\" src=\"https:\/\/radiosantaclara.sitetopfm.com.br\/site\/wp-content\/uploads\/2026\/03\/imagem-padrao-300x199.jpg\" class=\"attachment-medium size-medium wp-image-6909\" alt=\"\" srcset=\"https:\/\/radiosantaclara.sitetopfm.com.br\/site\/wp-content\/uploads\/2026\/03\/imagem-padrao-300x199.jpg 300w, https:\/\/radiosantaclara.sitetopfm.com.br\/site\/wp-content\/uploads\/2026\/03\/imagem-padrao.jpg 602w\" sizes=\"(max-width: 300px) 100vw, 300px\" \/><\/div>\n\t\t<\/a>\n\t\t\t\t<div class=\"elementor-post__text\">\n\t\t\t\t<h3 class=\"elementor-post__title\">\n\t\t\t<a href=\"https:\/\/radiosantaclara.sitetopfm.com.br\/site\/estudo-avalia-destinacao-de-emendas-parlamentares-para-a-area-de-seguranca-publica\/\" >\n\t\t\t\tEstudo avalia destina\u00e7\u00e3o de emendas parlamentares para a \u00e1rea de seguran\u00e7a p\u00fablica\t\t\t<\/a>\n\t\t<\/h3>\n\t\t\t\t<div class=\"elementor-post__meta-data\">\n\t\t\t\t\t<span class=\"elementor-post-date\">\n\t\t\t17 de agosto de 2026\t\t<\/span>\n\t\t\t\t<\/div>\n\t\t\t\t\t<a class=\"elementor-post__read-more\" href=\"https:\/\/radiosantaclara.sitetopfm.com.br\/site\/estudo-avalia-destinacao-de-emendas-parlamentares-para-a-area-de-seguranca-publica\/\" >\n\t\t\t\tLer mais\u00bb\t\t\t<\/a>\n\t\t\t\t<\/div>\n\t\t\t\t<\/article>\n\t\t\t\t<article class=\"elementor-post elementor-grid-item post-10903 post type-post status-publish format-standard has-post-thumbnail hentry category-saude\">\n\t\t\t\t<a class=\"elementor-post__thumbnail__link\" href=\"https:\/\/radiosantaclara.sitetopfm.com.br\/site\/comissao-aprova-projeto-que-equipara-fissura-labiopalatina-e-doenca-renal-cronica-a-deficiencia\/\" >\n\t\t\t<div class=\"elementor-post__thumbnail\"><img fetchpriority=\"high\" decoding=\"async\" width=\"300\" height=\"199\" src=\"https:\/\/radiosantaclara.sitetopfm.com.br\/site\/wp-content\/uploads\/2026\/03\/imagem-padrao-300x199.jpg\" class=\"attachment-medium size-medium wp-image-6909\" alt=\"\" srcset=\"https:\/\/radiosantaclara.sitetopfm.com.br\/site\/wp-content\/uploads\/2026\/03\/imagem-padrao-300x199.jpg 300w, https:\/\/radiosantaclara.sitetopfm.com.br\/site\/wp-content\/uploads\/2026\/03\/imagem-padrao.jpg 602w\" sizes=\"(max-width: 300px) 100vw, 300px\" \/><\/div>\n\t\t<\/a>\n\t\t\t\t<div class=\"elementor-post__text\">\n\t\t\t\t<h3 class=\"elementor-post__title\">\n\t\t\t<a href=\"https:\/\/radiosantaclara.sitetopfm.com.br\/site\/comissao-aprova-projeto-que-equipara-fissura-labiopalatina-e-doenca-renal-cronica-a-deficiencia\/\" >\n\t\t\t\tComiss\u00e3o aprova projeto que equipara fissura labiopalatina e doen\u00e7a renal cr\u00f4nica a defici\u00eancia\t\t\t<\/a>\n\t\t<\/h3>\n\t\t\t\t<div class=\"elementor-post__meta-data\">\n\t\t\t\t\t<span class=\"elementor-post-date\">\n\t\t\t17 de agosto de 2026\t\t<\/span>\n\t\t\t\t<\/div>\n\t\t\t\t\t<a class=\"elementor-post__read-more\" href=\"https:\/\/radiosantaclara.sitetopfm.com.br\/site\/comissao-aprova-projeto-que-equipara-fissura-labiopalatina-e-doenca-renal-cronica-a-deficiencia\/\" >\n\t\t\t\tLer mais\u00bb\t\t\t<\/a>\n\t\t\t\t<\/div>\n\t\t\t\t<\/article>\n\t\t\t\t<article class=\"elementor-post elementor-grid-item post-10902 post type-post status-publish format-standard has-post-thumbnail hentry category-direitos-humanos\">\n\t\t\t\t<a class=\"elementor-post__thumbnail__link\" href=\"https:\/\/radiosantaclara.sitetopfm.com.br\/site\/comissao-aprova-adaptacao-de-uniformes-escolares-para-alunos-com-deficiencia\/\" >\n\t\t\t<div class=\"elementor-post__thumbnail\"><img fetchpriority=\"high\" decoding=\"async\" width=\"300\" height=\"199\" src=\"https:\/\/radiosantaclara.sitetopfm.com.br\/site\/wp-content\/uploads\/2026\/03\/imagem-padrao-300x199.jpg\" class=\"attachment-medium size-medium wp-image-6909\" alt=\"\" srcset=\"https:\/\/radiosantaclara.sitetopfm.com.br\/site\/wp-content\/uploads\/2026\/03\/imagem-padrao-300x199.jpg 300w, https:\/\/radiosantaclara.sitetopfm.com.br\/site\/wp-content\/uploads\/2026\/03\/imagem-padrao.jpg 602w\" sizes=\"(max-width: 300px) 100vw, 300px\" \/><\/div>\n\t\t<\/a>\n\t\t\t\t<div class=\"elementor-post__text\">\n\t\t\t\t<h3 class=\"elementor-post__title\">\n\t\t\t<a href=\"https:\/\/radiosantaclara.sitetopfm.com.br\/site\/comissao-aprova-adaptacao-de-uniformes-escolares-para-alunos-com-deficiencia\/\" >\n\t\t\t\tComiss\u00e3o aprova adapta\u00e7\u00e3o de uniformes escolares para alunos com defici\u00eancia\t\t\t<\/a>\n\t\t<\/h3>\n\t\t\t\t<div class=\"elementor-post__meta-data\">\n\t\t\t\t\t<span class=\"elementor-post-date\">\n\t\t\t17 de agosto de 2026\t\t<\/span>\n\t\t\t\t<\/div>\n\t\t\t\t\t<a class=\"elementor-post__read-more\" href=\"https:\/\/radiosantaclara.sitetopfm.com.br\/site\/comissao-aprova-adaptacao-de-uniformes-escolares-para-alunos-com-deficiencia\/\" >\n\t\t\t\tLer mais\u00bb\t\t\t<\/a>\n\t\t\t\t<\/div>\n\t\t\t\t<\/article>\n\t\t\t\t<article class=\"elementor-post elementor-grid-item post-10901 post type-post status-publish format-standard has-post-thumbnail hentry category-assistencia-social\">\n\t\t\t\t<a class=\"elementor-post__thumbnail__link\" href=\"https:\/\/radiosantaclara.sitetopfm.com.br\/site\/comissao-aprova-projeto-que-institui-a-politica-nacional-de-convivencia-sociocultural\/\" >\n\t\t\t<div class=\"elementor-post__thumbnail\"><img fetchpriority=\"high\" decoding=\"async\" width=\"300\" height=\"199\" src=\"https:\/\/radiosantaclara.sitetopfm.com.br\/site\/wp-content\/uploads\/2026\/03\/imagem-padrao-300x199.jpg\" class=\"attachment-medium size-medium wp-image-6909\" alt=\"\" srcset=\"https:\/\/radiosantaclara.sitetopfm.com.br\/site\/wp-content\/uploads\/2026\/03\/imagem-padrao-300x199.jpg 300w, https:\/\/radiosantaclara.sitetopfm.com.br\/site\/wp-content\/uploads\/2026\/03\/imagem-padrao.jpg 602w\" sizes=\"(max-width: 300px) 100vw, 300px\" \/><\/div>\n\t\t<\/a>\n\t\t\t\t<div class=\"elementor-post__text\">\n\t\t\t\t<h3 class=\"elementor-post__title\">\n\t\t\t<a href=\"https:\/\/radiosantaclara.sitetopfm.com.br\/site\/comissao-aprova-projeto-que-institui-a-politica-nacional-de-convivencia-sociocultural\/\" >\n\t\t\t\tComiss\u00e3o aprova projeto que institui a Pol\u00edtica Nacional de Conviv\u00eancia Sociocultural\t\t\t<\/a>\n\t\t<\/h3>\n\t\t\t\t<div class=\"elementor-post__meta-data\">\n\t\t\t\t\t<span class=\"elementor-post-date\">\n\t\t\t17 de agosto de 2026\t\t<\/span>\n\t\t\t\t<\/div>\n\t\t\t\t\t<a class=\"elementor-post__read-more\" href=\"https:\/\/radiosantaclara.sitetopfm.com.br\/site\/comissao-aprova-projeto-que-institui-a-politica-nacional-de-convivencia-sociocultural\/\" >\n\t\t\t\tLer mais\u00bb\t\t\t<\/a>\n\t\t\t\t<\/div>\n\t\t\t\t<\/article>\n\t\t\t\t<article class=\"elementor-post elementor-grid-item post-10900 post type-post status-publish format-standard has-post-thumbnail hentry category-ultimas-noticias\">\n\t\t\t\t<a class=\"elementor-post__thumbnail__link\" href=\"https:\/\/radiosantaclara.sitetopfm.com.br\/site\/comissao-aprova-registro-de-animais-atendidos-com-recursos-federais\/\" >\n\t\t\t<div class=\"elementor-post__thumbnail\"><img fetchpriority=\"high\" decoding=\"async\" width=\"300\" height=\"199\" src=\"https:\/\/radiosantaclara.sitetopfm.com.br\/site\/wp-content\/uploads\/2026\/03\/imagem-padrao-300x199.jpg\" class=\"attachment-medium size-medium wp-image-6909\" alt=\"\" srcset=\"https:\/\/radiosantaclara.sitetopfm.com.br\/site\/wp-content\/uploads\/2026\/03\/imagem-padrao-300x199.jpg 300w, https:\/\/radiosantaclara.sitetopfm.com.br\/site\/wp-content\/uploads\/2026\/03\/imagem-padrao.jpg 602w\" sizes=\"(max-width: 300px) 100vw, 300px\" \/><\/div>\n\t\t<\/a>\n\t\t\t\t<div class=\"elementor-post__text\">\n\t\t\t\t<h3 class=\"elementor-post__title\">\n\t\t\t<a href=\"https:\/\/radiosantaclara.sitetopfm.com.br\/site\/comissao-aprova-registro-de-animais-atendidos-com-recursos-federais\/\" >\n\t\t\t\tComiss\u00e3o aprova registro de animais atendidos com recursos federais\t\t\t<\/a>\n\t\t<\/h3>\n\t\t\t\t<div class=\"elementor-post__meta-data\">\n\t\t\t\t\t<span class=\"elementor-post-date\">\n\t\t\t17 de agosto de 2026\t\t<\/span>\n\t\t\t\t<\/div>\n\t\t\t\t\t<a class=\"elementor-post__read-more\" href=\"https:\/\/radiosantaclara.sitetopfm.com.br\/site\/comissao-aprova-registro-de-animais-atendidos-com-recursos-federais\/\" >\n\t\t\t\tLer mais\u00bb\t\t\t<\/a>\n\t\t\t\t<\/div>\n\t\t\t\t<\/article>\n\t\t\t\t<article class=\"elementor-post elementor-grid-item post-10899 post type-post status-publish format-standard has-post-thumbnail hentry category-consumidor\">\n\t\t\t\t<a class=\"elementor-post__thumbnail__link\" href=\"https:\/\/radiosantaclara.sitetopfm.com.br\/site\/comissao-aprova-projeto-com-regras-para-acesso-a-tv-aberta-em-smart-tvs\/\" >\n\t\t\t<div class=\"elementor-post__thumbnail\"><img fetchpriority=\"high\" decoding=\"async\" width=\"300\" height=\"199\" src=\"https:\/\/radiosantaclara.sitetopfm.com.br\/site\/wp-content\/uploads\/2026\/03\/imagem-padrao-300x199.jpg\" class=\"attachment-medium size-medium wp-image-6909\" alt=\"\" srcset=\"https:\/\/radiosantaclara.sitetopfm.com.br\/site\/wp-content\/uploads\/2026\/03\/imagem-padrao-300x199.jpg 300w, https:\/\/radiosantaclara.sitetopfm.com.br\/site\/wp-content\/uploads\/2026\/03\/imagem-padrao.jpg 602w\" sizes=\"(max-width: 300px) 100vw, 300px\" \/><\/div>\n\t\t<\/a>\n\t\t\t\t<div class=\"elementor-post__text\">\n\t\t\t\t<h3 class=\"elementor-post__title\">\n\t\t\t<a href=\"https:\/\/radiosantaclara.sitetopfm.com.br\/site\/comissao-aprova-projeto-com-regras-para-acesso-a-tv-aberta-em-smart-tvs\/\" >\n\t\t\t\tComiss\u00e3o aprova projeto com regras para acesso \u00e0 TV aberta em Smart TVs\t\t\t<\/a>\n\t\t<\/h3>\n\t\t\t\t<div class=\"elementor-post__meta-data\">\n\t\t\t\t\t<span class=\"elementor-post-date\">\n\t\t\t17 de agosto de 2026\t\t<\/span>\n\t\t\t\t<\/div>\n\t\t\t\t\t<a class=\"elementor-post__read-more\" href=\"https:\/\/radiosantaclara.sitetopfm.com.br\/site\/comissao-aprova-projeto-com-regras-para-acesso-a-tv-aberta-em-smart-tvs\/\" >\n\t\t\t\tLer mais\u00bb\t\t\t<\/a>\n\t\t\t\t<\/div>\n\t\t\t\t<\/article>\n\t\t\t\t<article class=\"elementor-post elementor-grid-item post-10898 post type-post status-publish format-standard has-post-thumbnail hentry category-ultimas-noticias\">\n\t\t\t\t<a class=\"elementor-post__thumbnail__link\" href=\"https:\/\/radiosantaclara.sitetopfm.com.br\/site\/comissao-aprova-aumento-de-penas-para-crimes-contra-idosos\/\" >\n\t\t\t<div class=\"elementor-post__thumbnail\"><img fetchpriority=\"high\" decoding=\"async\" width=\"300\" height=\"199\" src=\"https:\/\/radiosantaclara.sitetopfm.com.br\/site\/wp-content\/uploads\/2026\/03\/imagem-padrao-300x199.jpg\" class=\"attachment-medium size-medium wp-image-6909\" alt=\"\" srcset=\"https:\/\/radiosantaclara.sitetopfm.com.br\/site\/wp-content\/uploads\/2026\/03\/imagem-padrao-300x199.jpg 300w, https:\/\/radiosantaclara.sitetopfm.com.br\/site\/wp-content\/uploads\/2026\/03\/imagem-padrao.jpg 602w\" sizes=\"(max-width: 300px) 100vw, 300px\" \/><\/div>\n\t\t<\/a>\n\t\t\t\t<div class=\"elementor-post__text\">\n\t\t\t\t<h3 class=\"elementor-post__title\">\n\t\t\t<a href=\"https:\/\/radiosantaclara.sitetopfm.com.br\/site\/comissao-aprova-aumento-de-penas-para-crimes-contra-idosos\/\" >\n\t\t\t\tComiss\u00e3o aprova aumento de penas para crimes contra idosos\t\t\t<\/a>\n\t\t<\/h3>\n\t\t\t\t<div class=\"elementor-post__meta-data\">\n\t\t\t\t\t<span class=\"elementor-post-date\">\n\t\t\t16 de agosto de 2026\t\t<\/span>\n\t\t\t\t<\/div>\n\t\t\t\t\t<a class=\"elementor-post__read-more\" href=\"https:\/\/radiosantaclara.sitetopfm.com.br\/site\/comissao-aprova-aumento-de-penas-para-crimes-contra-idosos\/\" >\n\t\t\t\tLer mais\u00bb\t\t\t<\/a>\n\t\t\t\t<\/div>\n\t\t\t\t<\/article>\n\t\t\t\t<article class=\"elementor-post elementor-grid-item post-10897 post type-post status-publish format-standard has-post-thumbnail hentry category-ultimas-noticias\">\n\t\t\t\t<a class=\"elementor-post__thumbnail__link\" href=\"https:\/\/radiosantaclara.sitetopfm.com.br\/site\/projeto-exige-consulta-publica-para-dar-nome-a-rodovias-e-viadutos-federais\/\" >\n\t\t\t<div class=\"elementor-post__thumbnail\"><img fetchpriority=\"high\" decoding=\"async\" width=\"300\" height=\"199\" src=\"https:\/\/radiosantaclara.sitetopfm.com.br\/site\/wp-content\/uploads\/2026\/03\/imagem-padrao-300x199.jpg\" class=\"attachment-medium size-medium wp-image-6909\" alt=\"\" srcset=\"https:\/\/radiosantaclara.sitetopfm.com.br\/site\/wp-content\/uploads\/2026\/03\/imagem-padrao-300x199.jpg 300w, https:\/\/radiosantaclara.sitetopfm.com.br\/site\/wp-content\/uploads\/2026\/03\/imagem-padrao.jpg 602w\" sizes=\"(max-width: 300px) 100vw, 300px\" \/><\/div>\n\t\t<\/a>\n\t\t\t\t<div class=\"elementor-post__text\">\n\t\t\t\t<h3 class=\"elementor-post__title\">\n\t\t\t<a href=\"https:\/\/radiosantaclara.sitetopfm.com.br\/site\/projeto-exige-consulta-publica-para-dar-nome-a-rodovias-e-viadutos-federais\/\" >\n\t\t\t\tProjeto exige consulta p\u00fablica para dar nome a rodovias e viadutos federais\t\t\t<\/a>\n\t\t<\/h3>\n\t\t\t\t<div class=\"elementor-post__meta-data\">\n\t\t\t\t\t<span class=\"elementor-post-date\">\n\t\t\t15 de agosto de 2026\t\t<\/span>\n\t\t\t\t<\/div>\n\t\t\t\t\t<a class=\"elementor-post__read-more\" href=\"https:\/\/radiosantaclara.sitetopfm.com.br\/site\/projeto-exige-consulta-publica-para-dar-nome-a-rodovias-e-viadutos-federais\/\" >\n\t\t\t\tLer mais\u00bb\t\t\t<\/a>\n\t\t\t\t<\/div>\n\t\t\t\t<\/article>\n\t\t\t\t<article class=\"elementor-post elementor-grid-item post-10896 post type-post status-publish format-standard has-post-thumbnail hentry category-ultimas-noticias\">\n\t\t\t\t<a class=\"elementor-post__thumbnail__link\" href=\"https:\/\/radiosantaclara.sitetopfm.com.br\/site\/comissao-aprova-preferencia-no-prouni-a-candidatos-afastados-do-convivio-familiar\/\" >\n\t\t\t<div class=\"elementor-post__thumbnail\"><img fetchpriority=\"high\" decoding=\"async\" width=\"300\" height=\"199\" src=\"https:\/\/radiosantaclara.sitetopfm.com.br\/site\/wp-content\/uploads\/2026\/03\/imagem-padrao-300x199.jpg\" class=\"attachment-medium size-medium wp-image-6909\" alt=\"\" srcset=\"https:\/\/radiosantaclara.sitetopfm.com.br\/site\/wp-content\/uploads\/2026\/03\/imagem-padrao-300x199.jpg 300w, https:\/\/radiosantaclara.sitetopfm.com.br\/site\/wp-content\/uploads\/2026\/03\/imagem-padrao.jpg 602w\" sizes=\"(max-width: 300px) 100vw, 300px\" \/><\/div>\n\t\t<\/a>\n\t\t\t\t<div class=\"elementor-post__text\">\n\t\t\t\t<h3 class=\"elementor-post__title\">\n\t\t\t<a href=\"https:\/\/radiosantaclara.sitetopfm.com.br\/site\/comissao-aprova-preferencia-no-prouni-a-candidatos-afastados-do-convivio-familiar\/\" >\n\t\t\t\tComiss\u00e3o aprova prefer\u00eancia no Prouni a candidatos afastados do conv\u00edvio familiar\t\t\t<\/a>\n\t\t<\/h3>\n\t\t\t\t<div class=\"elementor-post__meta-data\">\n\t\t\t\t\t<span class=\"elementor-post-date\">\n\t\t\t15 de agosto de 2026\t\t<\/span>\n\t\t\t\t<\/div>\n\t\t\t\t\t<a class=\"elementor-post__read-more\" href=\"https:\/\/radiosantaclara.sitetopfm.com.br\/site\/comissao-aprova-preferencia-no-prouni-a-candidatos-afastados-do-convivio-familiar\/\" >\n\t\t\t\tLer mais\u00bb\t\t\t<\/a>\n\t\t\t\t<\/div>\n\t\t\t\t<\/article>\n\t\t\t\t<article class=\"elementor-post elementor-grid-item post-10895 post type-post status-publish format-standard has-post-thumbnail hentry category-ultimas-noticias\">\n\t\t\t\t<a class=\"elementor-post__thumbnail__link\" href=\"https:\/\/radiosantaclara.sitetopfm.com.br\/site\/comissao-aprova-exigencia-de-consultas-publicas-para-escolha-de-homenageados-em-rodovias-federais\/\" >\n\t\t\t<div class=\"elementor-post__thumbnail\"><img fetchpriority=\"high\" decoding=\"async\" width=\"300\" height=\"199\" src=\"https:\/\/radiosantaclara.sitetopfm.com.br\/site\/wp-content\/uploads\/2026\/03\/imagem-padrao-300x199.jpg\" class=\"attachment-medium size-medium wp-image-6909\" alt=\"\" srcset=\"https:\/\/radiosantaclara.sitetopfm.com.br\/site\/wp-content\/uploads\/2026\/03\/imagem-padrao-300x199.jpg 300w, https:\/\/radiosantaclara.sitetopfm.com.br\/site\/wp-content\/uploads\/2026\/03\/imagem-padrao.jpg 602w\" sizes=\"(max-width: 300px) 100vw, 300px\" \/><\/div>\n\t\t<\/a>\n\t\t\t\t<div class=\"elementor-post__text\">\n\t\t\t\t<h3 class=\"elementor-post__title\">\n\t\t\t<a href=\"https:\/\/radiosantaclara.sitetopfm.com.br\/site\/comissao-aprova-exigencia-de-consultas-publicas-para-escolha-de-homenageados-em-rodovias-federais\/\" >\n\t\t\t\tComiss\u00e3o aprova exig\u00eancia de consultas p\u00fablicas para escolha de homenageados em rodovias federais\t\t\t<\/a>\n\t\t<\/h3>\n\t\t\t\t<div class=\"elementor-post__meta-data\">\n\t\t\t\t\t<span class=\"elementor-post-date\">\n\t\t\t15 de agosto de 2026\t\t<\/span>\n\t\t\t\t<\/div>\n\t\t\t\t\t<a class=\"elementor-post__read-more\" href=\"https:\/\/radiosantaclara.sitetopfm.com.br\/site\/comissao-aprova-exigencia-de-consultas-publicas-para-escolha-de-homenageados-em-rodovias-federais\/\" >\n\t\t\t\tLer mais\u00bb\t\t\t<\/a>\n\t\t\t\t<\/div>\n\t\t\t\t<\/article>\n\t\t\t\t<article class=\"elementor-post elementor-grid-item post-10894 post type-post status-publish format-standard has-post-thumbnail hentry category-ultimas-noticias\">\n\t\t\t\t<a class=\"elementor-post__thumbnail__link\" href=\"https:\/\/radiosantaclara.sitetopfm.com.br\/site\/comissao-aprova-proposta-de-adocao-de-hip-hop-nas-escolas-publicas\/\" >\n\t\t\t<div class=\"elementor-post__thumbnail\"><img fetchpriority=\"high\" decoding=\"async\" width=\"300\" height=\"199\" src=\"https:\/\/radiosantaclara.sitetopfm.com.br\/site\/wp-content\/uploads\/2026\/03\/imagem-padrao-300x199.jpg\" class=\"attachment-medium size-medium wp-image-6909\" alt=\"\" srcset=\"https:\/\/radiosantaclara.sitetopfm.com.br\/site\/wp-content\/uploads\/2026\/03\/imagem-padrao-300x199.jpg 300w, https:\/\/radiosantaclara.sitetopfm.com.br\/site\/wp-content\/uploads\/2026\/03\/imagem-padrao.jpg 602w\" sizes=\"(max-width: 300px) 100vw, 300px\" \/><\/div>\n\t\t<\/a>\n\t\t\t\t<div class=\"elementor-post__text\">\n\t\t\t\t<h3 class=\"elementor-post__title\">\n\t\t\t<a href=\"https:\/\/radiosantaclara.sitetopfm.com.br\/site\/comissao-aprova-proposta-de-adocao-de-hip-hop-nas-escolas-publicas\/\" >\n\t\t\t\tComiss\u00e3o aprova proposta de ado\u00e7\u00e3o de hip hop nas escolas p\u00fablicas\t\t\t<\/a>\n\t\t<\/h3>\n\t\t\t\t<div class=\"elementor-post__meta-data\">\n\t\t\t\t\t<span class=\"elementor-post-date\">\n\t\t\t15 de agosto de 2026\t\t<\/span>\n\t\t\t\t<\/div>\n\t\t\t\t\t<a class=\"elementor-post__read-more\" href=\"https:\/\/radiosantaclara.sitetopfm.com.br\/site\/comissao-aprova-proposta-de-adocao-de-hip-hop-nas-escolas-publicas\/\" >\n\t\t\t\tLer mais\u00bb\t\t\t<\/a>\n\t\t\t\t<\/div>\n\t\t\t\t<\/article>\n\t\t\t\t<article class=\"elementor-post elementor-grid-item post-10893 post type-post status-publish format-standard has-post-thumbnail hentry category-ultimas-noticias\">\n\t\t\t\t<a class=\"elementor-post__thumbnail__link\" href=\"https:\/\/radiosantaclara.sitetopfm.com.br\/site\/campanha-eleitoral-comeca-neste-domingo-conheca-as-regras\/\" >\n\t\t\t<div class=\"elementor-post__thumbnail\"><img fetchpriority=\"high\" decoding=\"async\" width=\"300\" height=\"199\" src=\"https:\/\/radiosantaclara.sitetopfm.com.br\/site\/wp-content\/uploads\/2026\/03\/imagem-padrao-300x199.jpg\" class=\"attachment-medium size-medium wp-image-6909\" alt=\"\" srcset=\"https:\/\/radiosantaclara.sitetopfm.com.br\/site\/wp-content\/uploads\/2026\/03\/imagem-padrao-300x199.jpg 300w, https:\/\/radiosantaclara.sitetopfm.com.br\/site\/wp-content\/uploads\/2026\/03\/imagem-padrao.jpg 602w\" sizes=\"(max-width: 300px) 100vw, 300px\" \/><\/div>\n\t\t<\/a>\n\t\t\t\t<div class=\"elementor-post__text\">\n\t\t\t\t<h3 class=\"elementor-post__title\">\n\t\t\t<a href=\"https:\/\/radiosantaclara.sitetopfm.com.br\/site\/campanha-eleitoral-comeca-neste-domingo-conheca-as-regras\/\" >\n\t\t\t\tCampanha eleitoral come\u00e7a neste domingo; conhe\u00e7a as regras\t\t\t<\/a>\n\t\t<\/h3>\n\t\t\t\t<div class=\"elementor-post__meta-data\">\n\t\t\t\t\t<span class=\"elementor-post-date\">\n\t\t\t14 de agosto de 2026\t\t<\/span>\n\t\t\t\t<\/div>\n\t\t\t\t\t<a class=\"elementor-post__read-more\" href=\"https:\/\/radiosantaclara.sitetopfm.com.br\/site\/campanha-eleitoral-comeca-neste-domingo-conheca-as-regras\/\" >\n\t\t\t\tLer mais\u00bb\t\t\t<\/a>\n\t\t\t\t<\/div>\n\t\t\t\t<\/article>\n\t\t\t\t<article class=\"elementor-post elementor-grid-item post-10892 post type-post status-publish format-standard has-post-thumbnail hentry category-direitos-humanos\">\n\t\t\t\t<a class=\"elementor-post__thumbnail__link\" href=\"https:\/\/radiosantaclara.sitetopfm.com.br\/site\/debate-na-camara-denuncia-aumento-da-violencia-contra-mulheres-em-escolas-e-universidades\/\" >\n\t\t\t<div class=\"elementor-post__thumbnail\"><img fetchpriority=\"high\" decoding=\"async\" width=\"300\" height=\"199\" src=\"https:\/\/radiosantaclara.sitetopfm.com.br\/site\/wp-content\/uploads\/2026\/03\/imagem-padrao-300x199.jpg\" class=\"attachment-medium size-medium wp-image-6909\" alt=\"\" srcset=\"https:\/\/radiosantaclara.sitetopfm.com.br\/site\/wp-content\/uploads\/2026\/03\/imagem-padrao-300x199.jpg 300w, https:\/\/radiosantaclara.sitetopfm.com.br\/site\/wp-content\/uploads\/2026\/03\/imagem-padrao.jpg 602w\" sizes=\"(max-width: 300px) 100vw, 300px\" \/><\/div>\n\t\t<\/a>\n\t\t\t\t<div class=\"elementor-post__text\">\n\t\t\t\t<h3 class=\"elementor-post__title\">\n\t\t\t<a href=\"https:\/\/radiosantaclara.sitetopfm.com.br\/site\/debate-na-camara-denuncia-aumento-da-violencia-contra-mulheres-em-escolas-e-universidades\/\" >\n\t\t\t\tDebate na C\u00e2mara denuncia aumento da viol\u00eancia contra mulheres em escolas e universidades\t\t\t<\/a>\n\t\t<\/h3>\n\t\t\t\t<div class=\"elementor-post__meta-data\">\n\t\t\t\t\t<span class=\"elementor-post-date\">\n\t\t\t14 de agosto de 2026\t\t<\/span>\n\t\t\t\t<\/div>\n\t\t\t\t\t<a class=\"elementor-post__read-more\" href=\"https:\/\/radiosantaclara.sitetopfm.com.br\/site\/debate-na-camara-denuncia-aumento-da-violencia-contra-mulheres-em-escolas-e-universidades\/\" >\n\t\t\t\tLer mais\u00bb\t\t\t<\/a>\n\t\t\t\t<\/div>\n\t\t\t\t<\/article>\n\t\t\t\t<article class=\"elementor-post elementor-grid-item post-10891 post type-post status-publish format-standard has-post-thumbnail hentry category-ultimas-noticias\">\n\t\t\t\t<a class=\"elementor-post__thumbnail__link\" href=\"https:\/\/radiosantaclara.sitetopfm.com.br\/site\/deputado-sugere-que-camara-avalie-propostas-sobre-educacao-a-distancia-que-estao-em-tramitacao\/\" >\n\t\t\t<div class=\"elementor-post__thumbnail\"><img fetchpriority=\"high\" decoding=\"async\" width=\"300\" height=\"199\" src=\"https:\/\/radiosantaclara.sitetopfm.com.br\/site\/wp-content\/uploads\/2026\/03\/imagem-padrao-300x199.jpg\" class=\"attachment-medium size-medium wp-image-6909\" alt=\"\" srcset=\"https:\/\/radiosantaclara.sitetopfm.com.br\/site\/wp-content\/uploads\/2026\/03\/imagem-padrao-300x199.jpg 300w, https:\/\/radiosantaclara.sitetopfm.com.br\/site\/wp-content\/uploads\/2026\/03\/imagem-padrao.jpg 602w\" sizes=\"(max-width: 300px) 100vw, 300px\" \/><\/div>\n\t\t<\/a>\n\t\t\t\t<div class=\"elementor-post__text\">\n\t\t\t\t<h3 class=\"elementor-post__title\">\n\t\t\t<a href=\"https:\/\/radiosantaclara.sitetopfm.com.br\/site\/deputado-sugere-que-camara-avalie-propostas-sobre-educacao-a-distancia-que-estao-em-tramitacao\/\" >\n\t\t\t\tDeputado sugere que C\u00e2mara avalie propostas sobre educa\u00e7\u00e3o a dist\u00e2ncia que est\u00e3o em tramita\u00e7\u00e3o\t\t\t<\/a>\n\t\t<\/h3>\n\t\t\t\t<div class=\"elementor-post__meta-data\">\n\t\t\t\t\t<span class=\"elementor-post-date\">\n\t\t\t14 de agosto de 2026\t\t<\/span>\n\t\t\t\t<\/div>\n\t\t\t\t\t<a class=\"elementor-post__read-more\" href=\"https:\/\/radiosantaclara.sitetopfm.com.br\/site\/deputado-sugere-que-camara-avalie-propostas-sobre-educacao-a-distancia-que-estao-em-tramitacao\/\" >\n\t\t\t\tLer mais\u00bb\t\t\t<\/a>\n\t\t\t\t<\/div>\n\t\t\t\t<\/article>\n\t\t\t\t<article class=\"elementor-post elementor-grid-item post-10890 post type-post status-publish format-standard has-post-thumbnail hentry category-meio-ambiente\">\n\t\t\t\t<a class=\"elementor-post__thumbnail__link\" href=\"https:\/\/radiosantaclara.sitetopfm.com.br\/site\/comissao-aprova-circulacao-de-animais-em-condominios\/\" >\n\t\t\t<div class=\"elementor-post__thumbnail\"><img fetchpriority=\"high\" decoding=\"async\" width=\"300\" height=\"199\" src=\"https:\/\/radiosantaclara.sitetopfm.com.br\/site\/wp-content\/uploads\/2026\/03\/imagem-padrao-300x199.jpg\" class=\"attachment-medium size-medium wp-image-6909\" alt=\"\" srcset=\"https:\/\/radiosantaclara.sitetopfm.com.br\/site\/wp-content\/uploads\/2026\/03\/imagem-padrao-300x199.jpg 300w, https:\/\/radiosantaclara.sitetopfm.com.br\/site\/wp-content\/uploads\/2026\/03\/imagem-padrao.jpg 602w\" sizes=\"(max-width: 300px) 100vw, 300px\" \/><\/div>\n\t\t<\/a>\n\t\t\t\t<div class=\"elementor-post__text\">\n\t\t\t\t<h3 class=\"elementor-post__title\">\n\t\t\t<a href=\"https:\/\/radiosantaclara.sitetopfm.com.br\/site\/comissao-aprova-circulacao-de-animais-em-condominios\/\" >\n\t\t\t\tComiss\u00e3o aprova circula\u00e7\u00e3o de animais em condom\u00ednios\t\t\t<\/a>\n\t\t<\/h3>\n\t\t\t\t<div class=\"elementor-post__meta-data\">\n\t\t\t\t\t<span class=\"elementor-post-date\">\n\t\t\t14 de agosto de 2026\t\t<\/span>\n\t\t\t\t<\/div>\n\t\t\t\t\t<a class=\"elementor-post__read-more\" href=\"https:\/\/radiosantaclara.sitetopfm.com.br\/site\/comissao-aprova-circulacao-de-animais-em-condominios\/\" >\n\t\t\t\tLer mais\u00bb\t\t\t<\/a>\n\t\t\t\t<\/div>\n\t\t\t\t<\/article>\n\t\t\t\t<article class=\"elementor-post elementor-grid-item post-10889 post type-post status-publish format-standard has-post-thumbnail hentry category-saude\">\n\t\t\t\t<a class=\"elementor-post__thumbnail__link\" href=\"https:\/\/radiosantaclara.sitetopfm.com.br\/site\/comissao-aprova-apoio-psicologico-a-responsaveis-por-pacientes-com-fissura-labiopalatina\/\" >\n\t\t\t<div class=\"elementor-post__thumbnail\"><img fetchpriority=\"high\" decoding=\"async\" width=\"300\" height=\"199\" src=\"https:\/\/radiosantaclara.sitetopfm.com.br\/site\/wp-content\/uploads\/2026\/03\/imagem-padrao-300x199.jpg\" class=\"attachment-medium size-medium wp-image-6909\" alt=\"\" srcset=\"https:\/\/radiosantaclara.sitetopfm.com.br\/site\/wp-content\/uploads\/2026\/03\/imagem-padrao-300x199.jpg 300w, https:\/\/radiosantaclara.sitetopfm.com.br\/site\/wp-content\/uploads\/2026\/03\/imagem-padrao.jpg 602w\" sizes=\"(max-width: 300px) 100vw, 300px\" \/><\/div>\n\t\t<\/a>\n\t\t\t\t<div class=\"elementor-post__text\">\n\t\t\t\t<h3 class=\"elementor-post__title\">\n\t\t\t<a href=\"https:\/\/radiosantaclara.sitetopfm.com.br\/site\/comissao-aprova-apoio-psicologico-a-responsaveis-por-pacientes-com-fissura-labiopalatina\/\" >\n\t\t\t\tComiss\u00e3o aprova apoio psicol\u00f3gico a respons\u00e1veis por pacientes com fissura labiopalatina\t\t\t<\/a>\n\t\t<\/h3>\n\t\t\t\t<div class=\"elementor-post__meta-data\">\n\t\t\t\t\t<span class=\"elementor-post-date\">\n\t\t\t14 de agosto de 2026\t\t<\/span>\n\t\t\t\t<\/div>\n\t\t\t\t\t<a class=\"elementor-post__read-more\" href=\"https:\/\/radiosantaclara.sitetopfm.com.br\/site\/comissao-aprova-apoio-psicologico-a-responsaveis-por-pacientes-com-fissura-labiopalatina\/\" >\n\t\t\t\tLer mais\u00bb\t\t\t<\/a>\n\t\t\t\t<\/div>\n\t\t\t\t<\/article>\n\t\t\t\t<article class=\"elementor-post elementor-grid-item post-10888 post type-post status-publish format-standard has-post-thumbnail hentry category-ultimas-noticias\">\n\t\t\t\t<a class=\"elementor-post__thumbnail__link\" href=\"https:\/\/radiosantaclara.sitetopfm.com.br\/site\/comissao-aprova-projeto-que-institui-a-politica-nacional-da-longevidade\/\" >\n\t\t\t<div class=\"elementor-post__thumbnail\"><img fetchpriority=\"high\" decoding=\"async\" width=\"300\" height=\"199\" src=\"https:\/\/radiosantaclara.sitetopfm.com.br\/site\/wp-content\/uploads\/2026\/03\/imagem-padrao-300x199.jpg\" class=\"attachment-medium size-medium wp-image-6909\" alt=\"\" srcset=\"https:\/\/radiosantaclara.sitetopfm.com.br\/site\/wp-content\/uploads\/2026\/03\/imagem-padrao-300x199.jpg 300w, https:\/\/radiosantaclara.sitetopfm.com.br\/site\/wp-content\/uploads\/2026\/03\/imagem-padrao.jpg 602w\" sizes=\"(max-width: 300px) 100vw, 300px\" \/><\/div>\n\t\t<\/a>\n\t\t\t\t<div class=\"elementor-post__text\">\n\t\t\t\t<h3 class=\"elementor-post__title\">\n\t\t\t<a href=\"https:\/\/radiosantaclara.sitetopfm.com.br\/site\/comissao-aprova-projeto-que-institui-a-politica-nacional-da-longevidade\/\" >\n\t\t\t\tComiss\u00e3o aprova projeto que institui a Pol\u00edtica Nacional da Longevidade\t\t\t<\/a>\n\t\t<\/h3>\n\t\t\t\t<div class=\"elementor-post__meta-data\">\n\t\t\t\t\t<span class=\"elementor-post-date\">\n\t\t\t14 de agosto de 2026\t\t<\/span>\n\t\t\t\t<\/div>\n\t\t\t\t\t<a class=\"elementor-post__read-more\" href=\"https:\/\/radiosantaclara.sitetopfm.com.br\/site\/comissao-aprova-projeto-que-institui-a-politica-nacional-da-longevidade\/\" >\n\t\t\t\tLer mais\u00bb\t\t\t<\/a>\n\t\t\t\t<\/div>\n\t\t\t\t<\/article>\n\t\t\t\t<article class=\"elementor-post elementor-grid-item post-10887 post type-post status-publish format-standard has-post-thumbnail hentry category-consumidor\">\n\t\t\t\t<a class=\"elementor-post__thumbnail__link\" href=\"https:\/\/radiosantaclara.sitetopfm.com.br\/site\/medida-provisoria-amplia-recursos-para-programas-federais-de-credito\/\" >\n\t\t\t<div class=\"elementor-post__thumbnail\"><img fetchpriority=\"high\" decoding=\"async\" width=\"300\" height=\"199\" src=\"https:\/\/radiosantaclara.sitetopfm.com.br\/site\/wp-content\/uploads\/2026\/03\/imagem-padrao-300x199.jpg\" class=\"attachment-medium size-medium wp-image-6909\" alt=\"\" srcset=\"https:\/\/radiosantaclara.sitetopfm.com.br\/site\/wp-content\/uploads\/2026\/03\/imagem-padrao-300x199.jpg 300w, https:\/\/radiosantaclara.sitetopfm.com.br\/site\/wp-content\/uploads\/2026\/03\/imagem-padrao.jpg 602w\" sizes=\"(max-width: 300px) 100vw, 300px\" \/><\/div>\n\t\t<\/a>\n\t\t\t\t<div class=\"elementor-post__text\">\n\t\t\t\t<h3 class=\"elementor-post__title\">\n\t\t\t<a href=\"https:\/\/radiosantaclara.sitetopfm.com.br\/site\/medida-provisoria-amplia-recursos-para-programas-federais-de-credito\/\" >\n\t\t\t\tMedida provis\u00f3ria amplia recursos para programas federais de cr\u00e9dito\t\t\t<\/a>\n\t\t<\/h3>\n\t\t\t\t<div class=\"elementor-post__meta-data\">\n\t\t\t\t\t<span class=\"elementor-post-date\">\n\t\t\t14 de agosto de 2026\t\t<\/span>\n\t\t\t\t<\/div>\n\t\t\t\t\t<a class=\"elementor-post__read-more\" href=\"https:\/\/radiosantaclara.sitetopfm.com.br\/site\/medida-provisoria-amplia-recursos-para-programas-federais-de-credito\/\" >\n\t\t\t\tLer mais\u00bb\t\t\t<\/a>\n\t\t\t\t<\/div>\n\t\t\t\t<\/article>\n\t\t\t\t<article class=\"elementor-post elementor-grid-item post-10886 post type-post status-publish format-standard has-post-thumbnail hentry category-economia\">\n\t\t\t\t<a class=\"elementor-post__thumbnail__link\" href=\"https:\/\/radiosantaclara.sitetopfm.com.br\/site\/projeto-isenta-de-impostos-federais-empresas-abertas-por-jovens-em-municipios-com-baixo-idh\/\" >\n\t\t\t<div class=\"elementor-post__thumbnail\"><img fetchpriority=\"high\" decoding=\"async\" width=\"300\" height=\"199\" src=\"https:\/\/radiosantaclara.sitetopfm.com.br\/site\/wp-content\/uploads\/2026\/03\/imagem-padrao-300x199.jpg\" class=\"attachment-medium size-medium wp-image-6909\" alt=\"\" srcset=\"https:\/\/radiosantaclara.sitetopfm.com.br\/site\/wp-content\/uploads\/2026\/03\/imagem-padrao-300x199.jpg 300w, https:\/\/radiosantaclara.sitetopfm.com.br\/site\/wp-content\/uploads\/2026\/03\/imagem-padrao.jpg 602w\" sizes=\"(max-width: 300px) 100vw, 300px\" \/><\/div>\n\t\t<\/a>\n\t\t\t\t<div class=\"elementor-post__text\">\n\t\t\t\t<h3 class=\"elementor-post__title\">\n\t\t\t<a href=\"https:\/\/radiosantaclara.sitetopfm.com.br\/site\/projeto-isenta-de-impostos-federais-empresas-abertas-por-jovens-em-municipios-com-baixo-idh\/\" >\n\t\t\t\tProjeto isenta de impostos federais empresas abertas por jovens em munic\u00edpios com baixo IDH\t\t\t<\/a>\n\t\t<\/h3>\n\t\t\t\t<div class=\"elementor-post__meta-data\">\n\t\t\t\t\t<span class=\"elementor-post-date\">\n\t\t\t14 de agosto de 2026\t\t<\/span>\n\t\t\t\t<\/div>\n\t\t\t\t\t<a class=\"elementor-post__read-more\" href=\"https:\/\/radiosantaclara.sitetopfm.com.br\/site\/projeto-isenta-de-impostos-federais-empresas-abertas-por-jovens-em-municipios-com-baixo-idh\/\" >\n\t\t\t\tLer mais\u00bb\t\t\t<\/a>\n\t\t\t\t<\/div>\n\t\t\t\t<\/article>\n\t\t\t\t<article class=\"elementor-post elementor-grid-item post-10885 post type-post status-publish format-standard has-post-thumbnail hentry category-esportes\">\n\t\t\t\t<a class=\"elementor-post__thumbnail__link\" href=\"https:\/\/radiosantaclara.sitetopfm.com.br\/site\/comissao-aprova-admissibilidade-de-pec-que-preve-recursos-minimos-para-o-esporte\/\" >\n\t\t\t<div class=\"elementor-post__thumbnail\"><img fetchpriority=\"high\" decoding=\"async\" width=\"300\" height=\"199\" src=\"https:\/\/radiosantaclara.sitetopfm.com.br\/site\/wp-content\/uploads\/2026\/03\/imagem-padrao-300x199.jpg\" class=\"attachment-medium size-medium wp-image-6909\" alt=\"\" srcset=\"https:\/\/radiosantaclara.sitetopfm.com.br\/site\/wp-content\/uploads\/2026\/03\/imagem-padrao-300x199.jpg 300w, https:\/\/radiosantaclara.sitetopfm.com.br\/site\/wp-content\/uploads\/2026\/03\/imagem-padrao.jpg 602w\" sizes=\"(max-width: 300px) 100vw, 300px\" \/><\/div>\n\t\t<\/a>\n\t\t\t\t<div class=\"elementor-post__text\">\n\t\t\t\t<h3 class=\"elementor-post__title\">\n\t\t\t<a href=\"https:\/\/radiosantaclara.sitetopfm.com.br\/site\/comissao-aprova-admissibilidade-de-pec-que-preve-recursos-minimos-para-o-esporte\/\" >\n\t\t\t\tComiss\u00e3o aprova admissibilidade de PEC que prev\u00ea recursos m\u00ednimos para o esporte\t\t\t<\/a>\n\t\t<\/h3>\n\t\t\t\t<div class=\"elementor-post__meta-data\">\n\t\t\t\t\t<span class=\"elementor-post-date\">\n\t\t\t14 de agosto de 2026\t\t<\/span>\n\t\t\t\t<\/div>\n\t\t\t\t\t<a class=\"elementor-post__read-more\" href=\"https:\/\/radiosantaclara.sitetopfm.com.br\/site\/comissao-aprova-admissibilidade-de-pec-que-preve-recursos-minimos-para-o-esporte\/\" >\n\t\t\t\tLer mais\u00bb\t\t\t<\/a>\n\t\t\t\t<\/div>\n\t\t\t\t<\/article>\n\t\t\t\t<article class=\"elementor-post elementor-grid-item post-10884 post type-post status-publish format-standard has-post-thumbnail hentry category-meio-ambiente\">\n\t\t\t\t<a class=\"elementor-post__thumbnail__link\" href=\"https:\/\/radiosantaclara.sitetopfm.com.br\/site\/comissao-aprova-prioridade-para-a-amazonia-legal-em-fundo-sobre-mudanca-do-clima\/\" >\n\t\t\t<div class=\"elementor-post__thumbnail\"><img fetchpriority=\"high\" decoding=\"async\" width=\"300\" height=\"199\" src=\"https:\/\/radiosantaclara.sitetopfm.com.br\/site\/wp-content\/uploads\/2026\/03\/imagem-padrao-300x199.jpg\" class=\"attachment-medium size-medium wp-image-6909\" alt=\"\" srcset=\"https:\/\/radiosantaclara.sitetopfm.com.br\/site\/wp-content\/uploads\/2026\/03\/imagem-padrao-300x199.jpg 300w, https:\/\/radiosantaclara.sitetopfm.com.br\/site\/wp-content\/uploads\/2026\/03\/imagem-padrao.jpg 602w\" sizes=\"(max-width: 300px) 100vw, 300px\" \/><\/div>\n\t\t<\/a>\n\t\t\t\t<div class=\"elementor-post__text\">\n\t\t\t\t<h3 class=\"elementor-post__title\">\n\t\t\t<a href=\"https:\/\/radiosantaclara.sitetopfm.com.br\/site\/comissao-aprova-prioridade-para-a-amazonia-legal-em-fundo-sobre-mudanca-do-clima\/\" >\n\t\t\t\tComiss\u00e3o aprova prioridade para a Amaz\u00f4nia Legal em fundo sobre mudan\u00e7a do clima\t\t\t<\/a>\n\t\t<\/h3>\n\t\t\t\t<div class=\"elementor-post__meta-data\">\n\t\t\t\t\t<span class=\"elementor-post-date\">\n\t\t\t14 de agosto de 2026\t\t<\/span>\n\t\t\t\t<\/div>\n\t\t\t\t\t<a class=\"elementor-post__read-more\" href=\"https:\/\/radiosantaclara.sitetopfm.com.br\/site\/comissao-aprova-prioridade-para-a-amazonia-legal-em-fundo-sobre-mudanca-do-clima\/\" >\n\t\t\t\tLer mais\u00bb\t\t\t<\/a>\n\t\t\t\t<\/div>\n\t\t\t\t<\/article>\n\t\t\t\t<article class=\"elementor-post elementor-grid-item post-10883 post type-post status-publish format-standard has-post-thumbnail hentry category-saude\">\n\t\t\t\t<a class=\"elementor-post__thumbnail__link\" href=\"https:\/\/radiosantaclara.sitetopfm.com.br\/site\/comissao-aprova-projeto-que-inclui-acoes-de-saneamento-para-agentes-de-saude-em-areas-indigenas\/\" >\n\t\t\t<div class=\"elementor-post__thumbnail\"><img fetchpriority=\"high\" decoding=\"async\" width=\"300\" height=\"199\" src=\"https:\/\/radiosantaclara.sitetopfm.com.br\/site\/wp-content\/uploads\/2026\/03\/imagem-padrao-300x199.jpg\" class=\"attachment-medium size-medium wp-image-6909\" alt=\"\" srcset=\"https:\/\/radiosantaclara.sitetopfm.com.br\/site\/wp-content\/uploads\/2026\/03\/imagem-padrao-300x199.jpg 300w, https:\/\/radiosantaclara.sitetopfm.com.br\/site\/wp-content\/uploads\/2026\/03\/imagem-padrao.jpg 602w\" sizes=\"(max-width: 300px) 100vw, 300px\" \/><\/div>\n\t\t<\/a>\n\t\t\t\t<div class=\"elementor-post__text\">\n\t\t\t\t<h3 class=\"elementor-post__title\">\n\t\t\t<a href=\"https:\/\/radiosantaclara.sitetopfm.com.br\/site\/comissao-aprova-projeto-que-inclui-acoes-de-saneamento-para-agentes-de-saude-em-areas-indigenas\/\" >\n\t\t\t\tComiss\u00e3o aprova projeto que inclui a\u00e7\u00f5es de saneamento para agentes de sa\u00fade em \u00e1reas ind\u00edgenas\t\t\t<\/a>\n\t\t<\/h3>\n\t\t\t\t<div class=\"elementor-post__meta-data\">\n\t\t\t\t\t<span class=\"elementor-post-date\">\n\t\t\t14 de agosto de 2026\t\t<\/span>\n\t\t\t\t<\/div>\n\t\t\t\t\t<a class=\"elementor-post__read-more\" href=\"https:\/\/radiosantaclara.sitetopfm.com.br\/site\/comissao-aprova-projeto-que-inclui-acoes-de-saneamento-para-agentes-de-saude-em-areas-indigenas\/\" >\n\t\t\t\tLer mais\u00bb\t\t\t<\/a>\n\t\t\t\t<\/div>\n\t\t\t\t<\/article>\n\t\t\t\t<article class=\"elementor-post elementor-grid-item post-10882 post type-post status-publish format-standard has-post-thumbnail hentry category-direitos-humanos\">\n\t\t\t\t<a class=\"elementor-post__thumbnail__link\" href=\"https:\/\/radiosantaclara.sitetopfm.com.br\/site\/camara-divulga-ganhadoras-do-diploma-mulher-cidada-carlota-pereira-de-queiros-2026\/\" >\n\t\t\t<div class=\"elementor-post__thumbnail\"><img fetchpriority=\"high\" decoding=\"async\" width=\"300\" height=\"199\" src=\"https:\/\/radiosantaclara.sitetopfm.com.br\/site\/wp-content\/uploads\/2026\/03\/imagem-padrao-300x199.jpg\" class=\"attachment-medium size-medium wp-image-6909\" alt=\"\" srcset=\"https:\/\/radiosantaclara.sitetopfm.com.br\/site\/wp-content\/uploads\/2026\/03\/imagem-padrao-300x199.jpg 300w, https:\/\/radiosantaclara.sitetopfm.com.br\/site\/wp-content\/uploads\/2026\/03\/imagem-padrao.jpg 602w\" sizes=\"(max-width: 300px) 100vw, 300px\" \/><\/div>\n\t\t<\/a>\n\t\t\t\t<div class=\"elementor-post__text\">\n\t\t\t\t<h3 class=\"elementor-post__title\">\n\t\t\t<a href=\"https:\/\/radiosantaclara.sitetopfm.com.br\/site\/camara-divulga-ganhadoras-do-diploma-mulher-cidada-carlota-pereira-de-queiros-2026\/\" >\n\t\t\t\tC\u00e2mara divulga ganhadoras do Diploma Mulher-Cidad\u00e3 Carlota Pereira de Queir\u00f3s 2026\t\t\t<\/a>\n\t\t<\/h3>\n\t\t\t\t<div class=\"elementor-post__meta-data\">\n\t\t\t\t\t<span class=\"elementor-post-date\">\n\t\t\t14 de agosto de 2026\t\t<\/span>\n\t\t\t\t<\/div>\n\t\t\t\t\t<a class=\"elementor-post__read-more\" href=\"https:\/\/radiosantaclara.sitetopfm.com.br\/site\/camara-divulga-ganhadoras-do-diploma-mulher-cidada-carlota-pereira-de-queiros-2026\/\" >\n\t\t\t\tLer mais\u00bb\t\t\t<\/a>\n\t\t\t\t<\/div>\n\t\t\t\t<\/article>\n\t\t\t\t<article class=\"elementor-post elementor-grid-item post-10881 post type-post status-publish format-standard has-post-thumbnail hentry category-ultimas-noticias\">\n\t\t\t\t<a class=\"elementor-post__thumbnail__link\" href=\"https:\/\/radiosantaclara.sitetopfm.com.br\/site\/comissao-aprova-prioridade-em-abrigos-para-idosos-vulneraveis-e-sem-amparo-familiar\/\" >\n\t\t\t<div class=\"elementor-post__thumbnail\"><img fetchpriority=\"high\" decoding=\"async\" width=\"300\" height=\"199\" src=\"https:\/\/radiosantaclara.sitetopfm.com.br\/site\/wp-content\/uploads\/2026\/03\/imagem-padrao-300x199.jpg\" class=\"attachment-medium size-medium wp-image-6909\" alt=\"\" srcset=\"https:\/\/radiosantaclara.sitetopfm.com.br\/site\/wp-content\/uploads\/2026\/03\/imagem-padrao-300x199.jpg 300w, https:\/\/radiosantaclara.sitetopfm.com.br\/site\/wp-content\/uploads\/2026\/03\/imagem-padrao.jpg 602w\" sizes=\"(max-width: 300px) 100vw, 300px\" \/><\/div>\n\t\t<\/a>\n\t\t\t\t<div class=\"elementor-post__text\">\n\t\t\t\t<h3 class=\"elementor-post__title\">\n\t\t\t<a href=\"https:\/\/radiosantaclara.sitetopfm.com.br\/site\/comissao-aprova-prioridade-em-abrigos-para-idosos-vulneraveis-e-sem-amparo-familiar\/\" >\n\t\t\t\tComiss\u00e3o aprova prioridade em abrigos para idosos vulner\u00e1veis e sem amparo familiar\t\t\t<\/a>\n\t\t<\/h3>\n\t\t\t\t<div class=\"elementor-post__meta-data\">\n\t\t\t\t\t<span class=\"elementor-post-date\">\n\t\t\t14 de agosto de 2026\t\t<\/span>\n\t\t\t\t<\/div>\n\t\t\t\t\t<a class=\"elementor-post__read-more\" href=\"https:\/\/radiosantaclara.sitetopfm.com.br\/site\/comissao-aprova-prioridade-em-abrigos-para-idosos-vulneraveis-e-sem-amparo-familiar\/\" >\n\t\t\t\tLer mais\u00bb\t\t\t<\/a>\n\t\t\t\t<\/div>\n\t\t\t\t<\/article>\n\t\t\t\t<article class=\"elementor-post elementor-grid-item post-10880 post type-post status-publish format-standard has-post-thumbnail hentry category-ultimas-noticias\">\n\t\t\t\t<a class=\"elementor-post__thumbnail__link\" href=\"https:\/\/radiosantaclara.sitetopfm.com.br\/site\/comissao-aprova-ampliacao-da-cobertura-de-medicamentos-para-doencas-raras\/\" >\n\t\t\t<div class=\"elementor-post__thumbnail\"><img fetchpriority=\"high\" decoding=\"async\" width=\"300\" height=\"199\" src=\"https:\/\/radiosantaclara.sitetopfm.com.br\/site\/wp-content\/uploads\/2026\/03\/imagem-padrao-300x199.jpg\" class=\"attachment-medium size-medium wp-image-6909\" alt=\"\" srcset=\"https:\/\/radiosantaclara.sitetopfm.com.br\/site\/wp-content\/uploads\/2026\/03\/imagem-padrao-300x199.jpg 300w, https:\/\/radiosantaclara.sitetopfm.com.br\/site\/wp-content\/uploads\/2026\/03\/imagem-padrao.jpg 602w\" sizes=\"(max-width: 300px) 100vw, 300px\" \/><\/div>\n\t\t<\/a>\n\t\t\t\t<div class=\"elementor-post__text\">\n\t\t\t\t<h3 class=\"elementor-post__title\">\n\t\t\t<a href=\"https:\/\/radiosantaclara.sitetopfm.com.br\/site\/comissao-aprova-ampliacao-da-cobertura-de-medicamentos-para-doencas-raras\/\" >\n\t\t\t\tComiss\u00e3o aprova amplia\u00e7\u00e3o da cobertura de medicamentos para doen\u00e7as raras\t\t\t<\/a>\n\t\t<\/h3>\n\t\t\t\t<div class=\"elementor-post__meta-data\">\n\t\t\t\t\t<span class=\"elementor-post-date\">\n\t\t\t14 de agosto de 2026\t\t<\/span>\n\t\t\t\t<\/div>\n\t\t\t\t\t<a class=\"elementor-post__read-more\" href=\"https:\/\/radiosantaclara.sitetopfm.com.br\/site\/comissao-aprova-ampliacao-da-cobertura-de-medicamentos-para-doencas-raras\/\" >\n\t\t\t\tLer mais\u00bb\t\t\t<\/a>\n\t\t\t\t<\/div>\n\t\t\t\t<\/article>\n\t\t\t\t<article class=\"elementor-post elementor-grid-item post-10879 post type-post status-publish format-standard has-post-thumbnail hentry category-ultimas-noticias\">\n\t\t\t\t<a class=\"elementor-post__thumbnail__link\" href=\"https:\/\/radiosantaclara.sitetopfm.com.br\/site\/comissao-aprova-treinamento-de-primeiros-socorros-para-pais-de-recem-nascidos\/\" >\n\t\t\t<div class=\"elementor-post__thumbnail\"><img fetchpriority=\"high\" decoding=\"async\" width=\"300\" height=\"199\" src=\"https:\/\/radiosantaclara.sitetopfm.com.br\/site\/wp-content\/uploads\/2026\/03\/imagem-padrao-300x199.jpg\" class=\"attachment-medium size-medium wp-image-6909\" alt=\"\" srcset=\"https:\/\/radiosantaclara.sitetopfm.com.br\/site\/wp-content\/uploads\/2026\/03\/imagem-padrao-300x199.jpg 300w, https:\/\/radiosantaclara.sitetopfm.com.br\/site\/wp-content\/uploads\/2026\/03\/imagem-padrao.jpg 602w\" sizes=\"(max-width: 300px) 100vw, 300px\" \/><\/div>\n\t\t<\/a>\n\t\t\t\t<div class=\"elementor-post__text\">\n\t\t\t\t<h3 class=\"elementor-post__title\">\n\t\t\t<a href=\"https:\/\/radiosantaclara.sitetopfm.com.br\/site\/comissao-aprova-treinamento-de-primeiros-socorros-para-pais-de-recem-nascidos\/\" >\n\t\t\t\tComiss\u00e3o aprova treinamento de primeiros socorros para pais de rec\u00e9m-nascidos\t\t\t<\/a>\n\t\t<\/h3>\n\t\t\t\t<div class=\"elementor-post__meta-data\">\n\t\t\t\t\t<span class=\"elementor-post-date\">\n\t\t\t14 de agosto de 2026\t\t<\/span>\n\t\t\t\t<\/div>\n\t\t\t\t\t<a class=\"elementor-post__read-more\" href=\"https:\/\/radiosantaclara.sitetopfm.com.br\/site\/comissao-aprova-treinamento-de-primeiros-socorros-para-pais-de-recem-nascidos\/\" >\n\t\t\t\tLer mais\u00bb\t\t\t<\/a>\n\t\t\t\t<\/div>\n\t\t\t\t<\/article>\n\t\t\t\t<article class=\"elementor-post elementor-grid-item post-10878 post type-post status-publish format-standard has-post-thumbnail hentry category-ultimas-noticias\">\n\t\t\t\t<a class=\"elementor-post__thumbnail__link\" href=\"https:\/\/radiosantaclara.sitetopfm.com.br\/site\/comissao-aprova-igualdade-de-condicoes-para-idosos-em-concursos-e-exames-profissionais\/\" >\n\t\t\t<div class=\"elementor-post__thumbnail\"><img fetchpriority=\"high\" decoding=\"async\" width=\"300\" height=\"199\" src=\"https:\/\/radiosantaclara.sitetopfm.com.br\/site\/wp-content\/uploads\/2026\/03\/imagem-padrao-300x199.jpg\" class=\"attachment-medium size-medium wp-image-6909\" alt=\"\" srcset=\"https:\/\/radiosantaclara.sitetopfm.com.br\/site\/wp-content\/uploads\/2026\/03\/imagem-padrao-300x199.jpg 300w, https:\/\/radiosantaclara.sitetopfm.com.br\/site\/wp-content\/uploads\/2026\/03\/imagem-padrao.jpg 602w\" sizes=\"(max-width: 300px) 100vw, 300px\" \/><\/div>\n\t\t<\/a>\n\t\t\t\t<div class=\"elementor-post__text\">\n\t\t\t\t<h3 class=\"elementor-post__title\">\n\t\t\t<a href=\"https:\/\/radiosantaclara.sitetopfm.com.br\/site\/comissao-aprova-igualdade-de-condicoes-para-idosos-em-concursos-e-exames-profissionais\/\" >\n\t\t\t\tComiss\u00e3o aprova igualdade de condi\u00e7\u00f5es para idosos em concursos e exames profissionais\t\t\t<\/a>\n\t\t<\/h3>\n\t\t\t\t<div class=\"elementor-post__meta-data\">\n\t\t\t\t\t<span class=\"elementor-post-date\">\n\t\t\t14 de agosto de 2026\t\t<\/span>\n\t\t\t\t<\/div>\n\t\t\t\t\t<a class=\"elementor-post__read-more\" href=\"https:\/\/radiosantaclara.sitetopfm.com.br\/site\/comissao-aprova-igualdade-de-condicoes-para-idosos-em-concursos-e-exames-profissionais\/\" >\n\t\t\t\tLer mais\u00bb\t\t\t<\/a>\n\t\t\t\t<\/div>\n\t\t\t\t<\/article>\n\t\t\t\t<article class=\"elementor-post elementor-grid-item post-10877 post type-post status-publish format-standard has-post-thumbnail hentry category-economia\">\n\t\t\t\t<a class=\"elementor-post__thumbnail__link\" href=\"https:\/\/radiosantaclara.sitetopfm.com.br\/site\/debatedores-discutem-projeto-de-fomento-a-economia-digital\/\" >\n\t\t\t<div class=\"elementor-post__thumbnail\"><img fetchpriority=\"high\" decoding=\"async\" width=\"300\" height=\"199\" src=\"https:\/\/radiosantaclara.sitetopfm.com.br\/site\/wp-content\/uploads\/2026\/03\/imagem-padrao-300x199.jpg\" class=\"attachment-medium size-medium wp-image-6909\" alt=\"\" srcset=\"https:\/\/radiosantaclara.sitetopfm.com.br\/site\/wp-content\/uploads\/2026\/03\/imagem-padrao-300x199.jpg 300w, https:\/\/radiosantaclara.sitetopfm.com.br\/site\/wp-content\/uploads\/2026\/03\/imagem-padrao.jpg 602w\" sizes=\"(max-width: 300px) 100vw, 300px\" \/><\/div>\n\t\t<\/a>\n\t\t\t\t<div class=\"elementor-post__text\">\n\t\t\t\t<h3 class=\"elementor-post__title\">\n\t\t\t<a href=\"https:\/\/radiosantaclara.sitetopfm.com.br\/site\/debatedores-discutem-projeto-de-fomento-a-economia-digital\/\" >\n\t\t\t\tDebatedores discutem projeto de fomento \u00e0 economia digital\t\t\t<\/a>\n\t\t<\/h3>\n\t\t\t\t<div class=\"elementor-post__meta-data\">\n\t\t\t\t\t<span class=\"elementor-post-date\">\n\t\t\t14 de agosto de 2026\t\t<\/span>\n\t\t\t\t<\/div>\n\t\t\t\t\t<a class=\"elementor-post__read-more\" href=\"https:\/\/radiosantaclara.sitetopfm.com.br\/site\/debatedores-discutem-projeto-de-fomento-a-economia-digital\/\" >\n\t\t\t\tLer mais\u00bb\t\t\t<\/a>\n\t\t\t\t<\/div>\n\t\t\t\t<\/article>\n\t\t\t\t<article class=\"elementor-post elementor-grid-item post-10876 post type-post status-publish format-standard has-post-thumbnail hentry category-saude\">\n\t\t\t\t<a class=\"elementor-post__thumbnail__link\" href=\"https:\/\/radiosantaclara.sitetopfm.com.br\/site\/camara-aprova-criacao-de-sistema-de-acompanhamento-de-estoque-do-sus-em-tempo-real\/\" >\n\t\t\t<div class=\"elementor-post__thumbnail\"><img fetchpriority=\"high\" decoding=\"async\" width=\"300\" height=\"199\" src=\"https:\/\/radiosantaclara.sitetopfm.com.br\/site\/wp-content\/uploads\/2026\/03\/imagem-padrao-300x199.jpg\" class=\"attachment-medium size-medium wp-image-6909\" alt=\"\" srcset=\"https:\/\/radiosantaclara.sitetopfm.com.br\/site\/wp-content\/uploads\/2026\/03\/imagem-padrao-300x199.jpg 300w, https:\/\/radiosantaclara.sitetopfm.com.br\/site\/wp-content\/uploads\/2026\/03\/imagem-padrao.jpg 602w\" sizes=\"(max-width: 300px) 100vw, 300px\" \/><\/div>\n\t\t<\/a>\n\t\t\t\t<div class=\"elementor-post__text\">\n\t\t\t\t<h3 class=\"elementor-post__title\">\n\t\t\t<a href=\"https:\/\/radiosantaclara.sitetopfm.com.br\/site\/camara-aprova-criacao-de-sistema-de-acompanhamento-de-estoque-do-sus-em-tempo-real\/\" >\n\t\t\t\tC\u00e2mara aprova cria\u00e7\u00e3o de sistema de acompanhamento de estoque do SUS em tempo real\t\t\t<\/a>\n\t\t<\/h3>\n\t\t\t\t<div class=\"elementor-post__meta-data\">\n\t\t\t\t\t<span class=\"elementor-post-date\">\n\t\t\t14 de agosto de 2026\t\t<\/span>\n\t\t\t\t<\/div>\n\t\t\t\t\t<a class=\"elementor-post__read-more\" href=\"https:\/\/radiosantaclara.sitetopfm.com.br\/site\/camara-aprova-criacao-de-sistema-de-acompanhamento-de-estoque-do-sus-em-tempo-real\/\" >\n\t\t\t\tLer mais\u00bb\t\t\t<\/a>\n\t\t\t\t<\/div>\n\t\t\t\t<\/article>\n\t\t\t\t<article class=\"elementor-post elementor-grid-item post-10875 post type-post status-publish format-standard has-post-thumbnail hentry category-ultimas-noticias\">\n\t\t\t\t<a class=\"elementor-post__thumbnail__link\" href=\"https:\/\/radiosantaclara.sitetopfm.com.br\/site\/trabalhadores-defendem-aprovacao-de-projeto-que-muda-regras-da-aposentadoria-especial\/\" >\n\t\t\t<div class=\"elementor-post__thumbnail\"><img fetchpriority=\"high\" decoding=\"async\" width=\"300\" height=\"199\" src=\"https:\/\/radiosantaclara.sitetopfm.com.br\/site\/wp-content\/uploads\/2026\/03\/imagem-padrao-300x199.jpg\" class=\"attachment-medium size-medium wp-image-6909\" alt=\"\" srcset=\"https:\/\/radiosantaclara.sitetopfm.com.br\/site\/wp-content\/uploads\/2026\/03\/imagem-padrao-300x199.jpg 300w, https:\/\/radiosantaclara.sitetopfm.com.br\/site\/wp-content\/uploads\/2026\/03\/imagem-padrao.jpg 602w\" sizes=\"(max-width: 300px) 100vw, 300px\" \/><\/div>\n\t\t<\/a>\n\t\t\t\t<div class=\"elementor-post__text\">\n\t\t\t\t<h3 class=\"elementor-post__title\">\n\t\t\t<a href=\"https:\/\/radiosantaclara.sitetopfm.com.br\/site\/trabalhadores-defendem-aprovacao-de-projeto-que-muda-regras-da-aposentadoria-especial\/\" >\n\t\t\t\tTrabalhadores defendem aprova\u00e7\u00e3o de projeto que muda regras da aposentadoria especial\t\t\t<\/a>\n\t\t<\/h3>\n\t\t\t\t<div class=\"elementor-post__meta-data\">\n\t\t\t\t\t<span class=\"elementor-post-date\">\n\t\t\t14 de agosto de 2026\t\t<\/span>\n\t\t\t\t<\/div>\n\t\t\t\t\t<a class=\"elementor-post__read-more\" href=\"https:\/\/radiosantaclara.sitetopfm.com.br\/site\/trabalhadores-defendem-aprovacao-de-projeto-que-muda-regras-da-aposentadoria-especial\/\" >\n\t\t\t\tLer mais\u00bb\t\t\t<\/a>\n\t\t\t\t<\/div>\n\t\t\t\t<\/article>\n\t\t\t\t<article class=\"elementor-post elementor-grid-item post-10874 post type-post status-publish format-standard has-post-thumbnail hentry category-economia\">\n\t\t\t\t<a class=\"elementor-post__thumbnail__link\" href=\"https:\/\/radiosantaclara.sitetopfm.com.br\/site\/comissao-sobre-a-mp-que-zera-a-taxa-das-blusinhas-definira-presidente-e-relator-no-dia-1o-de-setembro\/\" >\n\t\t\t<div class=\"elementor-post__thumbnail\"><img fetchpriority=\"high\" decoding=\"async\" width=\"300\" height=\"199\" src=\"https:\/\/radiosantaclara.sitetopfm.com.br\/site\/wp-content\/uploads\/2026\/03\/imagem-padrao-300x199.jpg\" class=\"attachment-medium size-medium wp-image-6909\" alt=\"\" srcset=\"https:\/\/radiosantaclara.sitetopfm.com.br\/site\/wp-content\/uploads\/2026\/03\/imagem-padrao-300x199.jpg 300w, https:\/\/radiosantaclara.sitetopfm.com.br\/site\/wp-content\/uploads\/2026\/03\/imagem-padrao.jpg 602w\" sizes=\"(max-width: 300px) 100vw, 300px\" \/><\/div>\n\t\t<\/a>\n\t\t\t\t<div class=\"elementor-post__text\">\n\t\t\t\t<h3 class=\"elementor-post__title\">\n\t\t\t<a href=\"https:\/\/radiosantaclara.sitetopfm.com.br\/site\/comissao-sobre-a-mp-que-zera-a-taxa-das-blusinhas-definira-presidente-e-relator-no-dia-1o-de-setembro\/\" >\n\t\t\t\tComiss\u00e3o sobre a MP que zera a &#8220;taxa das blusinhas&#8221; definir\u00e1 presidente e relator no dia 1\u00ba de setembro\t\t\t<\/a>\n\t\t<\/h3>\n\t\t\t\t<div class=\"elementor-post__meta-data\">\n\t\t\t\t\t<span class=\"elementor-post-date\">\n\t\t\t14 de agosto de 2026\t\t<\/span>\n\t\t\t\t<\/div>\n\t\t\t\t\t<a class=\"elementor-post__read-more\" href=\"https:\/\/radiosantaclara.sitetopfm.com.br\/site\/comissao-sobre-a-mp-que-zera-a-taxa-das-blusinhas-definira-presidente-e-relator-no-dia-1o-de-setembro\/\" >\n\t\t\t\tLer mais\u00bb\t\t\t<\/a>\n\t\t\t\t<\/div>\n\t\t\t\t<\/article>\n\t\t\t\t<article class=\"elementor-post elementor-grid-item post-10873 post type-post status-publish format-standard has-post-thumbnail hentry category-meio-ambiente\">\n\t\t\t\t<a class=\"elementor-post__thumbnail__link\" href=\"https:\/\/radiosantaclara.sitetopfm.com.br\/site\/nova-medida-provisoria-destina-mais-r-360-milhoes-para-enfrentamento-das-consequencias-de-desastres-climaticos\/\" >\n\t\t\t<div class=\"elementor-post__thumbnail\"><img fetchpriority=\"high\" decoding=\"async\" width=\"300\" height=\"199\" src=\"https:\/\/radiosantaclara.sitetopfm.com.br\/site\/wp-content\/uploads\/2026\/03\/imagem-padrao-300x199.jpg\" class=\"attachment-medium size-medium wp-image-6909\" alt=\"\" srcset=\"https:\/\/radiosantaclara.sitetopfm.com.br\/site\/wp-content\/uploads\/2026\/03\/imagem-padrao-300x199.jpg 300w, https:\/\/radiosantaclara.sitetopfm.com.br\/site\/wp-content\/uploads\/2026\/03\/imagem-padrao.jpg 602w\" sizes=\"(max-width: 300px) 100vw, 300px\" \/><\/div>\n\t\t<\/a>\n\t\t\t\t<div class=\"elementor-post__text\">\n\t\t\t\t<h3 class=\"elementor-post__title\">\n\t\t\t<a href=\"https:\/\/radiosantaclara.sitetopfm.com.br\/site\/nova-medida-provisoria-destina-mais-r-360-milhoes-para-enfrentamento-das-consequencias-de-desastres-climaticos\/\" >\n\t\t\t\tNova medida provis\u00f3ria destina mais R$ 360 milh\u00f5es para enfrentamento das consequ\u00eancias de desastres clim\u00e1ticos\t\t\t<\/a>\n\t\t<\/h3>\n\t\t\t\t<div class=\"elementor-post__meta-data\">\n\t\t\t\t\t<span class=\"elementor-post-date\">\n\t\t\t14 de agosto de 2026\t\t<\/span>\n\t\t\t\t<\/div>\n\t\t\t\t\t<a class=\"elementor-post__read-more\" href=\"https:\/\/radiosantaclara.sitetopfm.com.br\/site\/nova-medida-provisoria-destina-mais-r-360-milhoes-para-enfrentamento-das-consequencias-de-desastres-climaticos\/\" >\n\t\t\t\tLer mais\u00bb\t\t\t<\/a>\n\t\t\t\t<\/div>\n\t\t\t\t<\/article>\n\t\t\t\t<article class=\"elementor-post elementor-grid-item post-10872 post type-post status-publish format-standard has-post-thumbnail hentry category-saude\">\n\t\t\t\t<a class=\"elementor-post__thumbnail__link\" href=\"https:\/\/radiosantaclara.sitetopfm.com.br\/site\/comissao-aprova-regras-para-troca-entre-medicamentos-biologicos-e-biossimilares\/\" >\n\t\t\t<div class=\"elementor-post__thumbnail\"><img fetchpriority=\"high\" decoding=\"async\" width=\"300\" height=\"199\" src=\"https:\/\/radiosantaclara.sitetopfm.com.br\/site\/wp-content\/uploads\/2026\/03\/imagem-padrao-300x199.jpg\" class=\"attachment-medium size-medium wp-image-6909\" alt=\"\" srcset=\"https:\/\/radiosantaclara.sitetopfm.com.br\/site\/wp-content\/uploads\/2026\/03\/imagem-padrao-300x199.jpg 300w, https:\/\/radiosantaclara.sitetopfm.com.br\/site\/wp-content\/uploads\/2026\/03\/imagem-padrao.jpg 602w\" sizes=\"(max-width: 300px) 100vw, 300px\" \/><\/div>\n\t\t<\/a>\n\t\t\t\t<div class=\"elementor-post__text\">\n\t\t\t\t<h3 class=\"elementor-post__title\">\n\t\t\t<a href=\"https:\/\/radiosantaclara.sitetopfm.com.br\/site\/comissao-aprova-regras-para-troca-entre-medicamentos-biologicos-e-biossimilares\/\" >\n\t\t\t\tComiss\u00e3o aprova regras para troca entre medicamentos biol\u00f3gicos e biossimilares\t\t\t<\/a>\n\t\t<\/h3>\n\t\t\t\t<div class=\"elementor-post__meta-data\">\n\t\t\t\t\t<span class=\"elementor-post-date\">\n\t\t\t13 de agosto de 2026\t\t<\/span>\n\t\t\t\t<\/div>\n\t\t\t\t\t<a class=\"elementor-post__read-more\" href=\"https:\/\/radiosantaclara.sitetopfm.com.br\/site\/comissao-aprova-regras-para-troca-entre-medicamentos-biologicos-e-biossimilares\/\" >\n\t\t\t\tLer mais\u00bb\t\t\t<\/a>\n\t\t\t\t<\/div>\n\t\t\t\t<\/article>\n\t\t\t\t<article class=\"elementor-post elementor-grid-item post-10871 post type-post status-publish format-standard has-post-thumbnail hentry category-direitos-humanos\">\n\t\t\t\t<a class=\"elementor-post__thumbnail__link\" href=\"https:\/\/radiosantaclara.sitetopfm.com.br\/site\/comissao-aprova-flexibilizacao-de-uniforme-escolar-para-estudantes-com-autismo\/\" >\n\t\t\t<div class=\"elementor-post__thumbnail\"><img fetchpriority=\"high\" decoding=\"async\" width=\"300\" height=\"199\" src=\"https:\/\/radiosantaclara.sitetopfm.com.br\/site\/wp-content\/uploads\/2026\/03\/imagem-padrao-300x199.jpg\" class=\"attachment-medium size-medium wp-image-6909\" alt=\"\" srcset=\"https:\/\/radiosantaclara.sitetopfm.com.br\/site\/wp-content\/uploads\/2026\/03\/imagem-padrao-300x199.jpg 300w, https:\/\/radiosantaclara.sitetopfm.com.br\/site\/wp-content\/uploads\/2026\/03\/imagem-padrao.jpg 602w\" sizes=\"(max-width: 300px) 100vw, 300px\" \/><\/div>\n\t\t<\/a>\n\t\t\t\t<div class=\"elementor-post__text\">\n\t\t\t\t<h3 class=\"elementor-post__title\">\n\t\t\t<a href=\"https:\/\/radiosantaclara.sitetopfm.com.br\/site\/comissao-aprova-flexibilizacao-de-uniforme-escolar-para-estudantes-com-autismo\/\" >\n\t\t\t\tComiss\u00e3o aprova flexibiliza\u00e7\u00e3o de uniforme escolar para estudantes com autismo\t\t\t<\/a>\n\t\t<\/h3>\n\t\t\t\t<div class=\"elementor-post__meta-data\">\n\t\t\t\t\t<span class=\"elementor-post-date\">\n\t\t\t13 de agosto de 2026\t\t<\/span>\n\t\t\t\t<\/div>\n\t\t\t\t\t<a class=\"elementor-post__read-more\" href=\"https:\/\/radiosantaclara.sitetopfm.com.br\/site\/comissao-aprova-flexibilizacao-de-uniforme-escolar-para-estudantes-com-autismo\/\" >\n\t\t\t\tLer mais\u00bb\t\t\t<\/a>\n\t\t\t\t<\/div>\n\t\t\t\t<\/article>\n\t\t\t\t<article class=\"elementor-post elementor-grid-item post-10870 post type-post status-publish format-standard has-post-thumbnail hentry category-ultimas-noticias\">\n\t\t\t\t<a class=\"elementor-post__thumbnail__link\" href=\"https:\/\/radiosantaclara.sitetopfm.com.br\/site\/radios-e-tvs-comunitarias-cobram-novas-outorgas-e-mais-recursos-em-audiencia-na-camara\/\" >\n\t\t\t<div class=\"elementor-post__thumbnail\"><img fetchpriority=\"high\" decoding=\"async\" width=\"300\" height=\"199\" src=\"https:\/\/radiosantaclara.sitetopfm.com.br\/site\/wp-content\/uploads\/2026\/03\/imagem-padrao-300x199.jpg\" class=\"attachment-medium size-medium wp-image-6909\" alt=\"\" srcset=\"https:\/\/radiosantaclara.sitetopfm.com.br\/site\/wp-content\/uploads\/2026\/03\/imagem-padrao-300x199.jpg 300w, https:\/\/radiosantaclara.sitetopfm.com.br\/site\/wp-content\/uploads\/2026\/03\/imagem-padrao.jpg 602w\" sizes=\"(max-width: 300px) 100vw, 300px\" \/><\/div>\n\t\t<\/a>\n\t\t\t\t<div class=\"elementor-post__text\">\n\t\t\t\t<h3 class=\"elementor-post__title\">\n\t\t\t<a href=\"https:\/\/radiosantaclara.sitetopfm.com.br\/site\/radios-e-tvs-comunitarias-cobram-novas-outorgas-e-mais-recursos-em-audiencia-na-camara\/\" >\n\t\t\t\tR\u00e1dios e TVs comunit\u00e1rias cobram novas outorgas e mais recursos em audi\u00eancia na C\u00e2mara\t\t\t<\/a>\n\t\t<\/h3>\n\t\t\t\t<div class=\"elementor-post__meta-data\">\n\t\t\t\t\t<span class=\"elementor-post-date\">\n\t\t\t13 de agosto de 2026\t\t<\/span>\n\t\t\t\t<\/div>\n\t\t\t\t\t<a class=\"elementor-post__read-more\" href=\"https:\/\/radiosantaclara.sitetopfm.com.br\/site\/radios-e-tvs-comunitarias-cobram-novas-outorgas-e-mais-recursos-em-audiencia-na-camara\/\" >\n\t\t\t\tLer mais\u00bb\t\t\t<\/a>\n\t\t\t\t<\/div>\n\t\t\t\t<\/article>\n\t\t\t\t<article class=\"elementor-post elementor-grid-item post-10869 post type-post status-publish format-standard has-post-thumbnail hentry category-economia\">\n\t\t\t\t<a class=\"elementor-post__thumbnail__link\" href=\"https:\/\/radiosantaclara.sitetopfm.com.br\/site\/camara-aprova-reducao-de-tributos-de-resseguradoras-nacionais\/\" >\n\t\t\t<div class=\"elementor-post__thumbnail\"><img fetchpriority=\"high\" decoding=\"async\" width=\"300\" height=\"199\" src=\"https:\/\/radiosantaclara.sitetopfm.com.br\/site\/wp-content\/uploads\/2026\/03\/imagem-padrao-300x199.jpg\" class=\"attachment-medium size-medium wp-image-6909\" alt=\"\" srcset=\"https:\/\/radiosantaclara.sitetopfm.com.br\/site\/wp-content\/uploads\/2026\/03\/imagem-padrao-300x199.jpg 300w, https:\/\/radiosantaclara.sitetopfm.com.br\/site\/wp-content\/uploads\/2026\/03\/imagem-padrao.jpg 602w\" sizes=\"(max-width: 300px) 100vw, 300px\" \/><\/div>\n\t\t<\/a>\n\t\t\t\t<div class=\"elementor-post__text\">\n\t\t\t\t<h3 class=\"elementor-post__title\">\n\t\t\t<a href=\"https:\/\/radiosantaclara.sitetopfm.com.br\/site\/camara-aprova-reducao-de-tributos-de-resseguradoras-nacionais\/\" >\n\t\t\t\tC\u00e2mara aprova redu\u00e7\u00e3o de tributos de resseguradoras nacionais\t\t\t<\/a>\n\t\t<\/h3>\n\t\t\t\t<div class=\"elementor-post__meta-data\">\n\t\t\t\t\t<span class=\"elementor-post-date\">\n\t\t\t13 de agosto de 2026\t\t<\/span>\n\t\t\t\t<\/div>\n\t\t\t\t\t<a class=\"elementor-post__read-more\" href=\"https:\/\/radiosantaclara.sitetopfm.com.br\/site\/camara-aprova-reducao-de-tributos-de-resseguradoras-nacionais\/\" >\n\t\t\t\tLer mais\u00bb\t\t\t<\/a>\n\t\t\t\t<\/div>\n\t\t\t\t<\/article>\n\t\t\t\t<article class=\"elementor-post elementor-grid-item post-10868 post type-post status-publish format-standard has-post-thumbnail hentry category-esportes\">\n\t\t\t\t<a class=\"elementor-post__thumbnail__link\" href=\"https:\/\/radiosantaclara.sitetopfm.com.br\/site\/camara-aprova-projeto-que-reconhece-futebol-como-manifestacao-da-cultura-nacional\/\" >\n\t\t\t<div class=\"elementor-post__thumbnail\"><img fetchpriority=\"high\" decoding=\"async\" width=\"300\" height=\"199\" src=\"https:\/\/radiosantaclara.sitetopfm.com.br\/site\/wp-content\/uploads\/2026\/03\/imagem-padrao-300x199.jpg\" class=\"attachment-medium size-medium wp-image-6909\" alt=\"\" srcset=\"https:\/\/radiosantaclara.sitetopfm.com.br\/site\/wp-content\/uploads\/2026\/03\/imagem-padrao-300x199.jpg 300w, https:\/\/radiosantaclara.sitetopfm.com.br\/site\/wp-content\/uploads\/2026\/03\/imagem-padrao.jpg 602w\" sizes=\"(max-width: 300px) 100vw, 300px\" \/><\/div>\n\t\t<\/a>\n\t\t\t\t<div class=\"elementor-post__text\">\n\t\t\t\t<h3 class=\"elementor-post__title\">\n\t\t\t<a href=\"https:\/\/radiosantaclara.sitetopfm.com.br\/site\/camara-aprova-projeto-que-reconhece-futebol-como-manifestacao-da-cultura-nacional\/\" >\n\t\t\t\tC\u00e2mara aprova projeto que reconhece futebol como manifesta\u00e7\u00e3o da cultura nacional\t\t\t<\/a>\n\t\t<\/h3>\n\t\t\t\t<div class=\"elementor-post__meta-data\">\n\t\t\t\t\t<span class=\"elementor-post-date\">\n\t\t\t13 de agosto de 2026\t\t<\/span>\n\t\t\t\t<\/div>\n\t\t\t\t\t<a class=\"elementor-post__read-more\" href=\"https:\/\/radiosantaclara.sitetopfm.com.br\/site\/camara-aprova-projeto-que-reconhece-futebol-como-manifestacao-da-cultura-nacional\/\" >\n\t\t\t\tLer mais\u00bb\t\t\t<\/a>\n\t\t\t\t<\/div>\n\t\t\t\t<\/article>\n\t\t\t\t<article class=\"elementor-post elementor-grid-item post-10867 post type-post status-publish format-standard has-post-thumbnail hentry category-meio-ambiente\">\n\t\t\t\t<a class=\"elementor-post__thumbnail__link\" href=\"https:\/\/radiosantaclara.sitetopfm.com.br\/site\/medida-provisoria-abre-credito-orcamentario-para-aumento-de-estoques-de-alimentos-por-causa-do-el-nino\/\" >\n\t\t\t<div class=\"elementor-post__thumbnail\"><img fetchpriority=\"high\" decoding=\"async\" width=\"300\" height=\"199\" src=\"https:\/\/radiosantaclara.sitetopfm.com.br\/site\/wp-content\/uploads\/2026\/03\/imagem-padrao-300x199.jpg\" class=\"attachment-medium size-medium wp-image-6909\" alt=\"\" srcset=\"https:\/\/radiosantaclara.sitetopfm.com.br\/site\/wp-content\/uploads\/2026\/03\/imagem-padrao-300x199.jpg 300w, https:\/\/radiosantaclara.sitetopfm.com.br\/site\/wp-content\/uploads\/2026\/03\/imagem-padrao.jpg 602w\" sizes=\"(max-width: 300px) 100vw, 300px\" \/><\/div>\n\t\t<\/a>\n\t\t\t\t<div class=\"elementor-post__text\">\n\t\t\t\t<h3 class=\"elementor-post__title\">\n\t\t\t<a href=\"https:\/\/radiosantaclara.sitetopfm.com.br\/site\/medida-provisoria-abre-credito-orcamentario-para-aumento-de-estoques-de-alimentos-por-causa-do-el-nino\/\" >\n\t\t\t\tMedida provis\u00f3ria abre cr\u00e9dito or\u00e7ament\u00e1rio para aumento de estoques de alimentos por causa do El Ni\u00f1o\t\t\t<\/a>\n\t\t<\/h3>\n\t\t\t\t<div class=\"elementor-post__meta-data\">\n\t\t\t\t\t<span class=\"elementor-post-date\">\n\t\t\t13 de agosto de 2026\t\t<\/span>\n\t\t\t\t<\/div>\n\t\t\t\t\t<a class=\"elementor-post__read-more\" href=\"https:\/\/radiosantaclara.sitetopfm.com.br\/site\/medida-provisoria-abre-credito-orcamentario-para-aumento-de-estoques-de-alimentos-por-causa-do-el-nino\/\" >\n\t\t\t\tLer mais\u00bb\t\t\t<\/a>\n\t\t\t\t<\/div>\n\t\t\t\t<\/article>\n\t\t\t\t<article class=\"elementor-post elementor-grid-item post-10866 post type-post status-publish format-standard has-post-thumbnail hentry category-saude\">\n\t\t\t\t<a class=\"elementor-post__thumbnail__link\" href=\"https:\/\/radiosantaclara.sitetopfm.com.br\/site\/plenario-aprova-urgencia-para-projetos-sobre-vinculos-familiares-ensino-superior-e-saude-privada\/\" >\n\t\t\t<div class=\"elementor-post__thumbnail\"><img fetchpriority=\"high\" decoding=\"async\" width=\"300\" height=\"199\" src=\"https:\/\/radiosantaclara.sitetopfm.com.br\/site\/wp-content\/uploads\/2026\/03\/imagem-padrao-300x199.jpg\" class=\"attachment-medium size-medium wp-image-6909\" alt=\"\" srcset=\"https:\/\/radiosantaclara.sitetopfm.com.br\/site\/wp-content\/uploads\/2026\/03\/imagem-padrao-300x199.jpg 300w, https:\/\/radiosantaclara.sitetopfm.com.br\/site\/wp-content\/uploads\/2026\/03\/imagem-padrao.jpg 602w\" sizes=\"(max-width: 300px) 100vw, 300px\" \/><\/div>\n\t\t<\/a>\n\t\t\t\t<div class=\"elementor-post__text\">\n\t\t\t\t<h3 class=\"elementor-post__title\">\n\t\t\t<a href=\"https:\/\/radiosantaclara.sitetopfm.com.br\/site\/plenario-aprova-urgencia-para-projetos-sobre-vinculos-familiares-ensino-superior-e-saude-privada\/\" >\n\t\t\t\tPlen\u00e1rio aprova urg\u00eancia para projetos sobre v\u00ednculos familiares, ensino superior e sa\u00fade privada\t\t\t<\/a>\n\t\t<\/h3>\n\t\t\t\t<div class=\"elementor-post__meta-data\">\n\t\t\t\t\t<span class=\"elementor-post-date\">\n\t\t\t13 de agosto de 2026\t\t<\/span>\n\t\t\t\t<\/div>\n\t\t\t\t\t<a class=\"elementor-post__read-more\" href=\"https:\/\/radiosantaclara.sitetopfm.com.br\/site\/plenario-aprova-urgencia-para-projetos-sobre-vinculos-familiares-ensino-superior-e-saude-privada\/\" >\n\t\t\t\tLer mais\u00bb\t\t\t<\/a>\n\t\t\t\t<\/div>\n\t\t\t\t<\/article>\n\t\t\t\t<article class=\"elementor-post elementor-grid-item post-10865 post type-post status-publish format-standard has-post-thumbnail hentry category-direitos-humanos\">\n\t\t\t\t<a class=\"elementor-post__thumbnail__link\" href=\"https:\/\/radiosantaclara.sitetopfm.com.br\/site\/comissao-aprova-capacitacao-em-saude-mental-no-sus\/\" >\n\t\t\t<div class=\"elementor-post__thumbnail\"><img fetchpriority=\"high\" decoding=\"async\" width=\"300\" height=\"199\" src=\"https:\/\/radiosantaclara.sitetopfm.com.br\/site\/wp-content\/uploads\/2026\/03\/imagem-padrao-300x199.jpg\" class=\"attachment-medium size-medium wp-image-6909\" alt=\"\" srcset=\"https:\/\/radiosantaclara.sitetopfm.com.br\/site\/wp-content\/uploads\/2026\/03\/imagem-padrao-300x199.jpg 300w, https:\/\/radiosantaclara.sitetopfm.com.br\/site\/wp-content\/uploads\/2026\/03\/imagem-padrao.jpg 602w\" sizes=\"(max-width: 300px) 100vw, 300px\" \/><\/div>\n\t\t<\/a>\n\t\t\t\t<div class=\"elementor-post__text\">\n\t\t\t\t<h3 class=\"elementor-post__title\">\n\t\t\t<a href=\"https:\/\/radiosantaclara.sitetopfm.com.br\/site\/comissao-aprova-capacitacao-em-saude-mental-no-sus\/\" >\n\t\t\t\tComiss\u00e3o aprova capacita\u00e7\u00e3o em sa\u00fade mental no SUS\t\t\t<\/a>\n\t\t<\/h3>\n\t\t\t\t<div class=\"elementor-post__meta-data\">\n\t\t\t\t\t<span class=\"elementor-post-date\">\n\t\t\t13 de agosto de 2026\t\t<\/span>\n\t\t\t\t<\/div>\n\t\t\t\t\t<a class=\"elementor-post__read-more\" href=\"https:\/\/radiosantaclara.sitetopfm.com.br\/site\/comissao-aprova-capacitacao-em-saude-mental-no-sus\/\" >\n\t\t\t\tLer mais\u00bb\t\t\t<\/a>\n\t\t\t\t<\/div>\n\t\t\t\t<\/article>\n\t\t\t\t<article class=\"elementor-post elementor-grid-item post-10864 post type-post status-publish format-standard has-post-thumbnail hentry category-ultimas-noticias\">\n\t\t\t\t<a class=\"elementor-post__thumbnail__link\" href=\"https:\/\/radiosantaclara.sitetopfm.com.br\/site\/camara-dos-deputados-celebra-30-anos-do-programa-de-visitacao-institucional\/\" >\n\t\t\t<div class=\"elementor-post__thumbnail\"><img fetchpriority=\"high\" decoding=\"async\" width=\"300\" height=\"199\" src=\"https:\/\/radiosantaclara.sitetopfm.com.br\/site\/wp-content\/uploads\/2026\/03\/imagem-padrao-300x199.jpg\" class=\"attachment-medium size-medium wp-image-6909\" alt=\"\" srcset=\"https:\/\/radiosantaclara.sitetopfm.com.br\/site\/wp-content\/uploads\/2026\/03\/imagem-padrao-300x199.jpg 300w, https:\/\/radiosantaclara.sitetopfm.com.br\/site\/wp-content\/uploads\/2026\/03\/imagem-padrao.jpg 602w\" sizes=\"(max-width: 300px) 100vw, 300px\" \/><\/div>\n\t\t<\/a>\n\t\t\t\t<div class=\"elementor-post__text\">\n\t\t\t\t<h3 class=\"elementor-post__title\">\n\t\t\t<a href=\"https:\/\/radiosantaclara.sitetopfm.com.br\/site\/camara-dos-deputados-celebra-30-anos-do-programa-de-visitacao-institucional\/\" >\n\t\t\t\tC\u00e2mara dos Deputados celebra 30 anos do programa de visita\u00e7\u00e3o institucional\t\t\t<\/a>\n\t\t<\/h3>\n\t\t\t\t<div class=\"elementor-post__meta-data\">\n\t\t\t\t\t<span class=\"elementor-post-date\">\n\t\t\t13 de agosto de 2026\t\t<\/span>\n\t\t\t\t<\/div>\n\t\t\t\t\t<a class=\"elementor-post__read-more\" href=\"https:\/\/radiosantaclara.sitetopfm.com.br\/site\/camara-dos-deputados-celebra-30-anos-do-programa-de-visitacao-institucional\/\" >\n\t\t\t\tLer mais\u00bb\t\t\t<\/a>\n\t\t\t\t<\/div>\n\t\t\t\t<\/article>\n\t\t\t\t<article class=\"elementor-post elementor-grid-item post-10863 post type-post status-publish format-standard has-post-thumbnail hentry category-consumidor\">\n\t\t\t\t<a class=\"elementor-post__thumbnail__link\" href=\"https:\/\/radiosantaclara.sitetopfm.com.br\/site\/camara-aprova-novas-regras-para-venda-e-troca-de-milhas-por-dinheiro\/\" >\n\t\t\t<div class=\"elementor-post__thumbnail\"><img fetchpriority=\"high\" decoding=\"async\" width=\"300\" height=\"199\" src=\"https:\/\/radiosantaclara.sitetopfm.com.br\/site\/wp-content\/uploads\/2026\/03\/imagem-padrao-300x199.jpg\" class=\"attachment-medium size-medium wp-image-6909\" alt=\"\" srcset=\"https:\/\/radiosantaclara.sitetopfm.com.br\/site\/wp-content\/uploads\/2026\/03\/imagem-padrao-300x199.jpg 300w, https:\/\/radiosantaclara.sitetopfm.com.br\/site\/wp-content\/uploads\/2026\/03\/imagem-padrao.jpg 602w\" sizes=\"(max-width: 300px) 100vw, 300px\" \/><\/div>\n\t\t<\/a>\n\t\t\t\t<div class=\"elementor-post__text\">\n\t\t\t\t<h3 class=\"elementor-post__title\">\n\t\t\t<a href=\"https:\/\/radiosantaclara.sitetopfm.com.br\/site\/camara-aprova-novas-regras-para-venda-e-troca-de-milhas-por-dinheiro\/\" >\n\t\t\t\tC\u00e2mara aprova novas regras para venda e troca de milhas por dinheiro\t\t\t<\/a>\n\t\t<\/h3>\n\t\t\t\t<div class=\"elementor-post__meta-data\">\n\t\t\t\t\t<span class=\"elementor-post-date\">\n\t\t\t13 de agosto de 2026\t\t<\/span>\n\t\t\t\t<\/div>\n\t\t\t\t\t<a class=\"elementor-post__read-more\" href=\"https:\/\/radiosantaclara.sitetopfm.com.br\/site\/camara-aprova-novas-regras-para-venda-e-troca-de-milhas-por-dinheiro\/\" >\n\t\t\t\tLer mais\u00bb\t\t\t<\/a>\n\t\t\t\t<\/div>\n\t\t\t\t<\/article>\n\t\t\t\t<article class=\"elementor-post elementor-grid-item post-10862 post type-post status-publish format-standard has-post-thumbnail hentry category-economia\">\n\t\t\t\t<a class=\"elementor-post__thumbnail__link\" href=\"https:\/\/radiosantaclara.sitetopfm.com.br\/site\/deputados-aprovam-criacao-da-semana-da-empresa-junior\/\" >\n\t\t\t<div class=\"elementor-post__thumbnail\"><img fetchpriority=\"high\" decoding=\"async\" width=\"300\" height=\"199\" src=\"https:\/\/radiosantaclara.sitetopfm.com.br\/site\/wp-content\/uploads\/2026\/03\/imagem-padrao-300x199.jpg\" class=\"attachment-medium size-medium wp-image-6909\" alt=\"\" srcset=\"https:\/\/radiosantaclara.sitetopfm.com.br\/site\/wp-content\/uploads\/2026\/03\/imagem-padrao-300x199.jpg 300w, https:\/\/radiosantaclara.sitetopfm.com.br\/site\/wp-content\/uploads\/2026\/03\/imagem-padrao.jpg 602w\" sizes=\"(max-width: 300px) 100vw, 300px\" \/><\/div>\n\t\t<\/a>\n\t\t\t\t<div class=\"elementor-post__text\">\n\t\t\t\t<h3 class=\"elementor-post__title\">\n\t\t\t<a href=\"https:\/\/radiosantaclara.sitetopfm.com.br\/site\/deputados-aprovam-criacao-da-semana-da-empresa-junior\/\" >\n\t\t\t\tDeputados aprovam cria\u00e7\u00e3o da Semana da Empresa J\u00fanior\t\t\t<\/a>\n\t\t<\/h3>\n\t\t\t\t<div class=\"elementor-post__meta-data\">\n\t\t\t\t\t<span class=\"elementor-post-date\">\n\t\t\t13 de agosto de 2026\t\t<\/span>\n\t\t\t\t<\/div>\n\t\t\t\t\t<a class=\"elementor-post__read-more\" href=\"https:\/\/radiosantaclara.sitetopfm.com.br\/site\/deputados-aprovam-criacao-da-semana-da-empresa-junior\/\" >\n\t\t\t\tLer mais\u00bb\t\t\t<\/a>\n\t\t\t\t<\/div>\n\t\t\t\t<\/article>\n\t\t\t\t<article class=\"elementor-post elementor-grid-item post-10861 post type-post status-publish format-standard has-post-thumbnail hentry category-esportes\">\n\t\t\t\t<a class=\"elementor-post__thumbnail__link\" href=\"https:\/\/radiosantaclara.sitetopfm.com.br\/site\/camara-aprova-diretrizes-para-o-desenvolvimento-do-futebol-feminino\/\" >\n\t\t\t<div class=\"elementor-post__thumbnail\"><img fetchpriority=\"high\" decoding=\"async\" width=\"300\" height=\"199\" src=\"https:\/\/radiosantaclara.sitetopfm.com.br\/site\/wp-content\/uploads\/2026\/03\/imagem-padrao-300x199.jpg\" class=\"attachment-medium size-medium wp-image-6909\" alt=\"\" srcset=\"https:\/\/radiosantaclara.sitetopfm.com.br\/site\/wp-content\/uploads\/2026\/03\/imagem-padrao-300x199.jpg 300w, https:\/\/radiosantaclara.sitetopfm.com.br\/site\/wp-content\/uploads\/2026\/03\/imagem-padrao.jpg 602w\" sizes=\"(max-width: 300px) 100vw, 300px\" \/><\/div>\n\t\t<\/a>\n\t\t\t\t<div class=\"elementor-post__text\">\n\t\t\t\t<h3 class=\"elementor-post__title\">\n\t\t\t<a href=\"https:\/\/radiosantaclara.sitetopfm.com.br\/site\/camara-aprova-diretrizes-para-o-desenvolvimento-do-futebol-feminino\/\" >\n\t\t\t\tC\u00e2mara aprova diretrizes para o desenvolvimento do futebol feminino\t\t\t<\/a>\n\t\t<\/h3>\n\t\t\t\t<div class=\"elementor-post__meta-data\">\n\t\t\t\t\t<span class=\"elementor-post-date\">\n\t\t\t13 de agosto de 2026\t\t<\/span>\n\t\t\t\t<\/div>\n\t\t\t\t\t<a class=\"elementor-post__read-more\" href=\"https:\/\/radiosantaclara.sitetopfm.com.br\/site\/camara-aprova-diretrizes-para-o-desenvolvimento-do-futebol-feminino\/\" >\n\t\t\t\tLer mais\u00bb\t\t\t<\/a>\n\t\t\t\t<\/div>\n\t\t\t\t<\/article>\n\t\t\t\t<article class=\"elementor-post elementor-grid-item post-10860 post type-post status-publish format-standard has-post-thumbnail hentry category-seguranca\">\n\t\t\t\t<a class=\"elementor-post__thumbnail__link\" href=\"https:\/\/radiosantaclara.sitetopfm.com.br\/site\/camara-aprova-porte-de-arma-de-fogo-para-oficiais-de-justica\/\" >\n\t\t\t<div class=\"elementor-post__thumbnail\"><img fetchpriority=\"high\" decoding=\"async\" width=\"300\" height=\"199\" src=\"https:\/\/radiosantaclara.sitetopfm.com.br\/site\/wp-content\/uploads\/2026\/03\/imagem-padrao-300x199.jpg\" class=\"attachment-medium size-medium wp-image-6909\" alt=\"\" srcset=\"https:\/\/radiosantaclara.sitetopfm.com.br\/site\/wp-content\/uploads\/2026\/03\/imagem-padrao-300x199.jpg 300w, https:\/\/radiosantaclara.sitetopfm.com.br\/site\/wp-content\/uploads\/2026\/03\/imagem-padrao.jpg 602w\" sizes=\"(max-width: 300px) 100vw, 300px\" \/><\/div>\n\t\t<\/a>\n\t\t\t\t<div class=\"elementor-post__text\">\n\t\t\t\t<h3 class=\"elementor-post__title\">\n\t\t\t<a href=\"https:\/\/radiosantaclara.sitetopfm.com.br\/site\/camara-aprova-porte-de-arma-de-fogo-para-oficiais-de-justica\/\" >\n\t\t\t\tC\u00e2mara aprova porte de arma de fogo para oficiais de justi\u00e7a\t\t\t<\/a>\n\t\t<\/h3>\n\t\t\t\t<div class=\"elementor-post__meta-data\">\n\t\t\t\t\t<span class=\"elementor-post-date\">\n\t\t\t13 de agosto de 2026\t\t<\/span>\n\t\t\t\t<\/div>\n\t\t\t\t\t<a class=\"elementor-post__read-more\" href=\"https:\/\/radiosantaclara.sitetopfm.com.br\/site\/camara-aprova-porte-de-arma-de-fogo-para-oficiais-de-justica\/\" >\n\t\t\t\tLer mais\u00bb\t\t\t<\/a>\n\t\t\t\t<\/div>\n\t\t\t\t<\/article>\n\t\t\t\t<article class=\"elementor-post elementor-grid-item post-10859 post type-post status-publish format-standard has-post-thumbnail hentry category-saude\">\n\t\t\t\t<a class=\"elementor-post__thumbnail__link\" href=\"https:\/\/radiosantaclara.sitetopfm.com.br\/site\/comissao-aprova-projeto-que-garante-interprete-de-libras-em-emergencia-de-hospitais\/\" >\n\t\t\t<div class=\"elementor-post__thumbnail\"><img fetchpriority=\"high\" decoding=\"async\" width=\"300\" height=\"199\" src=\"https:\/\/radiosantaclara.sitetopfm.com.br\/site\/wp-content\/uploads\/2026\/03\/imagem-padrao-300x199.jpg\" class=\"attachment-medium size-medium wp-image-6909\" alt=\"\" srcset=\"https:\/\/radiosantaclara.sitetopfm.com.br\/site\/wp-content\/uploads\/2026\/03\/imagem-padrao-300x199.jpg 300w, https:\/\/radiosantaclara.sitetopfm.com.br\/site\/wp-content\/uploads\/2026\/03\/imagem-padrao.jpg 602w\" sizes=\"(max-width: 300px) 100vw, 300px\" \/><\/div>\n\t\t<\/a>\n\t\t\t\t<div class=\"elementor-post__text\">\n\t\t\t\t<h3 class=\"elementor-post__title\">\n\t\t\t<a href=\"https:\/\/radiosantaclara.sitetopfm.com.br\/site\/comissao-aprova-projeto-que-garante-interprete-de-libras-em-emergencia-de-hospitais\/\" >\n\t\t\t\tComiss\u00e3o aprova projeto que garante int\u00e9rprete de Libras em emerg\u00eancia de hospitais\t\t\t<\/a>\n\t\t<\/h3>\n\t\t\t\t<div class=\"elementor-post__meta-data\">\n\t\t\t\t\t<span class=\"elementor-post-date\">\n\t\t\t13 de agosto de 2026\t\t<\/span>\n\t\t\t\t<\/div>\n\t\t\t\t\t<a class=\"elementor-post__read-more\" href=\"https:\/\/radiosantaclara.sitetopfm.com.br\/site\/comissao-aprova-projeto-que-garante-interprete-de-libras-em-emergencia-de-hospitais\/\" >\n\t\t\t\tLer mais\u00bb\t\t\t<\/a>\n\t\t\t\t<\/div>\n\t\t\t\t<\/article>\n\t\t\t\t<article class=\"elementor-post elementor-grid-item post-10858 post type-post status-publish format-standard has-post-thumbnail hentry category-ultimas-noticias\">\n\t\t\t\t<a class=\"elementor-post__thumbnail__link\" href=\"https:\/\/radiosantaclara.sitetopfm.com.br\/site\/camara-podera-votar-proposta-de-acompanhamento-em-tempo-real-dos-estoques-de-remedios-no-sus\/\" >\n\t\t\t<div class=\"elementor-post__thumbnail\"><img fetchpriority=\"high\" decoding=\"async\" width=\"300\" height=\"199\" src=\"https:\/\/radiosantaclara.sitetopfm.com.br\/site\/wp-content\/uploads\/2026\/03\/imagem-padrao-300x199.jpg\" class=\"attachment-medium size-medium wp-image-6909\" alt=\"\" srcset=\"https:\/\/radiosantaclara.sitetopfm.com.br\/site\/wp-content\/uploads\/2026\/03\/imagem-padrao-300x199.jpg 300w, https:\/\/radiosantaclara.sitetopfm.com.br\/site\/wp-content\/uploads\/2026\/03\/imagem-padrao.jpg 602w\" sizes=\"(max-width: 300px) 100vw, 300px\" \/><\/div>\n\t\t<\/a>\n\t\t\t\t<div class=\"elementor-post__text\">\n\t\t\t\t<h3 class=\"elementor-post__title\">\n\t\t\t<a href=\"https:\/\/radiosantaclara.sitetopfm.com.br\/site\/camara-podera-votar-proposta-de-acompanhamento-em-tempo-real-dos-estoques-de-remedios-no-sus\/\" >\n\t\t\t\tC\u00e2mara poder\u00e1 votar proposta de acompanhamento em tempo real dos estoques de rem\u00e9dios no SUS\t\t\t<\/a>\n\t\t<\/h3>\n\t\t\t\t<div class=\"elementor-post__meta-data\">\n\t\t\t\t\t<span class=\"elementor-post-date\">\n\t\t\t13 de agosto de 2026\t\t<\/span>\n\t\t\t\t<\/div>\n\t\t\t\t\t<a class=\"elementor-post__read-more\" href=\"https:\/\/radiosantaclara.sitetopfm.com.br\/site\/camara-podera-votar-proposta-de-acompanhamento-em-tempo-real-dos-estoques-de-remedios-no-sus\/\" >\n\t\t\t\tLer mais\u00bb\t\t\t<\/a>\n\t\t\t\t<\/div>\n\t\t\t\t<\/article>\n\t\t\t\t<article class=\"elementor-post elementor-grid-item post-10857 post type-post status-publish format-standard has-post-thumbnail hentry category-ultimas-noticias\">\n\t\t\t\t<a class=\"elementor-post__thumbnail__link\" href=\"https:\/\/radiosantaclara.sitetopfm.com.br\/site\/camara-aprova-prorrogacao-de-beneficio-para-portos-do-norte-e-nordeste\/\" >\n\t\t\t<div class=\"elementor-post__thumbnail\"><img fetchpriority=\"high\" decoding=\"async\" width=\"300\" height=\"199\" src=\"https:\/\/radiosantaclara.sitetopfm.com.br\/site\/wp-content\/uploads\/2026\/03\/imagem-padrao-300x199.jpg\" class=\"attachment-medium size-medium wp-image-6909\" alt=\"\" srcset=\"https:\/\/radiosantaclara.sitetopfm.com.br\/site\/wp-content\/uploads\/2026\/03\/imagem-padrao-300x199.jpg 300w, https:\/\/radiosantaclara.sitetopfm.com.br\/site\/wp-content\/uploads\/2026\/03\/imagem-padrao.jpg 602w\" sizes=\"(max-width: 300px) 100vw, 300px\" \/><\/div>\n\t\t<\/a>\n\t\t\t\t<div class=\"elementor-post__text\">\n\t\t\t\t<h3 class=\"elementor-post__title\">\n\t\t\t<a href=\"https:\/\/radiosantaclara.sitetopfm.com.br\/site\/camara-aprova-prorrogacao-de-beneficio-para-portos-do-norte-e-nordeste\/\" >\n\t\t\t\tC\u00e2mara aprova prorroga\u00e7\u00e3o de benef\u00edcio para portos do Norte e Nordeste\t\t\t<\/a>\n\t\t<\/h3>\n\t\t\t\t<div class=\"elementor-post__meta-data\">\n\t\t\t\t\t<span class=\"elementor-post-date\">\n\t\t\t13 de agosto de 2026\t\t<\/span>\n\t\t\t\t<\/div>\n\t\t\t\t\t<a class=\"elementor-post__read-more\" href=\"https:\/\/radiosantaclara.sitetopfm.com.br\/site\/camara-aprova-prorrogacao-de-beneficio-para-portos-do-norte-e-nordeste\/\" >\n\t\t\t\tLer mais\u00bb\t\t\t<\/a>\n\t\t\t\t<\/div>\n\t\t\t\t<\/article>\n\t\t\t\t<article class=\"elementor-post elementor-grid-item post-10856 post type-post status-publish format-standard has-post-thumbnail hentry category-seguranca\">\n\t\t\t\t<a class=\"elementor-post__thumbnail__link\" href=\"https:\/\/radiosantaclara.sitetopfm.com.br\/site\/camara-celebra-20-anos-da-lei-maria-da-penha-e-debate-desafios-contra-a-violencia-de-genero\/\" >\n\t\t\t<div class=\"elementor-post__thumbnail\"><img fetchpriority=\"high\" decoding=\"async\" width=\"300\" height=\"199\" src=\"https:\/\/radiosantaclara.sitetopfm.com.br\/site\/wp-content\/uploads\/2026\/03\/imagem-padrao-300x199.jpg\" class=\"attachment-medium size-medium wp-image-6909\" alt=\"\" srcset=\"https:\/\/radiosantaclara.sitetopfm.com.br\/site\/wp-content\/uploads\/2026\/03\/imagem-padrao-300x199.jpg 300w, https:\/\/radiosantaclara.sitetopfm.com.br\/site\/wp-content\/uploads\/2026\/03\/imagem-padrao.jpg 602w\" sizes=\"(max-width: 300px) 100vw, 300px\" \/><\/div>\n\t\t<\/a>\n\t\t\t\t<div class=\"elementor-post__text\">\n\t\t\t\t<h3 class=\"elementor-post__title\">\n\t\t\t<a href=\"https:\/\/radiosantaclara.sitetopfm.com.br\/site\/camara-celebra-20-anos-da-lei-maria-da-penha-e-debate-desafios-contra-a-violencia-de-genero\/\" >\n\t\t\t\tC\u00e2mara celebra 20 anos da Lei Maria da Penha e debate desafios contra a viol\u00eancia de g\u00eanero\t\t\t<\/a>\n\t\t<\/h3>\n\t\t\t\t<div class=\"elementor-post__meta-data\">\n\t\t\t\t\t<span class=\"elementor-post-date\">\n\t\t\t13 de agosto de 2026\t\t<\/span>\n\t\t\t\t<\/div>\n\t\t\t\t\t<a class=\"elementor-post__read-more\" href=\"https:\/\/radiosantaclara.sitetopfm.com.br\/site\/camara-celebra-20-anos-da-lei-maria-da-penha-e-debate-desafios-contra-a-violencia-de-genero\/\" >\n\t\t\t\tLer mais\u00bb\t\t\t<\/a>\n\t\t\t\t<\/div>\n\t\t\t\t<\/article>\n\t\t\t\t<article class=\"elementor-post elementor-grid-item post-10855 post type-post status-publish format-standard has-post-thumbnail hentry category-ultimas-noticias\">\n\t\t\t\t<a class=\"elementor-post__thumbnail__link\" href=\"https:\/\/radiosantaclara.sitetopfm.com.br\/site\/camara-aprova-regras-para-impedir-limitacao-de-recursos-do-fust\/\" >\n\t\t\t<div class=\"elementor-post__thumbnail\"><img fetchpriority=\"high\" decoding=\"async\" width=\"300\" height=\"199\" src=\"https:\/\/radiosantaclara.sitetopfm.com.br\/site\/wp-content\/uploads\/2026\/03\/imagem-padrao-300x199.jpg\" class=\"attachment-medium size-medium wp-image-6909\" alt=\"\" srcset=\"https:\/\/radiosantaclara.sitetopfm.com.br\/site\/wp-content\/uploads\/2026\/03\/imagem-padrao-300x199.jpg 300w, https:\/\/radiosantaclara.sitetopfm.com.br\/site\/wp-content\/uploads\/2026\/03\/imagem-padrao.jpg 602w\" sizes=\"(max-width: 300px) 100vw, 300px\" \/><\/div>\n\t\t<\/a>\n\t\t\t\t<div class=\"elementor-post__text\">\n\t\t\t\t<h3 class=\"elementor-post__title\">\n\t\t\t<a href=\"https:\/\/radiosantaclara.sitetopfm.com.br\/site\/camara-aprova-regras-para-impedir-limitacao-de-recursos-do-fust\/\" >\n\t\t\t\tC\u00e2mara aprova regras para impedir limita\u00e7\u00e3o de recursos do Fust\t\t\t<\/a>\n\t\t<\/h3>\n\t\t\t\t<div class=\"elementor-post__meta-data\">\n\t\t\t\t\t<span class=\"elementor-post-date\">\n\t\t\t13 de agosto de 2026\t\t<\/span>\n\t\t\t\t<\/div>\n\t\t\t\t\t<a class=\"elementor-post__read-more\" href=\"https:\/\/radiosantaclara.sitetopfm.com.br\/site\/camara-aprova-regras-para-impedir-limitacao-de-recursos-do-fust\/\" >\n\t\t\t\tLer mais\u00bb\t\t\t<\/a>\n\t\t\t\t<\/div>\n\t\t\t\t<\/article>\n\t\t\t\t<article class=\"elementor-post elementor-grid-item post-10846 post type-post status-publish format-standard has-post-thumbnail hentry category-economia\">\n\t\t\t\t<a class=\"elementor-post__thumbnail__link\" href=\"https:\/\/radiosantaclara.sitetopfm.com.br\/site\/camara-aprova-reducao-de-tributos-sobre-combustiveis-e-medidas-para-biocombustiveis\/\" >\n\t\t\t<div class=\"elementor-post__thumbnail\"><img fetchpriority=\"high\" decoding=\"async\" width=\"300\" height=\"199\" src=\"https:\/\/radiosantaclara.sitetopfm.com.br\/site\/wp-content\/uploads\/2026\/03\/imagem-padrao-300x199.jpg\" class=\"attachment-medium size-medium wp-image-6909\" alt=\"\" srcset=\"https:\/\/radiosantaclara.sitetopfm.com.br\/site\/wp-content\/uploads\/2026\/03\/imagem-padrao-300x199.jpg 300w, https:\/\/radiosantaclara.sitetopfm.com.br\/site\/wp-content\/uploads\/2026\/03\/imagem-padrao.jpg 602w\" sizes=\"(max-width: 300px) 100vw, 300px\" \/><\/div>\n\t\t<\/a>\n\t\t\t\t<div class=\"elementor-post__text\">\n\t\t\t\t<h3 class=\"elementor-post__title\">\n\t\t\t<a href=\"https:\/\/radiosantaclara.sitetopfm.com.br\/site\/camara-aprova-reducao-de-tributos-sobre-combustiveis-e-medidas-para-biocombustiveis\/\" >\n\t\t\t\tC\u00e2mara aprova redu\u00e7\u00e3o de tributos sobre combust\u00edveis e medidas para biocombust\u00edveis\t\t\t<\/a>\n\t\t<\/h3>\n\t\t\t\t<div class=\"elementor-post__meta-data\">\n\t\t\t\t\t<span class=\"elementor-post-date\">\n\t\t\t12 de agosto de 2026\t\t<\/span>\n\t\t\t\t<\/div>\n\t\t\t\t\t<a class=\"elementor-post__read-more\" href=\"https:\/\/radiosantaclara.sitetopfm.com.br\/site\/camara-aprova-reducao-de-tributos-sobre-combustiveis-e-medidas-para-biocombustiveis\/\" >\n\t\t\t\tLer mais\u00bb\t\t\t<\/a>\n\t\t\t\t<\/div>\n\t\t\t\t<\/article>\n\t\t\t\t<article class=\"elementor-post elementor-grid-item post-10844 post type-post status-publish format-standard has-post-thumbnail hentry category-seguranca\">\n\t\t\t\t<a class=\"elementor-post__thumbnail__link\" href=\"https:\/\/radiosantaclara.sitetopfm.com.br\/site\/proposta-cria-figura-do-gestor-de-caso-para-acompanhar-mulheres-sob-risco-de-violencia\/\" >\n\t\t\t<div class=\"elementor-post__thumbnail\"><img fetchpriority=\"high\" decoding=\"async\" width=\"300\" height=\"199\" src=\"https:\/\/radiosantaclara.sitetopfm.com.br\/site\/wp-content\/uploads\/2026\/03\/imagem-padrao-300x199.jpg\" class=\"attachment-medium size-medium wp-image-6909\" alt=\"\" srcset=\"https:\/\/radiosantaclara.sitetopfm.com.br\/site\/wp-content\/uploads\/2026\/03\/imagem-padrao-300x199.jpg 300w, https:\/\/radiosantaclara.sitetopfm.com.br\/site\/wp-content\/uploads\/2026\/03\/imagem-padrao.jpg 602w\" sizes=\"(max-width: 300px) 100vw, 300px\" \/><\/div>\n\t\t<\/a>\n\t\t\t\t<div class=\"elementor-post__text\">\n\t\t\t\t<h3 class=\"elementor-post__title\">\n\t\t\t<a href=\"https:\/\/radiosantaclara.sitetopfm.com.br\/site\/proposta-cria-figura-do-gestor-de-caso-para-acompanhar-mulheres-sob-risco-de-violencia\/\" >\n\t\t\t\tProposta cria figura do &#8220;gestor de caso&#8221; para acompanhar mulheres sob risco de viol\u00eancia\t\t\t<\/a>\n\t\t<\/h3>\n\t\t\t\t<div class=\"elementor-post__meta-data\">\n\t\t\t\t\t<span class=\"elementor-post-date\">\n\t\t\t12 de agosto de 2026\t\t<\/span>\n\t\t\t\t<\/div>\n\t\t\t\t\t<a class=\"elementor-post__read-more\" href=\"https:\/\/radiosantaclara.sitetopfm.com.br\/site\/proposta-cria-figura-do-gestor-de-caso-para-acompanhar-mulheres-sob-risco-de-violencia\/\" >\n\t\t\t\tLer mais\u00bb\t\t\t<\/a>\n\t\t\t\t<\/div>\n\t\t\t\t<\/article>\n\t\t\t\t<article class=\"elementor-post elementor-grid-item post-10843 post type-post status-publish format-standard has-post-thumbnail hentry category-saude\">\n\t\t\t\t<a class=\"elementor-post__thumbnail__link\" href=\"https:\/\/radiosantaclara.sitetopfm.com.br\/site\/camara-aprova-projeto-que-garante-check-up-anual-para-mulheres-no-sus\/\" >\n\t\t\t<div class=\"elementor-post__thumbnail\"><img fetchpriority=\"high\" decoding=\"async\" width=\"300\" height=\"199\" src=\"https:\/\/radiosantaclara.sitetopfm.com.br\/site\/wp-content\/uploads\/2026\/03\/imagem-padrao-300x199.jpg\" class=\"attachment-medium size-medium wp-image-6909\" alt=\"\" srcset=\"https:\/\/radiosantaclara.sitetopfm.com.br\/site\/wp-content\/uploads\/2026\/03\/imagem-padrao-300x199.jpg 300w, https:\/\/radiosantaclara.sitetopfm.com.br\/site\/wp-content\/uploads\/2026\/03\/imagem-padrao.jpg 602w\" sizes=\"(max-width: 300px) 100vw, 300px\" \/><\/div>\n\t\t<\/a>\n\t\t\t\t<div class=\"elementor-post__text\">\n\t\t\t\t<h3 class=\"elementor-post__title\">\n\t\t\t<a href=\"https:\/\/radiosantaclara.sitetopfm.com.br\/site\/camara-aprova-projeto-que-garante-check-up-anual-para-mulheres-no-sus\/\" >\n\t\t\t\tC\u00e2mara aprova projeto que garante check-up anual para mulheres no SUS\t\t\t<\/a>\n\t\t<\/h3>\n\t\t\t\t<div class=\"elementor-post__meta-data\">\n\t\t\t\t\t<span class=\"elementor-post-date\">\n\t\t\t12 de agosto de 2026\t\t<\/span>\n\t\t\t\t<\/div>\n\t\t\t\t\t<a class=\"elementor-post__read-more\" href=\"https:\/\/radiosantaclara.sitetopfm.com.br\/site\/camara-aprova-projeto-que-garante-check-up-anual-para-mulheres-no-sus\/\" >\n\t\t\t\tLer mais\u00bb\t\t\t<\/a>\n\t\t\t\t<\/div>\n\t\t\t\t<\/article>\n\t\t\t\t<article class=\"elementor-post elementor-grid-item post-10842 post type-post status-publish format-standard has-post-thumbnail hentry category-assistencia-social\">\n\t\t\t\t<a class=\"elementor-post__thumbnail__link\" href=\"https:\/\/radiosantaclara.sitetopfm.com.br\/site\/camara-aprova-r-305-milhoes-para-socorrer-vitimas-de-chuvas-e-estiagem\/\" >\n\t\t\t<div class=\"elementor-post__thumbnail\"><img fetchpriority=\"high\" decoding=\"async\" width=\"300\" height=\"199\" src=\"https:\/\/radiosantaclara.sitetopfm.com.br\/site\/wp-content\/uploads\/2026\/03\/imagem-padrao-300x199.jpg\" class=\"attachment-medium size-medium wp-image-6909\" alt=\"\" srcset=\"https:\/\/radiosantaclara.sitetopfm.com.br\/site\/wp-content\/uploads\/2026\/03\/imagem-padrao-300x199.jpg 300w, https:\/\/radiosantaclara.sitetopfm.com.br\/site\/wp-content\/uploads\/2026\/03\/imagem-padrao.jpg 602w\" sizes=\"(max-width: 300px) 100vw, 300px\" \/><\/div>\n\t\t<\/a>\n\t\t\t\t<div class=\"elementor-post__text\">\n\t\t\t\t<h3 class=\"elementor-post__title\">\n\t\t\t<a href=\"https:\/\/radiosantaclara.sitetopfm.com.br\/site\/camara-aprova-r-305-milhoes-para-socorrer-vitimas-de-chuvas-e-estiagem\/\" >\n\t\t\t\tC\u00e2mara aprova R$ 305 milh\u00f5es para socorrer v\u00edtimas de chuvas e estiagem\t\t\t<\/a>\n\t\t<\/h3>\n\t\t\t\t<div class=\"elementor-post__meta-data\">\n\t\t\t\t\t<span class=\"elementor-post-date\">\n\t\t\t12 de agosto de 2026\t\t<\/span>\n\t\t\t\t<\/div>\n\t\t\t\t\t<a class=\"elementor-post__read-more\" href=\"https:\/\/radiosantaclara.sitetopfm.com.br\/site\/camara-aprova-r-305-milhoes-para-socorrer-vitimas-de-chuvas-e-estiagem\/\" >\n\t\t\t\tLer mais\u00bb\t\t\t<\/a>\n\t\t\t\t<\/div>\n\t\t\t\t<\/article>\n\t\t\t\t<article class=\"elementor-post elementor-grid-item post-10841 post type-post status-publish format-standard has-post-thumbnail hentry category-agropecuaria\">\n\t\t\t\t<a class=\"elementor-post__thumbnail__link\" href=\"https:\/\/radiosantaclara.sitetopfm.com.br\/site\/congresso-instala-cinco-comissoes-para-analise-de-medidas-provisorias\/\" >\n\t\t\t<div class=\"elementor-post__thumbnail\"><img fetchpriority=\"high\" decoding=\"async\" width=\"300\" height=\"199\" src=\"https:\/\/radiosantaclara.sitetopfm.com.br\/site\/wp-content\/uploads\/2026\/03\/imagem-padrao-300x199.jpg\" class=\"attachment-medium size-medium wp-image-6909\" alt=\"\" srcset=\"https:\/\/radiosantaclara.sitetopfm.com.br\/site\/wp-content\/uploads\/2026\/03\/imagem-padrao-300x199.jpg 300w, https:\/\/radiosantaclara.sitetopfm.com.br\/site\/wp-content\/uploads\/2026\/03\/imagem-padrao.jpg 602w\" sizes=\"(max-width: 300px) 100vw, 300px\" \/><\/div>\n\t\t<\/a>\n\t\t\t\t<div class=\"elementor-post__text\">\n\t\t\t\t<h3 class=\"elementor-post__title\">\n\t\t\t<a href=\"https:\/\/radiosantaclara.sitetopfm.com.br\/site\/congresso-instala-cinco-comissoes-para-analise-de-medidas-provisorias\/\" >\n\t\t\t\tCongresso instala cinco comiss\u00f5es para an\u00e1lise de medidas provis\u00f3rias\t\t\t<\/a>\n\t\t<\/h3>\n\t\t\t\t<div class=\"elementor-post__meta-data\">\n\t\t\t\t\t<span class=\"elementor-post-date\">\n\t\t\t12 de agosto de 2026\t\t<\/span>\n\t\t\t\t<\/div>\n\t\t\t\t\t<a class=\"elementor-post__read-more\" href=\"https:\/\/radiosantaclara.sitetopfm.com.br\/site\/congresso-instala-cinco-comissoes-para-analise-de-medidas-provisorias\/\" >\n\t\t\t\tLer mais\u00bb\t\t\t<\/a>\n\t\t\t\t<\/div>\n\t\t\t\t<\/article>\n\t\t\t\t<article class=\"elementor-post elementor-grid-item post-10840 post type-post status-publish format-standard has-post-thumbnail hentry category-ultimas-noticias\">\n\t\t\t\t<a class=\"elementor-post__thumbnail__link\" href=\"https:\/\/radiosantaclara.sitetopfm.com.br\/site\/camara-aprova-uso-de-reconhecimento-facial-em-transportes-e-vias-publicas\/\" >\n\t\t\t<div class=\"elementor-post__thumbnail\"><img fetchpriority=\"high\" decoding=\"async\" width=\"300\" height=\"199\" src=\"https:\/\/radiosantaclara.sitetopfm.com.br\/site\/wp-content\/uploads\/2026\/03\/imagem-padrao-300x199.jpg\" class=\"attachment-medium size-medium wp-image-6909\" alt=\"\" srcset=\"https:\/\/radiosantaclara.sitetopfm.com.br\/site\/wp-content\/uploads\/2026\/03\/imagem-padrao-300x199.jpg 300w, https:\/\/radiosantaclara.sitetopfm.com.br\/site\/wp-content\/uploads\/2026\/03\/imagem-padrao.jpg 602w\" sizes=\"(max-width: 300px) 100vw, 300px\" \/><\/div>\n\t\t<\/a>\n\t\t\t\t<div class=\"elementor-post__text\">\n\t\t\t\t<h3 class=\"elementor-post__title\">\n\t\t\t<a href=\"https:\/\/radiosantaclara.sitetopfm.com.br\/site\/camara-aprova-uso-de-reconhecimento-facial-em-transportes-e-vias-publicas\/\" >\n\t\t\t\tC\u00e2mara aprova uso de reconhecimento facial em transportes e vias p\u00fablicas\t\t\t<\/a>\n\t\t<\/h3>\n\t\t\t\t<div class=\"elementor-post__meta-data\">\n\t\t\t\t\t<span class=\"elementor-post-date\">\n\t\t\t12 de agosto de 2026\t\t<\/span>\n\t\t\t\t<\/div>\n\t\t\t\t\t<a class=\"elementor-post__read-more\" href=\"https:\/\/radiosantaclara.sitetopfm.com.br\/site\/camara-aprova-uso-de-reconhecimento-facial-em-transportes-e-vias-publicas\/\" >\n\t\t\t\tLer mais\u00bb\t\t\t<\/a>\n\t\t\t\t<\/div>\n\t\t\t\t<\/article>\n\t\t\t\t<article class=\"elementor-post elementor-grid-item post-10839 post type-post status-publish format-standard has-post-thumbnail hentry category-consumidor\">\n\t\t\t\t<a class=\"elementor-post__thumbnail__link\" href=\"https:\/\/radiosantaclara.sitetopfm.com.br\/site\/camara-aprova-desconto-em-folha-para-pagamento-de-alugueis-residenciais\/\" >\n\t\t\t<div class=\"elementor-post__thumbnail\"><img fetchpriority=\"high\" decoding=\"async\" width=\"300\" height=\"199\" src=\"https:\/\/radiosantaclara.sitetopfm.com.br\/site\/wp-content\/uploads\/2026\/03\/imagem-padrao-300x199.jpg\" class=\"attachment-medium size-medium wp-image-6909\" alt=\"\" srcset=\"https:\/\/radiosantaclara.sitetopfm.com.br\/site\/wp-content\/uploads\/2026\/03\/imagem-padrao-300x199.jpg 300w, https:\/\/radiosantaclara.sitetopfm.com.br\/site\/wp-content\/uploads\/2026\/03\/imagem-padrao.jpg 602w\" sizes=\"(max-width: 300px) 100vw, 300px\" \/><\/div>\n\t\t<\/a>\n\t\t\t\t<div class=\"elementor-post__text\">\n\t\t\t\t<h3 class=\"elementor-post__title\">\n\t\t\t<a href=\"https:\/\/radiosantaclara.sitetopfm.com.br\/site\/camara-aprova-desconto-em-folha-para-pagamento-de-alugueis-residenciais\/\" >\n\t\t\t\tC\u00e2mara aprova desconto em folha para pagamento de alugu\u00e9is residenciais\t\t\t<\/a>\n\t\t<\/h3>\n\t\t\t\t<div class=\"elementor-post__meta-data\">\n\t\t\t\t\t<span class=\"elementor-post-date\">\n\t\t\t12 de agosto de 2026\t\t<\/span>\n\t\t\t\t<\/div>\n\t\t\t\t\t<a class=\"elementor-post__read-more\" href=\"https:\/\/radiosantaclara.sitetopfm.com.br\/site\/camara-aprova-desconto-em-folha-para-pagamento-de-alugueis-residenciais\/\" >\n\t\t\t\tLer mais\u00bb\t\t\t<\/a>\n\t\t\t\t<\/div>\n\t\t\t\t<\/article>\n\t\t\t\t<article class=\"elementor-post elementor-grid-item post-10838 post type-post status-publish format-standard has-post-thumbnail hentry category-economia\">\n\t\t\t\t<a class=\"elementor-post__thumbnail__link\" href=\"https:\/\/radiosantaclara.sitetopfm.com.br\/site\/camara-aprova-criacao-de-fundo-de-credito-para-financiar-exportacoes\/\" >\n\t\t\t<div class=\"elementor-post__thumbnail\"><img fetchpriority=\"high\" decoding=\"async\" width=\"300\" height=\"199\" src=\"https:\/\/radiosantaclara.sitetopfm.com.br\/site\/wp-content\/uploads\/2026\/03\/imagem-padrao-300x199.jpg\" class=\"attachment-medium size-medium wp-image-6909\" alt=\"\" srcset=\"https:\/\/radiosantaclara.sitetopfm.com.br\/site\/wp-content\/uploads\/2026\/03\/imagem-padrao-300x199.jpg 300w, https:\/\/radiosantaclara.sitetopfm.com.br\/site\/wp-content\/uploads\/2026\/03\/imagem-padrao.jpg 602w\" sizes=\"(max-width: 300px) 100vw, 300px\" \/><\/div>\n\t\t<\/a>\n\t\t\t\t<div class=\"elementor-post__text\">\n\t\t\t\t<h3 class=\"elementor-post__title\">\n\t\t\t<a href=\"https:\/\/radiosantaclara.sitetopfm.com.br\/site\/camara-aprova-criacao-de-fundo-de-credito-para-financiar-exportacoes\/\" >\n\t\t\t\tC\u00e2mara aprova cria\u00e7\u00e3o de fundo de cr\u00e9dito para financiar exporta\u00e7\u00f5es\t\t\t<\/a>\n\t\t<\/h3>\n\t\t\t\t<div class=\"elementor-post__meta-data\">\n\t\t\t\t\t<span class=\"elementor-post-date\">\n\t\t\t12 de agosto de 2026\t\t<\/span>\n\t\t\t\t<\/div>\n\t\t\t\t\t<a class=\"elementor-post__read-more\" href=\"https:\/\/radiosantaclara.sitetopfm.com.br\/site\/camara-aprova-criacao-de-fundo-de-credito-para-financiar-exportacoes\/\" >\n\t\t\t\tLer mais\u00bb\t\t\t<\/a>\n\t\t\t\t<\/div>\n\t\t\t\t<\/article>\n\t\t\t\t<article class=\"elementor-post elementor-grid-item post-10837 post type-post status-publish format-standard has-post-thumbnail hentry category-meio-ambiente\">\n\t\t\t\t<a class=\"elementor-post__thumbnail__link\" href=\"https:\/\/radiosantaclara.sitetopfm.com.br\/site\/camara-aprova-suspensao-da-carteira-de-motorista-de-quem-abandona-animal-na-rua\/\" >\n\t\t\t<div class=\"elementor-post__thumbnail\"><img fetchpriority=\"high\" decoding=\"async\" width=\"300\" height=\"199\" src=\"https:\/\/radiosantaclara.sitetopfm.com.br\/site\/wp-content\/uploads\/2026\/03\/imagem-padrao-300x199.jpg\" class=\"attachment-medium size-medium wp-image-6909\" alt=\"\" srcset=\"https:\/\/radiosantaclara.sitetopfm.com.br\/site\/wp-content\/uploads\/2026\/03\/imagem-padrao-300x199.jpg 300w, https:\/\/radiosantaclara.sitetopfm.com.br\/site\/wp-content\/uploads\/2026\/03\/imagem-padrao.jpg 602w\" sizes=\"(max-width: 300px) 100vw, 300px\" \/><\/div>\n\t\t<\/a>\n\t\t\t\t<div class=\"elementor-post__text\">\n\t\t\t\t<h3 class=\"elementor-post__title\">\n\t\t\t<a href=\"https:\/\/radiosantaclara.sitetopfm.com.br\/site\/camara-aprova-suspensao-da-carteira-de-motorista-de-quem-abandona-animal-na-rua\/\" >\n\t\t\t\tC\u00e2mara aprova suspens\u00e3o da carteira de motorista de quem abandona animal na rua\t\t\t<\/a>\n\t\t<\/h3>\n\t\t\t\t<div class=\"elementor-post__meta-data\">\n\t\t\t\t\t<span class=\"elementor-post-date\">\n\t\t\t12 de agosto de 2026\t\t<\/span>\n\t\t\t\t<\/div>\n\t\t\t\t\t<a class=\"elementor-post__read-more\" href=\"https:\/\/radiosantaclara.sitetopfm.com.br\/site\/camara-aprova-suspensao-da-carteira-de-motorista-de-quem-abandona-animal-na-rua\/\" >\n\t\t\t\tLer mais\u00bb\t\t\t<\/a>\n\t\t\t\t<\/div>\n\t\t\t\t<\/article>\n\t\t\t\t<article class=\"elementor-post elementor-grid-item post-10836 post type-post status-publish format-standard has-post-thumbnail hentry category-seguranca\">\n\t\t\t\t<a class=\"elementor-post__thumbnail__link\" href=\"https:\/\/radiosantaclara.sitetopfm.com.br\/site\/comissao-aprova-aumento-de-pena-para-feminicidio-em-situacoes-especificas\/\" >\n\t\t\t<div class=\"elementor-post__thumbnail\"><img fetchpriority=\"high\" decoding=\"async\" width=\"300\" height=\"199\" src=\"https:\/\/radiosantaclara.sitetopfm.com.br\/site\/wp-content\/uploads\/2026\/03\/imagem-padrao-300x199.jpg\" class=\"attachment-medium size-medium wp-image-6909\" alt=\"\" srcset=\"https:\/\/radiosantaclara.sitetopfm.com.br\/site\/wp-content\/uploads\/2026\/03\/imagem-padrao-300x199.jpg 300w, https:\/\/radiosantaclara.sitetopfm.com.br\/site\/wp-content\/uploads\/2026\/03\/imagem-padrao.jpg 602w\" sizes=\"(max-width: 300px) 100vw, 300px\" \/><\/div>\n\t\t<\/a>\n\t\t\t\t<div class=\"elementor-post__text\">\n\t\t\t\t<h3 class=\"elementor-post__title\">\n\t\t\t<a href=\"https:\/\/radiosantaclara.sitetopfm.com.br\/site\/comissao-aprova-aumento-de-pena-para-feminicidio-em-situacoes-especificas\/\" >\n\t\t\t\tComiss\u00e3o aprova aumento de pena para feminic\u00eddio em situa\u00e7\u00f5es espec\u00edficas\t\t\t<\/a>\n\t\t<\/h3>\n\t\t\t\t<div class=\"elementor-post__meta-data\">\n\t\t\t\t\t<span class=\"elementor-post-date\">\n\t\t\t12 de agosto de 2026\t\t<\/span>\n\t\t\t\t<\/div>\n\t\t\t\t\t<a class=\"elementor-post__read-more\" href=\"https:\/\/radiosantaclara.sitetopfm.com.br\/site\/comissao-aprova-aumento-de-pena-para-feminicidio-em-situacoes-especificas\/\" >\n\t\t\t\tLer mais\u00bb\t\t\t<\/a>\n\t\t\t\t<\/div>\n\t\t\t\t<\/article>\n\t\t\t\t<article class=\"elementor-post elementor-grid-item post-10835 post type-post status-publish format-standard has-post-thumbnail hentry category-saude\">\n\t\t\t\t<a class=\"elementor-post__thumbnail__link\" href=\"https:\/\/radiosantaclara.sitetopfm.com.br\/site\/medicos-e-pacientes-defendem-politica-nacional-de-assistencia-a-endometriose-na-camara\/\" >\n\t\t\t<div class=\"elementor-post__thumbnail\"><img fetchpriority=\"high\" decoding=\"async\" width=\"300\" height=\"199\" src=\"https:\/\/radiosantaclara.sitetopfm.com.br\/site\/wp-content\/uploads\/2026\/03\/imagem-padrao-300x199.jpg\" class=\"attachment-medium size-medium wp-image-6909\" alt=\"\" srcset=\"https:\/\/radiosantaclara.sitetopfm.com.br\/site\/wp-content\/uploads\/2026\/03\/imagem-padrao-300x199.jpg 300w, https:\/\/radiosantaclara.sitetopfm.com.br\/site\/wp-content\/uploads\/2026\/03\/imagem-padrao.jpg 602w\" sizes=\"(max-width: 300px) 100vw, 300px\" \/><\/div>\n\t\t<\/a>\n\t\t\t\t<div class=\"elementor-post__text\">\n\t\t\t\t<h3 class=\"elementor-post__title\">\n\t\t\t<a href=\"https:\/\/radiosantaclara.sitetopfm.com.br\/site\/medicos-e-pacientes-defendem-politica-nacional-de-assistencia-a-endometriose-na-camara\/\" >\n\t\t\t\tM\u00e9dicos e pacientes defendem pol\u00edtica nacional de assist\u00eancia \u00e0 endometriose na C\u00e2mara\t\t\t<\/a>\n\t\t<\/h3>\n\t\t\t\t<div class=\"elementor-post__meta-data\">\n\t\t\t\t\t<span class=\"elementor-post-date\">\n\t\t\t12 de agosto de 2026\t\t<\/span>\n\t\t\t\t<\/div>\n\t\t\t\t\t<a class=\"elementor-post__read-more\" href=\"https:\/\/radiosantaclara.sitetopfm.com.br\/site\/medicos-e-pacientes-defendem-politica-nacional-de-assistencia-a-endometriose-na-camara\/\" >\n\t\t\t\tLer mais\u00bb\t\t\t<\/a>\n\t\t\t\t<\/div>\n\t\t\t\t<\/article>\n\t\t\t\t<article class=\"elementor-post elementor-grid-item post-10834 post type-post status-publish format-standard has-post-thumbnail hentry category-direitos-humanos\">\n\t\t\t\t<a class=\"elementor-post__thumbnail__link\" href=\"https:\/\/radiosantaclara.sitetopfm.com.br\/site\/comissao-aprova-regulamentacao-das-profissoes-de-agentes-indigenas-de-saude-e-de-saneamento\/\" >\n\t\t\t<div class=\"elementor-post__thumbnail\"><img fetchpriority=\"high\" decoding=\"async\" width=\"300\" height=\"199\" src=\"https:\/\/radiosantaclara.sitetopfm.com.br\/site\/wp-content\/uploads\/2026\/03\/imagem-padrao-300x199.jpg\" class=\"attachment-medium size-medium wp-image-6909\" alt=\"\" srcset=\"https:\/\/radiosantaclara.sitetopfm.com.br\/site\/wp-content\/uploads\/2026\/03\/imagem-padrao-300x199.jpg 300w, https:\/\/radiosantaclara.sitetopfm.com.br\/site\/wp-content\/uploads\/2026\/03\/imagem-padrao.jpg 602w\" sizes=\"(max-width: 300px) 100vw, 300px\" \/><\/div>\n\t\t<\/a>\n\t\t\t\t<div class=\"elementor-post__text\">\n\t\t\t\t<h3 class=\"elementor-post__title\">\n\t\t\t<a href=\"https:\/\/radiosantaclara.sitetopfm.com.br\/site\/comissao-aprova-regulamentacao-das-profissoes-de-agentes-indigenas-de-saude-e-de-saneamento\/\" >\n\t\t\t\tComiss\u00e3o aprova regulamenta\u00e7\u00e3o das profiss\u00f5es de agentes ind\u00edgenas de sa\u00fade e de saneamento\t\t\t<\/a>\n\t\t<\/h3>\n\t\t\t\t<div class=\"elementor-post__meta-data\">\n\t\t\t\t\t<span class=\"elementor-post-date\">\n\t\t\t12 de agosto de 2026\t\t<\/span>\n\t\t\t\t<\/div>\n\t\t\t\t\t<a class=\"elementor-post__read-more\" href=\"https:\/\/radiosantaclara.sitetopfm.com.br\/site\/comissao-aprova-regulamentacao-das-profissoes-de-agentes-indigenas-de-saude-e-de-saneamento\/\" >\n\t\t\t\tLer mais\u00bb\t\t\t<\/a>\n\t\t\t\t<\/div>\n\t\t\t\t<\/article>\n\t\t\t\t<article class=\"elementor-post elementor-grid-item post-10833 post type-post status-publish format-standard has-post-thumbnail hentry category-assistencia-social\">\n\t\t\t\t<a class=\"elementor-post__thumbnail__link\" href=\"https:\/\/radiosantaclara.sitetopfm.com.br\/site\/comissao-aprova-prioridade-no-bolsa-familia-para-vitimas-de-violencia-domestica-com-medida-protetiva\/\" >\n\t\t\t<div class=\"elementor-post__thumbnail\"><img fetchpriority=\"high\" decoding=\"async\" width=\"300\" height=\"199\" src=\"https:\/\/radiosantaclara.sitetopfm.com.br\/site\/wp-content\/uploads\/2026\/03\/imagem-padrao-300x199.jpg\" class=\"attachment-medium size-medium wp-image-6909\" alt=\"\" srcset=\"https:\/\/radiosantaclara.sitetopfm.com.br\/site\/wp-content\/uploads\/2026\/03\/imagem-padrao-300x199.jpg 300w, https:\/\/radiosantaclara.sitetopfm.com.br\/site\/wp-content\/uploads\/2026\/03\/imagem-padrao.jpg 602w\" sizes=\"(max-width: 300px) 100vw, 300px\" \/><\/div>\n\t\t<\/a>\n\t\t\t\t<div class=\"elementor-post__text\">\n\t\t\t\t<h3 class=\"elementor-post__title\">\n\t\t\t<a href=\"https:\/\/radiosantaclara.sitetopfm.com.br\/site\/comissao-aprova-prioridade-no-bolsa-familia-para-vitimas-de-violencia-domestica-com-medida-protetiva\/\" >\n\t\t\t\tComiss\u00e3o aprova prioridade no Bolsa Fam\u00edlia para v\u00edtimas de viol\u00eancia dom\u00e9stica com medida protetiva\t\t\t<\/a>\n\t\t<\/h3>\n\t\t\t\t<div class=\"elementor-post__meta-data\">\n\t\t\t\t\t<span class=\"elementor-post-date\">\n\t\t\t12 de agosto de 2026\t\t<\/span>\n\t\t\t\t<\/div>\n\t\t\t\t\t<a class=\"elementor-post__read-more\" href=\"https:\/\/radiosantaclara.sitetopfm.com.br\/site\/comissao-aprova-prioridade-no-bolsa-familia-para-vitimas-de-violencia-domestica-com-medida-protetiva\/\" >\n\t\t\t\tLer mais\u00bb\t\t\t<\/a>\n\t\t\t\t<\/div>\n\t\t\t\t<\/article>\n\t\t\t\t<article class=\"elementor-post elementor-grid-item post-10832 post type-post status-publish format-standard has-post-thumbnail hentry category-ultimas-noticias\">\n\t\t\t\t<a class=\"elementor-post__thumbnail__link\" href=\"https:\/\/radiosantaclara.sitetopfm.com.br\/site\/deputados-analisam-pedidos-de-urgencia-para-diversas-propostas-acompanhe\/\" >\n\t\t\t<div class=\"elementor-post__thumbnail\"><img fetchpriority=\"high\" decoding=\"async\" width=\"300\" height=\"199\" src=\"https:\/\/radiosantaclara.sitetopfm.com.br\/site\/wp-content\/uploads\/2026\/03\/imagem-padrao-300x199.jpg\" class=\"attachment-medium size-medium wp-image-6909\" alt=\"\" srcset=\"https:\/\/radiosantaclara.sitetopfm.com.br\/site\/wp-content\/uploads\/2026\/03\/imagem-padrao-300x199.jpg 300w, https:\/\/radiosantaclara.sitetopfm.com.br\/site\/wp-content\/uploads\/2026\/03\/imagem-padrao.jpg 602w\" sizes=\"(max-width: 300px) 100vw, 300px\" \/><\/div>\n\t\t<\/a>\n\t\t\t\t<div class=\"elementor-post__text\">\n\t\t\t\t<h3 class=\"elementor-post__title\">\n\t\t\t<a href=\"https:\/\/radiosantaclara.sitetopfm.com.br\/site\/deputados-analisam-pedidos-de-urgencia-para-diversas-propostas-acompanhe\/\" >\n\t\t\t\tDeputados analisam pedidos de urg\u00eancia para diversas propostas; acompanhe\t\t\t<\/a>\n\t\t<\/h3>\n\t\t\t\t<div class=\"elementor-post__meta-data\">\n\t\t\t\t\t<span class=\"elementor-post-date\">\n\t\t\t12 de agosto de 2026\t\t<\/span>\n\t\t\t\t<\/div>\n\t\t\t\t\t<a class=\"elementor-post__read-more\" href=\"https:\/\/radiosantaclara.sitetopfm.com.br\/site\/deputados-analisam-pedidos-de-urgencia-para-diversas-propostas-acompanhe\/\" >\n\t\t\t\tLer mais\u00bb\t\t\t<\/a>\n\t\t\t\t<\/div>\n\t\t\t\t<\/article>\n\t\t\t\t<article class=\"elementor-post elementor-grid-item post-10831 post type-post status-publish format-standard has-post-thumbnail hentry category-economia\">\n\t\t\t\t<a class=\"elementor-post__thumbnail__link\" href=\"https:\/\/radiosantaclara.sitetopfm.com.br\/site\/projeto-regulamenta-relacao-entre-plataformas-de-comercio-eletronico-e-vendedores\/\" >\n\t\t\t<div class=\"elementor-post__thumbnail\"><img fetchpriority=\"high\" decoding=\"async\" width=\"300\" height=\"199\" src=\"https:\/\/radiosantaclara.sitetopfm.com.br\/site\/wp-content\/uploads\/2026\/03\/imagem-padrao-300x199.jpg\" class=\"attachment-medium size-medium wp-image-6909\" alt=\"\" srcset=\"https:\/\/radiosantaclara.sitetopfm.com.br\/site\/wp-content\/uploads\/2026\/03\/imagem-padrao-300x199.jpg 300w, https:\/\/radiosantaclara.sitetopfm.com.br\/site\/wp-content\/uploads\/2026\/03\/imagem-padrao.jpg 602w\" sizes=\"(max-width: 300px) 100vw, 300px\" \/><\/div>\n\t\t<\/a>\n\t\t\t\t<div class=\"elementor-post__text\">\n\t\t\t\t<h3 class=\"elementor-post__title\">\n\t\t\t<a href=\"https:\/\/radiosantaclara.sitetopfm.com.br\/site\/projeto-regulamenta-relacao-entre-plataformas-de-comercio-eletronico-e-vendedores\/\" >\n\t\t\t\tProjeto regulamenta rela\u00e7\u00e3o entre plataformas de com\u00e9rcio eletr\u00f4nico e vendedores\t\t\t<\/a>\n\t\t<\/h3>\n\t\t\t\t<div class=\"elementor-post__meta-data\">\n\t\t\t\t\t<span class=\"elementor-post-date\">\n\t\t\t12 de agosto de 2026\t\t<\/span>\n\t\t\t\t<\/div>\n\t\t\t\t\t<a class=\"elementor-post__read-more\" href=\"https:\/\/radiosantaclara.sitetopfm.com.br\/site\/projeto-regulamenta-relacao-entre-plataformas-de-comercio-eletronico-e-vendedores\/\" >\n\t\t\t\tLer mais\u00bb\t\t\t<\/a>\n\t\t\t\t<\/div>\n\t\t\t\t<\/article>\n\t\t\t\t<article class=\"elementor-post elementor-grid-item post-10830 post type-post status-publish format-standard has-post-thumbnail hentry category-saude\">\n\t\t\t\t<a class=\"elementor-post__thumbnail__link\" href=\"https:\/\/radiosantaclara.sitetopfm.com.br\/site\/projeto-obriga-postos-de-saude-e-hospitais-a-fornecer-soro-contra-animais-peconhentos\/\" >\n\t\t\t<div class=\"elementor-post__thumbnail\"><img fetchpriority=\"high\" decoding=\"async\" width=\"300\" height=\"199\" src=\"https:\/\/radiosantaclara.sitetopfm.com.br\/site\/wp-content\/uploads\/2026\/03\/imagem-padrao-300x199.jpg\" class=\"attachment-medium size-medium wp-image-6909\" alt=\"\" srcset=\"https:\/\/radiosantaclara.sitetopfm.com.br\/site\/wp-content\/uploads\/2026\/03\/imagem-padrao-300x199.jpg 300w, https:\/\/radiosantaclara.sitetopfm.com.br\/site\/wp-content\/uploads\/2026\/03\/imagem-padrao.jpg 602w\" sizes=\"(max-width: 300px) 100vw, 300px\" \/><\/div>\n\t\t<\/a>\n\t\t\t\t<div class=\"elementor-post__text\">\n\t\t\t\t<h3 class=\"elementor-post__title\">\n\t\t\t<a href=\"https:\/\/radiosantaclara.sitetopfm.com.br\/site\/projeto-obriga-postos-de-saude-e-hospitais-a-fornecer-soro-contra-animais-peconhentos\/\" >\n\t\t\t\tProjeto obriga postos de sa\u00fade e hospitais a fornecer soro contra animais pe\u00e7onhentos\t\t\t<\/a>\n\t\t<\/h3>\n\t\t\t\t<div class=\"elementor-post__meta-data\">\n\t\t\t\t\t<span class=\"elementor-post-date\">\n\t\t\t12 de agosto de 2026\t\t<\/span>\n\t\t\t\t<\/div>\n\t\t\t\t\t<a class=\"elementor-post__read-more\" href=\"https:\/\/radiosantaclara.sitetopfm.com.br\/site\/projeto-obriga-postos-de-saude-e-hospitais-a-fornecer-soro-contra-animais-peconhentos\/\" >\n\t\t\t\tLer mais\u00bb\t\t\t<\/a>\n\t\t\t\t<\/div>\n\t\t\t\t<\/article>\n\t\t\t\t<article class=\"elementor-post elementor-grid-item post-10829 post type-post status-publish format-standard has-post-thumbnail hentry category-ultimas-noticias\">\n\t\t\t\t<a class=\"elementor-post__thumbnail__link\" href=\"https:\/\/radiosantaclara.sitetopfm.com.br\/site\/debatedores-recomendam-ajustes-em-projeto-sobre-apoio-a-economia-digital-no-brasil\/\" >\n\t\t\t<div class=\"elementor-post__thumbnail\"><img fetchpriority=\"high\" decoding=\"async\" width=\"300\" height=\"199\" src=\"https:\/\/radiosantaclara.sitetopfm.com.br\/site\/wp-content\/uploads\/2026\/03\/imagem-padrao-300x199.jpg\" class=\"attachment-medium size-medium wp-image-6909\" alt=\"\" srcset=\"https:\/\/radiosantaclara.sitetopfm.com.br\/site\/wp-content\/uploads\/2026\/03\/imagem-padrao-300x199.jpg 300w, https:\/\/radiosantaclara.sitetopfm.com.br\/site\/wp-content\/uploads\/2026\/03\/imagem-padrao.jpg 602w\" sizes=\"(max-width: 300px) 100vw, 300px\" \/><\/div>\n\t\t<\/a>\n\t\t\t\t<div class=\"elementor-post__text\">\n\t\t\t\t<h3 class=\"elementor-post__title\">\n\t\t\t<a href=\"https:\/\/radiosantaclara.sitetopfm.com.br\/site\/debatedores-recomendam-ajustes-em-projeto-sobre-apoio-a-economia-digital-no-brasil\/\" >\n\t\t\t\tDebatedores recomendam ajustes em projeto sobre apoio \u00e0 economia digital no Brasil\t\t\t<\/a>\n\t\t<\/h3>\n\t\t\t\t<div class=\"elementor-post__meta-data\">\n\t\t\t\t\t<span class=\"elementor-post-date\">\n\t\t\t12 de agosto de 2026\t\t<\/span>\n\t\t\t\t<\/div>\n\t\t\t\t\t<a class=\"elementor-post__read-more\" href=\"https:\/\/radiosantaclara.sitetopfm.com.br\/site\/debatedores-recomendam-ajustes-em-projeto-sobre-apoio-a-economia-digital-no-brasil\/\" >\n\t\t\t\tLer mais\u00bb\t\t\t<\/a>\n\t\t\t\t<\/div>\n\t\t\t\t<\/article>\n\t\t\t\t<article class=\"elementor-post elementor-grid-item post-10827 post type-post status-publish format-standard has-post-thumbnail hentry category-seguranca\">\n\t\t\t\t<a class=\"elementor-post__thumbnail__link\" href=\"https:\/\/radiosantaclara.sitetopfm.com.br\/site\/comissao-especial-sobre-reducao-da-maioridade-penal-sera-instalada-nesta-quarta-feira\/\" >\n\t\t\t<div class=\"elementor-post__thumbnail\"><img fetchpriority=\"high\" decoding=\"async\" width=\"300\" height=\"199\" src=\"https:\/\/radiosantaclara.sitetopfm.com.br\/site\/wp-content\/uploads\/2026\/03\/imagem-padrao-300x199.jpg\" class=\"attachment-medium size-medium wp-image-6909\" alt=\"\" srcset=\"https:\/\/radiosantaclara.sitetopfm.com.br\/site\/wp-content\/uploads\/2026\/03\/imagem-padrao-300x199.jpg 300w, https:\/\/radiosantaclara.sitetopfm.com.br\/site\/wp-content\/uploads\/2026\/03\/imagem-padrao.jpg 602w\" sizes=\"(max-width: 300px) 100vw, 300px\" \/><\/div>\n\t\t<\/a>\n\t\t\t\t<div class=\"elementor-post__text\">\n\t\t\t\t<h3 class=\"elementor-post__title\">\n\t\t\t<a href=\"https:\/\/radiosantaclara.sitetopfm.com.br\/site\/comissao-especial-sobre-reducao-da-maioridade-penal-sera-instalada-nesta-quarta-feira\/\" >\n\t\t\t\tComiss\u00e3o especial sobre redu\u00e7\u00e3o da maioridade penal ser\u00e1 instalada nesta quarta-feira\t\t\t<\/a>\n\t\t<\/h3>\n\t\t\t\t<div class=\"elementor-post__meta-data\">\n\t\t\t\t\t<span class=\"elementor-post-date\">\n\t\t\t12 de agosto de 2026\t\t<\/span>\n\t\t\t\t<\/div>\n\t\t\t\t\t<a class=\"elementor-post__read-more\" href=\"https:\/\/radiosantaclara.sitetopfm.com.br\/site\/comissao-especial-sobre-reducao-da-maioridade-penal-sera-instalada-nesta-quarta-feira\/\" >\n\t\t\t\tLer mais\u00bb\t\t\t<\/a>\n\t\t\t\t<\/div>\n\t\t\t\t<\/article>\n\t\t\t\t<article class=\"elementor-post elementor-grid-item post-10826 post type-post status-publish format-standard has-post-thumbnail hentry category-ultimas-noticias\">\n\t\t\t\t<a class=\"elementor-post__thumbnail__link\" href=\"https:\/\/radiosantaclara.sitetopfm.com.br\/site\/projeto-destina-parte-da-arrecadacao-com-bets-para-hospitais-filantropicos\/\" >\n\t\t\t<div class=\"elementor-post__thumbnail\"><img fetchpriority=\"high\" decoding=\"async\" width=\"300\" height=\"199\" src=\"https:\/\/radiosantaclara.sitetopfm.com.br\/site\/wp-content\/uploads\/2026\/03\/imagem-padrao-300x199.jpg\" class=\"attachment-medium size-medium wp-image-6909\" alt=\"\" srcset=\"https:\/\/radiosantaclara.sitetopfm.com.br\/site\/wp-content\/uploads\/2026\/03\/imagem-padrao-300x199.jpg 300w, https:\/\/radiosantaclara.sitetopfm.com.br\/site\/wp-content\/uploads\/2026\/03\/imagem-padrao.jpg 602w\" sizes=\"(max-width: 300px) 100vw, 300px\" \/><\/div>\n\t\t<\/a>\n\t\t\t\t<div class=\"elementor-post__text\">\n\t\t\t\t<h3 class=\"elementor-post__title\">\n\t\t\t<a href=\"https:\/\/radiosantaclara.sitetopfm.com.br\/site\/projeto-destina-parte-da-arrecadacao-com-bets-para-hospitais-filantropicos\/\" >\n\t\t\t\tProjeto destina parte da arrecada\u00e7\u00e3o com &#8220;bets&#8221; para hospitais filantr\u00f3picos\t\t\t<\/a>\n\t\t<\/h3>\n\t\t\t\t<div class=\"elementor-post__meta-data\">\n\t\t\t\t\t<span class=\"elementor-post-date\">\n\t\t\t12 de agosto de 2026\t\t<\/span>\n\t\t\t\t<\/div>\n\t\t\t\t\t<a class=\"elementor-post__read-more\" href=\"https:\/\/radiosantaclara.sitetopfm.com.br\/site\/projeto-destina-parte-da-arrecadacao-com-bets-para-hospitais-filantropicos\/\" >\n\t\t\t\tLer mais\u00bb\t\t\t<\/a>\n\t\t\t\t<\/div>\n\t\t\t\t<\/article>\n\t\t\t\t<article class=\"elementor-post elementor-grid-item post-10825 post type-post status-publish format-standard has-post-thumbnail hentry category-economia\">\n\t\t\t\t<a class=\"elementor-post__thumbnail__link\" href=\"https:\/\/radiosantaclara.sitetopfm.com.br\/site\/comissao-debate-projeto-que-institui-marco-de-fomento-a-economia-digital-no-brasil-participe\/\" >\n\t\t\t<div class=\"elementor-post__thumbnail\"><img fetchpriority=\"high\" decoding=\"async\" width=\"300\" height=\"199\" src=\"https:\/\/radiosantaclara.sitetopfm.com.br\/site\/wp-content\/uploads\/2026\/03\/imagem-padrao-300x199.jpg\" class=\"attachment-medium size-medium wp-image-6909\" alt=\"\" srcset=\"https:\/\/radiosantaclara.sitetopfm.com.br\/site\/wp-content\/uploads\/2026\/03\/imagem-padrao-300x199.jpg 300w, https:\/\/radiosantaclara.sitetopfm.com.br\/site\/wp-content\/uploads\/2026\/03\/imagem-padrao.jpg 602w\" sizes=\"(max-width: 300px) 100vw, 300px\" \/><\/div>\n\t\t<\/a>\n\t\t\t\t<div class=\"elementor-post__text\">\n\t\t\t\t<h3 class=\"elementor-post__title\">\n\t\t\t<a href=\"https:\/\/radiosantaclara.sitetopfm.com.br\/site\/comissao-debate-projeto-que-institui-marco-de-fomento-a-economia-digital-no-brasil-participe\/\" >\n\t\t\t\tComiss\u00e3o debate projeto que institui marco de fomento \u00e0 economia digital no Brasil; participe\t\t\t<\/a>\n\t\t<\/h3>\n\t\t\t\t<div class=\"elementor-post__meta-data\">\n\t\t\t\t\t<span class=\"elementor-post-date\">\n\t\t\t12 de agosto de 2026\t\t<\/span>\n\t\t\t\t<\/div>\n\t\t\t\t\t<a class=\"elementor-post__read-more\" href=\"https:\/\/radiosantaclara.sitetopfm.com.br\/site\/comissao-debate-projeto-que-institui-marco-de-fomento-a-economia-digital-no-brasil-participe\/\" >\n\t\t\t\tLer mais\u00bb\t\t\t<\/a>\n\t\t\t\t<\/div>\n\t\t\t\t<\/article>\n\t\t\t\t<article class=\"elementor-post elementor-grid-item post-10824 post type-post status-publish format-standard has-post-thumbnail hentry category-esportes\">\n\t\t\t\t<a class=\"elementor-post__thumbnail__link\" href=\"https:\/\/radiosantaclara.sitetopfm.com.br\/site\/projeto-cria-politica-nacional-para-reformar-campos-de-futebol-em-areas-vulneraveis\/\" >\n\t\t\t<div class=\"elementor-post__thumbnail\"><img fetchpriority=\"high\" decoding=\"async\" width=\"300\" height=\"199\" src=\"https:\/\/radiosantaclara.sitetopfm.com.br\/site\/wp-content\/uploads\/2026\/03\/imagem-padrao-300x199.jpg\" class=\"attachment-medium size-medium wp-image-6909\" alt=\"\" srcset=\"https:\/\/radiosantaclara.sitetopfm.com.br\/site\/wp-content\/uploads\/2026\/03\/imagem-padrao-300x199.jpg 300w, https:\/\/radiosantaclara.sitetopfm.com.br\/site\/wp-content\/uploads\/2026\/03\/imagem-padrao.jpg 602w\" sizes=\"(max-width: 300px) 100vw, 300px\" \/><\/div>\n\t\t<\/a>\n\t\t\t\t<div class=\"elementor-post__text\">\n\t\t\t\t<h3 class=\"elementor-post__title\">\n\t\t\t<a href=\"https:\/\/radiosantaclara.sitetopfm.com.br\/site\/projeto-cria-politica-nacional-para-reformar-campos-de-futebol-em-areas-vulneraveis\/\" >\n\t\t\t\tProjeto cria pol\u00edtica nacional para reformar campos de futebol em \u00e1reas vulner\u00e1veis\t\t\t<\/a>\n\t\t<\/h3>\n\t\t\t\t<div class=\"elementor-post__meta-data\">\n\t\t\t\t\t<span class=\"elementor-post-date\">\n\t\t\t12 de agosto de 2026\t\t<\/span>\n\t\t\t\t<\/div>\n\t\t\t\t\t<a class=\"elementor-post__read-more\" href=\"https:\/\/radiosantaclara.sitetopfm.com.br\/site\/projeto-cria-politica-nacional-para-reformar-campos-de-futebol-em-areas-vulneraveis\/\" >\n\t\t\t\tLer mais\u00bb\t\t\t<\/a>\n\t\t\t\t<\/div>\n\t\t\t\t<\/article>\n\t\t\t\t<article class=\"elementor-post elementor-grid-item post-10823 post type-post status-publish format-standard has-post-thumbnail hentry category-direitos-humanos\">\n\t\t\t\t<a class=\"elementor-post__thumbnail__link\" href=\"https:\/\/radiosantaclara.sitetopfm.com.br\/site\/comissao-da-camara-debate-misoginia-em-escolas-e-universidades-nesta-quarta-feira-participe\/\" >\n\t\t\t<div class=\"elementor-post__thumbnail\"><img fetchpriority=\"high\" decoding=\"async\" width=\"300\" height=\"199\" src=\"https:\/\/radiosantaclara.sitetopfm.com.br\/site\/wp-content\/uploads\/2026\/03\/imagem-padrao-300x199.jpg\" class=\"attachment-medium size-medium wp-image-6909\" alt=\"\" srcset=\"https:\/\/radiosantaclara.sitetopfm.com.br\/site\/wp-content\/uploads\/2026\/03\/imagem-padrao-300x199.jpg 300w, https:\/\/radiosantaclara.sitetopfm.com.br\/site\/wp-content\/uploads\/2026\/03\/imagem-padrao.jpg 602w\" sizes=\"(max-width: 300px) 100vw, 300px\" \/><\/div>\n\t\t<\/a>\n\t\t\t\t<div class=\"elementor-post__text\">\n\t\t\t\t<h3 class=\"elementor-post__title\">\n\t\t\t<a href=\"https:\/\/radiosantaclara.sitetopfm.com.br\/site\/comissao-da-camara-debate-misoginia-em-escolas-e-universidades-nesta-quarta-feira-participe\/\" >\n\t\t\t\tComiss\u00e3o da C\u00e2mara debate misoginia em escolas e universidades nesta quarta-feira; participe\t\t\t<\/a>\n\t\t<\/h3>\n\t\t\t\t<div class=\"elementor-post__meta-data\">\n\t\t\t\t\t<span class=\"elementor-post-date\">\n\t\t\t12 de agosto de 2026\t\t<\/span>\n\t\t\t\t<\/div>\n\t\t\t\t\t<a class=\"elementor-post__read-more\" href=\"https:\/\/radiosantaclara.sitetopfm.com.br\/site\/comissao-da-camara-debate-misoginia-em-escolas-e-universidades-nesta-quarta-feira-participe\/\" >\n\t\t\t\tLer mais\u00bb\t\t\t<\/a>\n\t\t\t\t<\/div>\n\t\t\t\t<\/article>\n\t\t\t\t<article class=\"elementor-post elementor-grid-item post-10822 post type-post status-publish format-standard has-post-thumbnail hentry category-ultimas-noticias\">\n\t\t\t\t<a class=\"elementor-post__thumbnail__link\" href=\"https:\/\/radiosantaclara.sitetopfm.com.br\/site\/projeto-permite-bloquear-bens-de-motoristas-embriagados-para-garantir-indenizacao-as-vitimas\/\" >\n\t\t\t<div class=\"elementor-post__thumbnail\"><img fetchpriority=\"high\" decoding=\"async\" width=\"300\" height=\"199\" src=\"https:\/\/radiosantaclara.sitetopfm.com.br\/site\/wp-content\/uploads\/2026\/03\/imagem-padrao-300x199.jpg\" class=\"attachment-medium size-medium wp-image-6909\" alt=\"\" srcset=\"https:\/\/radiosantaclara.sitetopfm.com.br\/site\/wp-content\/uploads\/2026\/03\/imagem-padrao-300x199.jpg 300w, https:\/\/radiosantaclara.sitetopfm.com.br\/site\/wp-content\/uploads\/2026\/03\/imagem-padrao.jpg 602w\" sizes=\"(max-width: 300px) 100vw, 300px\" \/><\/div>\n\t\t<\/a>\n\t\t\t\t<div class=\"elementor-post__text\">\n\t\t\t\t<h3 class=\"elementor-post__title\">\n\t\t\t<a href=\"https:\/\/radiosantaclara.sitetopfm.com.br\/site\/projeto-permite-bloquear-bens-de-motoristas-embriagados-para-garantir-indenizacao-as-vitimas\/\" >\n\t\t\t\tProjeto permite bloquear bens de motoristas embriagados para garantir indeniza\u00e7\u00e3o \u00e0s v\u00edtimas\t\t\t<\/a>\n\t\t<\/h3>\n\t\t\t\t<div class=\"elementor-post__meta-data\">\n\t\t\t\t\t<span class=\"elementor-post-date\">\n\t\t\t12 de agosto de 2026\t\t<\/span>\n\t\t\t\t<\/div>\n\t\t\t\t\t<a class=\"elementor-post__read-more\" href=\"https:\/\/radiosantaclara.sitetopfm.com.br\/site\/projeto-permite-bloquear-bens-de-motoristas-embriagados-para-garantir-indenizacao-as-vitimas\/\" >\n\t\t\t\tLer mais\u00bb\t\t\t<\/a>\n\t\t\t\t<\/div>\n\t\t\t\t<\/article>\n\t\t\t\t<article class=\"elementor-post elementor-grid-item post-10821 post type-post status-publish format-standard has-post-thumbnail hentry category-ultimas-noticias\">\n\t\t\t\t<a class=\"elementor-post__thumbnail__link\" href=\"https:\/\/radiosantaclara.sitetopfm.com.br\/site\/hugo-motta-espera-votar-projeto-que-reduz-impostos-sobre-combustiveis-ainda-hoje\/\" >\n\t\t\t<div class=\"elementor-post__thumbnail\"><img fetchpriority=\"high\" decoding=\"async\" width=\"300\" height=\"199\" src=\"https:\/\/radiosantaclara.sitetopfm.com.br\/site\/wp-content\/uploads\/2026\/03\/imagem-padrao-300x199.jpg\" class=\"attachment-medium size-medium wp-image-6909\" alt=\"\" srcset=\"https:\/\/radiosantaclara.sitetopfm.com.br\/site\/wp-content\/uploads\/2026\/03\/imagem-padrao-300x199.jpg 300w, https:\/\/radiosantaclara.sitetopfm.com.br\/site\/wp-content\/uploads\/2026\/03\/imagem-padrao.jpg 602w\" sizes=\"(max-width: 300px) 100vw, 300px\" \/><\/div>\n\t\t<\/a>\n\t\t\t\t<div class=\"elementor-post__text\">\n\t\t\t\t<h3 class=\"elementor-post__title\">\n\t\t\t<a href=\"https:\/\/radiosantaclara.sitetopfm.com.br\/site\/hugo-motta-espera-votar-projeto-que-reduz-impostos-sobre-combustiveis-ainda-hoje\/\" >\n\t\t\t\tHugo Motta espera votar projeto que reduz impostos sobre combust\u00edveis ainda hoje\t\t\t<\/a>\n\t\t<\/h3>\n\t\t\t\t<div class=\"elementor-post__meta-data\">\n\t\t\t\t\t<span class=\"elementor-post-date\">\n\t\t\t12 de agosto de 2026\t\t<\/span>\n\t\t\t\t<\/div>\n\t\t\t\t\t<a class=\"elementor-post__read-more\" href=\"https:\/\/radiosantaclara.sitetopfm.com.br\/site\/hugo-motta-espera-votar-projeto-que-reduz-impostos-sobre-combustiveis-ainda-hoje\/\" >\n\t\t\t\tLer mais\u00bb\t\t\t<\/a>\n\t\t\t\t<\/div>\n\t\t\t\t<\/article>\n\t\t\t\t<\/div>\n\n\n\t\t\n\t\t\t\t<\/div>\n\t\t\t\t<\/div>\n\t\t\t\t\t<\/div>\n\t\t<\/div>\n\t\t\t\t\t<\/div>\n\t\t<\/section>\n\t\t\t\t<\/div>\n\t\t","protected":false},"excerpt":{"rendered":"<p>\u00daltimas not\u00edcias Da Nossa Politicas<\/p>\n","protected":false},"author":1,"featured_media":0,"parent":0,"menu_order":0,"comment_status":"closed","ping_status":"closed","template":"elementor_header_footer","meta":{"site-sidebar-layout":"default","site-content-layout":"","ast-site-content-layout":"default","site-content-style":"default","site-sidebar-style":"default","ast-global-header-display":"","ast-banner-title-visibility":"","ast-main-header-display":"","ast-hfb-above-header-display":"","ast-hfb-below-header-display":"","ast-hfb-mobile-header-display":"","site-post-title":"disabled","ast-breadcrumbs-content":"","ast-featured-img":"","footer-sml-layout":"","theme-transparent-header-meta":"","adv-header-id-meta":"","stick-header-meta":"","header-above-stick-meta":"","header-main-stick-meta":"","header-below-stick-meta":"","astra-migrate-meta-layouts":"default","ast-page-background-enabled":"default","ast-page-background-meta":{"desktop":{"background-color":"var(--ast-global-color-5)","background-image":"","background-repeat":"repeat","background-position":"center center","background-size":"auto","background-attachment":"scroll","background-type":"","background-media":"","overlay-type":"","overlay-color":"","overlay-opacity":"","overlay-gradient":""},"tablet":{"background-color":"","background-image":"","background-repeat":"repeat","background-position":"center center","background-size":"auto","background-attachment":"scroll","background-type":"","background-media":"","overlay-type":"","overlay-color":"","overlay-opacity":"","overlay-gradient":""},"mobile":{"background-color":"","background-image":"","background-repeat":"repeat","background-position":"center center","background-size":"auto","background-attachment":"scroll","background-type":"","background-media":"","overlay-type":"","overlay-color":"","overlay-opacity":"","overlay-gradient":""}},"ast-content-background-meta":{"desktop":{"background-color":"var(--ast-global-color-4)","background-image":"","background-repeat":"repeat","background-position":"center center","background-size":"auto","background-attachment":"scroll","background-type":"","background-media":"","overlay-type":"","overlay-color":"","overlay-opacity":"","overlay-gradient":""},"tablet":{"background-color":"var(--ast-global-color-4)","background-image":"","background-repeat":"repeat","background-position":"center center","background-size":"auto","background-attachment":"scroll","background-type":"","background-media":"","overlay-type":"","overlay-color":"","overlay-opacity":"","overlay-gradient":""},"mobile":{"background-color":"var(--ast-global-color-4)","background-image":"","background-repeat":"repeat","background-position":"center center","background-size":"auto","background-attachment":"scroll","background-type":"","background-media":"","overlay-type":"","overlay-color":"","overlay-opacity":"","overlay-gradient":""}},"_joinchat":[],"footnotes":""},"_links":{"self":[{"href":"https:\/\/radiosantaclara.sitetopfm.com.br\/site\/wp-json\/wp\/v2\/pages\/12"}],"collection":[{"href":"https:\/\/radiosantaclara.sitetopfm.com.br\/site\/wp-json\/wp\/v2\/pages"}],"about":[{"href":"https:\/\/radiosantaclara.sitetopfm.com.br\/site\/wp-json\/wp\/v2\/types\/page"}],"author":[{"embeddable":true,"href":"https:\/\/radiosantaclara.sitetopfm.com.br\/site\/wp-json\/wp\/v2\/users\/1"}],"replies":[{"embeddable":true,"href":"https:\/\/radiosantaclara.sitetopfm.com.br\/site\/wp-json\/wp\/v2\/comments?post=12"}],"version-history":[{"count":13,"href":"https:\/\/radiosantaclara.sitetopfm.com.br\/site\/wp-json\/wp\/v2\/pages\/12\/revisions"}],"predecessor-version":[{"id":4118,"href":"https:\/\/radiosantaclara.sitetopfm.com.br\/site\/wp-json\/wp\/v2\/pages\/12\/revisions\/4118"}],"wp:attachment":[{"href":"https:\/\/radiosantaclara.sitetopfm.com.br\/site\/wp-json\/wp\/v2\/media?parent=12"}],"curies":[{"name":"wp","href":"https:\/\/api.w.org\/{rel}","templated":true}]}}